{"version":"1.0","provider_name":"MATRIciel","provider_url":"https:\/\/www.matriciel.be\/en\/","author_name":"catherine","author_url":"https:\/\/www.matriciel.be\/en\/author\/catherine\/","title":"Pr\u00e9cautions HVAC en temps de pand\u00e9mie - MATRIciel","type":"rich","width":600,"height":338,"html":"<blockquote class=\"wp-embedded-content\" data-secret=\"pA7y8NWIE7\"><a href=\"https:\/\/www.matriciel.be\/en\/hvac\/\">Pr\u00e9cautions HVAC en temps de pand\u00e9mie<\/a><\/blockquote><iframe sandbox=\"allow-scripts\" security=\"restricted\" src=\"https:\/\/www.matriciel.be\/en\/hvac\/embed\/#?secret=pA7y8NWIE7\" width=\"600\" height=\"338\" title=\"&#8220;Pr\u00e9cautions HVAC en temps de pand\u00e9mie&#8221; &#8212; MATRIciel\" data-secret=\"pA7y8NWIE7\" frameborder=\"0\" marginwidth=\"0\" marginheight=\"0\" scrolling=\"no\" class=\"wp-embedded-content\"><\/iframe><script>\n\/*! This file is auto-generated *\/\n!function(d,l){\"use strict\";l.querySelector&&d.addEventListener&&\"undefined\"!=typeof URL&&(d.wp=d.wp||{},d.wp.receiveEmbedMessage||(d.wp.receiveEmbedMessage=function(e){var t=e.data;if((t||t.secret||t.message||t.value)&&!\/[^a-zA-Z0-9]\/.test(t.secret)){for(var s,r,n,a=l.querySelectorAll('iframe[data-secret=\"'+t.secret+'\"]'),o=l.querySelectorAll('blockquote[data-secret=\"'+t.secret+'\"]'),c=new RegExp(\"^https?:$\",\"i\"),i=0;i<o.length;i++)o[i].style.display=\"none\";for(i=0;i<a.length;i++)s=a[i],e.source===s.contentWindow&&(s.removeAttribute(\"style\"),\"height\"===t.message?(1e3<(r=parseInt(t.value,10))?r=1e3:~~r<200&&(r=200),s.height=r):\"link\"===t.message&&(r=new URL(s.getAttribute(\"src\")),n=new URL(t.value),c.test(n.protocol))&&n.host===r.host&&l.activeElement===s&&(d.top.location.href=t.value))}},d.addEventListener(\"message\",d.wp.receiveEmbedMessage,!1),l.addEventListener(\"DOMContentLoaded\",function(){for(var e,t,s=l.querySelectorAll(\"iframe.wp-embedded-content\"),r=0;r<s.length;r++)(t=(e=s[r]).getAttribute(\"data-secret\"))||(t=Math.random().toString(36).substring(2,12),e.src+=\"#?secret=\"+t,e.setAttribute(\"data-secret\",t)),e.contentWindow.postMessage({message:\"ready\",secret:t},\"*\")},!1)))}(window,document);\n<\/script>\n","thumbnail_url":"https:\/\/www.matriciel.be\/wp-content\/uploads\/2020\/05\/20200519-Ventilation-contre-Covid19.jpg","thumbnail_width":1175,"thumbnail_height":760,"description":"Face \u00e0 la crise du Covid-19 et au retour progressif au travail, le p\u00f4le Techniques Sp\u00e9ciales de MATRIciel est de plus en plus fr\u00e9quemment interrog\u00e9 par les services du b\u00e2timent de nos clients pour savoir quelles actions prendre afin de pr\u00e9venir la propagation du coronavirus sur les lieux de travail. Les experts de la f\u00e9d\u00e9ration&hellip;"}