{"id":1086,"date":"2015-12-01T13:54:20","date_gmt":"2015-12-01T12:54:20","guid":{"rendered":"https:\/\/agencepoush-newmatriciel.pf503.wpserveur.net\/?post_type=dt_portfolio&#038;p=1086"},"modified":"2020-10-28T08:11:58","modified_gmt":"2020-10-28T07:11:58","slug":"bon-dieu-namur","status":"publish","type":"dt_portfolio","link":"https:\/\/www.matriciel.be\/en\/projet\/bon-dieu-namur\/","title":{"rendered":"Ensemble de logements &#8220;Bon Dieu&#8221; \u00e0 Namur"},"content":{"rendered":"<div class=\"wpb-content-wrapper\"><p>[vc_row margin_top=&#8221;-30px&#8221;][vc_column][vc_column_text css=&#8221;.vc_custom_1494945239642{margin-bottom: 20px !important;}&#8221; el_class=&#8221;custom-copyright&#8221;]<\/p>\n<p style=\"text-align: right;\">\u00a9 S. Brison, Ma\u00eetre d&#8217;ouvrage : Atenor Group, Architecte\u00a0:\u00a0Atelier de l&#8217;Arbre d&#8217;Or et Montois Partners Architects<\/p>\n<p>[\/vc_column_text][\/vc_column][vc_column width=&#8221;1\/3&#8243; el_class=&#8221;custom-bold-list&#8221;][vc_column_text]<\/p>\n<h2 style=\"font-size: 25px; line-height: 32px; text-transform: none;\">Informations g\u00e9n\u00e9rales du projet<\/h2>\n<p>[\/vc_column_text][vc_column_text]<b>Ma\u00eetre de l&#8217;Ouvrage <\/b>: NAMUR WATERFRONT s.a. (Atenor Group)<\/p>\n<p><b>Programme : <\/b>Ensemble de 140 logements sur 6 niveaux,\u00a05 commerces et 1 restaurant<\/p>\n<p><b>Situation\u00a0<\/b>:\u00a0Avenue Albert Premier 16-50 \u00e0 Namur,\u00a0au lieu-dit \u00ab Port du Bon Dieu \u00bb<\/p>\n<p><b>Surface\u00a0<\/b>: 20.580 m\u00b2<\/p>\n<p><b>Architectes <\/b>: Atelier de l\u2019Arbre d\u2019Or et Montois Partners Architects<\/p>\n<p><b>Dates <\/b>:\u00a0R\u00e9ceptions provisoires entre mai et d\u00e9cembre 2015 (3 lots)<\/p>\n<p><strong>Grand Prix Green City &#8211; Green Solutions Awards 2018<\/strong>[\/vc_column_text][vc_column_text]<\/p>\n<h2 style=\"font-size: 25px; line-height: 32px; text-transform: none;\">Missions de MATRI<em>ciel<\/em><\/h2>\n<p>[\/vc_column_text][vc_column_text]<b><\/b>R\u00e9alisation de l\u2019\u00e9tude \u00e9nerg\u00e9tique : optimisation de la performance \u00e9nerg\u00e9tique des b\u00e2timents (niveau d\u2019isolation et d\u2019\u00e9tanch\u00e9it\u00e9 \u00e0 l\u2019air de l\u2019enveloppe, choix des techniques de ventilation) \u00e0 l\u2019aide du logiciel PHPP<br \/>\n<b><\/b>Etude des syst\u00e8mes \u00e9nerg\u00e9tiques<br \/>\n<b><\/b>Etude de d\u00e9senfumage du parking<br \/>\n<b><\/b>Etude des techniques sp\u00e9ciales pour la finalisation de l\u2019avant-projet et le d\u00e9p\u00f4t de la demande de permis d\u2019urbanisme.<br \/>\n<b><\/b>R\u00e9alisation du dossier d\u2019ex\u00e9cution pour l\u2019ensemble des techniques sp\u00e9ciales (chauffage, ventilation, ECS, \u00e9lectricit\u00e9, sanitaire).<br \/>\n<b><\/b>Accompagnement au d\u00e9veloppement des dossiers d\u2019ex\u00e9cutions<br \/>\n<b><\/b>Contr\u00f4le de l\u2019ex\u00e9cution des syst\u00e8mes techniques<br \/>\n<b><\/b>Assistance \u00e0 la mise au point des d\u00e9tails techniques, avec notamment l\u2019\u00e9tude des principaux ponts thermiques \u00e0 l&#8217;aide du logiciel TRISCO<br \/>\n<b><\/b>Mission de responsable PEB[\/vc_column_text][\/vc_column][vc_column width=&#8221;2\/3&#8243;][vc_column_text]<\/p>\n<h2>Description du projet<\/h2>\n<p>[\/vc_column_text][vc_column_text]<\/p>\n<div class=\"page\" title=\"Page 1\">\n<div class=\"layoutArea\">\n<div class=\"column\">\n<p>Le projet immobilier &#8220;Port du Bon Dieu&#8221; est un ensemble urbain de 20.580 m\u00b2 compos\u00e9 de 140 appartements, 5 commerces ou espaces pour profession lib\u00e9rale et 1 restaurant, situ\u00e9 en bord de Meuse, qui rassemble toutes les qualit\u00e9s indispensables pour faire de lui un espace de vie unique et confortable.<\/p>\n<p>Les mat\u00e9riaux retenus ont \u00e9t\u00e9 s\u00e9lectionn\u00e9s avec soin afin de r\u00e9pondre \u00e0 de hauts crit\u00e8res en mati\u00e8re de qualit\u00e9 et de respect de l\u2019environnement.<\/p>\n<p>L\u2019isolation a \u00e9t\u00e9 particuli\u00e8rement \u00e9tudi\u00e9e et toutes les techniques utilis\u00e9es permettent ainsi d\u2019offrir des \u00e9conomies d\u2019\u00e9nergie cons\u00e9quentes.<\/p>\n<p>Ces appartements basse-\u00e9nergie b\u00e9n\u00e9ficient d\u2019un excellent confort acoustique et sont livr\u00e9s avec un certificat PEB de K28 et Ew65 : 14 cm d&#8217;EPS graphit\u00e9 sur les murs, 9 cm de PUR projet\u00e9 au sol, 20 cm de PUR en toiture et ch\u00e2ssis alu \u00e0 coupure thermique avec double vitrage.<\/p>\n<p>Une chaudi\u00e8re gaz \u00e0 condensation centralis\u00e9e (rendement de 108 %) produit la chaleur et l&#8217;eau chaude sanitaire pour chaque bloc d&#8217;appartements.<\/p>\n<p>La ventilation hygi\u00e9nique est assur\u00e9e par un syst\u00e8me m\u00e9canique \u00e0 double flux individuel dans chaque logement avec un r\u00e9cup\u00e9rateur de chaleur pr\u00e9sentant un rendement de 83 %.<\/p>\n<\/div>\n<\/div>\n<\/div>\n<p>[\/vc_column_text][\/vc_column][\/vc_row]<\/p>\n<\/div>","protected":false},"excerpt":{"rendered":"<p><strong>Logements Bon Dieu \u00e0 Namur<\/strong><br \/>\n<strong>MO<\/strong> Atenor Group<br \/>\n<strong>Ar<\/strong> Atelier de l\u2019Arbre d\u2019Or et Montois Partners Architects<\/p>\n","protected":false},"author":5,"featured_media":3525,"comment_status":"closed","ping_status":"closed","template":"","dt_portfolio_category":[178],"dt_portfolio_tags":[],"class_list":["post-1086","dt_portfolio","type-dt_portfolio","status-publish","has-post-thumbnail","hentry","dt_portfolio_category-logement","dt_portfolio_category-178","description-off"],"yoast_head":"<!-- This site is optimized with the Yoast SEO plugin v27.5 - https:\/\/yoast.com\/product\/yoast-seo-wordpress\/ -->\n<title>Port du Bon Dieu - R\u00e9habilitation d&#039;un espace industriel \u00e0 Namur<\/title>\n<meta name=\"description\" content=\"Cet ensemble de 140 logements, 5 commerces et resto rassemble toutes les qualit\u00e9s indispensables pour un espace de vie unique et confortable\" \/>\n<meta name=\"robots\" content=\"index, follow, max-snippet:-1, max-image-preview:large, max-video-preview:-1\" \/>\n<link rel=\"canonical\" href=\"https:\/\/www.matriciel.be\/en\/projet\/bon-dieu-namur\/\" \/>\n<meta property=\"og:locale\" content=\"en_US\" \/>\n<meta property=\"og:type\" content=\"article\" \/>\n<meta property=\"og:title\" content=\"Port du Bon Dieu - R\u00e9habilitation d&#039;un espace industriel \u00e0 Namur\" \/>\n<meta property=\"og:description\" content=\"Cet ensemble de 140 logements, 5 commerces et resto rassemble toutes les qualit\u00e9s indispensables pour un espace de vie unique et confortable\" \/>\n<meta property=\"og:url\" content=\"https:\/\/www.matriciel.be\/en\/projet\/bon-dieu-namur\/\" \/>\n<meta property=\"og:site_name\" content=\"MATRIciel\" \/>\n<meta property=\"article:modified_time\" content=\"2020-10-28T07:11:58+00:00\" \/>\n<meta property=\"og:image\" content=\"https:\/\/www.matriciel.be\/wp-content\/uploads\/2015\/12\/Bon-Dieu.jpg\" \/>\n\t<meta property=\"og:image:width\" content=\"960\" \/>\n\t<meta property=\"og:image:height\" content=\"718\" \/>\n\t<meta property=\"og:image:type\" content=\"image\/jpeg\" \/>\n<meta name=\"twitter:card\" content=\"summary_large_image\" \/>\n<meta name=\"twitter:label1\" content=\"Est. reading time\" \/>\n\t<meta name=\"twitter:data1\" content=\"3 minutes\" \/>\n<script type=\"application\/ld+json\" class=\"yoast-schema-graph\">{\"@context\":\"https:\\\/\\\/schema.org\",\"@graph\":[{\"@type\":\"WebPage\",\"@id\":\"https:\\\/\\\/www.matriciel.be\\\/en\\\/projet\\\/bon-dieu-namur\\\/\",\"url\":\"https:\\\/\\\/www.matriciel.be\\\/en\\\/projet\\\/bon-dieu-namur\\\/\",\"name\":\"Port du Bon Dieu - R\u00e9habilitation d'un espace industriel \u00e0 Namur\",\"isPartOf\":{\"@id\":\"https:\\\/\\\/www.matriciel.be\\\/#website\"},\"primaryImageOfPage\":{\"@id\":\"https:\\\/\\\/www.matriciel.be\\\/en\\\/projet\\\/bon-dieu-namur\\\/#primaryimage\"},\"image\":{\"@id\":\"https:\\\/\\\/www.matriciel.be\\\/en\\\/projet\\\/bon-dieu-namur\\\/#primaryimage\"},\"thumbnailUrl\":\"https:\\\/\\\/www.matriciel.be\\\/wp-content\\\/uploads\\\/2015\\\/12\\\/Bon-Dieu.jpg\",\"datePublished\":\"2015-12-01T12:54:20+00:00\",\"dateModified\":\"2020-10-28T07:11:58+00:00\",\"description\":\"Cet ensemble de 140 logements, 5 commerces et resto rassemble toutes les qualit\u00e9s indispensables pour un espace de vie unique et confortable\",\"breadcrumb\":{\"@id\":\"https:\\\/\\\/www.matriciel.be\\\/en\\\/projet\\\/bon-dieu-namur\\\/#breadcrumb\"},\"inLanguage\":\"en-US\",\"potentialAction\":[{\"@type\":\"ReadAction\",\"target\":[\"https:\\\/\\\/www.matriciel.be\\\/en\\\/projet\\\/bon-dieu-namur\\\/\"]}]},{\"@type\":\"ImageObject\",\"inLanguage\":\"en-US\",\"@id\":\"https:\\\/\\\/www.matriciel.be\\\/en\\\/projet\\\/bon-dieu-namur\\\/#primaryimage\",\"url\":\"https:\\\/\\\/www.matriciel.be\\\/wp-content\\\/uploads\\\/2015\\\/12\\\/Bon-Dieu.jpg\",\"contentUrl\":\"https:\\\/\\\/www.matriciel.be\\\/wp-content\\\/uploads\\\/2015\\\/12\\\/Bon-Dieu.jpg\",\"width\":960,\"height\":718,\"caption\":\"Ensemble de logements Bon Dieu - Namur\"},{\"@type\":\"BreadcrumbList\",\"@id\":\"https:\\\/\\\/www.matriciel.be\\\/en\\\/projet\\\/bon-dieu-namur\\\/#breadcrumb\",\"itemListElement\":[{\"@type\":\"ListItem\",\"position\":1,\"name\":\"Accueil\",\"item\":\"https:\\\/\\\/www.matriciel.be\\\/en\\\/\"},{\"@type\":\"ListItem\",\"position\":2,\"name\":\"Portfolio\",\"item\":\"https:\\\/\\\/www.matriciel.be\\\/nl\\\/projet\\\/\"},{\"@type\":\"ListItem\",\"position\":3,\"name\":\"Ensemble de logements &#8220;Bon Dieu&#8221; \u00e0 Namur\"}]},{\"@type\":\"WebSite\",\"@id\":\"https:\\\/\\\/www.matriciel.be\\\/#website\",\"url\":\"https:\\\/\\\/www.matriciel.be\\\/\",\"name\":\"MATRIciel\",\"description\":\"Bureau d&#039;\u00e9tude et de conseil en architecture durable\",\"potentialAction\":[{\"@type\":\"SearchAction\",\"target\":{\"@type\":\"EntryPoint\",\"urlTemplate\":\"https:\\\/\\\/www.matriciel.be\\\/?s={search_term_string}\"},\"query-input\":{\"@type\":\"PropertyValueSpecification\",\"valueRequired\":true,\"valueName\":\"search_term_string\"}}],\"inLanguage\":\"en-US\"}]}<\/script>\n<!-- \/ Yoast SEO plugin. -->","yoast_head_json":{"title":"Port du Bon Dieu - R\u00e9habilitation d'un espace industriel \u00e0 Namur","description":"Cet ensemble de 140 logements, 5 commerces et resto rassemble toutes les qualit\u00e9s indispensables pour un espace de vie unique et confortable","robots":{"index":"index","follow":"follow","max-snippet":"max-snippet:-1","max-image-preview":"max-image-preview:large","max-video-preview":"max-video-preview:-1"},"canonical":"https:\/\/www.matriciel.be\/en\/projet\/bon-dieu-namur\/","og_locale":"en_US","og_type":"article","og_title":"Port du Bon Dieu - R\u00e9habilitation d'un espace industriel \u00e0 Namur","og_description":"Cet ensemble de 140 logements, 5 commerces et resto rassemble toutes les qualit\u00e9s indispensables pour un espace de vie unique et confortable","og_url":"https:\/\/www.matriciel.be\/en\/projet\/bon-dieu-namur\/","og_site_name":"MATRIciel","article_modified_time":"2020-10-28T07:11:58+00:00","og_image":[{"width":960,"height":718,"url":"https:\/\/www.matriciel.be\/wp-content\/uploads\/2015\/12\/Bon-Dieu.jpg","type":"image\/jpeg"}],"twitter_card":"summary_large_image","twitter_misc":{"Est. reading time":"3 minutes"},"schema":{"@context":"https:\/\/schema.org","@graph":[{"@type":"WebPage","@id":"https:\/\/www.matriciel.be\/en\/projet\/bon-dieu-namur\/","url":"https:\/\/www.matriciel.be\/en\/projet\/bon-dieu-namur\/","name":"Port du Bon Dieu - R\u00e9habilitation d'un espace industriel \u00e0 Namur","isPartOf":{"@id":"https:\/\/www.matriciel.be\/#website"},"primaryImageOfPage":{"@id":"https:\/\/www.matriciel.be\/en\/projet\/bon-dieu-namur\/#primaryimage"},"image":{"@id":"https:\/\/www.matriciel.be\/en\/projet\/bon-dieu-namur\/#primaryimage"},"thumbnailUrl":"https:\/\/www.matriciel.be\/wp-content\/uploads\/2015\/12\/Bon-Dieu.jpg","datePublished":"2015-12-01T12:54:20+00:00","dateModified":"2020-10-28T07:11:58+00:00","description":"Cet ensemble de 140 logements, 5 commerces et resto rassemble toutes les qualit\u00e9s indispensables pour un espace de vie unique et confortable","breadcrumb":{"@id":"https:\/\/www.matriciel.be\/en\/projet\/bon-dieu-namur\/#breadcrumb"},"inLanguage":"en-US","potentialAction":[{"@type":"ReadAction","target":["https:\/\/www.matriciel.be\/en\/projet\/bon-dieu-namur\/"]}]},{"@type":"ImageObject","inLanguage":"en-US","@id":"https:\/\/www.matriciel.be\/en\/projet\/bon-dieu-namur\/#primaryimage","url":"https:\/\/www.matriciel.be\/wp-content\/uploads\/2015\/12\/Bon-Dieu.jpg","contentUrl":"https:\/\/www.matriciel.be\/wp-content\/uploads\/2015\/12\/Bon-Dieu.jpg","width":960,"height":718,"caption":"Ensemble de logements Bon Dieu - Namur"},{"@type":"BreadcrumbList","@id":"https:\/\/www.matriciel.be\/en\/projet\/bon-dieu-namur\/#breadcrumb","itemListElement":[{"@type":"ListItem","position":1,"name":"Accueil","item":"https:\/\/www.matriciel.be\/en\/"},{"@type":"ListItem","position":2,"name":"Portfolio","item":"https:\/\/www.matriciel.be\/nl\/projet\/"},{"@type":"ListItem","position":3,"name":"Ensemble de logements &#8220;Bon Dieu&#8221; \u00e0 Namur"}]},{"@type":"WebSite","@id":"https:\/\/www.matriciel.be\/#website","url":"https:\/\/www.matriciel.be\/","name":"MATRIciel","description":"Bureau d&#039;\u00e9tude et de conseil en architecture durable","potentialAction":[{"@type":"SearchAction","target":{"@type":"EntryPoint","urlTemplate":"https:\/\/www.matriciel.be\/?s={search_term_string}"},"query-input":{"@type":"PropertyValueSpecification","valueRequired":true,"valueName":"search_term_string"}}],"inLanguage":"en-US"}]}},"jetpack_sharing_enabled":true,"_links":{"self":[{"href":"https:\/\/www.matriciel.be\/en\/wp-json\/wp\/v2\/dt_portfolio\/1086","targetHints":{"allow":["GET"]}}],"collection":[{"href":"https:\/\/www.matriciel.be\/en\/wp-json\/wp\/v2\/dt_portfolio"}],"about":[{"href":"https:\/\/www.matriciel.be\/en\/wp-json\/wp\/v2\/types\/dt_portfolio"}],"author":[{"embeddable":true,"href":"https:\/\/www.matriciel.be\/en\/wp-json\/wp\/v2\/users\/5"}],"replies":[{"embeddable":true,"href":"https:\/\/www.matriciel.be\/en\/wp-json\/wp\/v2\/comments?post=1086"}],"version-history":[{"count":1,"href":"https:\/\/www.matriciel.be\/en\/wp-json\/wp\/v2\/dt_portfolio\/1086\/revisions"}],"predecessor-version":[{"id":4331,"href":"https:\/\/www.matriciel.be\/en\/wp-json\/wp\/v2\/dt_portfolio\/1086\/revisions\/4331"}],"wp:featuredmedia":[{"embeddable":true,"href":"https:\/\/www.matriciel.be\/en\/wp-json\/wp\/v2\/media\/3525"}],"wp:attachment":[{"href":"https:\/\/www.matriciel.be\/en\/wp-json\/wp\/v2\/media?parent=1086"}],"wp:term":[{"taxonomy":"dt_portfolio_category","embeddable":true,"href":"https:\/\/www.matriciel.be\/en\/wp-json\/wp\/v2\/dt_portfolio_category?post=1086"},{"taxonomy":"dt_portfolio_tags","embeddable":true,"href":"https:\/\/www.matriciel.be\/en\/wp-json\/wp\/v2\/dt_portfolio_tags?post=1086"}],"curies":[{"name":"wp","href":"https:\/\/api.w.org\/{rel}","templated":true}]}}