{"id":1231,"date":"2008-12-31T14:17:58","date_gmt":"2008-12-31T13:17:58","guid":{"rendered":"https:\/\/agencepoush-newmatriciel.pf503.wpserveur.net\/?post_type=dt_portfolio&#038;p=1231"},"modified":"2017-07-03T15:02:27","modified_gmt":"2017-07-03T13:02:27","slug":"guide-pme","status":"publish","type":"dt_portfolio","link":"https:\/\/www.matriciel.be\/en\/projet\/guide-pme\/","title":{"rendered":"Guide de conception des b\u00e2timents en zones d&#8217;activit\u00e9s \u00e9conomiques dans le cadre du d\u00e9veloppement durable"},"content":{"rendered":"<div class=\"wpb-content-wrapper\"><p>[vc_row margin_top=&#8221;-30px&#8221;][vc_column][vc_column_text css=&#8221;.vc_custom_1499084306207{margin-bottom: 20px !important;}&#8221; el_class=&#8221;custom-copyright&#8221;][\/vc_column_text][\/vc_column][vc_column width=&#8221;1\/3&#8243; el_class=&#8221;custom-bold-list&#8221;][vc_column_text]<\/p>\n<h2 style=\"font-size: 25px; line-height: 32px; text-transform: none;\">Informations g\u00e9n\u00e9rales du projet<\/h2>\n<p>[\/vc_column_text][vc_column_text]<b>Adjudicateur <\/b>: R\u00e9gion Wallonne<\/p>\n<p><b>Ma\u00eetre de l&#8217;Ouvrage <\/b>:\u00a0SPI &#8211; Agence de d\u00e9veloppement pour la Province de Li\u00e8ge<\/p>\n<p><b>Programme : <\/b>Guide de conception des b\u00e2timents de petite et moyenne taille, \u00e0 destination des PME<\/p>\n<p><strong>Equipe de conception<\/strong> : MATRI<em>ciel<\/em>, avec le support pour le d\u00e9veloppement du th\u00e8me TERRITOIRES du bureau d&#8217;architecture Emile Verhaegen<\/p>\n<p><b>Dates <\/b>: 2008 &#8211; 2010[\/vc_column_text][vc_column_text]<\/p>\n<h2 style=\"font-size: 25px; line-height: 32px; text-transform: none;\">Missions de MATRI<em>ciel<\/em><\/h2>\n<p>[\/vc_column_text][vc_column_text]\u00c9laboration d\u2019un Guide de conception durable des b\u00e2timents des PME en zones d\u2019activit\u00e9s \u00e9conomiques\u00a0; la structure suivante y est d\u00e9velopp\u00e9e\u00a0:<br \/>\n<b><\/b>Identification d\u2019objectifs cibles \u00e9nerg\u00e9tiques et environnementaux.<br \/>\n<b><\/b>Mise en place de la grille d\u2019analyse et de la structure de d\u00e9veloppement du guide<br \/>\n<b><\/b>Analyses d&#8217;exemples afin d\u2019identifier les enjeux et d\u2019int\u00e9grer ceux-ci comme support au d\u00e9veloppement du guide<br \/>\n<b><\/b>D\u00e9finition des lignes directrices de conception couvrant le territoire, l\u2019\u00e9nergie, la question de l\u2019eau (y compris les eaux de pluie), le choix des mat\u00e9riaux et la gestion des d\u00e9chets<br \/>\n<b><\/b>D\u00e9veloppements de 3 supports mat\u00e9riels\u00a0: un guide de synth\u00e8se \u00e0 destination des ma\u00eetres d\u2019ouvrage, un guide d\u00e9taill\u00e9 sur les 4 th\u00e9matiques ci-dessus, un ensemble de fiches techniques[\/vc_column_text][\/vc_column][vc_column width=&#8221;2\/3&#8243;][vc_column_text]<\/p>\n<h2>Description du projet<\/h2>\n<p>[\/vc_column_text][vc_column_text]<\/p>\n<div class=\"page\" title=\"Page 1\">\n<div class=\"layoutArea\">\n<div class=\"column\">\n<p>La R\u00e9gion Wallonne a souhait\u00e9 fournir aux Ma\u00eetres d\u2019Ouvrage, aux bureaux d\u2019\u00e9tudes et aux architectes, des outils d\u2019aide \u00e0 la conception des b\u00e2timents de petite et moyenne taille, \u00e0 destination des PME.<br \/>\nTrois \u2018outils\u2019 de r\u00e9f\u00e9rence pour la conception \u00ab \u00e9nerg\u00e9tique \u00bb et \u00ab durable \u00bb de nouvelles zones d\u2019activit\u00e9s ont \u00e9t\u00e9 d\u00e9velopp\u00e9s sur base de 3 programmes principaux : espaces bureaux, stockage, production.<\/p>\n<p>Une <strong>synth\u00e8se \u00e0 destination du Ma\u00eetre d\u2019Ouvrage<\/strong> hi\u00e9rarchise et clarifie ses exigences de performances et les intervenants de l\u2019\u00e9quipe de conception.<\/p>\n<p>Elle donne un aper\u00e7u rapide des enjeux, des principales mesures \u00e0 prendre, cible les intervenants concern\u00e9s, en permettant ainsi au Ma\u00eetre d\u2019Ouvrage d\u2019\u00eatre un acteur proactif de son projet.<br \/>\nLes auteurs de projet et les bureaux en techniques sp\u00e9ciales y trouveront, quant \u00e0 eux, un support simplifi\u00e9 et chronologique de leur d\u00e9marche.<\/p>\n<p>Un <strong>guide conseil<\/strong>, destin\u00e9 principalement aux concepteurs, pr\u00e9cise les crit\u00e8res techniques \u00e0 mettre en \u0153uvre pour atteindre ces performances.<\/p>\n<p>Les Ma\u00eetres d\u2019Ouvrage int\u00e9ress\u00e9s pourront y trouver des informations plus d\u00e9taill\u00e9es. Les architectes et les bureaux d\u2019\u00e9tude en techniques sp\u00e9ciales y trouveront les lignes directrices pour le d\u00e9veloppement des projets.<\/p>\n<p>Des <strong>fiches th\u00e9matiques<\/strong> d\u00e9taillent et illustrent les diff\u00e9rentes th\u00e9matiques afin d\u2019apporter aux concepteurs un compl\u00e9ment d\u2019informations et des \u00e9tudes de cas.<\/p>\n<\/div>\n<p>Pour commander le guide :\u00a0<a href=\"http:\/\/www.spi.be\/fr\/infrastructures\/la-spi-active-pour-les-operateurs-publics\/guide-pme\" target=\"_blank\" rel=\"noopener noreferrer\">Site de la SPI<\/a><\/p>\n<\/div>\n<\/div>\n<p>[\/vc_column_text][\/vc_column][\/vc_row]<\/p>\n<\/div>","protected":false},"excerpt":{"rendered":"<p><strong>Guide PME<\/strong><br \/>\n<strong>Commanditaire <\/strong>R\u00e9gion Wallonne<br \/>\n<strong>MO <\/strong>SPI<\/p>\n","protected":false},"author":5,"featured_media":1237,"comment_status":"closed","ping_status":"closed","template":"","dt_portfolio_category":[38],"dt_portfolio_tags":[],"class_list":["post-1231","dt_portfolio","type-dt_portfolio","status-publish","has-post-thumbnail","hentry","dt_portfolio_category-consultance-technique","dt_portfolio_category-38","description-off"],"yoast_head":"<!-- This site is optimized with the Yoast SEO plugin v27.5 - https:\/\/yoast.com\/product\/yoast-seo-wordpress\/ -->\n<title>R\u00e9gion Wallonne - Guide PME<\/title>\n<meta name=\"description\" content=\"Guide de conception durable des b\u00e2timents des PME en zones d\u2019activit\u00e9s \u00e9conomiques\" \/>\n<meta name=\"robots\" content=\"index, follow, max-snippet:-1, max-image-preview:large, max-video-preview:-1\" \/>\n<link rel=\"canonical\" href=\"https:\/\/www.matriciel.be\/projet\/guide-pme\/\" \/>\n<meta property=\"og:locale\" content=\"en_US\" \/>\n<meta property=\"og:type\" content=\"article\" \/>\n<meta property=\"og:title\" content=\"R\u00e9gion Wallonne - Guide PME\" \/>\n<meta property=\"og:description\" content=\"Guide de conception durable des b\u00e2timents des PME en zones d\u2019activit\u00e9s \u00e9conomiques\" \/>\n<meta property=\"og:url\" content=\"https:\/\/www.matriciel.be\/projet\/guide-pme\/\" \/>\n<meta property=\"og:site_name\" content=\"MATRIciel\" \/>\n<meta property=\"article:modified_time\" content=\"2017-07-03T13:02:27+00:00\" \/>\n<meta property=\"og:image\" content=\"https:\/\/www.matriciel.be\/wp-content\/uploads\/2008\/12\/Photo-Guide-PME-2.png\" \/>\n\t<meta property=\"og:image:width\" content=\"1288\" \/>\n\t<meta property=\"og:image:height\" content=\"658\" \/>\n\t<meta property=\"og:image:type\" content=\"image\/png\" \/>\n<meta name=\"twitter:card\" content=\"summary_large_image\" \/>\n<meta name=\"twitter:label1\" content=\"Est. reading time\" \/>\n\t<meta name=\"twitter:data1\" content=\"3 minutes\" \/>\n<script type=\"application\/ld+json\" class=\"yoast-schema-graph\">{\"@context\":\"https:\\\/\\\/schema.org\",\"@graph\":[{\"@type\":\"WebPage\",\"@id\":\"https:\\\/\\\/www.matriciel.be\\\/projet\\\/guide-pme\\\/\",\"url\":\"https:\\\/\\\/www.matriciel.be\\\/projet\\\/guide-pme\\\/\",\"name\":\"R\u00e9gion Wallonne - Guide PME\",\"isPartOf\":{\"@id\":\"https:\\\/\\\/www.matriciel.be\\\/#website\"},\"primaryImageOfPage\":{\"@id\":\"https:\\\/\\\/www.matriciel.be\\\/projet\\\/guide-pme\\\/#primaryimage\"},\"image\":{\"@id\":\"https:\\\/\\\/www.matriciel.be\\\/projet\\\/guide-pme\\\/#primaryimage\"},\"thumbnailUrl\":\"https:\\\/\\\/www.matriciel.be\\\/wp-content\\\/uploads\\\/2008\\\/12\\\/Photo-Guide-PME-2.png\",\"datePublished\":\"2008-12-31T13:17:58+00:00\",\"dateModified\":\"2017-07-03T13:02:27+00:00\",\"description\":\"Guide de conception durable des b\u00e2timents des PME en zones d\u2019activit\u00e9s \u00e9conomiques\",\"breadcrumb\":{\"@id\":\"https:\\\/\\\/www.matriciel.be\\\/projet\\\/guide-pme\\\/#breadcrumb\"},\"inLanguage\":\"en-US\",\"potentialAction\":[{\"@type\":\"ReadAction\",\"target\":[\"https:\\\/\\\/www.matriciel.be\\\/projet\\\/guide-pme\\\/\"]}]},{\"@type\":\"ImageObject\",\"inLanguage\":\"en-US\",\"@id\":\"https:\\\/\\\/www.matriciel.be\\\/projet\\\/guide-pme\\\/#primaryimage\",\"url\":\"https:\\\/\\\/www.matriciel.be\\\/wp-content\\\/uploads\\\/2008\\\/12\\\/Photo-Guide-PME-2.png\",\"contentUrl\":\"https:\\\/\\\/www.matriciel.be\\\/wp-content\\\/uploads\\\/2008\\\/12\\\/Photo-Guide-PME-2.png\",\"width\":1288,\"height\":658,\"caption\":\"Guide de conception durable des b\u00e2timents des PME en zones d\u2019activit\u00e9s \u00e9conomiques\"},{\"@type\":\"BreadcrumbList\",\"@id\":\"https:\\\/\\\/www.matriciel.be\\\/projet\\\/guide-pme\\\/#breadcrumb\",\"itemListElement\":[{\"@type\":\"ListItem\",\"position\":1,\"name\":\"Accueil\",\"item\":\"https:\\\/\\\/www.matriciel.be\\\/en\\\/\"},{\"@type\":\"ListItem\",\"position\":2,\"name\":\"Portfolio\",\"item\":\"https:\\\/\\\/www.matriciel.be\\\/nl\\\/projet\\\/\"},{\"@type\":\"ListItem\",\"position\":3,\"name\":\"Guide de conception des b\u00e2timents en zones d&rsquo;activit\u00e9s \u00e9conomiques dans le cadre du d\u00e9veloppement durable\"}]},{\"@type\":\"WebSite\",\"@id\":\"https:\\\/\\\/www.matriciel.be\\\/#website\",\"url\":\"https:\\\/\\\/www.matriciel.be\\\/\",\"name\":\"MATRIciel\",\"description\":\"Bureau d&#039;\u00e9tude et de conseil en architecture durable\",\"potentialAction\":[{\"@type\":\"SearchAction\",\"target\":{\"@type\":\"EntryPoint\",\"urlTemplate\":\"https:\\\/\\\/www.matriciel.be\\\/?s={search_term_string}\"},\"query-input\":{\"@type\":\"PropertyValueSpecification\",\"valueRequired\":true,\"valueName\":\"search_term_string\"}}],\"inLanguage\":\"en-US\"}]}<\/script>\n<!-- \/ Yoast SEO plugin. -->","yoast_head_json":{"title":"R\u00e9gion Wallonne - Guide PME","description":"Guide de conception durable des b\u00e2timents des PME en zones d\u2019activit\u00e9s \u00e9conomiques","robots":{"index":"index","follow":"follow","max-snippet":"max-snippet:-1","max-image-preview":"max-image-preview:large","max-video-preview":"max-video-preview:-1"},"canonical":"https:\/\/www.matriciel.be\/projet\/guide-pme\/","og_locale":"en_US","og_type":"article","og_title":"R\u00e9gion Wallonne - Guide PME","og_description":"Guide de conception durable des b\u00e2timents des PME en zones d\u2019activit\u00e9s \u00e9conomiques","og_url":"https:\/\/www.matriciel.be\/projet\/guide-pme\/","og_site_name":"MATRIciel","article_modified_time":"2017-07-03T13:02:27+00:00","og_image":[{"width":1288,"height":658,"url":"https:\/\/www.matriciel.be\/wp-content\/uploads\/2008\/12\/Photo-Guide-PME-2.png","type":"image\/png"}],"twitter_card":"summary_large_image","twitter_misc":{"Est. reading time":"3 minutes"},"schema":{"@context":"https:\/\/schema.org","@graph":[{"@type":"WebPage","@id":"https:\/\/www.matriciel.be\/projet\/guide-pme\/","url":"https:\/\/www.matriciel.be\/projet\/guide-pme\/","name":"R\u00e9gion Wallonne - Guide PME","isPartOf":{"@id":"https:\/\/www.matriciel.be\/#website"},"primaryImageOfPage":{"@id":"https:\/\/www.matriciel.be\/projet\/guide-pme\/#primaryimage"},"image":{"@id":"https:\/\/www.matriciel.be\/projet\/guide-pme\/#primaryimage"},"thumbnailUrl":"https:\/\/www.matriciel.be\/wp-content\/uploads\/2008\/12\/Photo-Guide-PME-2.png","datePublished":"2008-12-31T13:17:58+00:00","dateModified":"2017-07-03T13:02:27+00:00","description":"Guide de conception durable des b\u00e2timents des PME en zones d\u2019activit\u00e9s \u00e9conomiques","breadcrumb":{"@id":"https:\/\/www.matriciel.be\/projet\/guide-pme\/#breadcrumb"},"inLanguage":"en-US","potentialAction":[{"@type":"ReadAction","target":["https:\/\/www.matriciel.be\/projet\/guide-pme\/"]}]},{"@type":"ImageObject","inLanguage":"en-US","@id":"https:\/\/www.matriciel.be\/projet\/guide-pme\/#primaryimage","url":"https:\/\/www.matriciel.be\/wp-content\/uploads\/2008\/12\/Photo-Guide-PME-2.png","contentUrl":"https:\/\/www.matriciel.be\/wp-content\/uploads\/2008\/12\/Photo-Guide-PME-2.png","width":1288,"height":658,"caption":"Guide de conception durable des b\u00e2timents des PME en zones d\u2019activit\u00e9s \u00e9conomiques"},{"@type":"BreadcrumbList","@id":"https:\/\/www.matriciel.be\/projet\/guide-pme\/#breadcrumb","itemListElement":[{"@type":"ListItem","position":1,"name":"Accueil","item":"https:\/\/www.matriciel.be\/en\/"},{"@type":"ListItem","position":2,"name":"Portfolio","item":"https:\/\/www.matriciel.be\/nl\/projet\/"},{"@type":"ListItem","position":3,"name":"Guide de conception des b\u00e2timents en zones d&rsquo;activit\u00e9s \u00e9conomiques dans le cadre du d\u00e9veloppement durable"}]},{"@type":"WebSite","@id":"https:\/\/www.matriciel.be\/#website","url":"https:\/\/www.matriciel.be\/","name":"MATRIciel","description":"Bureau d&#039;\u00e9tude et de conseil en architecture durable","potentialAction":[{"@type":"SearchAction","target":{"@type":"EntryPoint","urlTemplate":"https:\/\/www.matriciel.be\/?s={search_term_string}"},"query-input":{"@type":"PropertyValueSpecification","valueRequired":true,"valueName":"search_term_string"}}],"inLanguage":"en-US"}]}},"jetpack_sharing_enabled":true,"_links":{"self":[{"href":"https:\/\/www.matriciel.be\/en\/wp-json\/wp\/v2\/dt_portfolio\/1231","targetHints":{"allow":["GET"]}}],"collection":[{"href":"https:\/\/www.matriciel.be\/en\/wp-json\/wp\/v2\/dt_portfolio"}],"about":[{"href":"https:\/\/www.matriciel.be\/en\/wp-json\/wp\/v2\/types\/dt_portfolio"}],"author":[{"embeddable":true,"href":"https:\/\/www.matriciel.be\/en\/wp-json\/wp\/v2\/users\/5"}],"replies":[{"embeddable":true,"href":"https:\/\/www.matriciel.be\/en\/wp-json\/wp\/v2\/comments?post=1231"}],"version-history":[{"count":0,"href":"https:\/\/www.matriciel.be\/en\/wp-json\/wp\/v2\/dt_portfolio\/1231\/revisions"}],"wp:featuredmedia":[{"embeddable":true,"href":"https:\/\/www.matriciel.be\/en\/wp-json\/wp\/v2\/media\/1237"}],"wp:attachment":[{"href":"https:\/\/www.matriciel.be\/en\/wp-json\/wp\/v2\/media?parent=1231"}],"wp:term":[{"taxonomy":"dt_portfolio_category","embeddable":true,"href":"https:\/\/www.matriciel.be\/en\/wp-json\/wp\/v2\/dt_portfolio_category?post=1231"},{"taxonomy":"dt_portfolio_tags","embeddable":true,"href":"https:\/\/www.matriciel.be\/en\/wp-json\/wp\/v2\/dt_portfolio_tags?post=1231"}],"curies":[{"name":"wp","href":"https:\/\/api.w.org\/{rel}","templated":true}]}}