{"id":13015,"date":"2022-11-15T13:53:55","date_gmt":"2022-11-15T12:53:55","guid":{"rendered":"https:\/\/www.matriciel.be\/?post_type=dt_portfolio&#038;p=13015"},"modified":"2022-11-15T14:51:01","modified_gmt":"2022-11-15T13:51:01","slug":"mdrrocourt","status":"publish","type":"dt_portfolio","link":"https:\/\/www.matriciel.be\/en\/projet\/mdrrocourt\/","title":{"rendered":"Maison de repos et de soin NEO"},"content":{"rendered":"<div class=\"wpb-content-wrapper\"><p>[vc_row margin_top=&#8221;-30px&#8221;][vc_column][vc_column_text css=&#8221;.vc_custom_1668516410731{margin-bottom: 20px !important;}&#8221; el_class=&#8221;custom-copyright&#8221;]<\/p>\n<p style=\"text-align: right;\">\u00a9 SO Architecture, Ma\u00eetre d&#8217;ouvrage : Seniors Care Ion SPRL, Architecte : SO Architecture<\/p>\n<p>[\/vc_column_text][\/vc_column][vc_column width=&#8221;1\/3&#8243; el_class=&#8221;custom-bold-list&#8221;][vc_column_text]<\/p>\n<h2 style=\"font-size: 25px; line-height: 32px; text-transform: none;\">Informations g\u00e9n\u00e9rales du projet<\/h2>\n<p>[\/vc_column_text][vc_column_text]<b>Ma\u00eetre de l&#8217;Ouvrage <\/b>: Seniors Care Ion SPRL<\/p>\n<p><b>Programme : <\/b>Maison de repos de 161 lits<\/p>\n<p><b>Situation\u00a0<\/b>: Rue Fran\u00e7ois-Lef\u00e8bvre 207 \u2013 Rocourt \u00e0 4000 Li\u00e8ge, sur le site de l\u2019ancien H\u00f4pital Saint Vincent<\/p>\n<p><b>Surface\u00a0<\/b>: 8.935 m\u00b2 brut hors sol et 1.262 m\u00b2 en sous-sol<\/p>\n<p><b>Architectes <\/b>: SO Architecture<\/p>\n<p><b>Dates <\/b>: R\u00e9ception provisoire en cours[\/vc_column_text][vc_column_text]<\/p>\n<h2 style=\"font-size: 25px; line-height: 32px; text-transform: none;\">Missions de MATRI<em>ciel<\/em><\/h2>\n<p>[\/vc_column_text][vc_column_text]<b><\/b>Guidance \u00e9nerg\u00e9tique au stade de l&#8217;avant-projet afin de d\u00e9finir un concept \u00e9nerg\u00e9tique pour le b\u00e2timent<br \/>\n<b><\/b>\u00c9tude de la gestion des eaux pluviales<br \/>\n<b><\/b>Mission de Responsable PEB<br \/>\n<b><\/b>Consultance aupr\u00e8s des architectes en techniques sp\u00e9ciales (HVAC, \u00e9lectricit\u00e9, sanitaire)<br \/>\n[\/vc_column_text][\/vc_column][vc_column width=&#8221;2\/3&#8243;][vc_column_text]<\/p>\n<h2>Description du projet<\/h2>\n<p>[\/vc_column_text][vc_column_text]Projet de construction d\u2019une maison de repos et de soins sur le site de l\u2019ancien h\u00f4pital Saint-Vincent \u00e0 Li\u00e8ge.<\/p>\n<h3 class=\"p3\">Performance \u00e9nerg\u00e9tique<\/h3>\n<div class=\"page\" title=\"Page 2\">\n<div class=\"layoutArea\">\n<div class=\"column\">\n<p>Le projet r\u00e9pond aux exigences PEB en vigueur lors de la demande de permis :<\/p>\n<ul>\n<li>Coefficient U moyen des parois 0,23 W\/m\u00b2K, fen\u00eatres \u00e9quip\u00e9es de double vitrage, niveau d\u2019isolation globale du b\u00e2timent K25 (la PEB demande K35)<\/li>\n<li>Etanch\u00e9it\u00e9 \u00e0 l\u2019air de l\u2019enveloppe de 0,73 h<sup>-1<\/sup> sous 50 Pa<\/li>\n<li>Bonne gestion des points d\u2019affaiblissement thermique (n\u0153uds constructifs).<\/li>\n<\/ul>\n<h3 class=\"p3\">Confort<\/h3>\n<div class=\"page\" title=\"Page 2\">\n<div class=\"layoutArea\">\n<div class=\"column\">\n<p>Le point d\u2019attention s&#8217;est focalis\u00e9 sur la surchauffe dans le b\u00e2timent. Ainsi, des protections solaires ext\u00e9rieures sont install\u00e9es sur les fen\u00eatres expos\u00e9es au soleil.<\/p>\n<h3 class=\"p3\">Gestion de l&#8217;eau<\/h3>\n<div class=\"page\" title=\"Page 2\">\n<div class=\"layoutArea\">\n<div class=\"column\">\n<p>Le b\u00e2timent est construit sur une zone de captage de la nappe phr\u00e9atique. Une grande attention a d\u00fb \u00eatre men\u00e9e sur la gestion de l\u2019eau. Des noues d\u2019infiltration r\u00e9cup\u00e8rent l\u2019eau de pluie des toits.\u00a0 Aucun rejet \u00e0 l\u2019\u00e9gout des eaux de pluie n\u2019est pr\u00e9vu. Afin de ne pas polluer la nappe, l\u2019eau de ruissellement des parkings est rejet\u00e9e \u00e0 l\u2019\u00e9gout. Des sous-fondations stockantes (avec filtre s\u00e9parateur d\u2019hydrocarbure) ont \u00e9t\u00e9 pr\u00e9vues comme bassin tampon pour r\u00e9colter l\u2019eau de ruissellement des parkings.<\/p>\n<h3 class=\"p3\">Techniques sp\u00e9ciales<\/h3>\n<div class=\"page\" title=\"Page 2\">\n<div class=\"layoutArea\">\n<div class=\"column\">\n<p>La production de chaleur (chauffage et ECS) est r\u00e9alis\u00e9e via des chaudi\u00e8res gaz \u00e0 condensation \u00e0 haut rendement. La production d\u2019eau chaude sanitaire est coupl\u00e9e aux chaudi\u00e8res via un \u00e9changeur \u00e0 plaque. \u00a0L&#8217;\u00e9mission de chaud se fait par des radiateurs et, dans certaines zones ouvertes, par du plancher chauffant.<\/p>\n<p>La production de froid est r\u00e9alis\u00e9e par des chillers air\/eau. L\u2019un alimentant la batterie froide d\u2019un des deux groupes de ventilation, l\u2019autre fonctionnant en multi-split pour alimenter les cassettes plafonni\u00e8res du restaurant.<\/p>\n<p>L&#8217;installation de ventilation m\u00e9canique \u00e0 double-flux avec \u00e9changeur \u00e0 roue permet d\u2019assurer un d\u00e9bit d\u2019air hygi\u00e9nique conforme au RGPT ainsi que le refroidissement de certains locaux.<\/p>\n<p>Le b\u00e2timent dispose \u00e9galement d&#8217;une installation photovolta\u00efque de 50 kWc double orientation E-S-E et O-N-O assurant une production th\u00e9orique de 38.400 kWh\/an.<\/p>\n<h3 class=\"p3\">Eclairage artificiel<\/h3>\n<div class=\"page\" title=\"Page 2\">\n<div class=\"layoutArea\">\n<div class=\"column\">\n<p>L&#8217;\u00e9clairage artificiel est \u00e0 haute efficacit\u00e9 \u00e9nerg\u00e9tique : luminaires LED dans l\u2019ensemble du b\u00e2timent, d\u00e9tecteurs de pr\u00e9sence-mouvement dans les espaces communs et dans les salles de bain, commandes d\u2019\u00e9clairage par interrupteurs dans les chambres.<\/p>\n<\/div>\n<\/div>\n<\/div>\n<\/div>\n<\/div>\n<\/div>\n<\/div>\n<\/div>\n<\/div>\n<\/div>\n<\/div>\n<\/div>\n<\/div>\n<\/div>\n<\/div>\n<p>[\/vc_column_text][\/vc_column][\/vc_row]<\/p>\n<\/div>","protected":false},"excerpt":{"rendered":"<p><B>MdR NEO \u00e0 Rocourt<\/B><br \/>\n<B>MO <\/B>Seniors Care Ion SPRL<br \/>\n<B>Ar <\/B>SO Architecture<\/p>\n","protected":false},"author":5,"featured_media":13802,"comment_status":"closed","ping_status":"closed","template":"","dt_portfolio_category":[34],"dt_portfolio_tags":[260,172,246],"class_list":["post-13015","dt_portfolio","type-dt_portfolio","status-publish","has-post-thumbnail","hentry","dt_portfolio_category-soins","dt_portfolio_tags-confort","dt_portfolio_tags-gestion-de-leau","dt_portfolio_tags-responsable-peb","dt_portfolio_category-34","description-off"],"yoast_head":"<!-- This site is optimized with the Yoast SEO plugin v27.5 - https:\/\/yoast.com\/product\/yoast-seo-wordpress\/ -->\n<title>Maison de repos et de soin NEO - MATRIciel<\/title>\n<meta name=\"description\" content=\"Construction d\u2019une maison de repos et de soins sur le site de l\u2019ancien h\u00f4pital Saint-Vincent \u00e0 Rocourt - Li\u00e8ge\" \/>\n<meta name=\"robots\" content=\"index, follow, max-snippet:-1, max-image-preview:large, max-video-preview:-1\" \/>\n<link rel=\"canonical\" href=\"https:\/\/www.matriciel.be\/projet\/mdrrocourt\/\" \/>\n<meta property=\"og:locale\" content=\"en_US\" \/>\n<meta property=\"og:type\" content=\"article\" \/>\n<meta property=\"og:title\" content=\"Maison de repos et de soin NEO - MATRIciel\" \/>\n<meta property=\"og:description\" content=\"Construction d\u2019une maison de repos et de soins sur le site de l\u2019ancien h\u00f4pital Saint-Vincent \u00e0 Rocourt - Li\u00e8ge\" \/>\n<meta property=\"og:url\" content=\"https:\/\/www.matriciel.be\/projet\/mdrrocourt\/\" \/>\n<meta property=\"og:site_name\" content=\"MATRIciel\" \/>\n<meta property=\"article:modified_time\" content=\"2022-11-15T13:51:01+00:00\" \/>\n<meta property=\"og:image\" content=\"https:\/\/www.matriciel.be\/wp-content\/uploads\/2022\/11\/20221110_083424.jpg\" \/>\n\t<meta property=\"og:image:width\" content=\"1200\" \/>\n\t<meta property=\"og:image:height\" content=\"900\" \/>\n\t<meta property=\"og:image:type\" content=\"image\/jpeg\" \/>\n<meta name=\"twitter:card\" content=\"summary_large_image\" \/>\n<meta name=\"twitter:label1\" content=\"Est. reading time\" \/>\n\t<meta name=\"twitter:data1\" content=\"3 minutes\" \/>\n<script type=\"application\/ld+json\" class=\"yoast-schema-graph\">{\"@context\":\"https:\\\/\\\/schema.org\",\"@graph\":[{\"@type\":\"WebPage\",\"@id\":\"https:\\\/\\\/www.matriciel.be\\\/projet\\\/mdrrocourt\\\/\",\"url\":\"https:\\\/\\\/www.matriciel.be\\\/projet\\\/mdrrocourt\\\/\",\"name\":\"Maison de repos et de soin NEO - MATRIciel\",\"isPartOf\":{\"@id\":\"https:\\\/\\\/www.matriciel.be\\\/#website\"},\"primaryImageOfPage\":{\"@id\":\"https:\\\/\\\/www.matriciel.be\\\/projet\\\/mdrrocourt\\\/#primaryimage\"},\"image\":{\"@id\":\"https:\\\/\\\/www.matriciel.be\\\/projet\\\/mdrrocourt\\\/#primaryimage\"},\"thumbnailUrl\":\"https:\\\/\\\/www.matriciel.be\\\/wp-content\\\/uploads\\\/2022\\\/11\\\/20221110_083424.jpg\",\"datePublished\":\"2022-11-15T12:53:55+00:00\",\"dateModified\":\"2022-11-15T13:51:01+00:00\",\"description\":\"Construction d\u2019une maison de repos et de soins sur le site de l\u2019ancien h\u00f4pital Saint-Vincent \u00e0 Rocourt - Li\u00e8ge\",\"breadcrumb\":{\"@id\":\"https:\\\/\\\/www.matriciel.be\\\/projet\\\/mdrrocourt\\\/#breadcrumb\"},\"inLanguage\":\"en-US\",\"potentialAction\":[{\"@type\":\"ReadAction\",\"target\":[\"https:\\\/\\\/www.matriciel.be\\\/projet\\\/mdrrocourt\\\/\"]}]},{\"@type\":\"ImageObject\",\"inLanguage\":\"en-US\",\"@id\":\"https:\\\/\\\/www.matriciel.be\\\/projet\\\/mdrrocourt\\\/#primaryimage\",\"url\":\"https:\\\/\\\/www.matriciel.be\\\/wp-content\\\/uploads\\\/2022\\\/11\\\/20221110_083424.jpg\",\"contentUrl\":\"https:\\\/\\\/www.matriciel.be\\\/wp-content\\\/uploads\\\/2022\\\/11\\\/20221110_083424.jpg\",\"width\":1200,\"height\":900,\"caption\":\"MATRIciel - Maison de repos \u00e0 Rocourt\"},{\"@type\":\"BreadcrumbList\",\"@id\":\"https:\\\/\\\/www.matriciel.be\\\/projet\\\/mdrrocourt\\\/#breadcrumb\",\"itemListElement\":[{\"@type\":\"ListItem\",\"position\":1,\"name\":\"Accueil\",\"item\":\"https:\\\/\\\/www.matriciel.be\\\/en\\\/\"},{\"@type\":\"ListItem\",\"position\":2,\"name\":\"Portfolio\",\"item\":\"https:\\\/\\\/www.matriciel.be\\\/nl\\\/projet\\\/\"},{\"@type\":\"ListItem\",\"position\":3,\"name\":\"Maison de repos et de soin NEO\"}]},{\"@type\":\"WebSite\",\"@id\":\"https:\\\/\\\/www.matriciel.be\\\/#website\",\"url\":\"https:\\\/\\\/www.matriciel.be\\\/\",\"name\":\"MATRIciel\",\"description\":\"Bureau d&#039;\u00e9tude et de conseil en architecture durable\",\"potentialAction\":[{\"@type\":\"SearchAction\",\"target\":{\"@type\":\"EntryPoint\",\"urlTemplate\":\"https:\\\/\\\/www.matriciel.be\\\/?s={search_term_string}\"},\"query-input\":{\"@type\":\"PropertyValueSpecification\",\"valueRequired\":true,\"valueName\":\"search_term_string\"}}],\"inLanguage\":\"en-US\"}]}<\/script>\n<!-- \/ Yoast SEO plugin. -->","yoast_head_json":{"title":"Maison de repos et de soin NEO - MATRIciel","description":"Construction d\u2019une maison de repos et de soins sur le site de l\u2019ancien h\u00f4pital Saint-Vincent \u00e0 Rocourt - Li\u00e8ge","robots":{"index":"index","follow":"follow","max-snippet":"max-snippet:-1","max-image-preview":"max-image-preview:large","max-video-preview":"max-video-preview:-1"},"canonical":"https:\/\/www.matriciel.be\/projet\/mdrrocourt\/","og_locale":"en_US","og_type":"article","og_title":"Maison de repos et de soin NEO - MATRIciel","og_description":"Construction d\u2019une maison de repos et de soins sur le site de l\u2019ancien h\u00f4pital Saint-Vincent \u00e0 Rocourt - Li\u00e8ge","og_url":"https:\/\/www.matriciel.be\/projet\/mdrrocourt\/","og_site_name":"MATRIciel","article_modified_time":"2022-11-15T13:51:01+00:00","og_image":[{"width":1200,"height":900,"url":"https:\/\/www.matriciel.be\/wp-content\/uploads\/2022\/11\/20221110_083424.jpg","type":"image\/jpeg"}],"twitter_card":"summary_large_image","twitter_misc":{"Est. reading time":"3 minutes"},"schema":{"@context":"https:\/\/schema.org","@graph":[{"@type":"WebPage","@id":"https:\/\/www.matriciel.be\/projet\/mdrrocourt\/","url":"https:\/\/www.matriciel.be\/projet\/mdrrocourt\/","name":"Maison de repos et de soin NEO - MATRIciel","isPartOf":{"@id":"https:\/\/www.matriciel.be\/#website"},"primaryImageOfPage":{"@id":"https:\/\/www.matriciel.be\/projet\/mdrrocourt\/#primaryimage"},"image":{"@id":"https:\/\/www.matriciel.be\/projet\/mdrrocourt\/#primaryimage"},"thumbnailUrl":"https:\/\/www.matriciel.be\/wp-content\/uploads\/2022\/11\/20221110_083424.jpg","datePublished":"2022-11-15T12:53:55+00:00","dateModified":"2022-11-15T13:51:01+00:00","description":"Construction d\u2019une maison de repos et de soins sur le site de l\u2019ancien h\u00f4pital Saint-Vincent \u00e0 Rocourt - Li\u00e8ge","breadcrumb":{"@id":"https:\/\/www.matriciel.be\/projet\/mdrrocourt\/#breadcrumb"},"inLanguage":"en-US","potentialAction":[{"@type":"ReadAction","target":["https:\/\/www.matriciel.be\/projet\/mdrrocourt\/"]}]},{"@type":"ImageObject","inLanguage":"en-US","@id":"https:\/\/www.matriciel.be\/projet\/mdrrocourt\/#primaryimage","url":"https:\/\/www.matriciel.be\/wp-content\/uploads\/2022\/11\/20221110_083424.jpg","contentUrl":"https:\/\/www.matriciel.be\/wp-content\/uploads\/2022\/11\/20221110_083424.jpg","width":1200,"height":900,"caption":"MATRIciel - Maison de repos \u00e0 Rocourt"},{"@type":"BreadcrumbList","@id":"https:\/\/www.matriciel.be\/projet\/mdrrocourt\/#breadcrumb","itemListElement":[{"@type":"ListItem","position":1,"name":"Accueil","item":"https:\/\/www.matriciel.be\/en\/"},{"@type":"ListItem","position":2,"name":"Portfolio","item":"https:\/\/www.matriciel.be\/nl\/projet\/"},{"@type":"ListItem","position":3,"name":"Maison de repos et de soin NEO"}]},{"@type":"WebSite","@id":"https:\/\/www.matriciel.be\/#website","url":"https:\/\/www.matriciel.be\/","name":"MATRIciel","description":"Bureau d&#039;\u00e9tude et de conseil en architecture durable","potentialAction":[{"@type":"SearchAction","target":{"@type":"EntryPoint","urlTemplate":"https:\/\/www.matriciel.be\/?s={search_term_string}"},"query-input":{"@type":"PropertyValueSpecification","valueRequired":true,"valueName":"search_term_string"}}],"inLanguage":"en-US"}]}},"jetpack_sharing_enabled":true,"_links":{"self":[{"href":"https:\/\/www.matriciel.be\/en\/wp-json\/wp\/v2\/dt_portfolio\/13015","targetHints":{"allow":["GET"]}}],"collection":[{"href":"https:\/\/www.matriciel.be\/en\/wp-json\/wp\/v2\/dt_portfolio"}],"about":[{"href":"https:\/\/www.matriciel.be\/en\/wp-json\/wp\/v2\/types\/dt_portfolio"}],"author":[{"embeddable":true,"href":"https:\/\/www.matriciel.be\/en\/wp-json\/wp\/v2\/users\/5"}],"replies":[{"embeddable":true,"href":"https:\/\/www.matriciel.be\/en\/wp-json\/wp\/v2\/comments?post=13015"}],"version-history":[{"count":11,"href":"https:\/\/www.matriciel.be\/en\/wp-json\/wp\/v2\/dt_portfolio\/13015\/revisions"}],"predecessor-version":[{"id":13808,"href":"https:\/\/www.matriciel.be\/en\/wp-json\/wp\/v2\/dt_portfolio\/13015\/revisions\/13808"}],"wp:featuredmedia":[{"embeddable":true,"href":"https:\/\/www.matriciel.be\/en\/wp-json\/wp\/v2\/media\/13802"}],"wp:attachment":[{"href":"https:\/\/www.matriciel.be\/en\/wp-json\/wp\/v2\/media?parent=13015"}],"wp:term":[{"taxonomy":"dt_portfolio_category","embeddable":true,"href":"https:\/\/www.matriciel.be\/en\/wp-json\/wp\/v2\/dt_portfolio_category?post=13015"},{"taxonomy":"dt_portfolio_tags","embeddable":true,"href":"https:\/\/www.matriciel.be\/en\/wp-json\/wp\/v2\/dt_portfolio_tags?post=13015"}],"curies":[{"name":"wp","href":"https:\/\/api.w.org\/{rel}","templated":true}]}}