{"id":1493,"date":"2017-12-01T09:50:22","date_gmt":"2017-12-01T08:50:22","guid":{"rendered":"https:\/\/agencepoush-newmatriciel.pf503.wpserveur.net\/?post_type=dt_portfolio&#038;p=1493"},"modified":"2025-01-15T14:42:14","modified_gmt":"2025-01-15T13:42:14","slug":"galileo-ils-centre","status":"publish","type":"dt_portfolio","link":"https:\/\/www.matriciel.be\/en\/projet\/galileo-ils-centre\/","title":{"rendered":"Galileo Integrated Logistics Support (ILS) Centre &#8211; Transinnes"},"content":{"rendered":"<div class=\"wpb-content-wrapper\"><p>[vc_row margin_top=&#8221;-30px&#8221;][vc_column][vc_column_text css=&#8221;.vc_custom_1512738872731{margin-bottom: 20px !important;}&#8221; el_class=&#8221;custom-copyright&#8221;]<\/p>\n<p style=\"text-align: right;\">\u00a9 Tr\u00ebma Architecture &#8211; Ma\u00eetre d&#8217;ouvrage : IDELUX, Architecte\u00a0:\u00a0Tr\u00ebma Architecture sprl et\u00a0Beiler &amp; Fran\u00e7ois Architectes sarl<\/p>\n<p>[\/vc_column_text][\/vc_column][vc_column width=&#8221;1\/3&#8243; el_class=&#8221;custom-bold-list&#8221;][vc_column_text]<\/p>\n<h2 style=\"font-size: 25px; line-height: 32px; text-transform: none;\">Informations g\u00e9n\u00e9rales du projet<\/h2>\n<p>[\/vc_column_text][vc_column_text]<b>Ma\u00eetre de l&#8217;Ouvrage <\/b>: IDELUX \u2013 Division du D\u00e9veloppement \u00e9conomique<\/p>\n<p><b>Programme <\/b>: Activit\u00e9s de bureaux et de logistique dans le secteur spatial<\/p>\n<p><b>Situation\u00a0<\/b>: Parc d\u2019activit\u00e9s \u00ab Galaxia \u00bb \u00e0 Transinne (commune de Libin)<\/p>\n<p><b>Surface\u00a0<\/b>:\u00a02.800 m\u00b2<\/p>\n<p><b>Architectes <\/b>: Tr\u00ebma Architecture sprl et Beiler &amp; Fran\u00e7ois Architectes sarl<\/p>\n<p><b>Dates <\/b>: Mise en service en d\u00e9cembre 2017[\/vc_column_text][vc_column_text]<\/p>\n<h2 style=\"font-size: 25px; line-height: 32px; text-transform: none;\">Missions de MATRI<em>ciel<\/em><\/h2>\n<p>[\/vc_column_text][vc_column_text]<b><\/b>Guidance \u00e9nerg\u00e9tique \u00e0 l\u2019aide des logiciels PEB et TRNsys : comparaison de solutions architecturales et techniques pour atteindre l\u2019objectif \u00ab z\u00e9ro \u00e9nergie \u00bb pour la partie bureaux<br \/>\n<b><\/b>Mise en place du concept technique permettant d\u2019atteindre l\u2019objectif \u00ab z\u00e9ro \u00e9nergie \u00bb<br \/>\n<b><\/b>Conception de l\u2019\u00e9clairage artificiel : choix, positionnement et gestion des luminaires pour concilier le confort visuel, les apports thermiques et la r\u00e9duction des consommations d\u2019\u00e9nergie<br \/>\n<b><\/b>Dimensionnement de l\u2019installation g\u00e9othermique au moyen du logiciel de simulation dynamique du sol Pilesim 2<br \/>\n<b><\/b>Dimensionnements des installations en techniques sp\u00e9ciales avec r\u00e9alisation des dossiers de soumission pour les installations HVAC, d\u00e9senfumage, \u00e9lectricit\u00e9, s\u00e9curit\u00e9 anti-intrusion, d\u00e9tection incendie, t\u00e9l\u00e9phonie, sanitaires, ascenseurs, photovolta\u00efque et gestion technique centralis\u00e9e<br \/>\n<b><\/b>Mission de Responsable PEB<br \/>\n<b><\/b>Etude de d\u00e9senfumage naturel du hall de stockage<br \/>\n<b><\/b>Aide au choix des mat\u00e9riaux principaux dans un objectif de r\u00e9duire l\u2019impact environnemental du b\u00e2timent<br \/>\n<b><\/b>Etude de la gestion de l\u2019eau et de la biodiversit\u00e9 int\u00e9gr\u00e9s dans l\u2019architecture paysag\u00e8re[\/vc_column_text][\/vc_column][vc_column width=&#8221;2\/3&#8243;][vc_column_text]<\/p>\n<h2>Description du projet<\/h2>\n<p>[\/vc_column_text][vc_column_text]<\/p>\n<div class=\"page\" title=\"Page 1\">\n<div class=\"layoutArea\">\n<div class=\"column\">\n<div class=\"page\" title=\"Page 2\">\n<div class=\"layoutArea\">\n<div class=\"column\">\n<div class=\"page\" title=\"Page 3\">\n<div class=\"layoutArea\">\n<div class=\"column\">\n<p>L\u2019ambition a \u00e9t\u00e9 de concevoir un projet qui int\u00e8gre les aspects architecturaux, paysagers, \u00e9nerg\u00e9tiques et de s\u00e9curit\u00e9 dans le cadre d\u2019une r\u00e9flexion commune men\u00e9e par l\u2019ensemble de l\u2019\u00e9quipe d\u2019ing\u00e9nieurs et d\u2019architectes :<\/p>\n<p><strong><em>Conception \u00e9nerg\u00e9tique<\/em><\/strong><\/p>\n<p>La conception \u00e9nerg\u00e9tique du b\u00e2timent est bas\u00e9e sur la logique du \u00ab\u00a0Trias Energetica\u00a0\u00bb, autour des axes suivants<\/p>\n<ul>\n<li>Privil\u00e9gier la lumi\u00e8re naturelle, premi\u00e8re \u00e9nergie gratuite<\/li>\n<li>Minimiser les besoins de chauffage avec une attention particuli\u00e8re port\u00e9e \u00e0 la r\u00e9solution des d\u00e9tails constructifs<\/li>\n<li>R\u00e9duire les besoins de refroidissement dus \u00e0 l\u2019\u00e9clairage artificiel et \u00e0 l\u2019ensoleillement<\/li>\n<\/ul>\n<p><strong><em>Choix des \u00e9nergies<\/em><\/strong><\/p>\n<p>L\u2019objectif d\u2019atteindre un b\u00e2timent \u00ab\u00a0z\u00e9ro \u00e9nergie\u00a0\u00bb pour la partie bureaux a \u00e9t\u00e9 rendue possible par l\u2019utilisation de la g\u00e9othermie (5 sondes de 125 m de profondeur) et de 362 m<sup>2<\/sup>\u00a0de capteurs solaires photovolta\u00efques.<\/p>\n<p><strong><em>D\u00e9veloppement durable<\/em><\/strong><\/p>\n<p>Gestion de l\u2019eau et de la biodiversit\u00e9 du site qui se situe \u00e0 c\u00f4t\u00e9 d\u2019une zone Natura 2000, ainsi le projet inclut des bassins secs v\u00e9g\u00e9talis\u00e9s pour la r\u00e9tention des eaux pluviales, un foss\u00e9 v\u00e9g\u00e9talis\u00e9, des abords de pleine terre permettant une infiltration directe du ruissellement, une toiture v\u00e9g\u00e9talis\u00e9e, des parkings et voiries en dalles b\u00e9ton-gazon , l\u2019implantation d\u2019essences indig\u00e8nes.<\/p>\n<p>Par ailleurs, diff\u00e9rents dispositifs sont pr\u00e9vus afin de r\u00e9duire la consommation d\u2019eau potable dont une citerne de 20 m<sup>3<\/sup> pour alimenter les chasses d\u2019eau, l\u2019entretien et l\u2019arrosage.<\/p>\n<p><strong><em>S\u00e9curit\u00e9<\/em><\/strong><\/p>\n<p>Le b\u00e2timent accueille des locaux \u00ab\u00a0classified\u00a0\u00bb, c\u2019est-\u00e0-dire des locaux ultra s\u00e9curis\u00e9s, dans lesquels il faut assurer un contr\u00f4le des biens, des personnes et des informations par des dispositifs anti-intrusion, de d\u00e9tection incendie, d\u2019extinction incendie par un groupe \u00e9lectrog\u00e8ne de secours et le doublement d\u2019une partie des installations de climatisation et d\u2019\u00e9lectricit\u00e9.<\/p>\n<\/div>\n<\/div>\n<\/div>\n<\/div>\n<\/div>\n<\/div>\n<\/div>\n<\/div>\n<\/div>\n<p>[\/vc_column_text][\/vc_column][\/vc_row]<\/p>\n<\/div>","protected":false},"excerpt":{"rendered":"<p><strong>Galileo ILS Centre<\/strong><br \/>\n<strong>MO <\/strong>IDELUX<br \/>\n<strong>Ar <\/strong>Tr\u00ebma Architecture sprl et Beiler &#038; Fran\u00e7ois Architectes sarl<\/p>\n","protected":false},"author":5,"featured_media":1495,"comment_status":"closed","ping_status":"closed","template":"","dt_portfolio_category":[32,288],"dt_portfolio_tags":[],"class_list":["post-1493","dt_portfolio","type-dt_portfolio","status-publish","has-post-thumbnail","hentry","dt_portfolio_category-commerce-et-usage-mixte","dt_portfolio_category-eau-biodiversite","dt_portfolio_category-32","dt_portfolio_category-288","description-off"],"yoast_head":"<!-- This site is optimized with the Yoast SEO plugin v27.5 - https:\/\/yoast.com\/product\/yoast-seo-wordpress\/ -->\n<title>\u00ab Galileo Integrated Logistics Support (ILS) Centre \u00bb \u00e0 Transinne<\/title>\n<meta name=\"description\" content=\"MATRIciel a fi\u00e8rement fait face au d\u00e9fi technique du \u00ab Galileo Integrated Logistics Support (ILS) Centre \u00bb \u00e0 Transinne.\" \/>\n<meta name=\"robots\" content=\"index, follow, max-snippet:-1, max-image-preview:large, max-video-preview:-1\" \/>\n<link rel=\"canonical\" href=\"https:\/\/www.matriciel.be\/projet\/galileo-ils-centre\/\" \/>\n<meta property=\"og:locale\" content=\"en_US\" \/>\n<meta property=\"og:type\" content=\"article\" \/>\n<meta property=\"og:title\" content=\"\u00ab Galileo Integrated Logistics Support (ILS) Centre \u00bb \u00e0 Transinne\" \/>\n<meta property=\"og:description\" content=\"MATRIciel a fi\u00e8rement fait face au d\u00e9fi technique du \u00ab Galileo Integrated Logistics Support (ILS) Centre \u00bb \u00e0 Transinne.\" \/>\n<meta property=\"og:url\" content=\"https:\/\/www.matriciel.be\/projet\/galileo-ils-centre\/\" \/>\n<meta property=\"og:site_name\" content=\"MATRIciel\" \/>\n<meta property=\"article:modified_time\" content=\"2025-01-15T13:42:14+00:00\" \/>\n<meta property=\"og:image\" content=\"https:\/\/www.matriciel.be\/wp-content\/uploads\/2017\/12\/DSC_7253-1024x678.jpg\" \/>\n\t<meta property=\"og:image:width\" content=\"1024\" \/>\n\t<meta property=\"og:image:height\" content=\"678\" \/>\n\t<meta property=\"og:image:type\" content=\"image\/jpeg\" \/>\n<meta name=\"twitter:card\" content=\"summary_large_image\" \/>\n<meta name=\"twitter:label1\" content=\"Est. reading time\" \/>\n\t<meta name=\"twitter:data1\" content=\"3 minutes\" \/>\n<script type=\"application\/ld+json\" class=\"yoast-schema-graph\">{\"@context\":\"https:\\\/\\\/schema.org\",\"@graph\":[{\"@type\":\"WebPage\",\"@id\":\"https:\\\/\\\/www.matriciel.be\\\/projet\\\/galileo-ils-centre\\\/\",\"url\":\"https:\\\/\\\/www.matriciel.be\\\/projet\\\/galileo-ils-centre\\\/\",\"name\":\"\u00ab Galileo Integrated Logistics Support (ILS) Centre \u00bb \u00e0 Transinne\",\"isPartOf\":{\"@id\":\"https:\\\/\\\/www.matriciel.be\\\/#website\"},\"primaryImageOfPage\":{\"@id\":\"https:\\\/\\\/www.matriciel.be\\\/projet\\\/galileo-ils-centre\\\/#primaryimage\"},\"image\":{\"@id\":\"https:\\\/\\\/www.matriciel.be\\\/projet\\\/galileo-ils-centre\\\/#primaryimage\"},\"thumbnailUrl\":\"https:\\\/\\\/www.matriciel.be\\\/wp-content\\\/uploads\\\/2017\\\/12\\\/DSC_7253.jpg\",\"datePublished\":\"2017-12-01T08:50:22+00:00\",\"dateModified\":\"2025-01-15T13:42:14+00:00\",\"description\":\"MATRIciel a fi\u00e8rement fait face au d\u00e9fi technique du \u00ab Galileo Integrated Logistics Support (ILS) Centre \u00bb \u00e0 Transinne.\",\"breadcrumb\":{\"@id\":\"https:\\\/\\\/www.matriciel.be\\\/projet\\\/galileo-ils-centre\\\/#breadcrumb\"},\"inLanguage\":\"en-US\",\"potentialAction\":[{\"@type\":\"ReadAction\",\"target\":[\"https:\\\/\\\/www.matriciel.be\\\/projet\\\/galileo-ils-centre\\\/\"]}]},{\"@type\":\"ImageObject\",\"inLanguage\":\"en-US\",\"@id\":\"https:\\\/\\\/www.matriciel.be\\\/projet\\\/galileo-ils-centre\\\/#primaryimage\",\"url\":\"https:\\\/\\\/www.matriciel.be\\\/wp-content\\\/uploads\\\/2017\\\/12\\\/DSC_7253.jpg\",\"contentUrl\":\"https:\\\/\\\/www.matriciel.be\\\/wp-content\\\/uploads\\\/2017\\\/12\\\/DSC_7253.jpg\",\"width\":4928,\"height\":3264,\"caption\":\"Le \u00ab Galileo Integrated Logistics Support (ILS) Centre \u00bb \u00e0 Transinne.\"},{\"@type\":\"BreadcrumbList\",\"@id\":\"https:\\\/\\\/www.matriciel.be\\\/projet\\\/galileo-ils-centre\\\/#breadcrumb\",\"itemListElement\":[{\"@type\":\"ListItem\",\"position\":1,\"name\":\"Accueil\",\"item\":\"https:\\\/\\\/www.matriciel.be\\\/en\\\/\"},{\"@type\":\"ListItem\",\"position\":2,\"name\":\"Portfolio\",\"item\":\"https:\\\/\\\/www.matriciel.be\\\/nl\\\/projet\\\/\"},{\"@type\":\"ListItem\",\"position\":3,\"name\":\"Galileo Integrated Logistics Support (ILS) Centre &#8211; Transinnes\"}]},{\"@type\":\"WebSite\",\"@id\":\"https:\\\/\\\/www.matriciel.be\\\/#website\",\"url\":\"https:\\\/\\\/www.matriciel.be\\\/\",\"name\":\"MATRIciel\",\"description\":\"Bureau d&#039;\u00e9tude et de conseil en architecture durable\",\"potentialAction\":[{\"@type\":\"SearchAction\",\"target\":{\"@type\":\"EntryPoint\",\"urlTemplate\":\"https:\\\/\\\/www.matriciel.be\\\/?s={search_term_string}\"},\"query-input\":{\"@type\":\"PropertyValueSpecification\",\"valueRequired\":true,\"valueName\":\"search_term_string\"}}],\"inLanguage\":\"en-US\"}]}<\/script>\n<!-- \/ Yoast SEO plugin. -->","yoast_head_json":{"title":"\u00ab Galileo Integrated Logistics Support (ILS) Centre \u00bb \u00e0 Transinne","description":"MATRIciel a fi\u00e8rement fait face au d\u00e9fi technique du \u00ab Galileo Integrated Logistics Support (ILS) Centre \u00bb \u00e0 Transinne.","robots":{"index":"index","follow":"follow","max-snippet":"max-snippet:-1","max-image-preview":"max-image-preview:large","max-video-preview":"max-video-preview:-1"},"canonical":"https:\/\/www.matriciel.be\/projet\/galileo-ils-centre\/","og_locale":"en_US","og_type":"article","og_title":"\u00ab Galileo Integrated Logistics Support (ILS) Centre \u00bb \u00e0 Transinne","og_description":"MATRIciel a fi\u00e8rement fait face au d\u00e9fi technique du \u00ab Galileo Integrated Logistics Support (ILS) Centre \u00bb \u00e0 Transinne.","og_url":"https:\/\/www.matriciel.be\/projet\/galileo-ils-centre\/","og_site_name":"MATRIciel","article_modified_time":"2025-01-15T13:42:14+00:00","og_image":[{"width":1024,"height":678,"url":"https:\/\/www.matriciel.be\/wp-content\/uploads\/2017\/12\/DSC_7253-1024x678.jpg","type":"image\/jpeg"}],"twitter_card":"summary_large_image","twitter_misc":{"Est. reading time":"3 minutes"},"schema":{"@context":"https:\/\/schema.org","@graph":[{"@type":"WebPage","@id":"https:\/\/www.matriciel.be\/projet\/galileo-ils-centre\/","url":"https:\/\/www.matriciel.be\/projet\/galileo-ils-centre\/","name":"\u00ab Galileo Integrated Logistics Support (ILS) Centre \u00bb \u00e0 Transinne","isPartOf":{"@id":"https:\/\/www.matriciel.be\/#website"},"primaryImageOfPage":{"@id":"https:\/\/www.matriciel.be\/projet\/galileo-ils-centre\/#primaryimage"},"image":{"@id":"https:\/\/www.matriciel.be\/projet\/galileo-ils-centre\/#primaryimage"},"thumbnailUrl":"https:\/\/www.matriciel.be\/wp-content\/uploads\/2017\/12\/DSC_7253.jpg","datePublished":"2017-12-01T08:50:22+00:00","dateModified":"2025-01-15T13:42:14+00:00","description":"MATRIciel a fi\u00e8rement fait face au d\u00e9fi technique du \u00ab Galileo Integrated Logistics Support (ILS) Centre \u00bb \u00e0 Transinne.","breadcrumb":{"@id":"https:\/\/www.matriciel.be\/projet\/galileo-ils-centre\/#breadcrumb"},"inLanguage":"en-US","potentialAction":[{"@type":"ReadAction","target":["https:\/\/www.matriciel.be\/projet\/galileo-ils-centre\/"]}]},{"@type":"ImageObject","inLanguage":"en-US","@id":"https:\/\/www.matriciel.be\/projet\/galileo-ils-centre\/#primaryimage","url":"https:\/\/www.matriciel.be\/wp-content\/uploads\/2017\/12\/DSC_7253.jpg","contentUrl":"https:\/\/www.matriciel.be\/wp-content\/uploads\/2017\/12\/DSC_7253.jpg","width":4928,"height":3264,"caption":"Le \u00ab Galileo Integrated Logistics Support (ILS) Centre \u00bb \u00e0 Transinne."},{"@type":"BreadcrumbList","@id":"https:\/\/www.matriciel.be\/projet\/galileo-ils-centre\/#breadcrumb","itemListElement":[{"@type":"ListItem","position":1,"name":"Accueil","item":"https:\/\/www.matriciel.be\/en\/"},{"@type":"ListItem","position":2,"name":"Portfolio","item":"https:\/\/www.matriciel.be\/nl\/projet\/"},{"@type":"ListItem","position":3,"name":"Galileo Integrated Logistics Support (ILS) Centre &#8211; Transinnes"}]},{"@type":"WebSite","@id":"https:\/\/www.matriciel.be\/#website","url":"https:\/\/www.matriciel.be\/","name":"MATRIciel","description":"Bureau d&#039;\u00e9tude et de conseil en architecture durable","potentialAction":[{"@type":"SearchAction","target":{"@type":"EntryPoint","urlTemplate":"https:\/\/www.matriciel.be\/?s={search_term_string}"},"query-input":{"@type":"PropertyValueSpecification","valueRequired":true,"valueName":"search_term_string"}}],"inLanguage":"en-US"}]}},"jetpack_sharing_enabled":true,"_links":{"self":[{"href":"https:\/\/www.matriciel.be\/en\/wp-json\/wp\/v2\/dt_portfolio\/1493","targetHints":{"allow":["GET"]}}],"collection":[{"href":"https:\/\/www.matriciel.be\/en\/wp-json\/wp\/v2\/dt_portfolio"}],"about":[{"href":"https:\/\/www.matriciel.be\/en\/wp-json\/wp\/v2\/types\/dt_portfolio"}],"author":[{"embeddable":true,"href":"https:\/\/www.matriciel.be\/en\/wp-json\/wp\/v2\/users\/5"}],"replies":[{"embeddable":true,"href":"https:\/\/www.matriciel.be\/en\/wp-json\/wp\/v2\/comments?post=1493"}],"version-history":[{"count":1,"href":"https:\/\/www.matriciel.be\/en\/wp-json\/wp\/v2\/dt_portfolio\/1493\/revisions"}],"predecessor-version":[{"id":22364,"href":"https:\/\/www.matriciel.be\/en\/wp-json\/wp\/v2\/dt_portfolio\/1493\/revisions\/22364"}],"wp:featuredmedia":[{"embeddable":true,"href":"https:\/\/www.matriciel.be\/en\/wp-json\/wp\/v2\/media\/1495"}],"wp:attachment":[{"href":"https:\/\/www.matriciel.be\/en\/wp-json\/wp\/v2\/media?parent=1493"}],"wp:term":[{"taxonomy":"dt_portfolio_category","embeddable":true,"href":"https:\/\/www.matriciel.be\/en\/wp-json\/wp\/v2\/dt_portfolio_category?post=1493"},{"taxonomy":"dt_portfolio_tags","embeddable":true,"href":"https:\/\/www.matriciel.be\/en\/wp-json\/wp\/v2\/dt_portfolio_tags?post=1493"}],"curies":[{"name":"wp","href":"https:\/\/api.w.org\/{rel}","templated":true}]}}