{"id":16692,"date":"2023-06-02T10:20:35","date_gmt":"2023-06-02T08:20:35","guid":{"rendered":"https:\/\/www.matriciel.be\/?post_type=dt_portfolio&#038;p=16692"},"modified":"2024-04-26T11:48:24","modified_gmt":"2024-04-26T09:48:24","slug":"amocitydev","status":"publish","type":"dt_portfolio","link":"https:\/\/www.matriciel.be\/en\/projet\/amocitydev\/","title":{"rendered":"AMO citydev.brussels"},"content":{"rendered":"<div class=\"wpb-content-wrapper\"><p>[vc_row margin_top=&#8221;-30px&#8221;][vc_column][vc_column_text css=&#8221;.vc_custom_1684852337129{margin-bottom: 20px !important;}&#8221; el_class=&#8221;custom-copyright&#8221;]<\/p>\n<p style=\"text-align: right;\">\u00a9 S.Brison &#8211; Parc d\u2019entreprise TPE Newton, Rue Paepsem 121 \u00e0 1070 Bruxelles &#8211; Architecte : Atelier de l\u2019Arbre d\u2019Or<\/p>\n<p>[\/vc_column_text][\/vc_column][vc_column width=&#8221;1\/3&#8243; el_class=&#8221;custom-bold-list&#8221;][vc_column_text]<\/p>\n<h2 style=\"font-size: 25px; line-height: 32px; text-transform: none;\">Informations g\u00e9n\u00e9rales du projet<\/h2>\n<p>[\/vc_column_text][vc_column_text]<b>Ma\u00eetre de l&#8217;Ouvrage <\/b>: citydev.brussels<\/p>\n<p><b>Programme : <\/b>secteur tertiaire<\/p>\n<p><b>Situation\u00a0<\/b>: R\u00e9gion Bruxelles-Capitale<\/p>\n<p><b>Dates <\/b>: Juin 2021 &#8211; Novembre 2022[\/vc_column_text][vc_column_text]<\/p>\n<h2 style=\"font-size: 25px; line-height: 32px; text-transform: none;\">Missions de MATRI<em>ciel<\/em><\/h2>\n<p>[\/vc_column_text][vc_column_text]<b><\/b>D\u00e9finition d\u2019une strat\u00e9gie durable pour les parcs d\u2019entreprises d\u2019activit\u00e9s productives via des objectifs de performances dans les diverses th\u00e9matiques du d\u00e9veloppement durable, et la r\u00e9daction de clauses de cahier des charges<br \/>\n[\/vc_column_text][\/vc_column][vc_column width=&#8221;2\/3&#8243;][vc_column_text]<\/p>\n<h2>Description du projet<\/h2>\n<p>[\/vc_column_text][vc_column_text]<\/p>\n<h4>Mission d\u2019assistance \u00e0 ma\u00eetrise d\u2019ouvrage pour la d\u00e9finition d\u2019une strat\u00e9gie durable pour les parcs d\u2019entreprises d\u2019activit\u00e9s productives pour citydev.brussels.<\/h4>\n<p>Dans un premier temps, MATRIciel a d\u00e9fini, avec citydev.brussels, des ambitions et des performances environnementales minimales dans les diverses th\u00e9matiques du d\u00e9veloppement durable pour trois projets de r\u00e9f\u00e9rence :<\/p>\n<ul>\n<li>Un ensemble d\u2019ateliers monofonctionnels accessibles directement depuis l\u2019ext\u00e9rieur,<\/li>\n<li>Un immeuble d\u2019activit\u00e9s productives en \u00e9tage avec des espaces communs partag\u00e9s,<\/li>\n<li>Un projet mixte int\u00e9grant du logement et du commerce, ainsi que diff\u00e9rentes typologies d\u2019espaces d\u2019activit\u00e9s productives.<\/li>\n<\/ul>\n<p>Ce type de projet pr\u00e9sente la sp\u00e9cificit\u00e9 d\u2019\u00eatre \u00e9labor\u00e9 avec une grande incertitude sur l\u2019usage final des espaces : stockage, atelier avec des besoins d\u2019\u00e9clairage plus ou moins important en lien avec les t\u00e2ches \u00e0 effectuer, besoins de chauffage et\/ou de refroidissement, &#8230;<\/p>\n<p>Les objectifs ont \u00e9t\u00e9 d\u00e9finis en tenant compte du contexte sp\u00e9cifique de chaque projet et des contraintes d\u2019usage des b\u00e2timents, notamment les contraintes de gestion et de r\u00e9partition des co\u00fbts de fonctionnement.<\/p>\n<p>Ces objectifs ont ensuite \u00e9t\u00e9 g\u00e9n\u00e9ralis\u00e9s dans un document d\u2019orientation destin\u00e9 aux gestionnaires de projet de citydev.brussels.<\/p>\n<p>Il a pour objectif de leur permettre de s\u00e9lectionner, pour les projets qui leurs sont confi\u00e9s, les ambitions durables et les performances environnementales minimales \u00e0 int\u00e9grer dans les cahiers des charges destin\u00e9s \u00e0 s\u00e9lectionner les concepteurs et\/ou constructeurs des projets.<\/p>\n<p>Enfin, des articles de cahiers des charges ont \u00e9t\u00e9 r\u00e9dig\u00e9s pour faciliter cette int\u00e9gration.<\/p>\n<h4>TH\u00c9MATIQUES<\/h4>\n<p><strong>Gestion de projet et participation<\/strong> : cadre participatif<\/p>\n<p><strong>Environnement humain<\/strong> : espaces de travail partag\u00e9s, espaces de d\u00e9tente int\u00e9rieurs et ext\u00e9rieurs partag\u00e9s ; accessibilit\u00e9 PMR<\/p>\n<p><strong>D\u00e9veloppement spatial<\/strong> : activation de l\u2019espace public et limitation des impacts du site sur les riverains<\/p>\n<p><strong>Mobilit\u00e9 <\/strong>: emplacements pour v\u00e9los et \u00e9quipements associ\u00e9s, bornes de recharge \u00e9lectriques<\/p>\n<p><strong>D\u00e9veloppement de la nature<\/strong> : ampleur et qualit\u00e9 de la v\u00e9g\u00e9talisation, maillage vert, dispositifs d\u2019accueil de la faune.<\/p>\n<p><strong>Cycle de l\u2019eau<\/strong> : retour de l\u2019eau \u00e0 son cycle naturel et limitation du risque d\u2019inondations en aval, \u00e9conomie d\u2019eau potable<\/p>\n<p><strong>Environnement physique<\/strong> : pollution et confort<\/p>\n<p><strong>Mati\u00e8res et ressources<\/strong> : D\u00e9marche de circularit\u00e9, \u00e9co-conception et gestion des d\u00e9chets d\u2019exploitation<\/p>\n<p><strong>Energie et confort<\/strong> : Confort int\u00e9rieur et r\u00e9duction des besoins, et r\u00e9duction de la consommation<\/p>\n<p><strong>Chantier vert<\/strong>[\/vc_column_text][\/vc_column][\/vc_row]<\/p>\n<\/div>","protected":false},"excerpt":{"rendered":"<p><B>AMO citydev.brussels<\/B><br \/>\n<B>MO <\/B>citydev.brussels<\/p>\n","protected":false},"author":5,"featured_media":16704,"comment_status":"closed","ping_status":"closed","template":"","dt_portfolio_category":[38],"dt_portfolio_tags":[264,265,267,266],"class_list":["post-16692","dt_portfolio","type-dt_portfolio","status-publish","has-post-thumbnail","hentry","dt_portfolio_category-consultance-technique","dt_portfolio_tags-cycle-de-leau","dt_portfolio_tags-developpement-de-la-nature","dt_portfolio_tags-performances-environnementales","dt_portfolio_tags-strategie-durable","dt_portfolio_category-38","description-off"],"yoast_head":"<!-- This site is optimized with the Yoast SEO plugin v27.5 - https:\/\/yoast.com\/product\/yoast-seo-wordpress\/ -->\n<title>AMO citydev.brussels - MATRIciel<\/title>\n<meta name=\"description\" content=\"Mission d\u2019AMO pour la d\u00e9finition d\u2019une strat\u00e9gie durable pour les parcs d\u2019entreprises d\u2019activit\u00e9s productives pour citydev.brussels\" \/>\n<meta name=\"robots\" content=\"index, follow, max-snippet:-1, max-image-preview:large, max-video-preview:-1\" \/>\n<link rel=\"canonical\" href=\"https:\/\/www.matriciel.be\/projet\/amocitydev\/\" \/>\n<meta property=\"og:locale\" content=\"en_US\" \/>\n<meta property=\"og:type\" content=\"article\" \/>\n<meta property=\"og:title\" content=\"AMO citydev.brussels - MATRIciel\" \/>\n<meta property=\"og:description\" content=\"Mission d\u2019AMO pour la d\u00e9finition d\u2019une strat\u00e9gie durable pour les parcs d\u2019entreprises d\u2019activit\u00e9s productives pour citydev.brussels\" \/>\n<meta property=\"og:url\" content=\"https:\/\/www.matriciel.be\/projet\/amocitydev\/\" \/>\n<meta property=\"og:site_name\" content=\"MATRIciel\" \/>\n<meta property=\"article:modified_time\" content=\"2024-04-26T09:48:24+00:00\" \/>\n<meta property=\"og:image\" content=\"https:\/\/www.matriciel.be\/wp-content\/uploads\/2023\/05\/Logo-Citydev-pour-site.jpg\" \/>\n\t<meta property=\"og:image:width\" content=\"360\" \/>\n\t<meta property=\"og:image:height\" content=\"359\" \/>\n\t<meta property=\"og:image:type\" content=\"image\/jpeg\" \/>\n<meta name=\"twitter:card\" content=\"summary_large_image\" \/>\n<meta name=\"twitter:label1\" content=\"Est. reading time\" \/>\n\t<meta name=\"twitter:data1\" content=\"3 minutes\" \/>\n<script type=\"application\/ld+json\" class=\"yoast-schema-graph\">{\"@context\":\"https:\\\/\\\/schema.org\",\"@graph\":[{\"@type\":\"WebPage\",\"@id\":\"https:\\\/\\\/www.matriciel.be\\\/projet\\\/amocitydev\\\/\",\"url\":\"https:\\\/\\\/www.matriciel.be\\\/projet\\\/amocitydev\\\/\",\"name\":\"AMO citydev.brussels - MATRIciel\",\"isPartOf\":{\"@id\":\"https:\\\/\\\/www.matriciel.be\\\/#website\"},\"primaryImageOfPage\":{\"@id\":\"https:\\\/\\\/www.matriciel.be\\\/projet\\\/amocitydev\\\/#primaryimage\"},\"image\":{\"@id\":\"https:\\\/\\\/www.matriciel.be\\\/projet\\\/amocitydev\\\/#primaryimage\"},\"thumbnailUrl\":\"https:\\\/\\\/www.matriciel.be\\\/wp-content\\\/uploads\\\/2023\\\/05\\\/Logo-Citydev-pour-site.jpg\",\"datePublished\":\"2023-06-02T08:20:35+00:00\",\"dateModified\":\"2024-04-26T09:48:24+00:00\",\"description\":\"Mission d\u2019AMO pour la d\u00e9finition d\u2019une strat\u00e9gie durable pour les parcs d\u2019entreprises d\u2019activit\u00e9s productives pour citydev.brussels\",\"breadcrumb\":{\"@id\":\"https:\\\/\\\/www.matriciel.be\\\/projet\\\/amocitydev\\\/#breadcrumb\"},\"inLanguage\":\"en-US\",\"potentialAction\":[{\"@type\":\"ReadAction\",\"target\":[\"https:\\\/\\\/www.matriciel.be\\\/projet\\\/amocitydev\\\/\"]}]},{\"@type\":\"ImageObject\",\"inLanguage\":\"en-US\",\"@id\":\"https:\\\/\\\/www.matriciel.be\\\/projet\\\/amocitydev\\\/#primaryimage\",\"url\":\"https:\\\/\\\/www.matriciel.be\\\/wp-content\\\/uploads\\\/2023\\\/05\\\/Logo-Citydev-pour-site.jpg\",\"contentUrl\":\"https:\\\/\\\/www.matriciel.be\\\/wp-content\\\/uploads\\\/2023\\\/05\\\/Logo-Citydev-pour-site.jpg\",\"width\":360,\"height\":359,\"caption\":\"strat\u00e9gie durable pour les parcs d\u2019entreprises d\u2019activit\u00e9s productives\"},{\"@type\":\"BreadcrumbList\",\"@id\":\"https:\\\/\\\/www.matriciel.be\\\/projet\\\/amocitydev\\\/#breadcrumb\",\"itemListElement\":[{\"@type\":\"ListItem\",\"position\":1,\"name\":\"Accueil\",\"item\":\"https:\\\/\\\/www.matriciel.be\\\/en\\\/\"},{\"@type\":\"ListItem\",\"position\":2,\"name\":\"Portfolio\",\"item\":\"https:\\\/\\\/www.matriciel.be\\\/nl\\\/projet\\\/\"},{\"@type\":\"ListItem\",\"position\":3,\"name\":\"AMO citydev.brussels\"}]},{\"@type\":\"WebSite\",\"@id\":\"https:\\\/\\\/www.matriciel.be\\\/#website\",\"url\":\"https:\\\/\\\/www.matriciel.be\\\/\",\"name\":\"MATRIciel\",\"description\":\"Bureau d&#039;\u00e9tude et de conseil en architecture durable\",\"potentialAction\":[{\"@type\":\"SearchAction\",\"target\":{\"@type\":\"EntryPoint\",\"urlTemplate\":\"https:\\\/\\\/www.matriciel.be\\\/?s={search_term_string}\"},\"query-input\":{\"@type\":\"PropertyValueSpecification\",\"valueRequired\":true,\"valueName\":\"search_term_string\"}}],\"inLanguage\":\"en-US\"}]}<\/script>\n<!-- \/ Yoast SEO plugin. -->","yoast_head_json":{"title":"AMO citydev.brussels - MATRIciel","description":"Mission d\u2019AMO pour la d\u00e9finition d\u2019une strat\u00e9gie durable pour les parcs d\u2019entreprises d\u2019activit\u00e9s productives pour citydev.brussels","robots":{"index":"index","follow":"follow","max-snippet":"max-snippet:-1","max-image-preview":"max-image-preview:large","max-video-preview":"max-video-preview:-1"},"canonical":"https:\/\/www.matriciel.be\/projet\/amocitydev\/","og_locale":"en_US","og_type":"article","og_title":"AMO citydev.brussels - MATRIciel","og_description":"Mission d\u2019AMO pour la d\u00e9finition d\u2019une strat\u00e9gie durable pour les parcs d\u2019entreprises d\u2019activit\u00e9s productives pour citydev.brussels","og_url":"https:\/\/www.matriciel.be\/projet\/amocitydev\/","og_site_name":"MATRIciel","article_modified_time":"2024-04-26T09:48:24+00:00","og_image":[{"width":360,"height":359,"url":"https:\/\/www.matriciel.be\/wp-content\/uploads\/2023\/05\/Logo-Citydev-pour-site.jpg","type":"image\/jpeg"}],"twitter_card":"summary_large_image","twitter_misc":{"Est. reading time":"3 minutes"},"schema":{"@context":"https:\/\/schema.org","@graph":[{"@type":"WebPage","@id":"https:\/\/www.matriciel.be\/projet\/amocitydev\/","url":"https:\/\/www.matriciel.be\/projet\/amocitydev\/","name":"AMO citydev.brussels - MATRIciel","isPartOf":{"@id":"https:\/\/www.matriciel.be\/#website"},"primaryImageOfPage":{"@id":"https:\/\/www.matriciel.be\/projet\/amocitydev\/#primaryimage"},"image":{"@id":"https:\/\/www.matriciel.be\/projet\/amocitydev\/#primaryimage"},"thumbnailUrl":"https:\/\/www.matriciel.be\/wp-content\/uploads\/2023\/05\/Logo-Citydev-pour-site.jpg","datePublished":"2023-06-02T08:20:35+00:00","dateModified":"2024-04-26T09:48:24+00:00","description":"Mission d\u2019AMO pour la d\u00e9finition d\u2019une strat\u00e9gie durable pour les parcs d\u2019entreprises d\u2019activit\u00e9s productives pour citydev.brussels","breadcrumb":{"@id":"https:\/\/www.matriciel.be\/projet\/amocitydev\/#breadcrumb"},"inLanguage":"en-US","potentialAction":[{"@type":"ReadAction","target":["https:\/\/www.matriciel.be\/projet\/amocitydev\/"]}]},{"@type":"ImageObject","inLanguage":"en-US","@id":"https:\/\/www.matriciel.be\/projet\/amocitydev\/#primaryimage","url":"https:\/\/www.matriciel.be\/wp-content\/uploads\/2023\/05\/Logo-Citydev-pour-site.jpg","contentUrl":"https:\/\/www.matriciel.be\/wp-content\/uploads\/2023\/05\/Logo-Citydev-pour-site.jpg","width":360,"height":359,"caption":"strat\u00e9gie durable pour les parcs d\u2019entreprises d\u2019activit\u00e9s productives"},{"@type":"BreadcrumbList","@id":"https:\/\/www.matriciel.be\/projet\/amocitydev\/#breadcrumb","itemListElement":[{"@type":"ListItem","position":1,"name":"Accueil","item":"https:\/\/www.matriciel.be\/en\/"},{"@type":"ListItem","position":2,"name":"Portfolio","item":"https:\/\/www.matriciel.be\/nl\/projet\/"},{"@type":"ListItem","position":3,"name":"AMO citydev.brussels"}]},{"@type":"WebSite","@id":"https:\/\/www.matriciel.be\/#website","url":"https:\/\/www.matriciel.be\/","name":"MATRIciel","description":"Bureau d&#039;\u00e9tude et de conseil en architecture durable","potentialAction":[{"@type":"SearchAction","target":{"@type":"EntryPoint","urlTemplate":"https:\/\/www.matriciel.be\/?s={search_term_string}"},"query-input":{"@type":"PropertyValueSpecification","valueRequired":true,"valueName":"search_term_string"}}],"inLanguage":"en-US"}]}},"jetpack_sharing_enabled":true,"_links":{"self":[{"href":"https:\/\/www.matriciel.be\/en\/wp-json\/wp\/v2\/dt_portfolio\/16692","targetHints":{"allow":["GET"]}}],"collection":[{"href":"https:\/\/www.matriciel.be\/en\/wp-json\/wp\/v2\/dt_portfolio"}],"about":[{"href":"https:\/\/www.matriciel.be\/en\/wp-json\/wp\/v2\/types\/dt_portfolio"}],"author":[{"embeddable":true,"href":"https:\/\/www.matriciel.be\/en\/wp-json\/wp\/v2\/users\/5"}],"replies":[{"embeddable":true,"href":"https:\/\/www.matriciel.be\/en\/wp-json\/wp\/v2\/comments?post=16692"}],"version-history":[{"count":11,"href":"https:\/\/www.matriciel.be\/en\/wp-json\/wp\/v2\/dt_portfolio\/16692\/revisions"}],"predecessor-version":[{"id":16896,"href":"https:\/\/www.matriciel.be\/en\/wp-json\/wp\/v2\/dt_portfolio\/16692\/revisions\/16896"}],"wp:featuredmedia":[{"embeddable":true,"href":"https:\/\/www.matriciel.be\/en\/wp-json\/wp\/v2\/media\/16704"}],"wp:attachment":[{"href":"https:\/\/www.matriciel.be\/en\/wp-json\/wp\/v2\/media?parent=16692"}],"wp:term":[{"taxonomy":"dt_portfolio_category","embeddable":true,"href":"https:\/\/www.matriciel.be\/en\/wp-json\/wp\/v2\/dt_portfolio_category?post=16692"},{"taxonomy":"dt_portfolio_tags","embeddable":true,"href":"https:\/\/www.matriciel.be\/en\/wp-json\/wp\/v2\/dt_portfolio_tags?post=16692"}],"curies":[{"name":"wp","href":"https:\/\/api.w.org\/{rel}","templated":true}]}}