{"id":16763,"date":"2023-06-16T09:39:19","date_gmt":"2023-06-16T07:39:19","guid":{"rendered":"https:\/\/www.matriciel.be\/?post_type=dt_portfolio&#038;p=16763"},"modified":"2024-04-26T11:48:33","modified_gmt":"2024-04-26T09:48:33","slug":"chateau-haltinne","status":"publish","type":"dt_portfolio","link":"https:\/\/www.matriciel.be\/en\/projet\/chateau-haltinne\/","title":{"rendered":"Chateau Haltinne"},"content":{"rendered":"<div class=\"wpb-content-wrapper\"><p>[vc_row margin_top=&#8221;-30px&#8221;][vc_column][vc_column_text css=&#8221;.vc_custom_1685022909238{margin-bottom: 20px !important;}&#8221; el_class=&#8221;custom-copyright&#8221;]<\/p>\n<p style=\"text-align: right;\">\u00a9 ???, Ma\u00eetre d&#8217;ouvrage : Famille Froidbise, Architecte : Atelier Nord<\/p>\n<p>[\/vc_column_text][\/vc_column][vc_column width=&#8221;1\/3&#8243; el_class=&#8221;custom-bold-list&#8221;][vc_column_text]<\/p>\n<h2 style=\"font-size: 25px; line-height: 32px; text-transform: none;\">Informations g\u00e9n\u00e9rales du projet<\/h2>\n<p>[\/vc_column_text][vc_column_text]<b>Ma\u00eetre de l&#8217;Ouvrage <\/b>: Famille Froidebise<\/p>\n<p><b>Programme : <\/b>Le ch\u00e2teau pr\u00e9sente 4 fa\u00e7ades entour\u00e9es de douve et dispose d\u2019une cour int\u00e9rieure. L\u2019\u00e9difice a \u00e9t\u00e9 construit autour des ann\u00e9es 1650 dans un domaine de 240 hectares et a \u00e9t\u00e9 occup\u00e9 comme r\u00e9sidence\/ferme jusqu\u2019en 2019 moment o\u00f9 le nouveau propri\u00e9taire choisit de transformer le ch\u00e2teau en g\u00eete de grande capacit\u00e9.<\/p>\n<p><b>Situation\u00a0<\/b>: Gesves<\/p>\n<p><b>Surface\u00a0<\/b>: La surface concern\u00e9e par les travaux de r\u00e9novation s\u2019\u00e9tend sur +\/- 3.500 m\u00b2<\/p>\n<p><b>Architectes <\/b>: Atelier Nord<\/p>\n<p><b>Dates <\/b>: D\u00e9but de mission en mars 2020 &#8211; Dossier de soumission en cours[\/vc_column_text][vc_column_text]<\/p>\n<h2 style=\"font-size: 25px; line-height: 32px; text-transform: none;\">Missions de MATRI<em>ciel<\/em><\/h2>\n<p>[\/vc_column_text][vc_column_text]<b><\/b>Etudes des techniques sp\u00e9ciales<br \/>\n<b><\/b>Etudes de la gestion de l&#8217;eau[\/vc_column_text][\/vc_column][vc_column width=&#8221;2\/3&#8243;][vc_column_text]<\/p>\n<h2>Description du projet<\/h2>\n<p>[\/vc_column_text][vc_column_text]<\/p>\n<div class=\"page\" title=\"Page 1\">\n<div class=\"layoutArea\">\n<h4 class=\"column\">Etude des techniques sp\u00e9ciales dans le cadre de la restauration du <u><a href=\"http:\/\/www.haltinne.be\">ch\u00e2teau de Haltinne<\/a><\/u> et de sa r\u00e9affectation en lieu de s\u00e9minaires en semaine et de r\u00e9unions familiales le week-end.<\/h4>\n<p class=\"column\"><strong>Constat<\/strong><\/p>\n<p class=\"column\">Le ch\u00e2teau est class\u00e9 comme monument, avec inscription sur la liste du patrimoine exceptionnel pour les fa\u00e7ades et toitures du ch\u00e2teau ainsi que les douves et l\u2019escalier d\u2019honneur. Le site est class\u00e9.<\/p>\n<p class=\"column\">La derni\u00e8re \u00ab r\u00e9novation \u00bb a \u00e9t\u00e9 r\u00e9alis\u00e9e dans les ann\u00e9es 1970 et concerne principalement les travaux suivants : installation de l\u2019\u00e9lectricit\u00e9 et d\u2019un chauffage central au mazout sur une partie du b\u00e2timent.<\/p>\n<p class=\"column\"><strong>Interventions requises<\/strong><\/p>\n<p class=\"column\">Le Ma\u00eetre d&#8217;Ouvrage souhaite rendre le b\u00e2timent conforme \u00e0 la location pour des g\u00eetes de grande capacit\u00e9, des salles de r\u00e9ceptions et de s\u00e9minaires.<\/p>\n<p class=\"column\">La demande concerne plus pr\u00e9cis\u00e9ment :<\/p>\n<ul>\n<li class=\"column\">L\u2019int\u00e9gration des techniques actuelles et futures dans le respect des parties class\u00e9es<\/li>\n<li class=\"column\">L\u2019\u00e9vacuation et traitement des eaux us\u00e9es sans raccordement aux \u00e9gouts<\/li>\n<li class=\"column\">L\u2019installation d\u2019une nouvelle chaufferie et \u00e9quipements de chauffage<\/li>\n<li class=\"column\">La mise en conformit\u00e9 \u00e9lectrique du b\u00e2timent<\/li>\n<li class=\"column\">L\u2019adduction d\u2019eau domestique et sanitaire<\/li>\n<li class=\"column\">La mise en place d\u2019une ventilation hygi\u00e9nique<\/li>\n<li class=\"column\">La mise en conformit\u00e9 incendie<\/li>\n<li class=\"column\">La s\u00e9curisation du b\u00e2timent par d\u00e9tection intrusion<\/li>\n<li class=\"column\">L\u2019\u00e9clairage int\u00e9rieur et mise en lumi\u00e8re des fa\u00e7ades<\/li>\n<\/ul>\n<p><strong>Interventions de MATRIciel<\/strong><\/p>\n<p>Etude compl\u00e8te des Technique Sp\u00e9ciales :<\/p>\n<ul>\n<li>Proposition d\u2019installation d\u2019un chauffage central couvrant l\u2019ensemble du b\u00e2timent, production par chaufferie bois plac\u00e9e dans un corps de ferme ind\u00e9pendant du ch\u00e2teau ;<\/li>\n<li>R\u00e9vision compl\u00e8te du programme \u00e9lectrique en fonction des nouveaux usages (\u00e9clairages, prises de courant, d\u00e9tection incendie, multim\u00e9dia, d\u00e9tection intrusion et \u00e9quipements sp\u00e9ciaux notamment pour la cuisine). La mise en conformit\u00e9 a pour cons\u00e9quence l\u2019installation d\u2019une cabine haute tension \u00e0 proximit\u00e9 directe du ch\u00e2teau ;<\/li>\n<li>Int\u00e9gration d\u2019une centrale de traitement d\u2019air double flux avec \u00e9changeur de chaleur pour la partie s\u00e9minaire\/r\u00e9ception et d\u2019unit\u00e9s d\u00e9centralis\u00e9es pour les logements ;<\/li>\n<\/ul>\n<p>Ces \u00e9l\u00e9ments sont soumis \u00e0 la validation de l\u2019Agence Wallonne du Patrimoine (AWaP) qui a un regard tr\u00e8s strict sur la conservation des parties class\u00e9es et la conservation de l\u2019int\u00e9grit\u00e9 de l\u2019image du b\u00e2timent.<\/p>\n<p>Actuellement (mars 2023), la demande de permis est en cours d\u2019introduction (pour mi-mai 2024) et pour cela, le dossier de soumission complet avec m\u00e9tr\u00e9 d\u00e9taill\u00e9 et plans \u00e0 niveau de d\u00e9tail \u00e9lev\u00e9 est en cours de finalisation.<\/p>\n<p>MATRIciel a \u00e9galement \u00e9t\u00e9 charg\u00e9e de l\u2019\u00e9tude de la gestion des eaux sur le site : \u00e9vacuation des eaux vannes, us\u00e9es et du trop-plein de l\u2019eau de pluie vers une micro-station d\u2019\u00e9puration coupl\u00e9e d\u2019un lagunage avant rejet dans le ruisseau du Struviaux.<\/p>\n<p>La mission de MATRIciel sera compl\u00e9t\u00e9e par l\u2019assistance au MO pour la d\u00e9signation de l\u2019entreprise en charge des travaux et pour le suivi du chantier.<\/p>\n<\/div>\n<\/div>\n<p>[\/vc_column_text][\/vc_column][\/vc_row]<\/p>\n<\/div>","protected":false},"excerpt":{"rendered":"<p><B>Chateau Haltinne<\/B><br \/>\n<B>MO <\/B>Famille Froidebise<br \/>\n<B>Ar <\/B>Atelier Nord<\/p>\n","protected":false},"author":5,"featured_media":16765,"comment_status":"closed","ping_status":"closed","template":"","dt_portfolio_category":[178],"dt_portfolio_tags":[268,172,173],"class_list":["post-16763","dt_portfolio","type-dt_portfolio","status-publish","has-post-thumbnail","hentry","dt_portfolio_category-logement","dt_portfolio_tags-batiment-classe","dt_portfolio_tags-gestion-de-leau","dt_portfolio_tags-techniques-speciales","dt_portfolio_category-178","description-off"],"yoast_head":"<!-- This site is optimized with the Yoast SEO plugin v27.5 - https:\/\/yoast.com\/product\/yoast-seo-wordpress\/ -->\n<title>Chateau Haltinne - MATRIciel<\/title>\n<meta name=\"description\" content=\"MATRIciel r\u00e9alise les \u00e9tude des techniques sp\u00e9ciales dans le cadre de la restauration du ch\u00e2teau de Haltinne (monument class\u00e9)\" \/>\n<meta name=\"robots\" content=\"index, follow, max-snippet:-1, max-image-preview:large, max-video-preview:-1\" \/>\n<link rel=\"canonical\" href=\"https:\/\/www.matriciel.be\/projet\/chateau-haltinne\/\" \/>\n<meta property=\"og:locale\" content=\"en_US\" \/>\n<meta property=\"og:type\" content=\"article\" \/>\n<meta property=\"og:title\" content=\"Chateau Haltinne - MATRIciel\" \/>\n<meta property=\"og:description\" content=\"MATRIciel r\u00e9alise les \u00e9tude des techniques sp\u00e9ciales dans le cadre de la restauration du ch\u00e2teau de Haltinne (monument class\u00e9)\" \/>\n<meta property=\"og:url\" content=\"https:\/\/www.matriciel.be\/projet\/chateau-haltinne\/\" \/>\n<meta property=\"og:site_name\" content=\"MATRIciel\" \/>\n<meta property=\"article:modified_time\" content=\"2024-04-26T09:48:33+00:00\" \/>\n<meta property=\"og:image\" content=\"https:\/\/www.matriciel.be\/wp-content\/uploads\/2023\/05\/Haltinne-Chateau-Duchene-scaled-1100x860-1.jpg\" \/>\n\t<meta property=\"og:image:width\" content=\"1100\" \/>\n\t<meta property=\"og:image:height\" content=\"860\" \/>\n\t<meta property=\"og:image:type\" content=\"image\/jpeg\" \/>\n<meta name=\"twitter:card\" content=\"summary_large_image\" \/>\n<meta name=\"twitter:label1\" content=\"Est. reading time\" \/>\n\t<meta name=\"twitter:data1\" content=\"4 minutes\" \/>\n<script type=\"application\/ld+json\" class=\"yoast-schema-graph\">{\"@context\":\"https:\\\/\\\/schema.org\",\"@graph\":[{\"@type\":\"WebPage\",\"@id\":\"https:\\\/\\\/www.matriciel.be\\\/projet\\\/chateau-haltinne\\\/\",\"url\":\"https:\\\/\\\/www.matriciel.be\\\/projet\\\/chateau-haltinne\\\/\",\"name\":\"Chateau Haltinne - MATRIciel\",\"isPartOf\":{\"@id\":\"https:\\\/\\\/www.matriciel.be\\\/#website\"},\"primaryImageOfPage\":{\"@id\":\"https:\\\/\\\/www.matriciel.be\\\/projet\\\/chateau-haltinne\\\/#primaryimage\"},\"image\":{\"@id\":\"https:\\\/\\\/www.matriciel.be\\\/projet\\\/chateau-haltinne\\\/#primaryimage\"},\"thumbnailUrl\":\"https:\\\/\\\/www.matriciel.be\\\/wp-content\\\/uploads\\\/2023\\\/05\\\/Haltinne-Chateau-Duchene-scaled-1100x860-1.jpg\",\"datePublished\":\"2023-06-16T07:39:19+00:00\",\"dateModified\":\"2024-04-26T09:48:33+00:00\",\"description\":\"MATRIciel r\u00e9alise les \u00e9tude des techniques sp\u00e9ciales dans le cadre de la restauration du ch\u00e2teau de Haltinne (monument class\u00e9)\",\"breadcrumb\":{\"@id\":\"https:\\\/\\\/www.matriciel.be\\\/projet\\\/chateau-haltinne\\\/#breadcrumb\"},\"inLanguage\":\"en-US\",\"potentialAction\":[{\"@type\":\"ReadAction\",\"target\":[\"https:\\\/\\\/www.matriciel.be\\\/projet\\\/chateau-haltinne\\\/\"]}]},{\"@type\":\"ImageObject\",\"inLanguage\":\"en-US\",\"@id\":\"https:\\\/\\\/www.matriciel.be\\\/projet\\\/chateau-haltinne\\\/#primaryimage\",\"url\":\"https:\\\/\\\/www.matriciel.be\\\/wp-content\\\/uploads\\\/2023\\\/05\\\/Haltinne-Chateau-Duchene-scaled-1100x860-1.jpg\",\"contentUrl\":\"https:\\\/\\\/www.matriciel.be\\\/wp-content\\\/uploads\\\/2023\\\/05\\\/Haltinne-Chateau-Duchene-scaled-1100x860-1.jpg\",\"width\":1100,\"height\":860,\"caption\":\"Gestion des eaux pluviales - Chateau de Haltinne\"},{\"@type\":\"BreadcrumbList\",\"@id\":\"https:\\\/\\\/www.matriciel.be\\\/projet\\\/chateau-haltinne\\\/#breadcrumb\",\"itemListElement\":[{\"@type\":\"ListItem\",\"position\":1,\"name\":\"Accueil\",\"item\":\"https:\\\/\\\/www.matriciel.be\\\/en\\\/\"},{\"@type\":\"ListItem\",\"position\":2,\"name\":\"Portfolio\",\"item\":\"https:\\\/\\\/www.matriciel.be\\\/nl\\\/projet\\\/\"},{\"@type\":\"ListItem\",\"position\":3,\"name\":\"Chateau Haltinne\"}]},{\"@type\":\"WebSite\",\"@id\":\"https:\\\/\\\/www.matriciel.be\\\/#website\",\"url\":\"https:\\\/\\\/www.matriciel.be\\\/\",\"name\":\"MATRIciel\",\"description\":\"Bureau d&#039;\u00e9tude et de conseil en architecture durable\",\"potentialAction\":[{\"@type\":\"SearchAction\",\"target\":{\"@type\":\"EntryPoint\",\"urlTemplate\":\"https:\\\/\\\/www.matriciel.be\\\/?s={search_term_string}\"},\"query-input\":{\"@type\":\"PropertyValueSpecification\",\"valueRequired\":true,\"valueName\":\"search_term_string\"}}],\"inLanguage\":\"en-US\"}]}<\/script>\n<!-- \/ Yoast SEO plugin. -->","yoast_head_json":{"title":"Chateau Haltinne - MATRIciel","description":"MATRIciel r\u00e9alise les \u00e9tude des techniques sp\u00e9ciales dans le cadre de la restauration du ch\u00e2teau de Haltinne (monument class\u00e9)","robots":{"index":"index","follow":"follow","max-snippet":"max-snippet:-1","max-image-preview":"max-image-preview:large","max-video-preview":"max-video-preview:-1"},"canonical":"https:\/\/www.matriciel.be\/projet\/chateau-haltinne\/","og_locale":"en_US","og_type":"article","og_title":"Chateau Haltinne - MATRIciel","og_description":"MATRIciel r\u00e9alise les \u00e9tude des techniques sp\u00e9ciales dans le cadre de la restauration du ch\u00e2teau de Haltinne (monument class\u00e9)","og_url":"https:\/\/www.matriciel.be\/projet\/chateau-haltinne\/","og_site_name":"MATRIciel","article_modified_time":"2024-04-26T09:48:33+00:00","og_image":[{"width":1100,"height":860,"url":"https:\/\/www.matriciel.be\/wp-content\/uploads\/2023\/05\/Haltinne-Chateau-Duchene-scaled-1100x860-1.jpg","type":"image\/jpeg"}],"twitter_card":"summary_large_image","twitter_misc":{"Est. reading time":"4 minutes"},"schema":{"@context":"https:\/\/schema.org","@graph":[{"@type":"WebPage","@id":"https:\/\/www.matriciel.be\/projet\/chateau-haltinne\/","url":"https:\/\/www.matriciel.be\/projet\/chateau-haltinne\/","name":"Chateau Haltinne - MATRIciel","isPartOf":{"@id":"https:\/\/www.matriciel.be\/#website"},"primaryImageOfPage":{"@id":"https:\/\/www.matriciel.be\/projet\/chateau-haltinne\/#primaryimage"},"image":{"@id":"https:\/\/www.matriciel.be\/projet\/chateau-haltinne\/#primaryimage"},"thumbnailUrl":"https:\/\/www.matriciel.be\/wp-content\/uploads\/2023\/05\/Haltinne-Chateau-Duchene-scaled-1100x860-1.jpg","datePublished":"2023-06-16T07:39:19+00:00","dateModified":"2024-04-26T09:48:33+00:00","description":"MATRIciel r\u00e9alise les \u00e9tude des techniques sp\u00e9ciales dans le cadre de la restauration du ch\u00e2teau de Haltinne (monument class\u00e9)","breadcrumb":{"@id":"https:\/\/www.matriciel.be\/projet\/chateau-haltinne\/#breadcrumb"},"inLanguage":"en-US","potentialAction":[{"@type":"ReadAction","target":["https:\/\/www.matriciel.be\/projet\/chateau-haltinne\/"]}]},{"@type":"ImageObject","inLanguage":"en-US","@id":"https:\/\/www.matriciel.be\/projet\/chateau-haltinne\/#primaryimage","url":"https:\/\/www.matriciel.be\/wp-content\/uploads\/2023\/05\/Haltinne-Chateau-Duchene-scaled-1100x860-1.jpg","contentUrl":"https:\/\/www.matriciel.be\/wp-content\/uploads\/2023\/05\/Haltinne-Chateau-Duchene-scaled-1100x860-1.jpg","width":1100,"height":860,"caption":"Gestion des eaux pluviales - Chateau de Haltinne"},{"@type":"BreadcrumbList","@id":"https:\/\/www.matriciel.be\/projet\/chateau-haltinne\/#breadcrumb","itemListElement":[{"@type":"ListItem","position":1,"name":"Accueil","item":"https:\/\/www.matriciel.be\/en\/"},{"@type":"ListItem","position":2,"name":"Portfolio","item":"https:\/\/www.matriciel.be\/nl\/projet\/"},{"@type":"ListItem","position":3,"name":"Chateau Haltinne"}]},{"@type":"WebSite","@id":"https:\/\/www.matriciel.be\/#website","url":"https:\/\/www.matriciel.be\/","name":"MATRIciel","description":"Bureau d&#039;\u00e9tude et de conseil en architecture durable","potentialAction":[{"@type":"SearchAction","target":{"@type":"EntryPoint","urlTemplate":"https:\/\/www.matriciel.be\/?s={search_term_string}"},"query-input":{"@type":"PropertyValueSpecification","valueRequired":true,"valueName":"search_term_string"}}],"inLanguage":"en-US"}]}},"jetpack_sharing_enabled":true,"_links":{"self":[{"href":"https:\/\/www.matriciel.be\/en\/wp-json\/wp\/v2\/dt_portfolio\/16763","targetHints":{"allow":["GET"]}}],"collection":[{"href":"https:\/\/www.matriciel.be\/en\/wp-json\/wp\/v2\/dt_portfolio"}],"about":[{"href":"https:\/\/www.matriciel.be\/en\/wp-json\/wp\/v2\/types\/dt_portfolio"}],"author":[{"embeddable":true,"href":"https:\/\/www.matriciel.be\/en\/wp-json\/wp\/v2\/users\/5"}],"replies":[{"embeddable":true,"href":"https:\/\/www.matriciel.be\/en\/wp-json\/wp\/v2\/comments?post=16763"}],"version-history":[{"count":11,"href":"https:\/\/www.matriciel.be\/en\/wp-json\/wp\/v2\/dt_portfolio\/16763\/revisions"}],"predecessor-version":[{"id":17083,"href":"https:\/\/www.matriciel.be\/en\/wp-json\/wp\/v2\/dt_portfolio\/16763\/revisions\/17083"}],"wp:featuredmedia":[{"embeddable":true,"href":"https:\/\/www.matriciel.be\/en\/wp-json\/wp\/v2\/media\/16765"}],"wp:attachment":[{"href":"https:\/\/www.matriciel.be\/en\/wp-json\/wp\/v2\/media?parent=16763"}],"wp:term":[{"taxonomy":"dt_portfolio_category","embeddable":true,"href":"https:\/\/www.matriciel.be\/en\/wp-json\/wp\/v2\/dt_portfolio_category?post=16763"},{"taxonomy":"dt_portfolio_tags","embeddable":true,"href":"https:\/\/www.matriciel.be\/en\/wp-json\/wp\/v2\/dt_portfolio_tags?post=16763"}],"curies":[{"name":"wp","href":"https:\/\/api.w.org\/{rel}","templated":true}]}}