{"id":1766,"date":"2018-05-08T11:09:26","date_gmt":"2018-05-08T09:09:26","guid":{"rendered":"https:\/\/agencepoush-newmatriciel.pf503.wpserveur.net\/?post_type=dt_portfolio&#038;p=1766"},"modified":"2020-10-28T08:11:47","modified_gmt":"2020-10-28T07:11:47","slug":"agora-lln","status":"publish","type":"dt_portfolio","link":"https:\/\/www.matriciel.be\/en\/projet\/agora-lln\/","title":{"rendered":"Agora Resort Urbain \u00e0 Louvain-la-Neuve"},"content":{"rendered":"<div class=\"wpb-content-wrapper\"><p>[vc_row margin_top=&#8221;-30px&#8221;][vc_column][vc_column_text css=&#8221;.vc_custom_1525768663687{margin-bottom: 20px !important;}&#8221; el_class=&#8221;custom-copyright&#8221;]<\/p>\n<p style=\"text-align: right;\">\u00a9 Eckelmans Immobilier\u00a0, Ma\u00eetre d&#8217;ouvrage : Eckelmans Immobilier\u00a0, Architecte\u00a0:\u00a0Altiplan<\/p>\n<p>[\/vc_column_text][\/vc_column][vc_column width=&#8221;1\/3&#8243; el_class=&#8221;custom-bold-list&#8221;][vc_column_text]<\/p>\n<h2 style=\"font-size: 25px; line-height: 32px; text-transform: none;\">Informations g\u00e9n\u00e9rales du projet<\/h2>\n<p>[\/vc_column_text][vc_column_text]<b>Ma\u00eetre de l&#8217;Ouvrage <\/b>: Eckelmans Immobilier<\/p>\n<p><b>Programme : <\/b>ensemble mixte compos\u00e9 de commerces de d\u00e9tail, complexe h\u00f4telier (103 appart-h\u00f4tel, 108 chambres, salles de s\u00e9minaires, city spa et p\u00f4le de restauration), 70 appartements-service et 76 appartements r\u00e9sidentiels, d\u2019un parking et d\u2019une couverture de voirie automobile<\/p>\n<p><b>Situation\u00a0<\/b>: Louvain-la-Neuve<\/p>\n<p><b>Surface\u00a0<\/b>: 28.984 m<sup>2<\/sup><\/p>\n<p><b>Architectes <\/b>: Altiplan<\/p>\n<p><b>Dates <\/b>: Mise en service phase 1 en mai 2018[\/vc_column_text][vc_column_text]<\/p>\n<h2 style=\"font-size: 25px; line-height: 32px; text-transform: none;\">Missions de MATRI<em>ciel<\/em><\/h2>\n<p>[\/vc_column_text][vc_column_text]<b><\/b>Pr\u00e9-\u00e9tude \u00e9nerg\u00e9tique et environnementale dans le cadre du dossier de demande de permis d\u2019urbanisation<br \/>\n<b><\/b>Cahier des charges de performances \u00e0 destination des auteurs de projet<br \/>\n<b><\/b>Guidance \u00e9nerg\u00e9tique et environnementale : \u00e9tude \u00e9nerg\u00e9tique et de confort, concept \u00e9nerg\u00e9tique global pour l&#8217;ensemble du site et recours aux \u00e9nergies renouvelables, guidance environnementale<br \/>\n<b><\/b>Etude des \u00e9quipements des techniques sp\u00e9ciales et suivi de chantier<br \/>\n<b><\/b>Mission de Responsable PEB[\/vc_column_text][\/vc_column][vc_column width=&#8221;2\/3&#8243;][vc_column_text]<\/p>\n<h2>Description du projet<\/h2>\n<p>[\/vc_column_text][vc_column_text]<\/p>\n<div class=\"page\" title=\"Page 1\">\n<div class=\"layoutArea\">\n<div class=\"column\">\n<h3 class=\"p3\">Programme et fonctionnalit\u00e9 :<\/h3>\n<p>Le projet AGORA vise \u00e0 implanter au centre urbain un h\u00f4tel digne d\u2019un p\u00f4le \u00e9conomique et touristique d\u2019envergure internationale. L\u2019objectif du projet est de d\u00e9velopper un cadre de vie exclusif ouvert sur la ville et sa r\u00e9gion qui privil\u00e9gie le confort, le bien-\u00eatre, l\u2019esth\u00e9tique, les espaces verts, la vie sociale et la convivialit\u00e9, tout en s\u2019inscrivant dans les enjeux du d\u00e9veloppement responsable : performance \u00e9nerg\u00e9tique, mixit\u00e9 fonctionnelle et g\u00e9n\u00e9rationnelle, concertation, ouverture aux habitants, participation \u00e0 l\u2019essor \u00e9conomique de la r\u00e9gion, accessibilit\u00e9 aux PMR, mobilit\u00e9 multimodale, recours aux \u00e9nergies renouvelables, \u2026<\/p>\n<h3 class=\"p3\">Crit\u00e8res de d\u00e9veloppement durable :<\/h3>\n<ul>\n<li><strong>Performance \u00e9nerg\u00e9tique<\/strong><br \/>\nLe projet s\u2019inscrit dans une r\u00e9flexion \u00e9nerg\u00e9tique globale qui se base sur une analyse approfondie des performances de chaque b\u00e2timent\u00a0suivant sa configuration, sa programmation et sa gestion. Les niveaux de performance d\u00e9finis ont pour objectif de r\u00e9pondre aux exigences et aux standards des prochaines d\u00e9cennies tous en s\u2019inscrivant dans une r\u00e9alit\u00e9 de march\u00e9. Concr\u00e8tement, le projet est d\u00e9velopp\u00e9 suivant<br \/>\nles valeurs cibles suivantes :<\/p>\n<ul>\n<li>Niveau d\u2019isolation global &lt; K30<\/li>\n<li>Besoin de chauffage entre 15 et 30 kWh\/m\u00b2.an<\/li>\n<li>Niveau de performance \u00e9nerg\u00e9tique Ew &lt; 65<\/li>\n<li>Recours aux \u00e9nergies renouvelables : solaire thermique, solaire photovolta\u00efque, cog\u00e9n\u00e9ration et pompe \u00e0 chaleur (en fonction\u00a0des b\u00e2timents).<\/li>\n<\/ul>\n<\/li>\n<\/ul>\n<ul>\n<li><strong>Confort<\/strong><br \/>\nProtections solaires sur les fa\u00e7ades expos\u00e9es.<\/li>\n<\/ul>\n<ul>\n<li><strong>Techniques sp\u00e9ciales et \u00e9nergie renouvelable<\/strong>\n<ul>\n<li>Groupes de ventilation avec r\u00e9cup\u00e9ration de chaleur et d\u2019humidit\u00e9 \u00e0 haut rendement (individuels et collectifs),<\/li>\n<li>Production d\u2019eau chaude sanitaire par capteurs solaires thermiques et cog\u00e9n\u00e9rateurs,<\/li>\n<li>Compensation de la consommation \u00e9lectrique des communs par capteurs solaires photovolta\u00efques.<\/li>\n<\/ul>\n<\/li>\n<\/ul>\n<ul>\n<li><strong>Gestion de l\u2019eau<\/strong><br \/>\nEn outre, le projet int\u00e8gre une r\u00e9cup\u00e9ration d\u2019eau de pluie pour l\u2019alimentation de sanitaires de certains appartements et pour l\u2019entretien des abords<\/li>\n<\/ul>\n<\/div>\n<\/div>\n<\/div>\n<p>[\/vc_column_text][\/vc_column][\/vc_row]<\/p>\n<\/div>","protected":false},"excerpt":{"rendered":"<p><strong>Agora Resort Urbain<\/strong><br \/>\n<strong>MO <\/strong>Eckelmans Immobilier<br \/>\n<strong>Ar <\/strong>Altiplan<\/p>\n","protected":false},"author":5,"featured_media":1769,"comment_status":"closed","ping_status":"closed","template":"","dt_portfolio_category":[178],"dt_portfolio_tags":[],"class_list":["post-1766","dt_portfolio","type-dt_portfolio","status-publish","has-post-thumbnail","hentry","dt_portfolio_category-logement","dt_portfolio_category-178","description-off"],"yoast_head":"<!-- This site is optimized with the Yoast SEO plugin v27.5 - https:\/\/yoast.com\/product\/yoast-seo-wordpress\/ -->\n<title>Agora Resort Urbain r\u00e9alis\u00e9 avec l&#039;approche \u00e9nerg\u00e9tique de MATRIciel<\/title>\n<meta name=\"description\" content=\"Agora Resort Urbain : un ensemble mixte d\u00e9velopp\u00e9 avec les conseils en \u00e9nergie, environnement et \u00e9tude des techniques sp\u00e9ciales de MATRIciel\" \/>\n<meta name=\"robots\" content=\"index, follow, max-snippet:-1, max-image-preview:large, max-video-preview:-1\" \/>\n<link rel=\"canonical\" href=\"https:\/\/www.matriciel.be\/projet\/agora-lln\/\" \/>\n<meta property=\"og:locale\" content=\"en_US\" \/>\n<meta property=\"og:type\" content=\"article\" \/>\n<meta property=\"og:title\" content=\"Agora Resort Urbain r\u00e9alis\u00e9 avec l&#039;approche \u00e9nerg\u00e9tique de MATRIciel\" \/>\n<meta property=\"og:description\" content=\"Agora Resort Urbain : un ensemble mixte d\u00e9velopp\u00e9 avec les conseils en \u00e9nergie, environnement et \u00e9tude des techniques sp\u00e9ciales de MATRIciel\" \/>\n<meta property=\"og:url\" content=\"https:\/\/www.matriciel.be\/projet\/agora-lln\/\" \/>\n<meta property=\"og:site_name\" content=\"MATRIciel\" \/>\n<meta property=\"article:modified_time\" content=\"2020-10-28T07:11:47+00:00\" \/>\n<meta property=\"og:image\" content=\"https:\/\/www.matriciel.be\/wp-content\/uploads\/2018\/05\/3D_fa\u00e7ade-vue-depuis-le-lac-recadr\u00e9-1024x478.jpg\" \/>\n\t<meta property=\"og:image:width\" content=\"1024\" \/>\n\t<meta property=\"og:image:height\" content=\"478\" \/>\n\t<meta property=\"og:image:type\" content=\"image\/jpeg\" \/>\n<meta name=\"twitter:card\" content=\"summary_large_image\" \/>\n<meta name=\"twitter:label1\" content=\"Est. reading time\" \/>\n\t<meta name=\"twitter:data1\" content=\"3 minutes\" \/>\n<script type=\"application\/ld+json\" class=\"yoast-schema-graph\">{\"@context\":\"https:\\\/\\\/schema.org\",\"@graph\":[{\"@type\":\"WebPage\",\"@id\":\"https:\\\/\\\/www.matriciel.be\\\/projet\\\/agora-lln\\\/\",\"url\":\"https:\\\/\\\/www.matriciel.be\\\/projet\\\/agora-lln\\\/\",\"name\":\"Agora Resort Urbain r\u00e9alis\u00e9 avec l'approche \u00e9nerg\u00e9tique de MATRIciel\",\"isPartOf\":{\"@id\":\"https:\\\/\\\/www.matriciel.be\\\/#website\"},\"primaryImageOfPage\":{\"@id\":\"https:\\\/\\\/www.matriciel.be\\\/projet\\\/agora-lln\\\/#primaryimage\"},\"image\":{\"@id\":\"https:\\\/\\\/www.matriciel.be\\\/projet\\\/agora-lln\\\/#primaryimage\"},\"thumbnailUrl\":\"https:\\\/\\\/www.matriciel.be\\\/wp-content\\\/uploads\\\/2018\\\/05\\\/3D_fa\u00e7ade-vue-depuis-le-lac-recadr\u00e9.jpg\",\"datePublished\":\"2018-05-08T09:09:26+00:00\",\"dateModified\":\"2020-10-28T07:11:47+00:00\",\"description\":\"Agora Resort Urbain : un ensemble mixte d\u00e9velopp\u00e9 avec les conseils en \u00e9nergie, environnement et \u00e9tude des techniques sp\u00e9ciales de MATRIciel\",\"breadcrumb\":{\"@id\":\"https:\\\/\\\/www.matriciel.be\\\/projet\\\/agora-lln\\\/#breadcrumb\"},\"inLanguage\":\"en-US\",\"potentialAction\":[{\"@type\":\"ReadAction\",\"target\":[\"https:\\\/\\\/www.matriciel.be\\\/projet\\\/agora-lln\\\/\"]}]},{\"@type\":\"ImageObject\",\"inLanguage\":\"en-US\",\"@id\":\"https:\\\/\\\/www.matriciel.be\\\/projet\\\/agora-lln\\\/#primaryimage\",\"url\":\"https:\\\/\\\/www.matriciel.be\\\/wp-content\\\/uploads\\\/2018\\\/05\\\/3D_fa\u00e7ade-vue-depuis-le-lac-recadr\u00e9.jpg\",\"contentUrl\":\"https:\\\/\\\/www.matriciel.be\\\/wp-content\\\/uploads\\\/2018\\\/05\\\/3D_fa\u00e7ade-vue-depuis-le-lac-recadr\u00e9.jpg\",\"width\":2851,\"height\":1332,\"caption\":\"MATRIciel, partenaire du projet AGORA Resort Urbain de LLN\"},{\"@type\":\"BreadcrumbList\",\"@id\":\"https:\\\/\\\/www.matriciel.be\\\/projet\\\/agora-lln\\\/#breadcrumb\",\"itemListElement\":[{\"@type\":\"ListItem\",\"position\":1,\"name\":\"Accueil\",\"item\":\"https:\\\/\\\/www.matriciel.be\\\/en\\\/\"},{\"@type\":\"ListItem\",\"position\":2,\"name\":\"Portfolio\",\"item\":\"https:\\\/\\\/www.matriciel.be\\\/nl\\\/projet\\\/\"},{\"@type\":\"ListItem\",\"position\":3,\"name\":\"Agora Resort Urbain \u00e0 Louvain-la-Neuve\"}]},{\"@type\":\"WebSite\",\"@id\":\"https:\\\/\\\/www.matriciel.be\\\/#website\",\"url\":\"https:\\\/\\\/www.matriciel.be\\\/\",\"name\":\"MATRIciel\",\"description\":\"Bureau d&#039;\u00e9tude et de conseil en architecture durable\",\"potentialAction\":[{\"@type\":\"SearchAction\",\"target\":{\"@type\":\"EntryPoint\",\"urlTemplate\":\"https:\\\/\\\/www.matriciel.be\\\/?s={search_term_string}\"},\"query-input\":{\"@type\":\"PropertyValueSpecification\",\"valueRequired\":true,\"valueName\":\"search_term_string\"}}],\"inLanguage\":\"en-US\"}]}<\/script>\n<!-- \/ Yoast SEO plugin. -->","yoast_head_json":{"title":"Agora Resort Urbain r\u00e9alis\u00e9 avec l'approche \u00e9nerg\u00e9tique de MATRIciel","description":"Agora Resort Urbain : un ensemble mixte d\u00e9velopp\u00e9 avec les conseils en \u00e9nergie, environnement et \u00e9tude des techniques sp\u00e9ciales de MATRIciel","robots":{"index":"index","follow":"follow","max-snippet":"max-snippet:-1","max-image-preview":"max-image-preview:large","max-video-preview":"max-video-preview:-1"},"canonical":"https:\/\/www.matriciel.be\/projet\/agora-lln\/","og_locale":"en_US","og_type":"article","og_title":"Agora Resort Urbain r\u00e9alis\u00e9 avec l'approche \u00e9nerg\u00e9tique de MATRIciel","og_description":"Agora Resort Urbain : un ensemble mixte d\u00e9velopp\u00e9 avec les conseils en \u00e9nergie, environnement et \u00e9tude des techniques sp\u00e9ciales de MATRIciel","og_url":"https:\/\/www.matriciel.be\/projet\/agora-lln\/","og_site_name":"MATRIciel","article_modified_time":"2020-10-28T07:11:47+00:00","og_image":[{"width":1024,"height":478,"url":"https:\/\/www.matriciel.be\/wp-content\/uploads\/2018\/05\/3D_fa\u00e7ade-vue-depuis-le-lac-recadr\u00e9-1024x478.jpg","type":"image\/jpeg"}],"twitter_card":"summary_large_image","twitter_misc":{"Est. reading time":"3 minutes"},"schema":{"@context":"https:\/\/schema.org","@graph":[{"@type":"WebPage","@id":"https:\/\/www.matriciel.be\/projet\/agora-lln\/","url":"https:\/\/www.matriciel.be\/projet\/agora-lln\/","name":"Agora Resort Urbain r\u00e9alis\u00e9 avec l'approche \u00e9nerg\u00e9tique de MATRIciel","isPartOf":{"@id":"https:\/\/www.matriciel.be\/#website"},"primaryImageOfPage":{"@id":"https:\/\/www.matriciel.be\/projet\/agora-lln\/#primaryimage"},"image":{"@id":"https:\/\/www.matriciel.be\/projet\/agora-lln\/#primaryimage"},"thumbnailUrl":"https:\/\/www.matriciel.be\/wp-content\/uploads\/2018\/05\/3D_fa\u00e7ade-vue-depuis-le-lac-recadr\u00e9.jpg","datePublished":"2018-05-08T09:09:26+00:00","dateModified":"2020-10-28T07:11:47+00:00","description":"Agora Resort Urbain : un ensemble mixte d\u00e9velopp\u00e9 avec les conseils en \u00e9nergie, environnement et \u00e9tude des techniques sp\u00e9ciales de MATRIciel","breadcrumb":{"@id":"https:\/\/www.matriciel.be\/projet\/agora-lln\/#breadcrumb"},"inLanguage":"en-US","potentialAction":[{"@type":"ReadAction","target":["https:\/\/www.matriciel.be\/projet\/agora-lln\/"]}]},{"@type":"ImageObject","inLanguage":"en-US","@id":"https:\/\/www.matriciel.be\/projet\/agora-lln\/#primaryimage","url":"https:\/\/www.matriciel.be\/wp-content\/uploads\/2018\/05\/3D_fa\u00e7ade-vue-depuis-le-lac-recadr\u00e9.jpg","contentUrl":"https:\/\/www.matriciel.be\/wp-content\/uploads\/2018\/05\/3D_fa\u00e7ade-vue-depuis-le-lac-recadr\u00e9.jpg","width":2851,"height":1332,"caption":"MATRIciel, partenaire du projet AGORA Resort Urbain de LLN"},{"@type":"BreadcrumbList","@id":"https:\/\/www.matriciel.be\/projet\/agora-lln\/#breadcrumb","itemListElement":[{"@type":"ListItem","position":1,"name":"Accueil","item":"https:\/\/www.matriciel.be\/en\/"},{"@type":"ListItem","position":2,"name":"Portfolio","item":"https:\/\/www.matriciel.be\/nl\/projet\/"},{"@type":"ListItem","position":3,"name":"Agora Resort Urbain \u00e0 Louvain-la-Neuve"}]},{"@type":"WebSite","@id":"https:\/\/www.matriciel.be\/#website","url":"https:\/\/www.matriciel.be\/","name":"MATRIciel","description":"Bureau d&#039;\u00e9tude et de conseil en architecture durable","potentialAction":[{"@type":"SearchAction","target":{"@type":"EntryPoint","urlTemplate":"https:\/\/www.matriciel.be\/?s={search_term_string}"},"query-input":{"@type":"PropertyValueSpecification","valueRequired":true,"valueName":"search_term_string"}}],"inLanguage":"en-US"}]}},"jetpack_sharing_enabled":true,"_links":{"self":[{"href":"https:\/\/www.matriciel.be\/en\/wp-json\/wp\/v2\/dt_portfolio\/1766","targetHints":{"allow":["GET"]}}],"collection":[{"href":"https:\/\/www.matriciel.be\/en\/wp-json\/wp\/v2\/dt_portfolio"}],"about":[{"href":"https:\/\/www.matriciel.be\/en\/wp-json\/wp\/v2\/types\/dt_portfolio"}],"author":[{"embeddable":true,"href":"https:\/\/www.matriciel.be\/en\/wp-json\/wp\/v2\/users\/5"}],"replies":[{"embeddable":true,"href":"https:\/\/www.matriciel.be\/en\/wp-json\/wp\/v2\/comments?post=1766"}],"version-history":[{"count":1,"href":"https:\/\/www.matriciel.be\/en\/wp-json\/wp\/v2\/dt_portfolio\/1766\/revisions"}],"predecessor-version":[{"id":4329,"href":"https:\/\/www.matriciel.be\/en\/wp-json\/wp\/v2\/dt_portfolio\/1766\/revisions\/4329"}],"wp:featuredmedia":[{"embeddable":true,"href":"https:\/\/www.matriciel.be\/en\/wp-json\/wp\/v2\/media\/1769"}],"wp:attachment":[{"href":"https:\/\/www.matriciel.be\/en\/wp-json\/wp\/v2\/media?parent=1766"}],"wp:term":[{"taxonomy":"dt_portfolio_category","embeddable":true,"href":"https:\/\/www.matriciel.be\/en\/wp-json\/wp\/v2\/dt_portfolio_category?post=1766"},{"taxonomy":"dt_portfolio_tags","embeddable":true,"href":"https:\/\/www.matriciel.be\/en\/wp-json\/wp\/v2\/dt_portfolio_tags?post=1766"}],"curies":[{"name":"wp","href":"https:\/\/api.w.org\/{rel}","templated":true}]}}