{"id":18547,"date":"2023-10-13T12:47:07","date_gmt":"2023-10-13T10:47:07","guid":{"rendered":"https:\/\/www.matriciel.be\/?post_type=dt_portfolio&#038;p=18547"},"modified":"2024-04-26T11:47:22","modified_gmt":"2024-04-26T09:47:22","slug":"cdc-swl","status":"publish","type":"dt_portfolio","link":"https:\/\/www.matriciel.be\/en\/projet\/cdc-swl\/","title":{"rendered":"Soci\u00e9t\u00e9 Wallonne du Logement &#8211; CdC performantiel"},"content":{"rendered":"<div class=\"wpb-content-wrapper\"><p>[vc_row margin_top=&#8221;-30px&#8221;][vc_column][vc_column_text css=&#8221;.vc_custom_1697193661749{margin-bottom: 20px !important;}&#8221; el_class=&#8221;custom-copyright&#8221;]<\/p>\n<p style=\"text-align: right;\">\u00a9 SWL, Ma\u00eetre d&#8217;ouvrage : La Soci\u00e9t\u00e9 wallonne du Logement<\/p>\n<p>[\/vc_column_text][\/vc_column][vc_column width=&#8221;1\/3&#8243; el_class=&#8221;custom-bold-list&#8221;][vc_column_text]<\/p>\n<h2 style=\"font-size: 25px; line-height: 32px; text-transform: none;\">Informations g\u00e9n\u00e9rales du projet<\/h2>\n<p>[\/vc_column_text][vc_column_text]<b>Ma\u00eetre de l&#8217;Ouvrage <\/b>: Soci\u00e9t\u00e9 wallonne du logement (SWL)<\/p>\n<p><b>Programme : <\/b>Logement social<\/p>\n<p><b>Situation\u00a0<\/b>: R\u00e9gion Wallonne<\/p>\n<p><b>Dates <\/b>: 2016 &#8211; 2021[\/vc_column_text][vc_column_text]<\/p>\n<h2 style=\"font-size: 25px; line-height: 32px; text-transform: none;\">Missions de MATRI<em>ciel<\/em><\/h2>\n<p>[\/vc_column_text][vc_column_text]<b><\/b>R\u00e9daction d\u2019un cahier des charges performantiel de conception et de r\u00e9alisation de b\u00e2timents de logement (individuels et collectifs) \u00ab durables \u00bb.[\/vc_column_text][\/vc_column][vc_column width=&#8221;2\/3&#8243;][vc_column_text]<\/p>\n<h2>Description du projet<\/h2>\n<p>[\/vc_column_text][vc_column_text]<\/p>\n<div class=\"page\" title=\"Page 1\">\n<div class=\"layoutArea\">\n<div class=\"column\">\n<h3>La mission avait pour objet la r\u00e9alisation d\u2019un cahier des charges performantiel (CCP) de conception et de r\u00e9alisation de b\u00e2timents de logement (individuels et collectifs) \u00ab durables \u00bb.<\/h3>\n<p>Ce Cahier des Charges est destin\u00e9 aux op\u00e9rateurs immobiliers publics et r\u00e9dig\u00e9 dans cette perspective.<\/p>\n<p>A cette fin, il d\u00e9finit :<\/p>\n<ul>\n<li>des contraintes li\u00e9es \u00e0 la durabilit\u00e9 du projet, exprim\u00e9es sous forme de performances \u00e0 atteindre ; 3 niveaux sont propos\u00e9s : minimal, moyen et \u00e9lev\u00e9 ; les performances \u00e0 atteindre sont issues de sources diverses et compl\u00e9mentaires (respect des crit\u00e8res Batex RW, labellisation BREEAM, calcul PEB, coefficient de biotope par surface, classement NIBE, \u2026)<\/li>\n<\/ul>\n<ul>\n<li>des moyens de contr\u00f4le de l\u2019obtention de ces performances : listes de documents \u00e0 remettre (plans, notes de calcul, notes justificatives, \u2026) au stade de l\u2019offre puis pendant le d\u00e9veloppement du projet.<\/li>\n<\/ul>\n<p>Les articles du cahier des charges sont compl\u00e9t\u00e9s de d\u00e9finitions et d\u2019informations g\u00e9n\u00e9rales, ainsi qu\u2019un d\u2019un guide d\u2019utilisation afin d\u2019aider les gestionnaires de projet \u00e0 faire des choix parmi les niveaux de performance propos\u00e9s.<\/p>\n<p>Le cahier des charges se pr\u00e9sente sous forme d\u2019un outil Excel permettant au PA de choisir les articles qu\u2019il souhaite int\u00e9grer \u00e0 son cahier des charges en fonction du contexte de son projet.<\/p>\n<h4>D\u00e9veloppement spatial<\/h4>\n<p>Les espaces communs et priv\u00e9s ainsi que la mobilit\u00e9 sont int\u00e9gr\u00e9s au CCP, y compris la qualit\u00e9 architecturale des solutions pr\u00e9vues.<\/p>\n<h4>D\u00e9veloppement de la nature<\/h4>\n<p>L\u2019am\u00e9nagement du site pour favoriser la biodiversit\u00e9 fait l\u2019objet d\u2019un chapitre sp\u00e9cifique avec des clauses quantitatives et qualitatives. Le d\u00e9veloppement de la nature est \u00e9galement privil\u00e9gi\u00e9 dans les clauses de la th\u00e9matique \u2018eau\u2019 en favorisant les dispositifs paysagers.<\/p>\n<h4>Environnement physique<\/h4>\n<p>De nombreux articles imposent des performances pour le confort visuel, thermique (hiver et \u00e9t\u00e9) et la qualit\u00e9 de l\u2019air.<\/p>\n<h4>Mati\u00e8re &amp; Ressources<\/h4>\n<p>Le chapitre \u2018Mat\u00e9riaux\u2019 propose divers articles compl\u00e9mentaires pour favoriser l\u2019\u00e9conomie circulaire dans un contexte de r\u00e9novation, d\u00e9molition\/reconstruction ou construction neuve. Des exigences qualitatives et quantitatives sont propos\u00e9es pour adapter la charge de travail des soumissionnaires et des gestionnaires au contexte (notamment la taille) des divers projets.<\/p>\n<h4>Energie<\/h4>\n<p>A nouveau, des articles qualitatifs imposant des mesures architecturale ou technique, ou des solutions sp\u00e9cifiques sont propos\u00e9s en compl\u00e9ment d\u2019articles ayant pour objectif de chiffrer et de comparer les performances \u00e9nerg\u00e9tiques des projets.<\/p>\n<\/div>\n<\/div>\n<\/div>\n<p>[\/vc_column_text][\/vc_column][\/vc_row]<\/p>\n<\/div>","protected":false},"excerpt":{"rendered":"<p><B>Logement social<\/B><br \/>\n<B>MO <\/B>SWL<\/p>\n","protected":false},"author":5,"featured_media":18555,"comment_status":"closed","ping_status":"closed","template":"","dt_portfolio_category":[38],"dt_portfolio_tags":[],"class_list":["post-18547","dt_portfolio","type-dt_portfolio","status-publish","has-post-thumbnail","hentry","dt_portfolio_category-consultance-technique","dt_portfolio_category-38","description-off"],"yoast_head":"<!-- This site is optimized with the Yoast SEO plugin v27.5 - https:\/\/yoast.com\/product\/yoast-seo-wordpress\/ -->\n<title>Soci\u00e9t\u00e9 Wallonne du Logement - CdC performantiel - MATRIciel<\/title>\n<meta name=\"description\" content=\"MATRIciel a accompagn\u00e9 la SWL \u00e0 la r\u00e9daction d&#039;un cahier des charges performantiel pour ses march\u00e9s publics\" \/>\n<meta name=\"robots\" content=\"index, follow, max-snippet:-1, max-image-preview:large, max-video-preview:-1\" \/>\n<link rel=\"canonical\" href=\"https:\/\/www.matriciel.be\/projet\/cdc-swl\/\" \/>\n<meta property=\"og:locale\" content=\"en_US\" \/>\n<meta property=\"og:type\" content=\"article\" \/>\n<meta property=\"og:title\" content=\"Soci\u00e9t\u00e9 Wallonne du Logement - CdC performantiel - MATRIciel\" \/>\n<meta property=\"og:description\" content=\"MATRIciel a accompagn\u00e9 la SWL \u00e0 la r\u00e9daction d&#039;un cahier des charges performantiel pour ses march\u00e9s publics\" \/>\n<meta property=\"og:url\" content=\"https:\/\/www.matriciel.be\/projet\/cdc-swl\/\" \/>\n<meta property=\"og:site_name\" content=\"MATRIciel\" \/>\n<meta property=\"article:modified_time\" content=\"2024-04-26T09:47:22+00:00\" \/>\n<meta property=\"og:image\" content=\"https:\/\/www.matriciel.be\/wp-content\/uploads\/2023\/10\/LOGO-SWL.png\" \/>\n\t<meta property=\"og:image:width\" content=\"576\" \/>\n\t<meta property=\"og:image:height\" content=\"280\" \/>\n\t<meta property=\"og:image:type\" content=\"image\/png\" \/>\n<meta name=\"twitter:card\" content=\"summary_large_image\" \/>\n<meta name=\"twitter:label1\" content=\"Est. reading time\" \/>\n\t<meta name=\"twitter:data1\" content=\"3 minutes\" \/>\n<script type=\"application\/ld+json\" class=\"yoast-schema-graph\">{\"@context\":\"https:\\\/\\\/schema.org\",\"@graph\":[{\"@type\":\"WebPage\",\"@id\":\"https:\\\/\\\/www.matriciel.be\\\/projet\\\/cdc-swl\\\/\",\"url\":\"https:\\\/\\\/www.matriciel.be\\\/projet\\\/cdc-swl\\\/\",\"name\":\"Soci\u00e9t\u00e9 Wallonne du Logement - CdC performantiel - MATRIciel\",\"isPartOf\":{\"@id\":\"https:\\\/\\\/www.matriciel.be\\\/#website\"},\"primaryImageOfPage\":{\"@id\":\"https:\\\/\\\/www.matriciel.be\\\/projet\\\/cdc-swl\\\/#primaryimage\"},\"image\":{\"@id\":\"https:\\\/\\\/www.matriciel.be\\\/projet\\\/cdc-swl\\\/#primaryimage\"},\"thumbnailUrl\":\"https:\\\/\\\/www.matriciel.be\\\/wp-content\\\/uploads\\\/2023\\\/10\\\/LOGO-SWL.png\",\"datePublished\":\"2023-10-13T10:47:07+00:00\",\"dateModified\":\"2024-04-26T09:47:22+00:00\",\"description\":\"MATRIciel a accompagn\u00e9 la SWL \u00e0 la r\u00e9daction d'un cahier des charges performantiel pour ses march\u00e9s publics\",\"breadcrumb\":{\"@id\":\"https:\\\/\\\/www.matriciel.be\\\/projet\\\/cdc-swl\\\/#breadcrumb\"},\"inLanguage\":\"en-US\",\"potentialAction\":[{\"@type\":\"ReadAction\",\"target\":[\"https:\\\/\\\/www.matriciel.be\\\/projet\\\/cdc-swl\\\/\"]}]},{\"@type\":\"ImageObject\",\"inLanguage\":\"en-US\",\"@id\":\"https:\\\/\\\/www.matriciel.be\\\/projet\\\/cdc-swl\\\/#primaryimage\",\"url\":\"https:\\\/\\\/www.matriciel.be\\\/wp-content\\\/uploads\\\/2023\\\/10\\\/LOGO-SWL.png\",\"contentUrl\":\"https:\\\/\\\/www.matriciel.be\\\/wp-content\\\/uploads\\\/2023\\\/10\\\/LOGO-SWL.png\",\"width\":576,\"height\":280,\"caption\":\"Cahier des charges performantiel - SPW et MATRIciel\"},{\"@type\":\"BreadcrumbList\",\"@id\":\"https:\\\/\\\/www.matriciel.be\\\/projet\\\/cdc-swl\\\/#breadcrumb\",\"itemListElement\":[{\"@type\":\"ListItem\",\"position\":1,\"name\":\"Accueil\",\"item\":\"https:\\\/\\\/www.matriciel.be\\\/en\\\/\"},{\"@type\":\"ListItem\",\"position\":2,\"name\":\"Portfolio\",\"item\":\"https:\\\/\\\/www.matriciel.be\\\/nl\\\/projet\\\/\"},{\"@type\":\"ListItem\",\"position\":3,\"name\":\"Soci\u00e9t\u00e9 Wallonne du Logement &#8211; CdC performantiel\"}]},{\"@type\":\"WebSite\",\"@id\":\"https:\\\/\\\/www.matriciel.be\\\/#website\",\"url\":\"https:\\\/\\\/www.matriciel.be\\\/\",\"name\":\"MATRIciel\",\"description\":\"Bureau d&#039;\u00e9tude et de conseil en architecture durable\",\"potentialAction\":[{\"@type\":\"SearchAction\",\"target\":{\"@type\":\"EntryPoint\",\"urlTemplate\":\"https:\\\/\\\/www.matriciel.be\\\/?s={search_term_string}\"},\"query-input\":{\"@type\":\"PropertyValueSpecification\",\"valueRequired\":true,\"valueName\":\"search_term_string\"}}],\"inLanguage\":\"en-US\"}]}<\/script>\n<!-- \/ Yoast SEO plugin. -->","yoast_head_json":{"title":"Soci\u00e9t\u00e9 Wallonne du Logement - CdC performantiel - MATRIciel","description":"MATRIciel a accompagn\u00e9 la SWL \u00e0 la r\u00e9daction d'un cahier des charges performantiel pour ses march\u00e9s publics","robots":{"index":"index","follow":"follow","max-snippet":"max-snippet:-1","max-image-preview":"max-image-preview:large","max-video-preview":"max-video-preview:-1"},"canonical":"https:\/\/www.matriciel.be\/projet\/cdc-swl\/","og_locale":"en_US","og_type":"article","og_title":"Soci\u00e9t\u00e9 Wallonne du Logement - CdC performantiel - MATRIciel","og_description":"MATRIciel a accompagn\u00e9 la SWL \u00e0 la r\u00e9daction d'un cahier des charges performantiel pour ses march\u00e9s publics","og_url":"https:\/\/www.matriciel.be\/projet\/cdc-swl\/","og_site_name":"MATRIciel","article_modified_time":"2024-04-26T09:47:22+00:00","og_image":[{"width":576,"height":280,"url":"https:\/\/www.matriciel.be\/wp-content\/uploads\/2023\/10\/LOGO-SWL.png","type":"image\/png"}],"twitter_card":"summary_large_image","twitter_misc":{"Est. reading time":"3 minutes"},"schema":{"@context":"https:\/\/schema.org","@graph":[{"@type":"WebPage","@id":"https:\/\/www.matriciel.be\/projet\/cdc-swl\/","url":"https:\/\/www.matriciel.be\/projet\/cdc-swl\/","name":"Soci\u00e9t\u00e9 Wallonne du Logement - CdC performantiel - MATRIciel","isPartOf":{"@id":"https:\/\/www.matriciel.be\/#website"},"primaryImageOfPage":{"@id":"https:\/\/www.matriciel.be\/projet\/cdc-swl\/#primaryimage"},"image":{"@id":"https:\/\/www.matriciel.be\/projet\/cdc-swl\/#primaryimage"},"thumbnailUrl":"https:\/\/www.matriciel.be\/wp-content\/uploads\/2023\/10\/LOGO-SWL.png","datePublished":"2023-10-13T10:47:07+00:00","dateModified":"2024-04-26T09:47:22+00:00","description":"MATRIciel a accompagn\u00e9 la SWL \u00e0 la r\u00e9daction d'un cahier des charges performantiel pour ses march\u00e9s publics","breadcrumb":{"@id":"https:\/\/www.matriciel.be\/projet\/cdc-swl\/#breadcrumb"},"inLanguage":"en-US","potentialAction":[{"@type":"ReadAction","target":["https:\/\/www.matriciel.be\/projet\/cdc-swl\/"]}]},{"@type":"ImageObject","inLanguage":"en-US","@id":"https:\/\/www.matriciel.be\/projet\/cdc-swl\/#primaryimage","url":"https:\/\/www.matriciel.be\/wp-content\/uploads\/2023\/10\/LOGO-SWL.png","contentUrl":"https:\/\/www.matriciel.be\/wp-content\/uploads\/2023\/10\/LOGO-SWL.png","width":576,"height":280,"caption":"Cahier des charges performantiel - SPW et MATRIciel"},{"@type":"BreadcrumbList","@id":"https:\/\/www.matriciel.be\/projet\/cdc-swl\/#breadcrumb","itemListElement":[{"@type":"ListItem","position":1,"name":"Accueil","item":"https:\/\/www.matriciel.be\/en\/"},{"@type":"ListItem","position":2,"name":"Portfolio","item":"https:\/\/www.matriciel.be\/nl\/projet\/"},{"@type":"ListItem","position":3,"name":"Soci\u00e9t\u00e9 Wallonne du Logement &#8211; CdC performantiel"}]},{"@type":"WebSite","@id":"https:\/\/www.matriciel.be\/#website","url":"https:\/\/www.matriciel.be\/","name":"MATRIciel","description":"Bureau d&#039;\u00e9tude et de conseil en architecture durable","potentialAction":[{"@type":"SearchAction","target":{"@type":"EntryPoint","urlTemplate":"https:\/\/www.matriciel.be\/?s={search_term_string}"},"query-input":{"@type":"PropertyValueSpecification","valueRequired":true,"valueName":"search_term_string"}}],"inLanguage":"en-US"}]}},"jetpack_sharing_enabled":true,"_links":{"self":[{"href":"https:\/\/www.matriciel.be\/en\/wp-json\/wp\/v2\/dt_portfolio\/18547","targetHints":{"allow":["GET"]}}],"collection":[{"href":"https:\/\/www.matriciel.be\/en\/wp-json\/wp\/v2\/dt_portfolio"}],"about":[{"href":"https:\/\/www.matriciel.be\/en\/wp-json\/wp\/v2\/types\/dt_portfolio"}],"author":[{"embeddable":true,"href":"https:\/\/www.matriciel.be\/en\/wp-json\/wp\/v2\/users\/5"}],"replies":[{"embeddable":true,"href":"https:\/\/www.matriciel.be\/en\/wp-json\/wp\/v2\/comments?post=18547"}],"version-history":[{"count":5,"href":"https:\/\/www.matriciel.be\/en\/wp-json\/wp\/v2\/dt_portfolio\/18547\/revisions"}],"predecessor-version":[{"id":18558,"href":"https:\/\/www.matriciel.be\/en\/wp-json\/wp\/v2\/dt_portfolio\/18547\/revisions\/18558"}],"wp:featuredmedia":[{"embeddable":true,"href":"https:\/\/www.matriciel.be\/en\/wp-json\/wp\/v2\/media\/18555"}],"wp:attachment":[{"href":"https:\/\/www.matriciel.be\/en\/wp-json\/wp\/v2\/media?parent=18547"}],"wp:term":[{"taxonomy":"dt_portfolio_category","embeddable":true,"href":"https:\/\/www.matriciel.be\/en\/wp-json\/wp\/v2\/dt_portfolio_category?post=18547"},{"taxonomy":"dt_portfolio_tags","embeddable":true,"href":"https:\/\/www.matriciel.be\/en\/wp-json\/wp\/v2\/dt_portfolio_tags?post=18547"}],"curies":[{"name":"wp","href":"https:\/\/api.w.org\/{rel}","templated":true}]}}