{"id":18778,"date":"2023-11-10T13:17:18","date_gmt":"2023-11-10T12:17:18","guid":{"rendered":"https:\/\/www.matriciel.be\/?post_type=dt_portfolio&#038;p=18778"},"modified":"2025-01-15T14:56:25","modified_gmt":"2025-01-15T13:56:25","slug":"strategie-0co2-uclouvain","status":"publish","type":"dt_portfolio","link":"https:\/\/www.matriciel.be\/en\/projet\/strategie-0co2-uclouvain\/","title":{"rendered":"STRAT\u00c9GIE Z\u00c9RO CARBONE &#8211; UCLOUVAIN"},"content":{"rendered":"<div class=\"wpb-content-wrapper\"><p>[vc_row margin_top=&#8221;-30px&#8221;][vc_column][vc_column_text css=&#8221;.vc_custom_1699617242140{margin-bottom: 20px !important;}&#8221; el_class=&#8221;custom-copyright&#8221;]<\/p>\n<p style=\"text-align: right;\">\u00a9 UCLouvain, Ma\u00eetre d&#8217;ouvrage : UCLouvain<\/p>\n<p>[\/vc_column_text][\/vc_column][vc_column width=&#8221;1\/3&#8243; el_class=&#8221;custom-bold-list&#8221;][vc_column_text]<\/p>\n<h2 style=\"font-size: 25px; line-height: 32px; text-transform: none;\">Informations g\u00e9n\u00e9rales du projet<\/h2>\n<p>[\/vc_column_text][vc_column_text css=&#8221;&#8221;]<b>Ma\u00eetre de l&#8217;Ouvrage <\/b>: UCLouvain<\/p>\n<p><b>Programme <\/b>: B\u00e2timents acad\u00e9miques et kots<\/p>\n<p><b>Situation\u00a0<\/b>: Campus UCLouvain \u2013 Louvain-la-Neuve et Bruxelles<\/p>\n<p><b>Surface\u00a0<\/b>: b54.700 m\u00b2<\/p>\n<p><b>Dates <\/b>: D\u00e9cembre 2021 &#8211; Juin 2022[\/vc_column_text][vc_column_text]<\/p>\n<h2 style=\"font-size: 25px; line-height: 32px; text-transform: none;\">Missions de MATRI<em>ciel<\/em><\/h2>\n<p>[\/vc_column_text][vc_column_text]<b><\/b>Etablissement d\u2019une strat\u00e9gie de r\u00e9novation des enveloppes et syst\u00e8mes[\/vc_column_text][\/vc_column][vc_column width=&#8221;2\/3&#8243;][vc_column_text]<\/p>\n<h2>Description du projet<\/h2>\n<p>[\/vc_column_text][vc_column_text css=&#8221;&#8221;]<\/p>\n<div class=\"page\" title=\"Page 1\">\n<div class=\"layoutArea\">\n<div class=\"column\">\n<h4>D\u00e9finition d\u2019une strat\u00e9gie permettant une vision compl\u00e8te de sc\u00e9narii de r\u00e9novation des enveloppes et syst\u00e8mes des b\u00e2timents de l\u2019Universit\u00e9, pour les amener \u00e0 l\u2019horizon 2035-2040 \u00e0 un niveau de consommation \u00e9nerg\u00e9tique compatible avec l\u2019ambition de neutralit\u00e9 carbone de l\u2019Universit\u00e9.<\/h4>\n<p>La d\u00e9finition de la strat\u00e9gie est bas\u00e9e sur l&#8217;\u00e9tude de 6 b\u00e2timents acad\u00e9miques types \u00e0 Louvain-la-Neuve d\u2019environ 48.700 m\u00b2 et une tour acad\u00e9mique \u00e0 Woluwe d\u2019environ 6.000 m\u00b2.<\/p>\n<h4>Contexte<\/h4>\n<p>L\u2019UCLouvain g\u00e8re en pleine propri\u00e9t\u00e9 plus de 400.000 m\u00b2 de b\u00e2timents \u00e0 destination acad\u00e9mique, scientifique et sociale. La plupart de ces b\u00e2timents ont \u00e9t\u00e9 con\u00e7us \u00e0 une \u00e9poque o\u00f9 les consid\u00e9rations \u00e9nerg\u00e9tiques n\u2019\u00e9taient pas une priorit\u00e9 et o\u00f9 les usages \u00e9taient stables et clairement d\u00e9finis.<\/p>\n<p>Suite aux investissements effectu\u00e9s sur la r\u00e9novation des b\u00e2timents et la production d\u2019\u00e9nergie verte via la cog\u00e9n\u00e9ration, les consommations d\u2019\u00e9lectricit\u00e9 et de chaleur pour les activit\u00e9s acad\u00e9miques ont baiss\u00e9 respectivement de 20% et 30% entre 2004 et 2019. Si les r\u00e9sultats sont cons\u00e9quents, ils ne suffisent cependant pas \u00e0 inscrire l\u2019Universit\u00e9 dans sa strat\u00e9gie de diminution des \u00e9missions de CO<sub>2<\/sub>. En effet, le patrimoine b\u00e2ti de l\u2019UCLouvain \u00e9mettait encore 24.000 tonnes de CO<sub>2<\/sub> \u00e9quivalent en 2017, soit 34% de ses \u00e9missions totales.<\/p>\n<p>Le Plan Transition de l\u2019Universit\u00e9 vise ainsi (entre autres) \u00e0 poursuivre voire acc\u00e9l\u00e9rer les r\u00e9novations \u00e9nerg\u00e9tiques durables des b\u00e2timents, en r\u00e9alisant un inventaire et en planifiant les r\u00e9novations sur les 15 prochaines ann\u00e9es, de sorte \u00e0 accroitre la tendance moyenne actuelle de 2% de gains \u00e9nerg\u00e9tiques par an.<\/p>\n<h4>Objectifs du march\u00e9 d\u2019\u00e9tude<\/h4>\n<p>L\u2019ambition de l&#8217;\u00e9tude r\u00e9alis\u00e9e par MATRIciel by Oteis est de dresser l\u2019inventaire du Plan Transition de l\u2019Universit\u00e9 et de d\u00e9finir une strat\u00e9gie de r\u00e9novation des enveloppes et syst\u00e8mes des b\u00e2timents de sorte \u00e0 r\u00e9duire les consommations \u00e9nerg\u00e9tiques de l\u2019ordre de 60 \u00e0 80 % d\u2019ici 2035-2040.<\/p>\n<h4>M\u00e9thodologie<\/h4>\n<p>Pour chacun des b\u00e2timents du march\u00e9, l\u2019\u00e9tude propose :<\/p>\n<p>\u2022 des strat\u00e9gies d\u2019isolation de l\u2019enveloppe type de paroi par type de paroi (murs, toitures, dalles, baies) tenant compte des sp\u00e9cificit\u00e9s architecturales et urbaines, l\u2019Analyse de Cycle de Vie (ACV) des mat\u00e9riaux \u00e0 mettre en \u0153uvre (avec une priorit\u00e9 sur les mat\u00e9riaux \u00e0 faible impact environnemental), une estimation du co\u00fbt des interventions et le temps de retour sur investissement associ\u00e9, ainsi que la compatibilit\u00e9 ou non des travaux sugg\u00e9r\u00e9s avec le maintien des activit\u00e9s du b\u00e2timent ;<\/p>\n<p>\u2022 des strat\u00e9gies de r\u00e9novation des syst\u00e8mes de ventilation (syst\u00e8me C ou D), en tenant compte des sp\u00e9cificit\u00e9s architecturales, des pertes de chaleur engendr\u00e9es, des consommations \u00e9lectriques aff\u00e9rentes et du co\u00fbt des interventions ;<\/p>\n<p>\u2022 des strat\u00e9gies de r\u00e9novation des syst\u00e8mes d\u2019\u00e9clairage (LED + d\u00e9tecteurs de mouvement dans les espaces de circulation), en tenant compte du co\u00fbt des interventions et du temps de retour sur investissement associ\u00e9 ;<\/p>\n<p>\u2022 sur base des r\u00e9sultats pr\u00e9c\u00e9dents, deux sc\u00e9narii globaux d\u2019intervention pour chacun des b\u00e2timents, explicitant les consommations \u00e9nerg\u00e9tiques post-travaux, la r\u00e9duction des \u00e9missions de CO<sub>2<\/sub> \u00e9quivalent, le co\u00fbt carbone des interventions (ACV), le budget total et la dur\u00e9e des travaux, le temps de retour sur investissement global, ainsi que la compatibilit\u00e9 ou non des travaux sugg\u00e9r\u00e9s avec le maintien des activit\u00e9s du b\u00e2timent.<\/p>\n<h4>R\u00e9sultats<\/h4>\n<p>Une r\u00e9duction des consommations \u00e9nerg\u00e9tiques (et donc du CO<sub>2<\/sub> \u00e9quivalent) de l\u2019ordre de 60 \u00e0 80 % peut \u00eatre atteinte sans trop de difficult\u00e9s pour tous les b\u00e2timents \u00e9tudi\u00e9s, voire m\u00eame 85 % pour la tour acad\u00e9mique de Woluwe pour laquelle les groupes de ventilation actuels sont responsables de presque la moiti\u00e9 des pertes thermiques du b\u00e2timent !<\/p>\n<\/div>\n<\/div>\n<\/div>\n<p>[\/vc_column_text][\/vc_column][\/vc_row]<\/p>\n<\/div>","protected":false},"excerpt":{"rendered":"<p><B>Strat\u00e9gie \u00e0 carbone<\/B><br \/>\n<B>MO <\/B> UCLouvain<\/p>\n","protected":false},"author":5,"featured_media":18784,"comment_status":"closed","ping_status":"closed","template":"","dt_portfolio_category":[38],"dt_portfolio_tags":[277,276],"class_list":["post-18778","dt_portfolio","type-dt_portfolio","status-publish","has-post-thumbnail","hentry","dt_portfolio_category-consultance-technique","dt_portfolio_tags-0-carbone","dt_portfolio_tags-strategie-zero-carbone","dt_portfolio_category-38","description-off"],"yoast_head":"<!-- This site is optimized with the Yoast SEO plugin v27.5 - https:\/\/yoast.com\/product\/yoast-seo-wordpress\/ -->\n<title>STRAT\u00c9GIE Z\u00c9RO CARBONE - UCLOUVAIN - MATRIciel<\/title>\n<meta name=\"description\" content=\"MATRIciel et l&#039;UCLouvain d\u00e9finissent une strat\u00e9gie de r\u00e9novation des b\u00e2timents en vue d&#039; un niveau de conso \u00e9nerg\u00e9tique visant le 0 carbone\" \/>\n<meta name=\"robots\" content=\"index, follow, max-snippet:-1, max-image-preview:large, max-video-preview:-1\" \/>\n<link rel=\"canonical\" href=\"https:\/\/www.matriciel.be\/projet\/strategie-0co2-uclouvain\/\" \/>\n<meta property=\"og:locale\" content=\"en_US\" \/>\n<meta property=\"og:type\" content=\"article\" \/>\n<meta property=\"og:title\" content=\"STRAT\u00c9GIE Z\u00c9RO CARBONE - UCLOUVAIN - MATRIciel\" \/>\n<meta property=\"og:description\" content=\"MATRIciel et l&#039;UCLouvain d\u00e9finissent une strat\u00e9gie de r\u00e9novation des b\u00e2timents en vue d&#039; un niveau de conso \u00e9nerg\u00e9tique visant le 0 carbone\" \/>\n<meta property=\"og:url\" content=\"https:\/\/www.matriciel.be\/projet\/strategie-0co2-uclouvain\/\" \/>\n<meta property=\"og:site_name\" content=\"MATRIciel\" \/>\n<meta property=\"article:modified_time\" content=\"2025-01-15T13:56:25+00:00\" \/>\n<meta property=\"og:image\" content=\"https:\/\/www.matriciel.be\/wp-content\/uploads\/2023\/11\/Photo.jpg\" \/>\n\t<meta property=\"og:image:width\" content=\"714\" \/>\n\t<meta property=\"og:image:height\" content=\"285\" \/>\n\t<meta property=\"og:image:type\" content=\"image\/jpeg\" \/>\n<meta name=\"twitter:card\" content=\"summary_large_image\" \/>\n<meta name=\"twitter:label1\" content=\"Est. reading time\" \/>\n\t<meta name=\"twitter:data1\" content=\"4 minutes\" \/>\n<script type=\"application\/ld+json\" class=\"yoast-schema-graph\">{\"@context\":\"https:\\\/\\\/schema.org\",\"@graph\":[{\"@type\":\"WebPage\",\"@id\":\"https:\\\/\\\/www.matriciel.be\\\/projet\\\/strategie-0co2-uclouvain\\\/\",\"url\":\"https:\\\/\\\/www.matriciel.be\\\/projet\\\/strategie-0co2-uclouvain\\\/\",\"name\":\"STRAT\u00c9GIE Z\u00c9RO CARBONE - UCLOUVAIN - MATRIciel\",\"isPartOf\":{\"@id\":\"https:\\\/\\\/www.matriciel.be\\\/#website\"},\"primaryImageOfPage\":{\"@id\":\"https:\\\/\\\/www.matriciel.be\\\/projet\\\/strategie-0co2-uclouvain\\\/#primaryimage\"},\"image\":{\"@id\":\"https:\\\/\\\/www.matriciel.be\\\/projet\\\/strategie-0co2-uclouvain\\\/#primaryimage\"},\"thumbnailUrl\":\"https:\\\/\\\/www.matriciel.be\\\/wp-content\\\/uploads\\\/2023\\\/11\\\/Photo.jpg\",\"datePublished\":\"2023-11-10T12:17:18+00:00\",\"dateModified\":\"2025-01-15T13:56:25+00:00\",\"description\":\"MATRIciel et l'UCLouvain d\u00e9finissent une strat\u00e9gie de r\u00e9novation des b\u00e2timents en vue d' un niveau de conso \u00e9nerg\u00e9tique visant le 0 carbone\",\"breadcrumb\":{\"@id\":\"https:\\\/\\\/www.matriciel.be\\\/projet\\\/strategie-0co2-uclouvain\\\/#breadcrumb\"},\"inLanguage\":\"en-US\",\"potentialAction\":[{\"@type\":\"ReadAction\",\"target\":[\"https:\\\/\\\/www.matriciel.be\\\/projet\\\/strategie-0co2-uclouvain\\\/\"]}]},{\"@type\":\"ImageObject\",\"inLanguage\":\"en-US\",\"@id\":\"https:\\\/\\\/www.matriciel.be\\\/projet\\\/strategie-0co2-uclouvain\\\/#primaryimage\",\"url\":\"https:\\\/\\\/www.matriciel.be\\\/wp-content\\\/uploads\\\/2023\\\/11\\\/Photo.jpg\",\"contentUrl\":\"https:\\\/\\\/www.matriciel.be\\\/wp-content\\\/uploads\\\/2023\\\/11\\\/Photo.jpg\",\"width\":714,\"height\":285,\"caption\":\"Strat\u00e9gie r\u00e9novation 0 Carbone : B\u00e2timents UCL \u00e9tudi\u00e9s\"},{\"@type\":\"BreadcrumbList\",\"@id\":\"https:\\\/\\\/www.matriciel.be\\\/projet\\\/strategie-0co2-uclouvain\\\/#breadcrumb\",\"itemListElement\":[{\"@type\":\"ListItem\",\"position\":1,\"name\":\"Accueil\",\"item\":\"https:\\\/\\\/www.matriciel.be\\\/en\\\/\"},{\"@type\":\"ListItem\",\"position\":2,\"name\":\"Portfolio\",\"item\":\"https:\\\/\\\/www.matriciel.be\\\/nl\\\/projet\\\/\"},{\"@type\":\"ListItem\",\"position\":3,\"name\":\"STRAT\u00c9GIE Z\u00c9RO CARBONE &#8211; UCLOUVAIN\"}]},{\"@type\":\"WebSite\",\"@id\":\"https:\\\/\\\/www.matriciel.be\\\/#website\",\"url\":\"https:\\\/\\\/www.matriciel.be\\\/\",\"name\":\"MATRIciel\",\"description\":\"Bureau d&#039;\u00e9tude et de conseil en architecture durable\",\"potentialAction\":[{\"@type\":\"SearchAction\",\"target\":{\"@type\":\"EntryPoint\",\"urlTemplate\":\"https:\\\/\\\/www.matriciel.be\\\/?s={search_term_string}\"},\"query-input\":{\"@type\":\"PropertyValueSpecification\",\"valueRequired\":true,\"valueName\":\"search_term_string\"}}],\"inLanguage\":\"en-US\"}]}<\/script>\n<!-- \/ Yoast SEO plugin. -->","yoast_head_json":{"title":"STRAT\u00c9GIE Z\u00c9RO CARBONE - UCLOUVAIN - MATRIciel","description":"MATRIciel et l'UCLouvain d\u00e9finissent une strat\u00e9gie de r\u00e9novation des b\u00e2timents en vue d' un niveau de conso \u00e9nerg\u00e9tique visant le 0 carbone","robots":{"index":"index","follow":"follow","max-snippet":"max-snippet:-1","max-image-preview":"max-image-preview:large","max-video-preview":"max-video-preview:-1"},"canonical":"https:\/\/www.matriciel.be\/projet\/strategie-0co2-uclouvain\/","og_locale":"en_US","og_type":"article","og_title":"STRAT\u00c9GIE Z\u00c9RO CARBONE - UCLOUVAIN - MATRIciel","og_description":"MATRIciel et l'UCLouvain d\u00e9finissent une strat\u00e9gie de r\u00e9novation des b\u00e2timents en vue d' un niveau de conso \u00e9nerg\u00e9tique visant le 0 carbone","og_url":"https:\/\/www.matriciel.be\/projet\/strategie-0co2-uclouvain\/","og_site_name":"MATRIciel","article_modified_time":"2025-01-15T13:56:25+00:00","og_image":[{"width":714,"height":285,"url":"https:\/\/www.matriciel.be\/wp-content\/uploads\/2023\/11\/Photo.jpg","type":"image\/jpeg"}],"twitter_card":"summary_large_image","twitter_misc":{"Est. reading time":"4 minutes"},"schema":{"@context":"https:\/\/schema.org","@graph":[{"@type":"WebPage","@id":"https:\/\/www.matriciel.be\/projet\/strategie-0co2-uclouvain\/","url":"https:\/\/www.matriciel.be\/projet\/strategie-0co2-uclouvain\/","name":"STRAT\u00c9GIE Z\u00c9RO CARBONE - UCLOUVAIN - MATRIciel","isPartOf":{"@id":"https:\/\/www.matriciel.be\/#website"},"primaryImageOfPage":{"@id":"https:\/\/www.matriciel.be\/projet\/strategie-0co2-uclouvain\/#primaryimage"},"image":{"@id":"https:\/\/www.matriciel.be\/projet\/strategie-0co2-uclouvain\/#primaryimage"},"thumbnailUrl":"https:\/\/www.matriciel.be\/wp-content\/uploads\/2023\/11\/Photo.jpg","datePublished":"2023-11-10T12:17:18+00:00","dateModified":"2025-01-15T13:56:25+00:00","description":"MATRIciel et l'UCLouvain d\u00e9finissent une strat\u00e9gie de r\u00e9novation des b\u00e2timents en vue d' un niveau de conso \u00e9nerg\u00e9tique visant le 0 carbone","breadcrumb":{"@id":"https:\/\/www.matriciel.be\/projet\/strategie-0co2-uclouvain\/#breadcrumb"},"inLanguage":"en-US","potentialAction":[{"@type":"ReadAction","target":["https:\/\/www.matriciel.be\/projet\/strategie-0co2-uclouvain\/"]}]},{"@type":"ImageObject","inLanguage":"en-US","@id":"https:\/\/www.matriciel.be\/projet\/strategie-0co2-uclouvain\/#primaryimage","url":"https:\/\/www.matriciel.be\/wp-content\/uploads\/2023\/11\/Photo.jpg","contentUrl":"https:\/\/www.matriciel.be\/wp-content\/uploads\/2023\/11\/Photo.jpg","width":714,"height":285,"caption":"Strat\u00e9gie r\u00e9novation 0 Carbone : B\u00e2timents UCL \u00e9tudi\u00e9s"},{"@type":"BreadcrumbList","@id":"https:\/\/www.matriciel.be\/projet\/strategie-0co2-uclouvain\/#breadcrumb","itemListElement":[{"@type":"ListItem","position":1,"name":"Accueil","item":"https:\/\/www.matriciel.be\/en\/"},{"@type":"ListItem","position":2,"name":"Portfolio","item":"https:\/\/www.matriciel.be\/nl\/projet\/"},{"@type":"ListItem","position":3,"name":"STRAT\u00c9GIE Z\u00c9RO CARBONE &#8211; UCLOUVAIN"}]},{"@type":"WebSite","@id":"https:\/\/www.matriciel.be\/#website","url":"https:\/\/www.matriciel.be\/","name":"MATRIciel","description":"Bureau d&#039;\u00e9tude et de conseil en architecture durable","potentialAction":[{"@type":"SearchAction","target":{"@type":"EntryPoint","urlTemplate":"https:\/\/www.matriciel.be\/?s={search_term_string}"},"query-input":{"@type":"PropertyValueSpecification","valueRequired":true,"valueName":"search_term_string"}}],"inLanguage":"en-US"}]}},"jetpack_sharing_enabled":true,"_links":{"self":[{"href":"https:\/\/www.matriciel.be\/en\/wp-json\/wp\/v2\/dt_portfolio\/18778","targetHints":{"allow":["GET"]}}],"collection":[{"href":"https:\/\/www.matriciel.be\/en\/wp-json\/wp\/v2\/dt_portfolio"}],"about":[{"href":"https:\/\/www.matriciel.be\/en\/wp-json\/wp\/v2\/types\/dt_portfolio"}],"author":[{"embeddable":true,"href":"https:\/\/www.matriciel.be\/en\/wp-json\/wp\/v2\/users\/5"}],"replies":[{"embeddable":true,"href":"https:\/\/www.matriciel.be\/en\/wp-json\/wp\/v2\/comments?post=18778"}],"version-history":[{"count":9,"href":"https:\/\/www.matriciel.be\/en\/wp-json\/wp\/v2\/dt_portfolio\/18778\/revisions"}],"predecessor-version":[{"id":20555,"href":"https:\/\/www.matriciel.be\/en\/wp-json\/wp\/v2\/dt_portfolio\/18778\/revisions\/20555"}],"wp:featuredmedia":[{"embeddable":true,"href":"https:\/\/www.matriciel.be\/en\/wp-json\/wp\/v2\/media\/18784"}],"wp:attachment":[{"href":"https:\/\/www.matriciel.be\/en\/wp-json\/wp\/v2\/media?parent=18778"}],"wp:term":[{"taxonomy":"dt_portfolio_category","embeddable":true,"href":"https:\/\/www.matriciel.be\/en\/wp-json\/wp\/v2\/dt_portfolio_category?post=18778"},{"taxonomy":"dt_portfolio_tags","embeddable":true,"href":"https:\/\/www.matriciel.be\/en\/wp-json\/wp\/v2\/dt_portfolio_tags?post=18778"}],"curies":[{"name":"wp","href":"https:\/\/api.w.org\/{rel}","templated":true}]}}