{"id":19041,"date":"2023-12-04T17:16:07","date_gmt":"2023-12-04T16:16:07","guid":{"rendered":"https:\/\/www.matriciel.be\/?post_type=dt_portfolio&#038;p=19041"},"modified":"2024-04-26T11:45:53","modified_gmt":"2024-04-26T09:45:53","slug":"cite-adm-huy","status":"publish","type":"dt_portfolio","link":"https:\/\/www.matriciel.be\/en\/projet\/cite-adm-huy\/","title":{"rendered":"Cit\u00e9 administrative de la Ville de HUY"},"content":{"rendered":"<div class=\"wpb-content-wrapper\"><p>[vc_row margin_top=&#8221;-30px&#8221;][vc_column][vc_column_text css=&#8221;.vc_custom_1701705658468{margin-bottom: 20px !important;}&#8221; el_class=&#8221;custom-copyright&#8221;]<\/p>\n<p style=\"text-align: right;\">\u00a9 archipelago, Architecte : archipelago &amp; Blaffart-Ciplet<\/p>\n<p>[\/vc_column_text][\/vc_column][vc_column width=&#8221;1\/3&#8243; el_class=&#8221;custom-bold-list&#8221;][vc_column_text]<\/p>\n<h2 style=\"font-size: 25px; line-height: 32px; text-transform: none;\">Informations g\u00e9n\u00e9rales du projet<\/h2>\n<p>[\/vc_column_text][vc_column_text]<b>Ma\u00eetre de l&#8217;Ouvrage <\/b>: ECETIA INTERCOMMUNALE s.c.r.l<\/p>\n<p><b>Programme : <\/b>Cit\u00e9 administrative<\/p>\n<p><b>Situation\u00a0<\/b>: Parcelles situ\u00e9es avenue des Foss\u00e9s et rue Axheli\u00e8re \u00e0 4500 Huy<\/p>\n<p><b>Surface\u00a0<\/b>: 8.000 m\u00b2<\/p>\n<p><b>Architectes <\/b>: archipelago &amp; Blaffart-Ciplet<\/p>\n<p><b>Dates <\/b>: Concours gagn\u00e9 en avril 2023[\/vc_column_text][vc_column_text]<\/p>\n<h2 style=\"font-size: 25px; line-height: 32px; text-transform: none;\">Missions de MATRI<em>ciel<\/em><\/h2>\n<p>[\/vc_column_text][vc_column_text]<b><\/b>Etude des techniques sp\u00e9ciales<br \/>\n<b><\/b>Etude de faisabilit\u00e9 des \u00e9nergies renouvelable<br \/>\n<b><\/b>Conception bas carbone<br \/>\n<b><\/b>Mission de Responsable PEB<br \/>\n<b><\/b>Etude de la gestion int\u00e9gr\u00e9e de l\u2019eau de pluie<br \/>\n<b><\/b>Etude de la biodiversit\u00e9[\/vc_column_text][\/vc_column][vc_column width=&#8221;2\/3&#8243;][vc_column_text]<\/p>\n<h2>Description du projet<\/h2>\n<p>[\/vc_column_text][vc_column_text]<\/p>\n<h3>Afin de r\u00e9pondre au souhait de la Ville de Huy de r\u00e9unir la majorit\u00e9 de ses services ainsi que ceux du CPAS au sein d\u2019un site unique situ\u00e9 au c\u0153ur de Huy, un b\u00e2timent pouvant accueillir +\/- 240 travailleurs ainsi que de nombreux visiteurs (services population, CPAS, r\u00e9unions, &#8230;) est construit rive gauche.<\/h3>\n<h4>Performance \u00e9nerg\u00e9tique atteinte<\/h4>\n<p>En termes de performances \u00e9nerg\u00e9tique, le projet est ambitieux\u00a0: l\u2019\u00e9quipe a r\u00e9fl\u00e9chi le projet afin d\u2019atteindre une consommation d&#8217;\u00e9nergie primaire Ew = 0, soit la compensation totale des consommations \u00e9lectriques des 5 usages de r\u00e9f\u00e9rence (chauffage, ventilation, eau chaude sanitaire, \u00e9clairage, climatisation) par la production photovolta\u00efque sur site.<\/p>\n<p>Ceci est permis par une enveloppe tr\u00e8s performante mise au point \u00e0 l\u2019aide de simulations thermiques dynamiques utilis\u00e9es dans une d\u00e9marche it\u00e9rative durant toute la phase conception. Le but \u00e9tait de trouver la meilleure g\u00e9om\u00e9trie de fa\u00e7ade (proportion de surfaces vitr\u00e9es, orientation, dimensions des protections solaires) permettant un bon compromis entre r\u00e9duction du besoin de chauffage, apport de lumi\u00e8re naturelle et r\u00e9duction du risque de surchauffe.<\/p>\n<p>Une installation photovolta\u00efque de 100 kW permettra de compenser enti\u00e8rement les consommations \u00e9lectriques.<\/p>\n<h4>\u00c9conomie circulaire et mat\u00e9riaux<\/h4>\n<p>Le b\u00e2timent a par ailleurs \u00e9t\u00e9 optimis\u00e9 \u00e0 l\u2019aide de l&#8217;outil d&#8217;analyse du cycle de vie TOTEM dans le but de limiter au maximum l\u2019impact environnemental des mat\u00e9riaux de construction.<\/p>\n<h4>Confort<\/h4>\n<p>La strat\u00e9gie pour le confort et la r\u00e9duction des consommations en hiver est r\u00e9solue par une ventilation hygi\u00e9nique double flux (syst\u00e8me D) \u00e0 r\u00e9cup\u00e9ration \u00e0 roue et par une production de chaleur pour le chauffage par pompe \u00e0 chaleur air\/eau uniquement, solution tr\u00e8s bien adapt\u00e9e aux besoins d\u2019un b\u00e2timent de type bureau r\u00e9cent (besoins de chaleur relativement limit\u00e9s gr\u00e2ce \u00e0 la performance de l\u2019enveloppe et les apports internes importants), le besoin d\u2019ECS tr\u00e8s limit\u00e9, \u2026<\/p>\n<p>La strat\u00e9gie pour le confort et la r\u00e9duction des consommations en \u00e9t\u00e9 passe par une proportion de vitrage raisonnable sur les fa\u00e7ades expos\u00e9es, des protections solaires passives et des stores int\u00e9rieurs r\u00e9fl\u00e9chissants manuels, du freecooling naturel et\/ou m\u00e9canique et l\u2019acc\u00e8s \u00e0 inertie thermique de la structure (absence de faux-plafond ferm\u00e9).<\/p>\n<p>L\u2019effet d\u2019ilot de chaleur urbain sera r\u00e9duit via la mise en place de plantations, toitures vertes (hors terrasses), rev\u00eatements de sols ext\u00e9rieurs clairs, plantes grimpantes sur tous les murs aveugles ext\u00e9rieurs, \u2026<\/p>\n<h4>Gestion de l&#8217;eau<\/h4>\n<p>Le projet vise le \u00ab z\u00e9ro rejet d\u2019eau de pluie aux \u00e9gouts \u00bb, via les dispositifs suivants :<\/p>\n<ul>\n<li>Des toitures v\u00e9g\u00e9talis\u00e9es de 15 cm d\u2019\u00e9paisseur sur les toitures basses pour limiter le ruissellement, r\u00e9duire la surchauffe en toiture et favoriser la biodiversit\u00e9. La toiture haute concentrera les PV et ne sera pas v\u00e9g\u00e9talis\u00e9e.<\/li>\n<li>Une citerne en sous-sol pour collecter les eaux de pluie des toitures v\u00e9g\u00e9talis\u00e9es et non v\u00e9g\u00e9talis\u00e9es et alimenter plus de 80 % de la consommation annuelle des WC malgr\u00e9 la r\u00e9duction du taux de r\u00e9cup\u00e9ration engendr\u00e9e par la v\u00e9g\u00e9talisation.<\/li>\n<li>Un ensemble de noues d\u2019infiltration paysag\u00e8res \u00ab en cascade \u00bb pour temporiser et infiltrer dans le sol l\u2019eau issue du trop-plein de la citerne lors des pluies tr\u00e8s intenses.<\/li>\n<li>L\u2019imperm\u00e9abilisation r\u00e9duite au maximum (b\u00e2timent compact, parking sous b\u00e2timent, etc.) et surfaces artificialis\u00e9es qui seront 100 % perm\u00e9ables afin de favoriser l\u2019infiltration directe en utilisant le principe de la sous-fondation stockante.<\/li>\n<\/ul>\n<h4>Biodiversit\u00e9<\/h4>\n<ul>\n<li>Respect des recommandations du PCDN et DNF<\/li>\n<li>Conservation et valorisation du patrimoine v\u00e9g\u00e9tal existant<\/li>\n<li>Plantations multi-strates pr\u00e9sentant un int\u00e9r\u00eat nourricier pour la faune et favorisant la pollinisation<\/li>\n<li>Cr\u00e9ation d\u2019une multiplicit\u00e9 de milieux enrichissant l\u2019\u00e9cosyst\u00e8me de nouveaux biotopes<\/li>\n<li>Accroissement de la v\u00e9g\u00e9tation dans les espaces min\u00e9ralis\u00e9s<\/li>\n<li>Toitures vertes avec une \u00e9paisseur de plantation suffisante pour installer un cordon floristique diversifi\u00e9 et autonome<\/li>\n<li>Installation de dispositifs d\u2019accueil pour la faune<\/li>\n<li>Utilisation raisonn\u00e9e de l\u2019\u00e9clairage ext\u00e9rieur dans le respect des pr\u00e9conisations de l&#8217;ASCEN (Association pour la Sauvegarde du Ciel et de l&#8217;Environnement)<\/li>\n<\/ul>\n<p>[\/vc_column_text][\/vc_column][\/vc_row]<\/p>\n<\/div>","protected":false},"excerpt":{"rendered":"<p><B> Cit\u00e9 administrative Huy<\/B><br \/>\n<B> MO : <\/B>ECETIA INTERCOMMUNALE s.c.r.l<br \/>\n<B> Ar : <\/B>archipelago &#038; Blaffart-Ciplet<\/p>\n","protected":false},"author":5,"featured_media":18998,"comment_status":"closed","ping_status":"closed","template":"","dt_portfolio_category":[10],"dt_portfolio_tags":[239,172,246,173],"class_list":["post-19041","dt_portfolio","type-dt_portfolio","status-publish","has-post-thumbnail","hentry","dt_portfolio_category-bureau","dt_portfolio_tags-biodiversite","dt_portfolio_tags-gestion-de-leau","dt_portfolio_tags-responsable-peb","dt_portfolio_tags-techniques-speciales","dt_portfolio_category-10","description-off"],"yoast_head":"<!-- This site is optimized with the Yoast SEO plugin v27.5 - https:\/\/yoast.com\/product\/yoast-seo-wordpress\/ -->\n<title>Cit\u00e9 administrative de la Ville de HUY - MATRIciel<\/title>\n<meta name=\"description\" content=\"Rive gauche \u00e0 Huy : une nouvelle cit\u00e9 administrative, un projet ambitieux en termes de performances \u00e9nerg\u00e9tiques, et pas que ...\" \/>\n<meta name=\"robots\" content=\"index, follow, max-snippet:-1, max-image-preview:large, max-video-preview:-1\" \/>\n<link rel=\"canonical\" href=\"https:\/\/www.matriciel.be\/nl\/projet\/cite-adm-huy\/\" \/>\n<meta property=\"og:locale\" content=\"en_US\" \/>\n<meta property=\"og:type\" content=\"article\" \/>\n<meta property=\"og:title\" content=\"Cit\u00e9 administrative de la Ville de HUY - MATRIciel\" \/>\n<meta property=\"og:description\" content=\"Rive gauche \u00e0 Huy : une nouvelle cit\u00e9 administrative, un projet ambitieux en termes de performances \u00e9nerg\u00e9tiques, et pas que ...\" \/>\n<meta property=\"og:url\" content=\"https:\/\/www.matriciel.be\/nl\/projet\/cite-adm-huy\/\" \/>\n<meta property=\"og:site_name\" content=\"MATRIciel\" \/>\n<meta property=\"article:modified_time\" content=\"2024-04-26T09:45:53+00:00\" \/>\n<meta property=\"og:image\" content=\"https:\/\/www.matriciel.be\/wp-content\/uploads\/2023\/11\/Vue-Avenue-des-fossees-995x746-1.png\" \/>\n\t<meta property=\"og:image:width\" content=\"995\" \/>\n\t<meta property=\"og:image:height\" content=\"746\" \/>\n\t<meta property=\"og:image:type\" content=\"image\/png\" \/>\n<meta name=\"twitter:card\" content=\"summary_large_image\" \/>\n<meta name=\"twitter:label1\" content=\"Est. reading time\" \/>\n\t<meta name=\"twitter:data1\" content=\"4 minutes\" \/>\n<script type=\"application\/ld+json\" class=\"yoast-schema-graph\">{\"@context\":\"https:\\\/\\\/schema.org\",\"@graph\":[{\"@type\":\"WebPage\",\"@id\":\"https:\\\/\\\/www.matriciel.be\\\/nl\\\/projet\\\/cite-adm-huy\\\/\",\"url\":\"https:\\\/\\\/www.matriciel.be\\\/nl\\\/projet\\\/cite-adm-huy\\\/\",\"name\":\"Cit\u00e9 administrative de la Ville de HUY - MATRIciel\",\"isPartOf\":{\"@id\":\"https:\\\/\\\/www.matriciel.be\\\/#website\"},\"primaryImageOfPage\":{\"@id\":\"https:\\\/\\\/www.matriciel.be\\\/nl\\\/projet\\\/cite-adm-huy\\\/#primaryimage\"},\"image\":{\"@id\":\"https:\\\/\\\/www.matriciel.be\\\/nl\\\/projet\\\/cite-adm-huy\\\/#primaryimage\"},\"thumbnailUrl\":\"https:\\\/\\\/www.matriciel.be\\\/wp-content\\\/uploads\\\/2023\\\/11\\\/Vue-Avenue-des-fossees-995x746-1.png\",\"datePublished\":\"2023-12-04T16:16:07+00:00\",\"dateModified\":\"2024-04-26T09:45:53+00:00\",\"description\":\"Rive gauche \u00e0 Huy : une nouvelle cit\u00e9 administrative, un projet ambitieux en termes de performances \u00e9nerg\u00e9tiques, et pas que ...\",\"breadcrumb\":{\"@id\":\"https:\\\/\\\/www.matriciel.be\\\/nl\\\/projet\\\/cite-adm-huy\\\/#breadcrumb\"},\"inLanguage\":\"en-US\",\"potentialAction\":[{\"@type\":\"ReadAction\",\"target\":[\"https:\\\/\\\/www.matriciel.be\\\/nl\\\/projet\\\/cite-adm-huy\\\/\"]}]},{\"@type\":\"ImageObject\",\"inLanguage\":\"en-US\",\"@id\":\"https:\\\/\\\/www.matriciel.be\\\/nl\\\/projet\\\/cite-adm-huy\\\/#primaryimage\",\"url\":\"https:\\\/\\\/www.matriciel.be\\\/wp-content\\\/uploads\\\/2023\\\/11\\\/Vue-Avenue-des-fossees-995x746-1.png\",\"contentUrl\":\"https:\\\/\\\/www.matriciel.be\\\/wp-content\\\/uploads\\\/2023\\\/11\\\/Vue-Avenue-des-fossees-995x746-1.png\",\"width\":995,\"height\":746,\"caption\":\"Nouvelle Cit\u00e9 administrative de Huy\"},{\"@type\":\"BreadcrumbList\",\"@id\":\"https:\\\/\\\/www.matriciel.be\\\/nl\\\/projet\\\/cite-adm-huy\\\/#breadcrumb\",\"itemListElement\":[{\"@type\":\"ListItem\",\"position\":1,\"name\":\"Accueil\",\"item\":\"https:\\\/\\\/www.matriciel.be\\\/en\\\/\"},{\"@type\":\"ListItem\",\"position\":2,\"name\":\"Portfolio\",\"item\":\"https:\\\/\\\/www.matriciel.be\\\/nl\\\/projet\\\/\"},{\"@type\":\"ListItem\",\"position\":3,\"name\":\"Cit\u00e9 administrative de la Ville de HUY\"}]},{\"@type\":\"WebSite\",\"@id\":\"https:\\\/\\\/www.matriciel.be\\\/#website\",\"url\":\"https:\\\/\\\/www.matriciel.be\\\/\",\"name\":\"MATRIciel\",\"description\":\"Bureau d&#039;\u00e9tude et de conseil en architecture durable\",\"potentialAction\":[{\"@type\":\"SearchAction\",\"target\":{\"@type\":\"EntryPoint\",\"urlTemplate\":\"https:\\\/\\\/www.matriciel.be\\\/?s={search_term_string}\"},\"query-input\":{\"@type\":\"PropertyValueSpecification\",\"valueRequired\":true,\"valueName\":\"search_term_string\"}}],\"inLanguage\":\"en-US\"}]}<\/script>\n<!-- \/ Yoast SEO plugin. -->","yoast_head_json":{"title":"Cit\u00e9 administrative de la Ville de HUY - MATRIciel","description":"Rive gauche \u00e0 Huy : une nouvelle cit\u00e9 administrative, un projet ambitieux en termes de performances \u00e9nerg\u00e9tiques, et pas que ...","robots":{"index":"index","follow":"follow","max-snippet":"max-snippet:-1","max-image-preview":"max-image-preview:large","max-video-preview":"max-video-preview:-1"},"canonical":"https:\/\/www.matriciel.be\/nl\/projet\/cite-adm-huy\/","og_locale":"en_US","og_type":"article","og_title":"Cit\u00e9 administrative de la Ville de HUY - MATRIciel","og_description":"Rive gauche \u00e0 Huy : une nouvelle cit\u00e9 administrative, un projet ambitieux en termes de performances \u00e9nerg\u00e9tiques, et pas que ...","og_url":"https:\/\/www.matriciel.be\/nl\/projet\/cite-adm-huy\/","og_site_name":"MATRIciel","article_modified_time":"2024-04-26T09:45:53+00:00","og_image":[{"width":995,"height":746,"url":"https:\/\/www.matriciel.be\/wp-content\/uploads\/2023\/11\/Vue-Avenue-des-fossees-995x746-1.png","type":"image\/png"}],"twitter_card":"summary_large_image","twitter_misc":{"Est. reading time":"4 minutes"},"schema":{"@context":"https:\/\/schema.org","@graph":[{"@type":"WebPage","@id":"https:\/\/www.matriciel.be\/nl\/projet\/cite-adm-huy\/","url":"https:\/\/www.matriciel.be\/nl\/projet\/cite-adm-huy\/","name":"Cit\u00e9 administrative de la Ville de HUY - MATRIciel","isPartOf":{"@id":"https:\/\/www.matriciel.be\/#website"},"primaryImageOfPage":{"@id":"https:\/\/www.matriciel.be\/nl\/projet\/cite-adm-huy\/#primaryimage"},"image":{"@id":"https:\/\/www.matriciel.be\/nl\/projet\/cite-adm-huy\/#primaryimage"},"thumbnailUrl":"https:\/\/www.matriciel.be\/wp-content\/uploads\/2023\/11\/Vue-Avenue-des-fossees-995x746-1.png","datePublished":"2023-12-04T16:16:07+00:00","dateModified":"2024-04-26T09:45:53+00:00","description":"Rive gauche \u00e0 Huy : une nouvelle cit\u00e9 administrative, un projet ambitieux en termes de performances \u00e9nerg\u00e9tiques, et pas que ...","breadcrumb":{"@id":"https:\/\/www.matriciel.be\/nl\/projet\/cite-adm-huy\/#breadcrumb"},"inLanguage":"en-US","potentialAction":[{"@type":"ReadAction","target":["https:\/\/www.matriciel.be\/nl\/projet\/cite-adm-huy\/"]}]},{"@type":"ImageObject","inLanguage":"en-US","@id":"https:\/\/www.matriciel.be\/nl\/projet\/cite-adm-huy\/#primaryimage","url":"https:\/\/www.matriciel.be\/wp-content\/uploads\/2023\/11\/Vue-Avenue-des-fossees-995x746-1.png","contentUrl":"https:\/\/www.matriciel.be\/wp-content\/uploads\/2023\/11\/Vue-Avenue-des-fossees-995x746-1.png","width":995,"height":746,"caption":"Nouvelle Cit\u00e9 administrative de Huy"},{"@type":"BreadcrumbList","@id":"https:\/\/www.matriciel.be\/nl\/projet\/cite-adm-huy\/#breadcrumb","itemListElement":[{"@type":"ListItem","position":1,"name":"Accueil","item":"https:\/\/www.matriciel.be\/en\/"},{"@type":"ListItem","position":2,"name":"Portfolio","item":"https:\/\/www.matriciel.be\/nl\/projet\/"},{"@type":"ListItem","position":3,"name":"Cit\u00e9 administrative de la Ville de HUY"}]},{"@type":"WebSite","@id":"https:\/\/www.matriciel.be\/#website","url":"https:\/\/www.matriciel.be\/","name":"MATRIciel","description":"Bureau d&#039;\u00e9tude et de conseil en architecture durable","potentialAction":[{"@type":"SearchAction","target":{"@type":"EntryPoint","urlTemplate":"https:\/\/www.matriciel.be\/?s={search_term_string}"},"query-input":{"@type":"PropertyValueSpecification","valueRequired":true,"valueName":"search_term_string"}}],"inLanguage":"en-US"}]}},"jetpack_sharing_enabled":true,"_links":{"self":[{"href":"https:\/\/www.matriciel.be\/en\/wp-json\/wp\/v2\/dt_portfolio\/19041","targetHints":{"allow":["GET"]}}],"collection":[{"href":"https:\/\/www.matriciel.be\/en\/wp-json\/wp\/v2\/dt_portfolio"}],"about":[{"href":"https:\/\/www.matriciel.be\/en\/wp-json\/wp\/v2\/types\/dt_portfolio"}],"author":[{"embeddable":true,"href":"https:\/\/www.matriciel.be\/en\/wp-json\/wp\/v2\/users\/5"}],"replies":[{"embeddable":true,"href":"https:\/\/www.matriciel.be\/en\/wp-json\/wp\/v2\/comments?post=19041"}],"version-history":[{"count":4,"href":"https:\/\/www.matriciel.be\/en\/wp-json\/wp\/v2\/dt_portfolio\/19041\/revisions"}],"predecessor-version":[{"id":19045,"href":"https:\/\/www.matriciel.be\/en\/wp-json\/wp\/v2\/dt_portfolio\/19041\/revisions\/19045"}],"wp:featuredmedia":[{"embeddable":true,"href":"https:\/\/www.matriciel.be\/en\/wp-json\/wp\/v2\/media\/18998"}],"wp:attachment":[{"href":"https:\/\/www.matriciel.be\/en\/wp-json\/wp\/v2\/media?parent=19041"}],"wp:term":[{"taxonomy":"dt_portfolio_category","embeddable":true,"href":"https:\/\/www.matriciel.be\/en\/wp-json\/wp\/v2\/dt_portfolio_category?post=19041"},{"taxonomy":"dt_portfolio_tags","embeddable":true,"href":"https:\/\/www.matriciel.be\/en\/wp-json\/wp\/v2\/dt_portfolio_tags?post=19041"}],"curies":[{"name":"wp","href":"https:\/\/api.w.org\/{rel}","templated":true}]}}