{"id":2655,"date":"2018-11-27T11:02:09","date_gmt":"2018-11-27T10:02:09","guid":{"rendered":"https:\/\/agencepoush-newmatriciel.pf503.wpserveur.net\/?post_type=dt_portfolio&#038;p=2655"},"modified":"2025-01-15T14:26:38","modified_gmt":"2025-01-15T13:26:38","slug":"brigadesoignes","status":"publish","type":"dt_portfolio","link":"https:\/\/www.matriciel.be\/en\/projet\/brigadesoignes\/","title":{"rendered":"B\u00e2timent \u00e0 destination des gardes forestiers de la For\u00eat de Soignes"},"content":{"rendered":"<div class=\"wpb-content-wrapper\"><p>[vc_row margin_top=&#8221;-30px&#8221;][vc_column][vc_column_text css=&#8221;.vc_custom_1544529471397{margin-bottom: 20px !important;}&#8221; el_class=&#8221;custom-copyright&#8221;]<\/p>\n<p style=\"text-align: right;\">\u00a9 Bernard Boccara, Ma\u00eetre d&#8217;ouvrage : Bruxelles Environnement, Architecte\u00a0:\u00a0B 6 1 2 Associates<\/p>\n<p>[\/vc_column_text][\/vc_column][vc_column width=&#8221;1\/3&#8243; el_class=&#8221;custom-bold-list&#8221;][vc_column_text]<\/p>\n<h2 style=\"font-size: 25px; line-height: 32px; text-transform: none;\">Informations g\u00e9n\u00e9rales du projet<\/h2>\n<p>[\/vc_column_text][vc_column_text]<b>Ma\u00eetre de l&#8217;Ouvrage <\/b>: Bruxelles Environnement<\/p>\n<p><b>Programme : <\/b>b\u00e2timent \u00e0 destination des gardes forestiers de la For\u00eat de Soignes<\/p>\n<p><b>Situation\u00a0<\/b>: Dr\u00e8ve Saint-Hubert \u00e0 Uccle<\/p>\n<p><b>Surface\u00a0<\/b>:\u00a0316 m\u00b2 chauff\u00e9s<\/p>\n<p><b>Architectes <\/b>: B 6 1 2 Associates<\/p>\n<p><b>Dates <\/b>: R\u00e9ception provisoire en novembre 2018<\/p>\n<p><strong>Prix<\/strong> : &#8220;Prix Sant\u00e9 et Confort&#8221; &#8211; Green Solutions Award 2019 (Belgique &amp; International)[\/vc_column_text][vc_column_text]<\/p>\n<h2 style=\"font-size: 25px; line-height: 32px; text-transform: none;\">Missions de MATRI<em>ciel<\/em><\/h2>\n<p>[\/vc_column_text][vc_column_text]<b><\/b>Guidance \u00e9nerg\u00e9tique et de confort<br \/>\n<b><\/b>Etude de la gestion de l&#8217;eau<br \/>\n<b><\/b>Etude compl\u00e8te des techniques sp\u00e9ciales et suivi de chantier<br \/>\n<b><\/b>Mission de Conseiller PEB[\/vc_column_text][\/vc_column][vc_column width=&#8221;2\/3&#8243;][vc_column_text]<\/p>\n<h2>Description du projet<\/h2>\n<p>[\/vc_column_text][vc_column_text]<\/p>\n<div class=\"page\" title=\"Page 1\">\n<div class=\"layoutArea\">\n<div class=\"column\">\n<p>Il s\u2019agit de la construction selon le <strong>standard passif<\/strong> d\u2019une brigade foresti\u00e8re\u00a0: le b\u00e2timent est constitu\u00e9 de 2 niveaux accueillant 23 personnes et comprend des bureaux, un r\u00e9fectoire, une salle de r\u00e9union, des vestiaires, des sanitaires, des garages-ateliers, \u2026<\/p>\n<p>Solutions mises en place\u00a0:<\/p>\n<ul>\n<li><strong>L\u2019enveloppe<\/strong> d\u00e9finie pour atteindre le niveau de la certification passive\u00a0: structure bois avec isolation en cellulose, ch\u00e2ssis bois avec triple vitrage (la dalle du rez-de-chauss\u00e9e est lourde bien que l\u2019on soit en structure bois)<\/li>\n<li>Le syst\u00e8me de <strong>ventilation<\/strong> est m\u00e9canique avec r\u00e9cup\u00e9ration de chaleur \u00e0 roue et un by-pass<\/li>\n<li>Le <strong>chauffage<\/strong> et la <strong>production d\u2019eau chaude sanitaire<\/strong> du b\u00e2timent sont fournis par une chaudi\u00e8re bois \u00e0 b\u00fbches. En \u00e9t\u00e9, des boilers thermodynamiques prennent le relais pour la production d\u2019ECS<\/li>\n<li>Le <strong>confort d\u2019\u00e9t\u00e9<\/strong>, \u00e9valu\u00e9 par simulation thermique dynamique est assur\u00e9 par la mise en place d\u2019une ventilation naturelle intensive<\/li>\n<li>Un syst\u00e8me de <strong>lagunage<\/strong> est pr\u00e9vu pour traiter les eaux us\u00e9es, car le site n\u2019est pas \u00e9quip\u00e9 d\u2019un syst\u00e8me d\u2019\u00e9gouttage<\/li>\n<li>Un dispositif d\u2019<strong>infiltration de l\u2019eau<\/strong> dans le sol est \u00e9galement pr\u00e9vu avec des noues en fin de circuit.<\/li>\n<\/ul>\n<\/div>\n<\/div>\n<\/div>\n<p>[\/vc_column_text][\/vc_column][\/vc_row]<\/p>\n<\/div>","protected":false},"excerpt":{"rendered":"<p><strong>Brigade de la for\u00eat de Soignes<\/strong><br \/>\n<strong>MO <\/strong>Bruxelles Environnement<br \/>\n<strong>Ar <\/strong> B 6 1 2 Associates<\/p>\n","protected":false},"author":5,"featured_media":3517,"comment_status":"closed","ping_status":"closed","template":"","dt_portfolio_category":[32,33,288],"dt_portfolio_tags":[],"class_list":["post-2655","dt_portfolio","type-dt_portfolio","status-publish","has-post-thumbnail","hentry","dt_portfolio_category-commerce-et-usage-mixte","dt_portfolio_category-commerce-phare","dt_portfolio_category-eau-biodiversite","dt_portfolio_category-32","dt_portfolio_category-33","dt_portfolio_category-288","description-off"],"yoast_head":"<!-- This site is optimized with the Yoast SEO plugin v27.5 - https:\/\/yoast.com\/product\/yoast-seo-wordpress\/ -->\n<title>Brigade foresti\u00e8re int\u00e9gr\u00e9e \u00e0 la for\u00eat de Soignes<\/title>\n<meta name=\"description\" content=\"R\u00e9alisation, selon les standards passifs, de B612 Associates accompagn\u00e9s par MATRIciel pour les brigades foresti\u00e8res de la for\u00eat de Soignes\" \/>\n<meta name=\"robots\" content=\"index, follow, max-snippet:-1, max-image-preview:large, max-video-preview:-1\" \/>\n<link rel=\"canonical\" href=\"https:\/\/www.matriciel.be\/projet\/brigadesoignes\/\" \/>\n<meta property=\"og:locale\" content=\"en_US\" \/>\n<meta property=\"og:type\" content=\"article\" \/>\n<meta property=\"og:title\" content=\"Brigade foresti\u00e8re int\u00e9gr\u00e9e \u00e0 la for\u00eat de Soignes\" \/>\n<meta property=\"og:description\" content=\"R\u00e9alisation, selon les standards passifs, de B612 Associates accompagn\u00e9s par MATRIciel pour les brigades foresti\u00e8res de la for\u00eat de Soignes\" \/>\n<meta property=\"og:url\" content=\"https:\/\/www.matriciel.be\/projet\/brigadesoignes\/\" \/>\n<meta property=\"og:site_name\" content=\"MATRIciel\" \/>\n<meta property=\"article:modified_time\" content=\"2025-01-15T13:26:38+00:00\" \/>\n<meta property=\"og:image\" content=\"https:\/\/www.matriciel.be\/wp-content\/uploads\/2018\/11\/1101_BRIGADE_SITE_WEB_19022612.jpg\" \/>\n\t<meta property=\"og:image:width\" content=\"1062\" \/>\n\t<meta property=\"og:image:height\" content=\"706\" \/>\n\t<meta property=\"og:image:type\" content=\"image\/jpeg\" \/>\n<meta name=\"twitter:card\" content=\"summary_large_image\" \/>\n<meta name=\"twitter:label1\" content=\"Est. reading time\" \/>\n\t<meta name=\"twitter:data1\" content=\"2 minutes\" \/>\n<script type=\"application\/ld+json\" class=\"yoast-schema-graph\">{\"@context\":\"https:\\\/\\\/schema.org\",\"@graph\":[{\"@type\":\"WebPage\",\"@id\":\"https:\\\/\\\/www.matriciel.be\\\/projet\\\/brigadesoignes\\\/\",\"url\":\"https:\\\/\\\/www.matriciel.be\\\/projet\\\/brigadesoignes\\\/\",\"name\":\"Brigade foresti\u00e8re int\u00e9gr\u00e9e \u00e0 la for\u00eat de Soignes\",\"isPartOf\":{\"@id\":\"https:\\\/\\\/www.matriciel.be\\\/#website\"},\"primaryImageOfPage\":{\"@id\":\"https:\\\/\\\/www.matriciel.be\\\/projet\\\/brigadesoignes\\\/#primaryimage\"},\"image\":{\"@id\":\"https:\\\/\\\/www.matriciel.be\\\/projet\\\/brigadesoignes\\\/#primaryimage\"},\"thumbnailUrl\":\"https:\\\/\\\/www.matriciel.be\\\/wp-content\\\/uploads\\\/2018\\\/11\\\/1101_BRIGADE_SITE_WEB_19022612.jpg\",\"datePublished\":\"2018-11-27T10:02:09+00:00\",\"dateModified\":\"2025-01-15T13:26:38+00:00\",\"description\":\"R\u00e9alisation, selon les standards passifs, de B612 Associates accompagn\u00e9s par MATRIciel pour les brigades foresti\u00e8res de la for\u00eat de Soignes\",\"breadcrumb\":{\"@id\":\"https:\\\/\\\/www.matriciel.be\\\/projet\\\/brigadesoignes\\\/#breadcrumb\"},\"inLanguage\":\"en-US\",\"potentialAction\":[{\"@type\":\"ReadAction\",\"target\":[\"https:\\\/\\\/www.matriciel.be\\\/projet\\\/brigadesoignes\\\/\"]}]},{\"@type\":\"ImageObject\",\"inLanguage\":\"en-US\",\"@id\":\"https:\\\/\\\/www.matriciel.be\\\/projet\\\/brigadesoignes\\\/#primaryimage\",\"url\":\"https:\\\/\\\/www.matriciel.be\\\/wp-content\\\/uploads\\\/2018\\\/11\\\/1101_BRIGADE_SITE_WEB_19022612.jpg\",\"contentUrl\":\"https:\\\/\\\/www.matriciel.be\\\/wp-content\\\/uploads\\\/2018\\\/11\\\/1101_BRIGADE_SITE_WEB_19022612.jpg\",\"width\":1062,\"height\":706,\"caption\":\"B\u00e2timent destin\u00e9 aux gardes forestiers de la for\u00eat de Soignes\"},{\"@type\":\"BreadcrumbList\",\"@id\":\"https:\\\/\\\/www.matriciel.be\\\/projet\\\/brigadesoignes\\\/#breadcrumb\",\"itemListElement\":[{\"@type\":\"ListItem\",\"position\":1,\"name\":\"Accueil\",\"item\":\"https:\\\/\\\/www.matriciel.be\\\/en\\\/\"},{\"@type\":\"ListItem\",\"position\":2,\"name\":\"Portfolio\",\"item\":\"https:\\\/\\\/www.matriciel.be\\\/nl\\\/projet\\\/\"},{\"@type\":\"ListItem\",\"position\":3,\"name\":\"B\u00e2timent \u00e0 destination des gardes forestiers de la For\u00eat de Soignes\"}]},{\"@type\":\"WebSite\",\"@id\":\"https:\\\/\\\/www.matriciel.be\\\/#website\",\"url\":\"https:\\\/\\\/www.matriciel.be\\\/\",\"name\":\"MATRIciel\",\"description\":\"Bureau d&#039;\u00e9tude et de conseil en architecture durable\",\"potentialAction\":[{\"@type\":\"SearchAction\",\"target\":{\"@type\":\"EntryPoint\",\"urlTemplate\":\"https:\\\/\\\/www.matriciel.be\\\/?s={search_term_string}\"},\"query-input\":{\"@type\":\"PropertyValueSpecification\",\"valueRequired\":true,\"valueName\":\"search_term_string\"}}],\"inLanguage\":\"en-US\"}]}<\/script>\n<!-- \/ Yoast SEO plugin. -->","yoast_head_json":{"title":"Brigade foresti\u00e8re int\u00e9gr\u00e9e \u00e0 la for\u00eat de Soignes","description":"R\u00e9alisation, selon les standards passifs, de B612 Associates accompagn\u00e9s par MATRIciel pour les brigades foresti\u00e8res de la for\u00eat de Soignes","robots":{"index":"index","follow":"follow","max-snippet":"max-snippet:-1","max-image-preview":"max-image-preview:large","max-video-preview":"max-video-preview:-1"},"canonical":"https:\/\/www.matriciel.be\/projet\/brigadesoignes\/","og_locale":"en_US","og_type":"article","og_title":"Brigade foresti\u00e8re int\u00e9gr\u00e9e \u00e0 la for\u00eat de Soignes","og_description":"R\u00e9alisation, selon les standards passifs, de B612 Associates accompagn\u00e9s par MATRIciel pour les brigades foresti\u00e8res de la for\u00eat de Soignes","og_url":"https:\/\/www.matriciel.be\/projet\/brigadesoignes\/","og_site_name":"MATRIciel","article_modified_time":"2025-01-15T13:26:38+00:00","og_image":[{"width":1062,"height":706,"url":"https:\/\/www.matriciel.be\/wp-content\/uploads\/2018\/11\/1101_BRIGADE_SITE_WEB_19022612.jpg","type":"image\/jpeg"}],"twitter_card":"summary_large_image","twitter_misc":{"Est. reading time":"2 minutes"},"schema":{"@context":"https:\/\/schema.org","@graph":[{"@type":"WebPage","@id":"https:\/\/www.matriciel.be\/projet\/brigadesoignes\/","url":"https:\/\/www.matriciel.be\/projet\/brigadesoignes\/","name":"Brigade foresti\u00e8re int\u00e9gr\u00e9e \u00e0 la for\u00eat de Soignes","isPartOf":{"@id":"https:\/\/www.matriciel.be\/#website"},"primaryImageOfPage":{"@id":"https:\/\/www.matriciel.be\/projet\/brigadesoignes\/#primaryimage"},"image":{"@id":"https:\/\/www.matriciel.be\/projet\/brigadesoignes\/#primaryimage"},"thumbnailUrl":"https:\/\/www.matriciel.be\/wp-content\/uploads\/2018\/11\/1101_BRIGADE_SITE_WEB_19022612.jpg","datePublished":"2018-11-27T10:02:09+00:00","dateModified":"2025-01-15T13:26:38+00:00","description":"R\u00e9alisation, selon les standards passifs, de B612 Associates accompagn\u00e9s par MATRIciel pour les brigades foresti\u00e8res de la for\u00eat de Soignes","breadcrumb":{"@id":"https:\/\/www.matriciel.be\/projet\/brigadesoignes\/#breadcrumb"},"inLanguage":"en-US","potentialAction":[{"@type":"ReadAction","target":["https:\/\/www.matriciel.be\/projet\/brigadesoignes\/"]}]},{"@type":"ImageObject","inLanguage":"en-US","@id":"https:\/\/www.matriciel.be\/projet\/brigadesoignes\/#primaryimage","url":"https:\/\/www.matriciel.be\/wp-content\/uploads\/2018\/11\/1101_BRIGADE_SITE_WEB_19022612.jpg","contentUrl":"https:\/\/www.matriciel.be\/wp-content\/uploads\/2018\/11\/1101_BRIGADE_SITE_WEB_19022612.jpg","width":1062,"height":706,"caption":"B\u00e2timent destin\u00e9 aux gardes forestiers de la for\u00eat de Soignes"},{"@type":"BreadcrumbList","@id":"https:\/\/www.matriciel.be\/projet\/brigadesoignes\/#breadcrumb","itemListElement":[{"@type":"ListItem","position":1,"name":"Accueil","item":"https:\/\/www.matriciel.be\/en\/"},{"@type":"ListItem","position":2,"name":"Portfolio","item":"https:\/\/www.matriciel.be\/nl\/projet\/"},{"@type":"ListItem","position":3,"name":"B\u00e2timent \u00e0 destination des gardes forestiers de la For\u00eat de Soignes"}]},{"@type":"WebSite","@id":"https:\/\/www.matriciel.be\/#website","url":"https:\/\/www.matriciel.be\/","name":"MATRIciel","description":"Bureau d&#039;\u00e9tude et de conseil en architecture durable","potentialAction":[{"@type":"SearchAction","target":{"@type":"EntryPoint","urlTemplate":"https:\/\/www.matriciel.be\/?s={search_term_string}"},"query-input":{"@type":"PropertyValueSpecification","valueRequired":true,"valueName":"search_term_string"}}],"inLanguage":"en-US"}]}},"jetpack_sharing_enabled":true,"_links":{"self":[{"href":"https:\/\/www.matriciel.be\/en\/wp-json\/wp\/v2\/dt_portfolio\/2655","targetHints":{"allow":["GET"]}}],"collection":[{"href":"https:\/\/www.matriciel.be\/en\/wp-json\/wp\/v2\/dt_portfolio"}],"about":[{"href":"https:\/\/www.matriciel.be\/en\/wp-json\/wp\/v2\/types\/dt_portfolio"}],"author":[{"embeddable":true,"href":"https:\/\/www.matriciel.be\/en\/wp-json\/wp\/v2\/users\/5"}],"replies":[{"embeddable":true,"href":"https:\/\/www.matriciel.be\/en\/wp-json\/wp\/v2\/comments?post=2655"}],"version-history":[{"count":1,"href":"https:\/\/www.matriciel.be\/en\/wp-json\/wp\/v2\/dt_portfolio\/2655\/revisions"}],"predecessor-version":[{"id":5624,"href":"https:\/\/www.matriciel.be\/en\/wp-json\/wp\/v2\/dt_portfolio\/2655\/revisions\/5624"}],"wp:featuredmedia":[{"embeddable":true,"href":"https:\/\/www.matriciel.be\/en\/wp-json\/wp\/v2\/media\/3517"}],"wp:attachment":[{"href":"https:\/\/www.matriciel.be\/en\/wp-json\/wp\/v2\/media?parent=2655"}],"wp:term":[{"taxonomy":"dt_portfolio_category","embeddable":true,"href":"https:\/\/www.matriciel.be\/en\/wp-json\/wp\/v2\/dt_portfolio_category?post=2655"},{"taxonomy":"dt_portfolio_tags","embeddable":true,"href":"https:\/\/www.matriciel.be\/en\/wp-json\/wp\/v2\/dt_portfolio_tags?post=2655"}],"curies":[{"name":"wp","href":"https:\/\/api.w.org\/{rel}","templated":true}]}}