{"id":3385,"date":"2018-08-31T13:37:15","date_gmt":"2018-08-31T11:37:15","guid":{"rendered":"https:\/\/agencepoush-newmatriciel.pf503.wpserveur.net\/?post_type=dt_portfolio&#038;p=3385"},"modified":"2020-10-28T08:10:23","modified_gmt":"2020-10-28T07:10:23","slug":"artemis","status":"publish","type":"dt_portfolio","link":"https:\/\/www.matriciel.be\/en\/projet\/artemis\/","title":{"rendered":"Ensemble de logements passifs &#8220;Art\u00e9mis&#8221;"},"content":{"rendered":"<div class=\"wpb-content-wrapper\"><p>[vc_row margin_top=&#8221;-30px&#8221;][vc_column][vc_column_text css=&#8221;.vc_custom_1570534255189{margin-bottom: 20px !important;}&#8221; el_class=&#8221;custom-copyright&#8221;]<\/p>\n<p style=\"text-align: right;\">\u00a9 Team for Artemis, Ma\u00eetre d&#8217;ouvrage : SLRB, Architecte : MDW Architecture<\/p>\n<p>[\/vc_column_text][\/vc_column][vc_column width=&#8221;1\/3&#8243; el_class=&#8221;custom-bold-list&#8221;][vc_column_text]<\/p>\n<h2 style=\"font-size: 25px; line-height: 32px; text-transform: none;\">Informations g\u00e9n\u00e9rales du projet<\/h2>\n<p>[\/vc_column_text][vc_column_text]<b>Ma\u00eetre de l&#8217;Ouvrage <\/b>: SLRB<\/p>\n<p><b>Programme : <\/b>ensemble de 100 appartements, r\u00e9pondant au standard passif. Selon les recommandations du PPAS, les logements sont r\u00e9partis en 6 b\u00e2timents \u00e9loign\u00e9s les uns des autres permettant de maintenir un \u00eelot semi-ouvert.<\/p>\n<p><b>Situation\u00a0<\/b>: sur le terrain entre l&#8217;avenue Art\u00e9mis et l&#8217;avenue Franz Guillaume \u00e0 Evere<\/p>\n<p><b>Surface\u00a0<\/b>:\u00a013.000 m<sup>2<\/sup> b\u00e2tis hors parking dont 8.000 m<sup>2<\/sup>\u00a0d\u2019espace commercial<\/p>\n<p><b>Architectes <\/b>: MDW Architecture<\/p>\n<p><b>Dates <\/b>: PU octroy\u00e9 en ao\u00fbt 2018[\/vc_column_text][vc_column_text]<\/p>\n<h2 style=\"font-size: 25px; line-height: 32px; text-transform: none;\">Missions de MATRI<em>ciel<\/em><\/h2>\n<p>[\/vc_column_text][vc_column_text]<b><\/b>Assistance \u00e0 la conception architecturale, \u00e9nerg\u00e9tique et environnementale depuis la phase d\u2019esquisse jusqu\u2019\u00e0 la mise en service et la livraison aux acqu\u00e9reurs<br \/>\n<b><\/b>Etudes d\u2019optimisations \u00e9nerg\u00e9tiques et environnementales (d\u00e9veloppement durable) \u2013 th\u00e9matiques : eau \/ biodiversit\u00e9 \/ \u00e9nergies renouvelables \/ confort thermique<br \/>\n<b><\/b>Etudes des techniques sp\u00e9ciales (HVAC, \u00e9lectricit\u00e9, sanitaire), dossier d\u2019ex\u00e9cution, suivi de chantier, r\u00e9ception et mise en service<br \/>\n<b><\/b>Mission de Conseiller PEB<br \/>\n<b><\/b>Guidance et accompagnement des acqu\u00e9reurs pour l\u2019exploitation technique des logements (guide de l\u2019utilisateur)<br \/>\n[\/vc_column_text][\/vc_column][vc_column width=&#8221;2\/3&#8243;][vc_column_text]<\/p>\n<h2>Description du projet<\/h2>\n<p>[\/vc_column_text][vc_column_text]Le projet comporte la construction de 100 appartements, r\u00e9pondant au standard passif suivant la PEB 2015 Bruxelles ; selon les recommandations du PPAS, les logements sont r\u00e9partis en 6 b\u00e2timents \u00e9loign\u00e9s les uns des autres permettant de maintenir un \u00eelot semi-ouvert, une sorte de campus v\u00e9g\u00e9tal habit\u00e9. Deux des b\u00e2timents sont en couture d\u2019about d\u2019alignement (placette Artemis et rue Frans Guillaume).<\/p>\n<p>Les plans des logements s\u2019organisent tous avec des v\u00e9ritables s\u00e9jours traversant ; au sud, ils captent l\u2019\u00e9nergie solaire \u00e0 travers leur loggia.<\/p>\n<p>Plus particuli\u00e8rement au niveau du d\u00e9veloppement durable, le projet se caract\u00e9rise par :<\/p>\n<ul>\n<li style=\"list-style-type: none;\">\n<ul>\n<li>Une gestion compl\u00e8te de l\u2019eau\n<ul>\n<li>Une r\u00e9cup\u00e9ration centralis\u00e9e des eaux de pluie, en provenance des toitures vertes extensives, est pr\u00e9vue pour alimenter les WC et les robinets d\u2019entretien. La capacit\u00e9 totale de r\u00e9cup\u00e9ration est de 94m<sup>3<\/sup>.<\/li>\n<li>La lutte contre les inondations, par l\u2019int\u00e9gration de toitures vertes extensives sur l\u2019ensemble des b\u00e2timents et l\u2019implantation paysag\u00e8re de noues d\u2019infiltration d\u2019une capacit\u00e9 totale de 130m<sup>3<\/sup><\/li>\n<\/ul>\n<\/li>\n<\/ul>\n<\/li>\n<\/ul>\n<ul>\n<li style=\"list-style-type: none;\">\n<ul>\n<li>Un choix des mat\u00e9riaux\n<ul>\n<li>Une minimisation de l\u2019impact sur l\u2019environnement et la sant\u00e9 des occupants sur base de la norme NIBE<\/li>\n<li>Une r\u00e9duction maximale de l\u2019impact environnemental li\u00e9 au transport, depuis la mati\u00e8re premi\u00e8re li\u00e9e \u00e0 la fabrication jusqu\u2019\u00e0 la livraison sur chantier<\/li>\n<li>Un choix de produits qui int\u00e8grent la valorisation des mati\u00e8res premi\u00e8res issues du recyclage<\/li>\n<li>Une r\u00e9duction de la quantit\u00e9 de mat\u00e9riaux exploit\u00e9s sur site, ainsi qu\u2019une r\u00e9duction maximale des d\u00e9chets de chantier<\/li>\n<\/ul>\n<\/li>\n<\/ul>\n<\/li>\n<\/ul>\n<ul>\n<li style=\"list-style-type: none;\">\n<ul>\n<li>Une attention particuli\u00e8re aux techniques sp\u00e9ciales\n<ul>\n<li>La production de chaleur pour l\u2019appoint chauffage est assur\u00e9e de mani\u00e8re centralis\u00e9e via des chaudi\u00e8res gaz \u00e0 condensation ; le relev\u00e9 des compteurs se fait par radio-fr\u00e9quence<\/li>\n<li>La production d\u2019ECS est assur\u00e9e prioritaire par une installation solaire thermique appliqu\u00e9e sur les toitures de chaque regroupement de 2 lots. Chaque installation solaire produira entre 30 et 40% des besoins<\/li>\n<li>La ventilation des logements est assur\u00e9e par une ventilation de type double-flux avec by-pass (rendement du r\u00e9cup\u00e9rateur de chaleur de +\/- 85%)<\/li>\n<li>L\u2019ensemble des luminaires dans les communs sont \u00e0 haut rendement et r\u00e9gul\u00e9s par bouton poussoir-minuterie ou d\u00e9tecteur pr\u00e9sence<\/li>\n<\/ul>\n<\/li>\n<\/ul>\n<\/li>\n<\/ul>\n<p>[\/vc_column_text][\/vc_column][\/vc_row]<\/p>\n<\/div>","protected":false},"excerpt":{"rendered":"<p><B>Ensemble de logements passifs Art\u00e9mis<\/b><br \/>\n<b>MO <\/b>SLRB<br \/>\n<b>Ar <\/b>MDW Architecture<\/p>\n","protected":false},"author":5,"featured_media":3395,"comment_status":"closed","ping_status":"closed","template":"","dt_portfolio_category":[178],"dt_portfolio_tags":[],"class_list":["post-3385","dt_portfolio","type-dt_portfolio","status-publish","has-post-thumbnail","hentry","dt_portfolio_category-logement","dt_portfolio_category-178","description-off"],"yoast_head":"<!-- This site is optimized with the Yoast SEO plugin v27.5 - https:\/\/yoast.com\/product\/yoast-seo-wordpress\/ -->\n<title>MATRIciel partenaire de MDW Architecture pour le projet Art\u00e9mis de la SLRB<\/title>\n<meta name=\"description\" content=\"Etude des techniques sp\u00e9ciales, D\u00e9veloppement durable et Conseiller PEB : missions assur\u00e9es par MATRIciel dans le projet Art\u00e9mis\" \/>\n<meta name=\"robots\" content=\"index, follow, max-snippet:-1, max-image-preview:large, max-video-preview:-1\" \/>\n<link rel=\"canonical\" href=\"https:\/\/www.matriciel.be\/nl\/projet\/artemis\/\" \/>\n<meta property=\"og:locale\" content=\"en_US\" \/>\n<meta property=\"og:type\" content=\"article\" \/>\n<meta property=\"og:title\" content=\"MATRIciel partenaire de MDW Architecture pour le projet Art\u00e9mis de la SLRB\" \/>\n<meta property=\"og:description\" content=\"Etude des techniques sp\u00e9ciales, D\u00e9veloppement durable et Conseiller PEB : missions assur\u00e9es par MATRIciel dans le projet Art\u00e9mis\" \/>\n<meta property=\"og:url\" content=\"https:\/\/www.matriciel.be\/nl\/projet\/artemis\/\" \/>\n<meta property=\"og:site_name\" content=\"MATRIciel\" \/>\n<meta property=\"article:modified_time\" content=\"2020-10-28T07:10:23+00:00\" \/>\n<meta property=\"og:image\" content=\"https:\/\/www.matriciel.be\/wp-content\/uploads\/2019\/10\/Art\u00e9mis4.jpg\" \/>\n\t<meta property=\"og:image:width\" content=\"1203\" \/>\n\t<meta property=\"og:image:height\" content=\"719\" \/>\n\t<meta property=\"og:image:type\" content=\"image\/jpeg\" \/>\n<meta name=\"twitter:card\" content=\"summary_large_image\" \/>\n<meta name=\"twitter:label1\" content=\"Est. reading time\" \/>\n\t<meta name=\"twitter:data1\" content=\"3 minutes\" \/>\n<script type=\"application\/ld+json\" class=\"yoast-schema-graph\">{\"@context\":\"https:\\\/\\\/schema.org\",\"@graph\":[{\"@type\":\"WebPage\",\"@id\":\"https:\\\/\\\/www.matriciel.be\\\/nl\\\/projet\\\/artemis\\\/\",\"url\":\"https:\\\/\\\/www.matriciel.be\\\/nl\\\/projet\\\/artemis\\\/\",\"name\":\"MATRIciel partenaire de MDW Architecture pour le projet Art\u00e9mis de la SLRB\",\"isPartOf\":{\"@id\":\"https:\\\/\\\/www.matriciel.be\\\/#website\"},\"primaryImageOfPage\":{\"@id\":\"https:\\\/\\\/www.matriciel.be\\\/nl\\\/projet\\\/artemis\\\/#primaryimage\"},\"image\":{\"@id\":\"https:\\\/\\\/www.matriciel.be\\\/nl\\\/projet\\\/artemis\\\/#primaryimage\"},\"thumbnailUrl\":\"https:\\\/\\\/www.matriciel.be\\\/wp-content\\\/uploads\\\/2019\\\/10\\\/Art\u00e9mis4.jpg\",\"datePublished\":\"2018-08-31T11:37:15+00:00\",\"dateModified\":\"2020-10-28T07:10:23+00:00\",\"description\":\"Etude des techniques sp\u00e9ciales, D\u00e9veloppement durable et Conseiller PEB : missions assur\u00e9es par MATRIciel dans le projet Art\u00e9mis\",\"breadcrumb\":{\"@id\":\"https:\\\/\\\/www.matriciel.be\\\/nl\\\/projet\\\/artemis\\\/#breadcrumb\"},\"inLanguage\":\"en-US\",\"potentialAction\":[{\"@type\":\"ReadAction\",\"target\":[\"https:\\\/\\\/www.matriciel.be\\\/nl\\\/projet\\\/artemis\\\/\"]}]},{\"@type\":\"ImageObject\",\"inLanguage\":\"en-US\",\"@id\":\"https:\\\/\\\/www.matriciel.be\\\/nl\\\/projet\\\/artemis\\\/#primaryimage\",\"url\":\"https:\\\/\\\/www.matriciel.be\\\/wp-content\\\/uploads\\\/2019\\\/10\\\/Art\u00e9mis4.jpg\",\"contentUrl\":\"https:\\\/\\\/www.matriciel.be\\\/wp-content\\\/uploads\\\/2019\\\/10\\\/Art\u00e9mis4.jpg\",\"width\":1203,\"height\":719,\"caption\":\"MATRIciel : \u00e9tude des techniques sp\u00e9ciales\"},{\"@type\":\"BreadcrumbList\",\"@id\":\"https:\\\/\\\/www.matriciel.be\\\/nl\\\/projet\\\/artemis\\\/#breadcrumb\",\"itemListElement\":[{\"@type\":\"ListItem\",\"position\":1,\"name\":\"Accueil\",\"item\":\"https:\\\/\\\/www.matriciel.be\\\/en\\\/\"},{\"@type\":\"ListItem\",\"position\":2,\"name\":\"Portfolio\",\"item\":\"https:\\\/\\\/www.matriciel.be\\\/nl\\\/projet\\\/\"},{\"@type\":\"ListItem\",\"position\":3,\"name\":\"Ensemble de logements passifs &#8220;Art\u00e9mis&#8221;\"}]},{\"@type\":\"WebSite\",\"@id\":\"https:\\\/\\\/www.matriciel.be\\\/#website\",\"url\":\"https:\\\/\\\/www.matriciel.be\\\/\",\"name\":\"MATRIciel\",\"description\":\"Bureau d&#039;\u00e9tude et de conseil en architecture durable\",\"potentialAction\":[{\"@type\":\"SearchAction\",\"target\":{\"@type\":\"EntryPoint\",\"urlTemplate\":\"https:\\\/\\\/www.matriciel.be\\\/?s={search_term_string}\"},\"query-input\":{\"@type\":\"PropertyValueSpecification\",\"valueRequired\":true,\"valueName\":\"search_term_string\"}}],\"inLanguage\":\"en-US\"}]}<\/script>\n<!-- \/ Yoast SEO plugin. -->","yoast_head_json":{"title":"MATRIciel partenaire de MDW Architecture pour le projet Art\u00e9mis de la SLRB","description":"Etude des techniques sp\u00e9ciales, D\u00e9veloppement durable et Conseiller PEB : missions assur\u00e9es par MATRIciel dans le projet Art\u00e9mis","robots":{"index":"index","follow":"follow","max-snippet":"max-snippet:-1","max-image-preview":"max-image-preview:large","max-video-preview":"max-video-preview:-1"},"canonical":"https:\/\/www.matriciel.be\/nl\/projet\/artemis\/","og_locale":"en_US","og_type":"article","og_title":"MATRIciel partenaire de MDW Architecture pour le projet Art\u00e9mis de la SLRB","og_description":"Etude des techniques sp\u00e9ciales, D\u00e9veloppement durable et Conseiller PEB : missions assur\u00e9es par MATRIciel dans le projet Art\u00e9mis","og_url":"https:\/\/www.matriciel.be\/nl\/projet\/artemis\/","og_site_name":"MATRIciel","article_modified_time":"2020-10-28T07:10:23+00:00","og_image":[{"width":1203,"height":719,"url":"https:\/\/www.matriciel.be\/wp-content\/uploads\/2019\/10\/Art\u00e9mis4.jpg","type":"image\/jpeg"}],"twitter_card":"summary_large_image","twitter_misc":{"Est. reading time":"3 minutes"},"schema":{"@context":"https:\/\/schema.org","@graph":[{"@type":"WebPage","@id":"https:\/\/www.matriciel.be\/nl\/projet\/artemis\/","url":"https:\/\/www.matriciel.be\/nl\/projet\/artemis\/","name":"MATRIciel partenaire de MDW Architecture pour le projet Art\u00e9mis de la SLRB","isPartOf":{"@id":"https:\/\/www.matriciel.be\/#website"},"primaryImageOfPage":{"@id":"https:\/\/www.matriciel.be\/nl\/projet\/artemis\/#primaryimage"},"image":{"@id":"https:\/\/www.matriciel.be\/nl\/projet\/artemis\/#primaryimage"},"thumbnailUrl":"https:\/\/www.matriciel.be\/wp-content\/uploads\/2019\/10\/Art\u00e9mis4.jpg","datePublished":"2018-08-31T11:37:15+00:00","dateModified":"2020-10-28T07:10:23+00:00","description":"Etude des techniques sp\u00e9ciales, D\u00e9veloppement durable et Conseiller PEB : missions assur\u00e9es par MATRIciel dans le projet Art\u00e9mis","breadcrumb":{"@id":"https:\/\/www.matriciel.be\/nl\/projet\/artemis\/#breadcrumb"},"inLanguage":"en-US","potentialAction":[{"@type":"ReadAction","target":["https:\/\/www.matriciel.be\/nl\/projet\/artemis\/"]}]},{"@type":"ImageObject","inLanguage":"en-US","@id":"https:\/\/www.matriciel.be\/nl\/projet\/artemis\/#primaryimage","url":"https:\/\/www.matriciel.be\/wp-content\/uploads\/2019\/10\/Art\u00e9mis4.jpg","contentUrl":"https:\/\/www.matriciel.be\/wp-content\/uploads\/2019\/10\/Art\u00e9mis4.jpg","width":1203,"height":719,"caption":"MATRIciel : \u00e9tude des techniques sp\u00e9ciales"},{"@type":"BreadcrumbList","@id":"https:\/\/www.matriciel.be\/nl\/projet\/artemis\/#breadcrumb","itemListElement":[{"@type":"ListItem","position":1,"name":"Accueil","item":"https:\/\/www.matriciel.be\/en\/"},{"@type":"ListItem","position":2,"name":"Portfolio","item":"https:\/\/www.matriciel.be\/nl\/projet\/"},{"@type":"ListItem","position":3,"name":"Ensemble de logements passifs &#8220;Art\u00e9mis&#8221;"}]},{"@type":"WebSite","@id":"https:\/\/www.matriciel.be\/#website","url":"https:\/\/www.matriciel.be\/","name":"MATRIciel","description":"Bureau d&#039;\u00e9tude et de conseil en architecture durable","potentialAction":[{"@type":"SearchAction","target":{"@type":"EntryPoint","urlTemplate":"https:\/\/www.matriciel.be\/?s={search_term_string}"},"query-input":{"@type":"PropertyValueSpecification","valueRequired":true,"valueName":"search_term_string"}}],"inLanguage":"en-US"}]}},"jetpack_sharing_enabled":true,"_links":{"self":[{"href":"https:\/\/www.matriciel.be\/en\/wp-json\/wp\/v2\/dt_portfolio\/3385","targetHints":{"allow":["GET"]}}],"collection":[{"href":"https:\/\/www.matriciel.be\/en\/wp-json\/wp\/v2\/dt_portfolio"}],"about":[{"href":"https:\/\/www.matriciel.be\/en\/wp-json\/wp\/v2\/types\/dt_portfolio"}],"author":[{"embeddable":true,"href":"https:\/\/www.matriciel.be\/en\/wp-json\/wp\/v2\/users\/5"}],"replies":[{"embeddable":true,"href":"https:\/\/www.matriciel.be\/en\/wp-json\/wp\/v2\/comments?post=3385"}],"version-history":[{"count":1,"href":"https:\/\/www.matriciel.be\/en\/wp-json\/wp\/v2\/dt_portfolio\/3385\/revisions"}],"predecessor-version":[{"id":4328,"href":"https:\/\/www.matriciel.be\/en\/wp-json\/wp\/v2\/dt_portfolio\/3385\/revisions\/4328"}],"wp:featuredmedia":[{"embeddable":true,"href":"https:\/\/www.matriciel.be\/en\/wp-json\/wp\/v2\/media\/3395"}],"wp:attachment":[{"href":"https:\/\/www.matriciel.be\/en\/wp-json\/wp\/v2\/media?parent=3385"}],"wp:term":[{"taxonomy":"dt_portfolio_category","embeddable":true,"href":"https:\/\/www.matriciel.be\/en\/wp-json\/wp\/v2\/dt_portfolio_category?post=3385"},{"taxonomy":"dt_portfolio_tags","embeddable":true,"href":"https:\/\/www.matriciel.be\/en\/wp-json\/wp\/v2\/dt_portfolio_tags?post=3385"}],"curies":[{"name":"wp","href":"https:\/\/api.w.org\/{rel}","templated":true}]}}