{"id":3996,"date":"2020-08-27T10:53:32","date_gmt":"2020-08-27T08:53:32","guid":{"rendered":"https:\/\/agencepoush-newmatriciel.pf503.wpserveur.net\/?post_type=dt_portfolio&#038;p=3996"},"modified":"2020-10-28T08:11:22","modified_gmt":"2020-10-28T07:11:22","slug":"coccinelles2","status":"publish","type":"dt_portfolio","link":"https:\/\/www.matriciel.be\/en\/projet\/coccinelles2\/","title":{"rendered":"Ensemble de logements &#8211; Coccinelles II"},"content":{"rendered":"<div class=\"wpb-content-wrapper\"><p>[vc_row margin_top=&#8221;-30px&#8221;][vc_column][vc_column_text css=&#8221;.vc_custom_1598436785903{margin-bottom: 20px !important;}&#8221; el_class=&#8221;custom-copyright&#8221;]<\/p>\n<p style=\"text-align: right;\">\u00a9 Georges De Kinder \/ Nathalie Van Eygen \/ MATRIciel , Ma\u00eetre d&#8217;ouvrage : Patrimmonia Real Estate sa \/ SPRL HVY INVEST, Architecte : Urban Platform<\/p>\n<p>[\/vc_column_text][\/vc_column][vc_column width=&#8221;1\/3&#8243; el_class=&#8221;custom-bold-list&#8221;][vc_column_text]<\/p>\n<h2 style=\"font-size: 25px; line-height: 32px; text-transform: none;\">Informations g\u00e9n\u00e9rales du projet<\/h2>\n<p>[\/vc_column_text][vc_column_text]<b>Ma\u00eetre de l&#8217;Ouvrage <\/b>: Patrimmonia Real Estate sa \/ SPRL HVY INVEST<\/p>\n<p><b>Programme : <\/b>ensemble de 23 logements<\/p>\n<p><b>Situation\u00a0<\/b>: Bruxelles<\/p>\n<p><b>Surface\u00a0<\/b>: 3.140 m<sup>2<\/sup><\/p>\n<p><b>Architectes <\/b>: Urban Platform<\/p>\n<p><b>Dates <\/b>: R\u00e9ception provisoire en juillet 2019[\/vc_column_text][vc_column_text]<\/p>\n<h2 style=\"font-size: 25px; line-height: 32px; text-transform: none;\">Missions de MATRI<em>ciel<\/em><\/h2>\n<p>[\/vc_column_text][vc_column_text]<b><\/b>Mission de guidance \u00e9nerg\u00e9tique<\/p>\n<p><b><\/b>Etudes des techniques sp\u00e9ciales (HVAC, \u00e9lectricit\u00e9, sanitaire, photovolta\u00efque), dossier d\u2019ex\u00e9cution, suivi de chantier, r\u00e9ception et mise en service<\/p>\n<p><b><\/b>Mission de Conseiller PEB<\/p>\n<p><b><\/b>Gestion de l&#8217;eau[\/vc_column_text][\/vc_column][vc_column width=&#8221;2\/3&#8243;][vc_column_text]<\/p>\n<h2>Description du projet<\/h2>\n<p>[\/vc_column_text][vc_column_text]<\/p>\n<div class=\"page\" title=\"Page 1\">\n<div class=\"layoutArea\">\n<div class=\"column\">\n<p>Le projet consiste en la construction d\u2019un ensemble d\u2019appartements situ\u00e9 au c\u0153ur d\u2019une parcelle bois\u00e9e \u00e0 Bruxelles.<\/p>\n<p>L\u2019\u00e9quipe de conception a cherch\u00e9 \u00e0 optimiser la pr\u00e9sence de la lumi\u00e8re naturelle dans les appartements et a con\u00e7u un ensemble alternatif de terrasses dans les quatre directions.<\/p>\n<h3 class=\"p3\">Performance \u00e9nerg\u00e9tique :<\/h3>\n<div class=\"page\" title=\"Page 2\">\n<div class=\"layoutArea\">\n<div class=\"column\">\n<ul>\n<li>Confort : L\u2019isolation a \u00e9t\u00e9 particuli\u00e8rement \u00e9tudi\u00e9e et toutes les techniques utilis\u00e9es permettent d\u2019offrir des \u00e9conomies d\u2019\u00e9nergie cons\u00e9quentes, ce qui a permis d\u2019obtenir 23 appartements r\u00e9pondant au standard Passif, dont 18 de classe \u00e9nerg\u00e9tique A<\/li>\n<li>Techniques sp\u00e9ciales :\n<ul>\n<li>Syst\u00e8me de ventilation m\u00e9canique double flux individuel par appartement<\/li>\n<li>Syst\u00e8me de chauffage et de production d\u2019eau chaude sanitaire centralis\u00e9<\/li>\n<li>Installation photovolta\u00efque pour alimenter les communs et les parkings<\/li>\n<\/ul>\n<\/li>\n<\/ul>\n<div class=\"page\" title=\"Page 3\">\n<div class=\"layoutArea\">\n<div class=\"column\">\n<div class=\"page\" title=\"Page 4\">\n<div class=\"layoutArea\">\n<div class=\"column\">\n<ul>\n<li>Gestion de l&#8217;eau : des syst\u00e8mes de r\u00e9cup\u00e9ration d\u2019eau de pluie et de r\u00e9tention ont \u00e9t\u00e9 mis en place sur le projet. Les 2 syst\u00e8mes ont \u00e9t\u00e9 combin\u00e9s en regroupant des citernes pr\u00e9fabriqu\u00e9es en b\u00e9ton \u00e9tant donn\u00e9 la difficult\u00e9 de manutention sur chantier. L&#8217;eau de pluie ainsi r\u00e9cup\u00e9r\u00e9e est utilis\u00e9e pour l\u2019arrosage des jardins ainsi que l\u2019entretien des communs.<\/li>\n<\/ul>\n<\/div>\n<\/div>\n<\/div>\n<\/div>\n<\/div>\n<\/div>\n<\/div>\n<\/div>\n<\/div>\n<\/div>\n<\/div>\n<\/div>\n<p>[\/vc_column_text][\/vc_column][\/vc_row]<\/p>\n<\/div>","protected":false},"excerpt":{"rendered":"<p><b>Coccinelles II<\/b><br \/>\n<b>MO <\/b>Patrimmonia Real Estate sa \/ SPRL HVY INVEST<br \/>\n<b>Ar <\/b>Urban Platform<\/p>\n","protected":false},"author":5,"featured_media":3997,"comment_status":"closed","ping_status":"closed","template":"","dt_portfolio_category":[178],"dt_portfolio_tags":[170,173],"class_list":["post-3996","dt_portfolio","type-dt_portfolio","status-publish","has-post-thumbnail","hentry","dt_portfolio_category-logement","dt_portfolio_tags-classe-energie-a","dt_portfolio_tags-techniques-speciales","dt_portfolio_category-178","description-off"],"yoast_head":"<!-- This site is optimized with the Yoast SEO plugin v27.5 - https:\/\/yoast.com\/product\/yoast-seo-wordpress\/ -->\n<title>Ensemble de logements - Coccinelles II - MATRIciel<\/title>\n<meta name=\"description\" content=\"Ensemble de logemnets de classe \u00e9nerg\u00e9tique A \u00e0 Bruxelles - Conception : UrbanPlatform - Ing\u00e9nierie TS et PEB : MATRIciel\" \/>\n<meta name=\"robots\" content=\"index, follow, max-snippet:-1, max-image-preview:large, max-video-preview:-1\" \/>\n<link rel=\"canonical\" href=\"https:\/\/www.matriciel.be\/projet\/coccinelles2\/\" \/>\n<meta property=\"og:locale\" content=\"en_US\" \/>\n<meta property=\"og:type\" content=\"article\" \/>\n<meta property=\"og:title\" content=\"Ensemble de logements - Coccinelles II - MATRIciel\" \/>\n<meta property=\"og:description\" content=\"Ensemble de logemnets de classe \u00e9nerg\u00e9tique A \u00e0 Bruxelles - Conception : UrbanPlatform - Ing\u00e9nierie TS et PEB : MATRIciel\" \/>\n<meta property=\"og:url\" content=\"https:\/\/www.matriciel.be\/projet\/coccinelles2\/\" \/>\n<meta property=\"og:site_name\" content=\"MATRIciel\" \/>\n<meta property=\"article:modified_time\" content=\"2020-10-28T07:11:22+00:00\" \/>\n<meta property=\"og:image\" content=\"https:\/\/www.matriciel.be\/wp-content\/uploads\/2020\/07\/UrbanPlatform-235.jpg\" \/>\n\t<meta property=\"og:image:width\" content=\"1200\" \/>\n\t<meta property=\"og:image:height\" content=\"800\" \/>\n\t<meta property=\"og:image:type\" content=\"image\/jpeg\" \/>\n<meta name=\"twitter:card\" content=\"summary_large_image\" \/>\n<meta name=\"twitter:label1\" content=\"Est. reading time\" \/>\n\t<meta name=\"twitter:data1\" content=\"2 minutes\" \/>\n<script type=\"application\/ld+json\" class=\"yoast-schema-graph\">{\"@context\":\"https:\\\/\\\/schema.org\",\"@graph\":[{\"@type\":\"WebPage\",\"@id\":\"https:\\\/\\\/www.matriciel.be\\\/projet\\\/coccinelles2\\\/\",\"url\":\"https:\\\/\\\/www.matriciel.be\\\/projet\\\/coccinelles2\\\/\",\"name\":\"Ensemble de logements - Coccinelles II - MATRIciel\",\"isPartOf\":{\"@id\":\"https:\\\/\\\/www.matriciel.be\\\/#website\"},\"primaryImageOfPage\":{\"@id\":\"https:\\\/\\\/www.matriciel.be\\\/projet\\\/coccinelles2\\\/#primaryimage\"},\"image\":{\"@id\":\"https:\\\/\\\/www.matriciel.be\\\/projet\\\/coccinelles2\\\/#primaryimage\"},\"thumbnailUrl\":\"https:\\\/\\\/www.matriciel.be\\\/wp-content\\\/uploads\\\/2020\\\/07\\\/UrbanPlatform-235.jpg\",\"datePublished\":\"2020-08-27T08:53:32+00:00\",\"dateModified\":\"2020-10-28T07:11:22+00:00\",\"description\":\"Ensemble de logemnets de classe \u00e9nerg\u00e9tique A \u00e0 Bruxelles - Conception : UrbanPlatform - Ing\u00e9nierie TS et PEB : MATRIciel\",\"breadcrumb\":{\"@id\":\"https:\\\/\\\/www.matriciel.be\\\/projet\\\/coccinelles2\\\/#breadcrumb\"},\"inLanguage\":\"en-US\",\"potentialAction\":[{\"@type\":\"ReadAction\",\"target\":[\"https:\\\/\\\/www.matriciel.be\\\/projet\\\/coccinelles2\\\/\"]}]},{\"@type\":\"ImageObject\",\"inLanguage\":\"en-US\",\"@id\":\"https:\\\/\\\/www.matriciel.be\\\/projet\\\/coccinelles2\\\/#primaryimage\",\"url\":\"https:\\\/\\\/www.matriciel.be\\\/wp-content\\\/uploads\\\/2020\\\/07\\\/UrbanPlatform-235.jpg\",\"contentUrl\":\"https:\\\/\\\/www.matriciel.be\\\/wp-content\\\/uploads\\\/2020\\\/07\\\/UrbanPlatform-235.jpg\",\"width\":1200,\"height\":800,\"caption\":\"Coccinelles II - 23 logements de classe \u00e9nerg\u00e9tique A - TS et PEB par MATRIciel\"},{\"@type\":\"BreadcrumbList\",\"@id\":\"https:\\\/\\\/www.matriciel.be\\\/projet\\\/coccinelles2\\\/#breadcrumb\",\"itemListElement\":[{\"@type\":\"ListItem\",\"position\":1,\"name\":\"Accueil\",\"item\":\"https:\\\/\\\/www.matriciel.be\\\/en\\\/\"},{\"@type\":\"ListItem\",\"position\":2,\"name\":\"Portfolio\",\"item\":\"https:\\\/\\\/www.matriciel.be\\\/nl\\\/projet\\\/\"},{\"@type\":\"ListItem\",\"position\":3,\"name\":\"Ensemble de logements &#8211; Coccinelles II\"}]},{\"@type\":\"WebSite\",\"@id\":\"https:\\\/\\\/www.matriciel.be\\\/#website\",\"url\":\"https:\\\/\\\/www.matriciel.be\\\/\",\"name\":\"MATRIciel\",\"description\":\"Bureau d&#039;\u00e9tude et de conseil en architecture durable\",\"potentialAction\":[{\"@type\":\"SearchAction\",\"target\":{\"@type\":\"EntryPoint\",\"urlTemplate\":\"https:\\\/\\\/www.matriciel.be\\\/?s={search_term_string}\"},\"query-input\":{\"@type\":\"PropertyValueSpecification\",\"valueRequired\":true,\"valueName\":\"search_term_string\"}}],\"inLanguage\":\"en-US\"}]}<\/script>\n<!-- \/ Yoast SEO plugin. -->","yoast_head_json":{"title":"Ensemble de logements - Coccinelles II - MATRIciel","description":"Ensemble de logemnets de classe \u00e9nerg\u00e9tique A \u00e0 Bruxelles - Conception : UrbanPlatform - Ing\u00e9nierie TS et PEB : MATRIciel","robots":{"index":"index","follow":"follow","max-snippet":"max-snippet:-1","max-image-preview":"max-image-preview:large","max-video-preview":"max-video-preview:-1"},"canonical":"https:\/\/www.matriciel.be\/projet\/coccinelles2\/","og_locale":"en_US","og_type":"article","og_title":"Ensemble de logements - Coccinelles II - MATRIciel","og_description":"Ensemble de logemnets de classe \u00e9nerg\u00e9tique A \u00e0 Bruxelles - Conception : UrbanPlatform - Ing\u00e9nierie TS et PEB : MATRIciel","og_url":"https:\/\/www.matriciel.be\/projet\/coccinelles2\/","og_site_name":"MATRIciel","article_modified_time":"2020-10-28T07:11:22+00:00","og_image":[{"width":1200,"height":800,"url":"https:\/\/www.matriciel.be\/wp-content\/uploads\/2020\/07\/UrbanPlatform-235.jpg","type":"image\/jpeg"}],"twitter_card":"summary_large_image","twitter_misc":{"Est. reading time":"2 minutes"},"schema":{"@context":"https:\/\/schema.org","@graph":[{"@type":"WebPage","@id":"https:\/\/www.matriciel.be\/projet\/coccinelles2\/","url":"https:\/\/www.matriciel.be\/projet\/coccinelles2\/","name":"Ensemble de logements - Coccinelles II - MATRIciel","isPartOf":{"@id":"https:\/\/www.matriciel.be\/#website"},"primaryImageOfPage":{"@id":"https:\/\/www.matriciel.be\/projet\/coccinelles2\/#primaryimage"},"image":{"@id":"https:\/\/www.matriciel.be\/projet\/coccinelles2\/#primaryimage"},"thumbnailUrl":"https:\/\/www.matriciel.be\/wp-content\/uploads\/2020\/07\/UrbanPlatform-235.jpg","datePublished":"2020-08-27T08:53:32+00:00","dateModified":"2020-10-28T07:11:22+00:00","description":"Ensemble de logemnets de classe \u00e9nerg\u00e9tique A \u00e0 Bruxelles - Conception : UrbanPlatform - Ing\u00e9nierie TS et PEB : MATRIciel","breadcrumb":{"@id":"https:\/\/www.matriciel.be\/projet\/coccinelles2\/#breadcrumb"},"inLanguage":"en-US","potentialAction":[{"@type":"ReadAction","target":["https:\/\/www.matriciel.be\/projet\/coccinelles2\/"]}]},{"@type":"ImageObject","inLanguage":"en-US","@id":"https:\/\/www.matriciel.be\/projet\/coccinelles2\/#primaryimage","url":"https:\/\/www.matriciel.be\/wp-content\/uploads\/2020\/07\/UrbanPlatform-235.jpg","contentUrl":"https:\/\/www.matriciel.be\/wp-content\/uploads\/2020\/07\/UrbanPlatform-235.jpg","width":1200,"height":800,"caption":"Coccinelles II - 23 logements de classe \u00e9nerg\u00e9tique A - TS et PEB par MATRIciel"},{"@type":"BreadcrumbList","@id":"https:\/\/www.matriciel.be\/projet\/coccinelles2\/#breadcrumb","itemListElement":[{"@type":"ListItem","position":1,"name":"Accueil","item":"https:\/\/www.matriciel.be\/en\/"},{"@type":"ListItem","position":2,"name":"Portfolio","item":"https:\/\/www.matriciel.be\/nl\/projet\/"},{"@type":"ListItem","position":3,"name":"Ensemble de logements &#8211; Coccinelles II"}]},{"@type":"WebSite","@id":"https:\/\/www.matriciel.be\/#website","url":"https:\/\/www.matriciel.be\/","name":"MATRIciel","description":"Bureau d&#039;\u00e9tude et de conseil en architecture durable","potentialAction":[{"@type":"SearchAction","target":{"@type":"EntryPoint","urlTemplate":"https:\/\/www.matriciel.be\/?s={search_term_string}"},"query-input":{"@type":"PropertyValueSpecification","valueRequired":true,"valueName":"search_term_string"}}],"inLanguage":"en-US"}]}},"jetpack_sharing_enabled":true,"_links":{"self":[{"href":"https:\/\/www.matriciel.be\/en\/wp-json\/wp\/v2\/dt_portfolio\/3996","targetHints":{"allow":["GET"]}}],"collection":[{"href":"https:\/\/www.matriciel.be\/en\/wp-json\/wp\/v2\/dt_portfolio"}],"about":[{"href":"https:\/\/www.matriciel.be\/en\/wp-json\/wp\/v2\/types\/dt_portfolio"}],"author":[{"embeddable":true,"href":"https:\/\/www.matriciel.be\/en\/wp-json\/wp\/v2\/users\/5"}],"replies":[{"embeddable":true,"href":"https:\/\/www.matriciel.be\/en\/wp-json\/wp\/v2\/comments?post=3996"}],"version-history":[{"count":3,"href":"https:\/\/www.matriciel.be\/en\/wp-json\/wp\/v2\/dt_portfolio\/3996\/revisions"}],"predecessor-version":[{"id":4073,"href":"https:\/\/www.matriciel.be\/en\/wp-json\/wp\/v2\/dt_portfolio\/3996\/revisions\/4073"}],"wp:featuredmedia":[{"embeddable":true,"href":"https:\/\/www.matriciel.be\/en\/wp-json\/wp\/v2\/media\/3997"}],"wp:attachment":[{"href":"https:\/\/www.matriciel.be\/en\/wp-json\/wp\/v2\/media?parent=3996"}],"wp:term":[{"taxonomy":"dt_portfolio_category","embeddable":true,"href":"https:\/\/www.matriciel.be\/en\/wp-json\/wp\/v2\/dt_portfolio_category?post=3996"},{"taxonomy":"dt_portfolio_tags","embeddable":true,"href":"https:\/\/www.matriciel.be\/en\/wp-json\/wp\/v2\/dt_portfolio_tags?post=3996"}],"curies":[{"name":"wp","href":"https:\/\/api.w.org\/{rel}","templated":true}]}}