{"id":4444,"date":"2017-12-14T10:00:41","date_gmt":"2017-12-14T09:00:41","guid":{"rendered":"https:\/\/agencepoush-newmatriciel.pf503.wpserveur.net\/jobs\/"},"modified":"2024-04-15T17:15:21","modified_gmt":"2024-04-15T15:15:21","slug":"jobs","status":"publish","type":"page","link":"https:\/\/www.matriciel.be\/en\/jobs\/","title":{"rendered":"Jobs"},"content":{"rendered":"<div class=\"wpb-content-wrapper\"><p>[vc_row type=&#8221;vc_default&#8221; full_width=&#8221;stretch_row_content&#8221; margin_top=&#8221;-45&#8243;][vc_column css=&#8221;.vc_custom_1603873567990{padding-top: 0px !important;}&#8221;][vc_column_text el_class=&#8221;custom-copyright&#8221;]<\/p>\n<p style=\"text-align: right;\">\u00a9<strong>MATRI<\/strong><em>ciel<\/em> in teambuilding<\/p>\n<p>[\/vc_column_text][\/vc_column][\/vc_row][vc_row margin_top=&#8221;10&#8243; margin_bottom=&#8221;30&#8243; css=&#8221;.vc_custom_1602235147522{margin-bottom: 30px !important;}&#8221;][vc_column width=&#8221;2\/3&#8243;][vc_column_text]<\/p>\n<h2 class=\"custom-square\">MATRIciel engage<\/h2>\n<p>[\/vc_column_text][vc_column_text]<\/p>\n<h3><strong>Un.e Responsable de projets en techniques sp\u00e9ciales du b\u00e2timent (h\/f\/x)<\/strong><\/h3>\n<p>[\/vc_column_text][vc_row_inner][vc_column_inner width=&#8221;1\/4&#8243;]<div class=\"dt-fancy-separator title-right h4-size accent-title-color\" style=\"width: 100%;\"><div class=\"dt-fancy-title\"><span class=\"separator-holder separator-left\"><\/span>Presentation<span class=\"separator-holder separator-right\"><\/span><\/div><\/div>[\/vc_column_inner][vc_column_inner width=&#8221;3\/4&#8243;][vc_column_text css=&#8221;&#8221;]MATRIciel by Oteis est un bureau d\u2019\u00e9tudes et de conseils en b\u00e2timents durables cr\u00e9\u00e9 en 2005 par des chercheurs de la cellule de recherche Architecture et Climat de l\u2019UCLouvain souhaitant mettre les outils acad\u00e9miques au service du secteur du b\u00e2timent.<\/p>\n<p>MATRIciel by Oteis vise \u00e0 neutraliser l\u2019impact environnemental des b\u00e2timents tout en assurant le confort, la sant\u00e9 et le bien-\u00eatre des occupants.<\/p>\n<p>MATRIciel by Oteis participe \u00e0 la conception de lieux frugaux en \u00e9nergie, en mati\u00e8re et en technicit\u00e9, de l\u2019\u00e9chelle du b\u00e2timent \u00e0 celle du territoire.<\/p>\n<p>L\u2019\u00e9quipe compte actuellement 20 collaborateurs\u00a0qui disposent de comp\u00e9tences et d\u2019exp\u00e9riences compl\u00e9mentaires\u00a0: techniques sp\u00e9ciales (MEP), performance \u00e9nerg\u00e9tique, \u00e9nergies renouvelables, conception bas carbone, physique du b\u00e2timent, gestion de l\u2019eau, mat\u00e9riaux, \u00e9conomie circulaire, biodiversit\u00e9, certification environnementale.<\/p>\n<p>Dans le cadre de son d\u00e9veloppement, l\u2019entreprise souhaite renforcer le P\u00f4le techniques sp\u00e9ciales de son \u00e9quipe jeune, dynamique et passionn\u00e9e par une personne motiv\u00e9e et sensible \u00e0 la transition \u00e9cologique, employ\u00e9e \u00e0 temps plein (si\u00e8ge social \u00e0 Louvain-la-Neuve).[\/vc_column_text][\/vc_column_inner][\/vc_row_inner][vc_row_inner][vc_column_inner width=&#8221;1\/4&#8243;]<div class=\"dt-fancy-separator title-right h4-size accent-title-color\" style=\"width: 100%;\"><div class=\"dt-fancy-title\"><span class=\"separator-holder separator-left\"><\/span>Description<span class=\"separator-holder separator-right\"><\/span><\/div><\/div>[\/vc_column_inner][vc_column_inner width=&#8221;3\/4&#8243;][vc_column_text]<\/p>\n<ul>\n<li>En tant que responsable de projets, vous \u00eates responsable du suivi complet de vos projets concernant les techniques sp\u00e9ciales du b\u00e2timent (HVAC, sanitaire, \u00e9lectricit\u00e9, etc.). Cela commence d\u00e8s la conceptualisation et se poursuit jusqu\u2019\u00e0 la livraison et le suivi de la mise en route.<\/li>\n<li>Vous travaillez en \u00e9troite collaboration avec vos coll\u00e8gues ing\u00e9nieurs pendant la phase de conception et faites le lien avec le client et les architectes.<\/li>\n<li>Vous participez \u00e0 la conceptualisation et prenez part \u00e0 cette \u00e9tude en concertation avec vos coll\u00e8gues ing\u00e9nieurs.<\/li>\n<li>Vous g\u00e9rez et participez \u00e0 la phase de conception (calcul et conception) et \u00e0 l\u2019\u00e9laboration des cahiers des charges.<\/li>\n<li>Gr\u00e2ce \u00e0 vos connaissances techniques, vous conseillez judicieusement l\u2019architecte et le ma\u00eetre de l\u2019ouvrage sur les possibilit\u00e9s de leur projet de construction. Pour vous, l\u2019accent est mis sur la durabilit\u00e9.<\/li>\n<li>Vous assistez aux r\u00e9unions de chantier et \u00e9valuez les dossiers d\u2019ex\u00e9cution avec le ma\u00eetre de l\u2019ouvrage et l\u2019architecte.<\/li>\n<li>Sur place, vous assurez un suivi technique approfondi des travaux et surveillez la bonne ex\u00e9cution de la conception et la qualit\u00e9 de l\u2019ex\u00e9cution.<\/li>\n<li>En tant que pivot, vous assurez une communication claire avec vos coll\u00e8gues internes, l\u2019architecte et le ma\u00eetre de l\u2019ouvrage.<\/li>\n<li>Vous travaillez en \u00e9quipe \u00e0 d\u2019autres missions concr\u00e8tes : audits \u00e9nerg\u00e9tiques, \u00e9tudes de faisabilit\u00e9 technico-\u00e9conomiques en \u00e9nergies renouvelables, analyses co\u00fbt-efficacit\u00e9, commissionnement, suivi de consommations \u00e9nerg\u00e9tiques, dossiers de soumission\/ex\u00e9cution en techniques sp\u00e9ciales, estimations, suivi de chantiers, \u2026<\/li>\n<li>Vous participez au sein de l\u2019\u00e9quipe \u00e0 la r\u00e9flexion sur l\u2019ensemble de la conception durable et bas carbone des projets.<\/li>\n<li>Vous challengez les demandes et faites des propositions d\u2019optimisation.<\/li>\n<li>Vous participez activement \u00e0 l\u2019\u00e9volution des outils informatiques de conception et de simulation.<\/li>\n<\/ul>\n<p>[\/vc_column_text][\/vc_column_inner][\/vc_row_inner][vc_row_inner][vc_column_inner width=&#8221;1\/4&#8243;]<div class=\"dt-fancy-separator title-right h4-size accent-title-color\" style=\"width: 100%;\"><div class=\"dt-fancy-title\"><span class=\"separator-holder separator-left\"><\/span>Votre profil<span class=\"separator-holder separator-right\"><\/span><\/div><\/div>[\/vc_column_inner][vc_column_inner width=&#8221;3\/4&#8243;][vc_column_text css=&#8221;&#8221;]<\/p>\n<ul>\n<li>Vous \u00eates titulaire d\u2019un Master en sciences de l\u2019ing\u00e9nieur, option ing\u00e9nieur civil ou industriel, ou \u00e9quivalent.<\/li>\n<li>Vous avez minimum 5 ans d\u2019exp\u00e9rience professionnelle dans un bureau d\u2019\u00e9tudes ou chez un installateur en tant que responsable de projets en techniques sp\u00e9ciales.<\/li>\n<li>Vous avez de bonnes connaissances techniques en mati\u00e8re d\u2019HVAC, de sanitaire et d\u2019\u00e9lectricit\u00e9 et vous aimez apprendre.<\/li>\n<li>Vous avez un sens \u00e9lev\u00e9 des responsabilit\u00e9s et savez vous organiser pour mener \u00e0 bien plusieurs projets simultan\u00e9ment.<\/li>\n<li>Vous \u00eates un bon communicateur et vous utilisez vos comp\u00e9tences relationnelles pour une coop\u00e9ration harmonieuse.<\/li>\n<li>Vous \u00eates \u00e0 l\u2019aise avec les outils informatiques, maitrisez les outils Microsoft Office les plus courants (Word et Excel) et apprenez rapidement \u00e0 travailler avec de nouveaux logiciels.<\/li>\n<li>Vous \u00eates familier avec les logiciels AutoCAD ou Revit.<\/li>\n<li>Vous \u00eates capable de comprendre des plans d\u2019architecture et de stabilit\u00e9.<\/li>\n<li>Vous travaillez de mani\u00e8re m\u00e9ticuleuse et d\u00e9taill\u00e9e.<\/li>\n<li>Vous \u00eates \u00e0 m\u00eame d\u2019analyser rapidement des donn\u00e9es et de les utiliser pour r\u00e9aliser vos missions.<\/li>\n<li>Vous faites preuve d\u2019autonomie au travail et \u00eates dispos\u00e9 \u00e0 apprendre de nouvelles choses par vous-m\u00eame.<\/li>\n<li>Vous prenez les choses en main de votre propre initiative et proposez des solutions de mani\u00e8re proactive.<\/li>\n<li>Vous contribuez activement \u00e0 cr\u00e9er un bon esprit d\u2019\u00e9quipe et \u00e0 atteindre des r\u00e9sultats collectifs.<\/li>\n<li>Vous vous int\u00e9ressez \u00e0 la construction durable, \u00e0 la transition \u00e9cologique et aux nouvelles technologies \u00e9conomes en \u00e9nergie.<\/li>\n<li>\u00catre bilingue fran\u00e7ais-n\u00e9erlandais ou avoir une connaissance active de la deuxi\u00e8me langue nationale est un atout.<\/li>\n<li>Avoir suivi les formations ATIC est un plus.<\/li>\n<\/ul>\n<p>En plus du salaire, MATRIciel by Oteis propose :<\/p>\n<ul>\n<li>Des ch\u00e8ques-repas et des ch\u00e8ques-cadeaux de fin d\u2019ann\u00e9e ;<\/li>\n<li>Un double p\u00e9cule de vacances et un treizi\u00e8me mois ;<\/li>\n<li>Le remboursement \u00e0 100 % des d\u00e9placements en transports en commun ainsi qu\u2019une indemnit\u00e9 pour les d\u00e9placements r\u00e9alis\u00e9s \u00e0 v\u00e9lo ;<\/li>\n<li>Un abonnement \u00e0 un syst\u00e8me de voitures partag\u00e9es (Cambio) pour les d\u00e9placements professionnels\u00a0;<\/li>\n<li>2 jours de t\u00e9l\u00e9travail par semaine ainsi qu\u2019une indemnit\u00e9 pour celui-ci ;<\/li>\n<li>6 jours de repos compensatoires annuels pour des prestations effectives de 39 heures par semaine\u00a0;<\/li>\n<li>Un horaire de travail flexible et la possibilit\u00e9 de r\u00e9cup\u00e9rer les heures suppl\u00e9mentaires\u00a0;<\/li>\n<li>Une assurance hospitalisation et une assurance groupe (\u00e0 partir du CDI).<\/li>\n<\/ul>\n<p>[\/vc_column_text][\/vc_column_inner][\/vc_row_inner][vc_row_inner][vc_column_inner width=&#8221;1\/4&#8243;]<div class=\"dt-fancy-separator title-right h4-size accent-title-color\" style=\"width: 100%;\"><div class=\"dt-fancy-title\"><span class=\"separator-holder separator-left\"><\/span>Posez votre candidature<span class=\"separator-holder separator-right\"><\/span><\/div><\/div>[\/vc_column_inner][vc_column_inner width=&#8221;3\/4&#8243;][vc_column_text]Adressez votre CV, accompagn\u00e9 d\u2019une lettre de motivation, \u00e0 Arnaud BERTRAND par e-mail :\u00a0<a href=\"mailto:bertrand@matriciel.be\">bertrand@matriciel.be<\/a>.<\/p>\n<p>Une r\u00e9ponse ne sera envoy\u00e9e qu\u2019aux candidats r\u00e9pondant au profil ci-dessus.<\/p>\n<p>&nbsp;<\/p>\n<p>Conform\u00e9ment au RGPD, tout candidat dispose d\u2019un droit d\u2019acc\u00e8s et peut obtenir communication, rectification ou suppression des informations le concernant.[\/vc_column_text]<style type=\"text\/css\" data-type=\"the7_shortcodes-inline-css\">#default-btn-10d68d11e94f7168dc2f42d9a8a4c61b.ico-right-side > i {\n  margin-right: 0px;\n  margin-left: 8px;\n}\n#default-btn-10d68d11e94f7168dc2f42d9a8a4c61b > i {\n  margin-right: 8px;\n}\n<\/style><a href=\"mailto:bertrand@matriciel.be?subject=Un.e Responsable de projets en techniques sp\u00e9ciales du b\u00e2timent (h\/f\/x)\" class=\"default-btn-shortcode dt-btn dt-btn-m link-hover-off btn-inline-left \" target=\"_blank\" id=\"default-btn-10d68d11e94f7168dc2f42d9a8a4c61b\" rel=\"noopener\"><span>Postuler<\/span><\/a>[\/vc_column_inner][\/vc_row_inner][\/vc_column][vc_column width=&#8221;1\/3&#8243;][vc_widget_sidebar sidebar_id=&#8221;sidebar_3&#8243;][\/vc_column][\/vc_row][vc_row margin_bottom=&#8221;30&#8243;][vc_column width=&#8221;2\/3&#8243;][vc_separator][vc_column_text]<\/p>\n<h3><strong>Un.e Ing\u00e9nieur.e en techniques sp\u00e9ciales du b\u00e2timent durable (h\/f\/x)<\/strong><\/h3>\n<p>[\/vc_column_text][vc_row_inner][vc_column_inner width=&#8221;1\/4&#8243;]<div class=\"dt-fancy-separator title-right h4-size accent-title-color\" style=\"width: 100%;\"><div class=\"dt-fancy-title\"><span class=\"separator-holder separator-left\"><\/span>Description<span class=\"separator-holder separator-right\"><\/span><\/div><\/div>[\/vc_column_inner][vc_column_inner width=&#8221;3\/4&#8243;][vc_column_text]<\/p>\n<ul>\n<li>Vous participez activement \u00e0 des projets de construction d\u2019envergure et ce dans toutes les phases du processus, de l\u2019esquisse aux r\u00e9ceptions.<\/li>\n<li>Vous effectuez des dimensionnements d\u2019installations techniques et d\u2019installations de production d\u2019\u00e9nergie renouvelable, vous concevez des sch\u00e9mas de principe et des plans techniques, vous r\u00e9digez des articles de cahiers de charges techniques, vous \u00e9laborez des m\u00e9tr\u00e9s et des estimations budg\u00e9taires dans le cadre de dossiers de soumission.<\/li>\n<li>Vous participez activement aux r\u00e9unions de travail de l\u2019\u00e9quipe de construction, vous assurez le suivi du chantier et surveillez la bonne ex\u00e9cution de la conception et la qualit\u00e9 de l\u2019ex\u00e9cution.<\/li>\n<li>Vous travaillez en \u00e9quipe \u00e0 des missions concr\u00e8tes : audits \u00e9nerg\u00e9tiques, \u00e9tudes de faisabilit\u00e9 technico-\u00e9conomiques en \u00e9nergies renouvelables, analyses co\u00fbt-efficacit\u00e9, commissionnement, suivi de consommations \u00e9nerg\u00e9tiques, dossiers de soumission\/ex\u00e9cution en techniques sp\u00e9ciales, estimations, suivi de chantiers, \u2026<\/li>\n<li>Vous participez au sein de l\u2019\u00e9quipe \u00e0 la r\u00e9flexion sur l\u2019ensemble de la conception durable et bas carbone des projets.<\/li>\n<li>Vous challengez les demandes et faites des propositions d\u2019optimisation.<\/li>\n<li>Vous participez activement \u00e0 l\u2019\u00e9volution de vos outils informatiques de conception et de simulation.<\/li>\n<li>Vous mettez tout en \u0153uvre pour une collaboration efficace avec les clients.<\/li>\n<\/ul>\n<p>[\/vc_column_text][\/vc_column_inner][\/vc_row_inner][vc_row_inner][vc_column_inner width=&#8221;1\/4&#8243;]<div class=\"dt-fancy-separator title-right h4-size accent-title-color\" style=\"width: 100%;\"><div class=\"dt-fancy-title\"><span class=\"separator-holder separator-left\"><\/span>Votre profil<span class=\"separator-holder separator-right\"><\/span><\/div><\/div>[\/vc_column_inner][vc_column_inner width=&#8221;3\/4&#8243;][vc_column_text css=&#8221;&#8221;]<\/p>\n<ul>\n<li>Vous \u00eates titulaire d\u2019un Master en sciences de l\u2019ing\u00e9nieur, option ing\u00e9nieur civil ou industriel, ou \u00e9quivalent.<\/li>\n<li>Vous avez une premi\u00e8re exp\u00e9rience professionnelle dans un bureau d\u2019\u00e9tudes ou chez un installateur en tant qu\u2019ing\u00e9nieur en techniques sp\u00e9ciales.<\/li>\n<li>Vous \u00eates \u00e0 l\u2019aise avec les outils informatiques, maitrisez les outils Microsoft Office les plus courants (Word et Excel) et apprenez rapidement \u00e0 travailler avec de nouveaux logiciels.<\/li>\n<li>Vous \u00eates familier avec les logiciels AutoCAD ou Revit.<\/li>\n<li>Vous \u00eates capable de comprendre des plans d\u2019architecture et de stabilit\u00e9.<\/li>\n<li>Vous travaillez de mani\u00e8re m\u00e9ticuleuse et d\u00e9taill\u00e9e.<\/li>\n<li>Vous \u00eates \u00e0 m\u00eame d\u2019analyser rapidement des donn\u00e9es et de les utiliser pour r\u00e9aliser vos missions.<\/li>\n<li>Vous faites preuve d\u2019autonomie au travail et \u00eates dispos\u00e9 \u00e0 apprendre de nouvelles choses par vous-m\u00eame.<\/li>\n<li>Vous prenez les choses en main de votre propre initiative et proposez des solutions de mani\u00e8re proactive.<\/li>\n<li>Vous contribuez activement \u00e0 cr\u00e9er un bon esprit d\u2019\u00e9quipe et \u00e0 atteindre des r\u00e9sultats collectifs.<\/li>\n<li>Vous vous int\u00e9ressez \u00e0 la construction durable, \u00e0 la transition \u00e9cologique et aux nouvelles technologies \u00e9conomes en \u00e9nergie.<\/li>\n<li>\u00catre bilingue fran\u00e7ais-n\u00e9erlandais ou avoir une connaissance active de la deuxi\u00e8me langue nationale est un atout.<\/li>\n<li>Avoir suivi les formations ATIC est un plus.<\/li>\n<\/ul>\n<p>En plus du salaire, MATRIciel by Oteis propose :<\/p>\n<ul>\n<li>Des ch\u00e8ques-repas et des ch\u00e8ques-cadeaux de fin d\u2019ann\u00e9e ;<\/li>\n<li>Un double p\u00e9cule de vacances et un treizi\u00e8me mois ;<\/li>\n<li>Le remboursement \u00e0 100 % des d\u00e9placements en transports en commun ainsi qu\u2019une indemnit\u00e9 pour les d\u00e9placements r\u00e9alis\u00e9s \u00e0 v\u00e9lo ;<\/li>\n<li>Un abonnement \u00e0 un syst\u00e8me de voitures partag\u00e9es (Cambio) pour les d\u00e9placements professionnels\u00a0;<\/li>\n<li>2 jours de t\u00e9l\u00e9travail par semaine ainsi qu\u2019une indemnit\u00e9 pour celui-ci ;<\/li>\n<li>6 jours de repos compensatoires annuels pour des prestations effectives de 39 heures par semaine\u00a0;<\/li>\n<li>Un horaire de travail flexible et la possibilit\u00e9 de r\u00e9cup\u00e9rer les heures suppl\u00e9mentaires\u00a0;<\/li>\n<li>Une assurance hospitalisation et une assurance groupe (\u00e0 partir du CDI).<\/li>\n<\/ul>\n<p>[\/vc_column_text][\/vc_column_inner][\/vc_row_inner][vc_row_inner][vc_column_inner width=&#8221;1\/4&#8243;]<div class=\"dt-fancy-separator title-right h4-size accent-title-color\" style=\"width: 100%;\"><div class=\"dt-fancy-title\"><span class=\"separator-holder separator-left\"><\/span>Posez votre candidature<span class=\"separator-holder separator-right\"><\/span><\/div><\/div>[\/vc_column_inner][vc_column_inner width=&#8221;3\/4&#8243;][vc_column_text]Adressez votre CV, accompagn\u00e9 d\u2019une lettre de motivation, \u00e0 Arnaud BERTRAND par e-mail :\u00a0<a href=\"mailto:bertrand@matriciel.be\">bertrand@matriciel.be<\/a>.<\/p>\n<p>Une r\u00e9ponse ne sera envoy\u00e9e qu\u2019aux candidats r\u00e9pondant au profil ci-dessus.<\/p>\n<p>&nbsp;<\/p>\n<p>Conform\u00e9ment au RGPD, tout candidat dispose d\u2019un droit d\u2019acc\u00e8s et peut obtenir communication, rectification ou suppression des informations le concernant.[\/vc_column_text]<style type=\"text\/css\" data-type=\"the7_shortcodes-inline-css\">#default-btn-22bbf729749519333ae495fe84d08abb.ico-right-side > i {\n  margin-right: 0px;\n  margin-left: 8px;\n}\n#default-btn-22bbf729749519333ae495fe84d08abb > i {\n  margin-right: 8px;\n}\n<\/style><a href=\"mailto:bertrand@matriciel.be?subject=Un.e Ing\u00e9nieur.e en techniques sp\u00e9ciales du b\u00e2timent durable (h\/f\/x)\" class=\"default-btn-shortcode dt-btn dt-btn-m link-hover-off btn-inline-left \" target=\"_blank\" id=\"default-btn-22bbf729749519333ae495fe84d08abb\" rel=\"noopener\"><span>Postuler<\/span><\/a>[\/vc_column_inner][\/vc_row_inner][\/vc_column][\/vc_row]<\/p>\n<\/div>","protected":false},"excerpt":{"rendered":"<p>[vc_row type=&#8221;vc_default&#8221; full_width=&#8221;stretch_row_content&#8221; margin_top=&#8221;-45&#8243;][vc_column css=&#8221;.vc_custom_1603873567990{padding-top: 0px !important;}&#8221;][vc_column_text el_class=&#8221;custom-copyright&#8221;] \u00a9MATRIciel in teambuilding [\/vc_column_text][\/vc_column][\/vc_row][vc_row margin_top=&#8221;10&#8243; margin_bottom=&#8221;30&#8243; css=&#8221;.vc_custom_1602235147522{margin-bottom: 30px !important;}&#8221;][vc_column width=&#8221;2\/3&#8243;][vc_column_text] MATRIciel engage [\/vc_column_text][vc_column_text] Un.e Responsable de projets en techniques sp\u00e9ciales du b\u00e2timent (h\/f\/x) [\/vc_column_text][vc_row_inner][vc_column_inner width=&#8221;1\/4&#8243;][\/vc_column_inner][vc_column_inner width=&#8221;3\/4&#8243;][vc_column_text css=&#8221;&#8221;]MATRIciel by Oteis est un bureau d\u2019\u00e9tudes et de conseils en b\u00e2timents durables cr\u00e9\u00e9 en 2005 par des chercheurs de la&hellip;<\/p>\n","protected":false},"author":4,"featured_media":0,"parent":0,"menu_order":7,"comment_status":"closed","ping_status":"closed","template":"","meta":{"footnotes":""},"class_list":["post-4444","page","type-page","status-publish","hentry","description-off"],"yoast_head":"<!-- This site is optimized with the Yoast SEO plugin v27.5 - https:\/\/yoast.com\/product\/yoast-seo-wordpress\/ -->\n<title>MATRIciel by Oteis \u2013 Jobs<\/title>\n<meta name=\"description\" content=\"MATRIciel by Oteis : we are always looking for new talent to bolster our teams.\" \/>\n<meta name=\"robots\" content=\"index, follow, max-snippet:-1, max-image-preview:large, max-video-preview:-1\" \/>\n<link rel=\"canonical\" href=\"https:\/\/www.matriciel.be\/en\/jobs\/\" \/>\n<meta property=\"og:locale\" content=\"en_US\" \/>\n<meta property=\"og:type\" content=\"article\" \/>\n<meta property=\"og:title\" content=\"Rejoignez l&#039;\u00e9quipe de MATRIciel\" \/>\n<meta property=\"og:description\" content=\"Nous sommes toujours \u00e0 la recherche de nouveaux talents pour renforcer nos \u00e9quipes.\" \/>\n<meta property=\"og:url\" content=\"https:\/\/www.matriciel.be\/en\/jobs\/\" \/>\n<meta property=\"og:site_name\" content=\"MATRIciel\" \/>\n<meta property=\"article:modified_time\" content=\"2024-04-15T15:15:21+00:00\" \/>\n<meta name=\"twitter:card\" content=\"summary_large_image\" \/>\n<meta name=\"twitter:label1\" content=\"Est. reading time\" \/>\n\t<meta name=\"twitter:data1\" content=\"8 minutes\" \/>\n<script type=\"application\/ld+json\" class=\"yoast-schema-graph\">{\"@context\":\"https:\\\/\\\/schema.org\",\"@graph\":[{\"@type\":\"WebPage\",\"@id\":\"https:\\\/\\\/www.matriciel.be\\\/en\\\/jobs\\\/\",\"url\":\"https:\\\/\\\/www.matriciel.be\\\/en\\\/jobs\\\/\",\"name\":\"MATRIciel by Oteis \u2013 Jobs\",\"isPartOf\":{\"@id\":\"https:\\\/\\\/www.matriciel.be\\\/#website\"},\"datePublished\":\"2017-12-14T09:00:41+00:00\",\"dateModified\":\"2024-04-15T15:15:21+00:00\",\"description\":\"MATRIciel by Oteis : we are always looking for new talent to bolster our teams.\",\"breadcrumb\":{\"@id\":\"https:\\\/\\\/www.matriciel.be\\\/en\\\/jobs\\\/#breadcrumb\"},\"inLanguage\":\"en-US\",\"potentialAction\":[{\"@type\":\"ReadAction\",\"target\":[\"https:\\\/\\\/www.matriciel.be\\\/en\\\/jobs\\\/\"]}]},{\"@type\":\"BreadcrumbList\",\"@id\":\"https:\\\/\\\/www.matriciel.be\\\/en\\\/jobs\\\/#breadcrumb\",\"itemListElement\":[{\"@type\":\"ListItem\",\"position\":1,\"name\":\"Accueil\",\"item\":\"https:\\\/\\\/www.matriciel.be\\\/en\\\/\"},{\"@type\":\"ListItem\",\"position\":2,\"name\":\"Jobs\"}]},{\"@type\":\"WebSite\",\"@id\":\"https:\\\/\\\/www.matriciel.be\\\/#website\",\"url\":\"https:\\\/\\\/www.matriciel.be\\\/\",\"name\":\"MATRIciel\",\"description\":\"Bureau d&#039;\u00e9tude et de conseil en architecture durable\",\"potentialAction\":[{\"@type\":\"SearchAction\",\"target\":{\"@type\":\"EntryPoint\",\"urlTemplate\":\"https:\\\/\\\/www.matriciel.be\\\/?s={search_term_string}\"},\"query-input\":{\"@type\":\"PropertyValueSpecification\",\"valueRequired\":true,\"valueName\":\"search_term_string\"}}],\"inLanguage\":\"en-US\"}]}<\/script>\n<!-- \/ Yoast SEO plugin. -->","yoast_head_json":{"title":"MATRIciel by Oteis \u2013 Jobs","description":"MATRIciel by Oteis : we are always looking for new talent to bolster our teams.","robots":{"index":"index","follow":"follow","max-snippet":"max-snippet:-1","max-image-preview":"max-image-preview:large","max-video-preview":"max-video-preview:-1"},"canonical":"https:\/\/www.matriciel.be\/en\/jobs\/","og_locale":"en_US","og_type":"article","og_title":"Rejoignez l'\u00e9quipe de MATRIciel","og_description":"Nous sommes toujours \u00e0 la recherche de nouveaux talents pour renforcer nos \u00e9quipes.","og_url":"https:\/\/www.matriciel.be\/en\/jobs\/","og_site_name":"MATRIciel","article_modified_time":"2024-04-15T15:15:21+00:00","twitter_card":"summary_large_image","twitter_misc":{"Est. reading time":"8 minutes"},"schema":{"@context":"https:\/\/schema.org","@graph":[{"@type":"WebPage","@id":"https:\/\/www.matriciel.be\/en\/jobs\/","url":"https:\/\/www.matriciel.be\/en\/jobs\/","name":"MATRIciel by Oteis \u2013 Jobs","isPartOf":{"@id":"https:\/\/www.matriciel.be\/#website"},"datePublished":"2017-12-14T09:00:41+00:00","dateModified":"2024-04-15T15:15:21+00:00","description":"MATRIciel by Oteis : we are always looking for new talent to bolster our teams.","breadcrumb":{"@id":"https:\/\/www.matriciel.be\/en\/jobs\/#breadcrumb"},"inLanguage":"en-US","potentialAction":[{"@type":"ReadAction","target":["https:\/\/www.matriciel.be\/en\/jobs\/"]}]},{"@type":"BreadcrumbList","@id":"https:\/\/www.matriciel.be\/en\/jobs\/#breadcrumb","itemListElement":[{"@type":"ListItem","position":1,"name":"Accueil","item":"https:\/\/www.matriciel.be\/en\/"},{"@type":"ListItem","position":2,"name":"Jobs"}]},{"@type":"WebSite","@id":"https:\/\/www.matriciel.be\/#website","url":"https:\/\/www.matriciel.be\/","name":"MATRIciel","description":"Bureau d&#039;\u00e9tude et de conseil en architecture durable","potentialAction":[{"@type":"SearchAction","target":{"@type":"EntryPoint","urlTemplate":"https:\/\/www.matriciel.be\/?s={search_term_string}"},"query-input":{"@type":"PropertyValueSpecification","valueRequired":true,"valueName":"search_term_string"}}],"inLanguage":"en-US"}]}},"jetpack_shortlink":"https:\/\/wp.me\/P8HVJL-19G","jetpack_sharing_enabled":true,"_links":{"self":[{"href":"https:\/\/www.matriciel.be\/en\/wp-json\/wp\/v2\/pages\/4444","targetHints":{"allow":["GET"]}}],"collection":[{"href":"https:\/\/www.matriciel.be\/en\/wp-json\/wp\/v2\/pages"}],"about":[{"href":"https:\/\/www.matriciel.be\/en\/wp-json\/wp\/v2\/types\/page"}],"author":[{"embeddable":true,"href":"https:\/\/www.matriciel.be\/en\/wp-json\/wp\/v2\/users\/4"}],"replies":[{"embeddable":true,"href":"https:\/\/www.matriciel.be\/en\/wp-json\/wp\/v2\/comments?post=4444"}],"version-history":[{"count":9,"href":"https:\/\/www.matriciel.be\/en\/wp-json\/wp\/v2\/pages\/4444\/revisions"}],"predecessor-version":[{"id":20461,"href":"https:\/\/www.matriciel.be\/en\/wp-json\/wp\/v2\/pages\/4444\/revisions\/20461"}],"wp:attachment":[{"href":"https:\/\/www.matriciel.be\/en\/wp-json\/wp\/v2\/media?parent=4444"}],"curies":[{"name":"wp","href":"https:\/\/api.w.org\/{rel}","templated":true}]}}