{"id":1118,"date":"2013-10-01T16:51:04","date_gmt":"2013-10-01T14:51:04","guid":{"rendered":"https:\/\/agencepoush-newmatriciel.pf503.wpserveur.net\/?post_type=dt_portfolio&#038;p=1118"},"modified":"2021-01-20T13:00:32","modified_gmt":"2021-01-20T12:00:32","slug":"renovation-du-siege-de-leuropean-foundation-house","status":"publish","type":"dt_portfolio","link":"https:\/\/www.matriciel.be\/nl\/projet\/renovation-du-siege-de-leuropean-foundation-house\/","title":{"rendered":"R\u00e9novation du si\u00e8ge de l&#8217;European Foundation House"},"content":{"rendered":"<div class=\"wpb-content-wrapper\"><p>[vc_row margin_top=&#8221;-30px&#8221;][vc_column][vc_column_text css=&#8221;.vc_custom_1611144023775{margin-bottom: 20px !important;}&#8221; el_class=&#8221;custom-copyright&#8221;]<\/p>\n<p style=\"text-align: right;\">\u00a9 Brison, Ma\u00eetre d&#8217;ouvrage : European Foundation House, Architecte : GreenArch, sur une \u0153uvre originelle de Philippe Samyn &amp; Partners<\/p>\n<p>[\/vc_column_text][\/vc_column][vc_column width=&#8221;1\/3&#8243; el_class=&#8221;custom-bold-list&#8221;][vc_column_text]<\/p>\n<h2 style=\"font-size: 25px; line-height: 32px; text-transform: none;\">Informations g\u00e9n\u00e9rales du projet<\/h2>\n<p>[\/vc_column_text][vc_column_text]<b>Ma\u00eetre de l&#8217;Ouvrage <\/b>:\u00a0European Foundation House<\/p>\n<p><b>Programme<\/b> : Bureaux et salles de s\u00e9minaire<\/p>\n<p><b>Situation\u00a0<\/b>: Bruxelles<\/p>\n<p><b>Surface\u00a0<\/b>: 2.230\u00a0m2<\/p>\n<p><b>Architectes <\/b>:\u00a0GreenArch<\/p>\n<p><b>Dates <\/b>:\u00a0R\u00e9ception provisoire en octobre 2013[\/vc_column_text][vc_column_text]<\/p>\n<h2 style=\"font-size: 25px; line-height: 32px; text-transform: none;\">Missions de MATRI<em>ciel<\/em><\/h2>\n<p>[\/vc_column_text][vc_column_text]<b><\/b>Suivi et guidance du projet en vue de l\u2019\u00e9ligibilit\u00e9 du b\u00e2timent dans le cadre de l\u2019appel \u00e0 projets exemplaires 2012<br \/>\n<b><\/b>R\u00e9alisation de l\u2019\u00e9tude \u00e9nerg\u00e9tique : optimisation de la performance \u00e9nerg\u00e9tique des b\u00e2timents, exigences constructives et \u00e9valuation de la rentabilit\u00e9 financi\u00e8re<br \/>\n<b><\/b>Etude des syst\u00e8mes \u00e9nerg\u00e9tiques : syst\u00e8me de ventilation m\u00e9canique, syst\u00e8me d\u2019\u00e9mission de chaleur et de froid, syst\u00e8me de production d\u2019eau chaude sanitaire et int\u00e9r\u00eat \u00e9conomique d\u2019un syst\u00e8me solaire<br \/>\n<b><\/b>Etude du confort visuel des bureaux via l\u2019\u00e9valuation de l\u2019\u00e9clairage naturel<br \/>\n<b><\/b>Optimisation de la consommation et du confort thermique d\u2019\u00e9t\u00e9 dans le b\u00e2timent \u00e0 l\u2019aide du logiciel Trnsys 17<br \/>\n<b><\/b>Evaluation de l\u2019impact environnemental du choix des mat\u00e9riaux \u00e0 l\u2019aide des normes Nibe.<br \/>\n<b><\/b>Mise en place de recommandations chiffr\u00e9es pour limiter l\u2019impact du b\u00e2timent sur le cycle de l\u2019eau<br \/>\n<b><\/b>Etude des techniques sp\u00e9ciales : avant-projet, demande de permis d\u2019urbanisme, dossier d\u2019ex\u00e9cution, consultation des entreprises, suivi de chantier<br \/>\n<b><\/b>Mission de conseiller PEB[\/vc_column_text][\/vc_column][vc_column width=&#8221;2\/3&#8243;][vc_column_text]<\/p>\n<h2>Description du projet<\/h2>\n<p>[\/vc_column_text][vc_column_text]<\/p>\n<div class=\"page\" title=\"Page 1\">\n<div class=\"layoutArea\">\n<div class=\"column\">\n<p class=\"p2\">Le projet porte sur la transformation d\u2019un b\u00e2timent de bureaux pour l\u2019European Foundation House qui souhaite en faire une vitrine pour son activit\u00e9 de m\u00e9c\u00e9nat en Europe et dans le monde.<br \/>\nL\u2019objectif est de transformer le b\u00e2timent existant en am\u00e9liorant grandement ses performances \u00e9nerg\u00e9tiques tout en maintenant ses caract\u00e9ristiques architecturales.<\/p>\n<h3 class=\"p3\">D\u00e9veloppement durable<\/h3>\n<h3 class=\"p3\">Energie<\/h3>\n<p class=\"p2\">L\u2019enveloppe est isol\u00e9e par l\u2019int\u00e9rieur ; les ch\u00e2ssis sont remplac\u00e9s par des ch\u00e2ssis bois \u00e9quip\u00e9s de triple vitrage ; des stores ext\u00e9rieurs r\u00e9duisent les risques de surchauffe.<\/p>\n<p class=\"p2\">La ventilation hygi\u00e9nique est assur\u00e9e de fa\u00e7on m\u00e9canique et comporte un \u00e9changeur de chaleur de type rotatif et une chambre de m\u00e9lange avec registres modulants en fonction des besoins de chauffage et de refroidissement.<\/p>\n<p class=\"p2\">Le confort thermique d\u2019\u00e9t\u00e9 et d\u2019hiver est assur\u00e9 par des plafonds rayonnant SAPP (Smart Acoustic Passive Power) rafra\u00eechissant ou chauffant selon la saison.<\/p>\n<p class=\"p2\">La production de chaleur et de froid est assur\u00e9e principalement par une pompe \u00e0 chaleur air\/eau r\u00e9versible ; une chaudi\u00e8re gaz \u00e0 condensation assure la production de chaleur par grands froids, en compl\u00e9ment de la PAC.<\/p>\n<p class=\"p2\">Ainsi, l\u2019am\u00e9lioration de l\u2019enveloppe thermique associ\u00e9e aux techniques mises en place permet de diminuer les demandes de chauffage et de refroidissement \u00e0 moins de 20 kWh\/m\u00b2.an chacune.<\/p>\n<h3 class=\"p3\">Eau<\/h3>\n<p class=\"p2\">Une r\u00e9flexion globale sur la gestion de l\u2019eau a \u00e9t\u00e9 men\u00e9e suivant deux axes principaux :<\/p>\n<ul>\n<li>la limitation de la consommation en eau potable<\/li>\n<li>la gestion des pluies d\u2019orage : des citernes de r\u00e9tention sont dimensionn\u00e9es pour limiter le d\u00e9bit de fuite du site<\/li>\n<\/ul>\n<h3 class=\"p3\">Choix des mat\u00e9riaux<\/h3>\n<p class=\"p2\">Outre l\u2019isolation des murs en cellulose, bon nombre des mat\u00e9riaux r\u00e9pondent aux labels Nature Plus, C2C, FSC ou PEFC. Dans les classes NIBE, 71 % sont r\u00e9pertori\u00e9s en classe 1 et 29 % en classe 2.<\/p>\n<div class=\"page\" title=\"Page 2\"><\/div>\n<\/div>\n<\/div>\n<\/div>\n<p>[\/vc_column_text][\/vc_column][\/vc_row]<\/p>\n<\/div>","protected":false},"excerpt":{"rendered":"<p><strong>European Foundation House<\/strong><br \/>\n<strong>MO<\/strong> EFH<br \/>\n<strong>Ar<\/strong> GreenArch<\/p>\n","protected":false},"author":5,"featured_media":716,"comment_status":"closed","ping_status":"closed","template":"","dt_portfolio_category":[10],"dt_portfolio_tags":[],"class_list":["post-1118","dt_portfolio","type-dt_portfolio","status-publish","has-post-thumbnail","hentry","dt_portfolio_category-bureau","dt_portfolio_category-10","description-off"],"yoast_head":"<!-- This site is optimized with the Yoast SEO plugin v27.5 - https:\/\/yoast.com\/product\/yoast-seo-wordpress\/ -->\n<title>R\u00e9novation lourde \u00e0 Bruxelles pour l&#039;European Foundation House<\/title>\n<meta name=\"description\" content=\"Batex 2012, le b\u00e2timent de l&#039;European Foundation House est un exemple de r\u00e9novation lourde performante \u00e9nerg\u00e9tiquement\" \/>\n<meta name=\"robots\" content=\"index, follow, max-snippet:-1, max-image-preview:large, max-video-preview:-1\" \/>\n<link rel=\"canonical\" href=\"https:\/\/www.matriciel.be\/projet\/renovation-du-siege-de-leuropean-foundation-house\/\" \/>\n<meta property=\"og:locale\" content=\"nl_NL\" \/>\n<meta property=\"og:type\" content=\"article\" \/>\n<meta property=\"og:title\" content=\"R\u00e9novation lourde \u00e0 Bruxelles pour l&#039;European Foundation House\" \/>\n<meta property=\"og:description\" content=\"Batex 2012, le b\u00e2timent de l&#039;European Foundation House est un exemple de r\u00e9novation lourde performante \u00e9nerg\u00e9tiquement\" \/>\n<meta property=\"og:url\" content=\"https:\/\/www.matriciel.be\/projet\/renovation-du-siege-de-leuropean-foundation-house\/\" \/>\n<meta property=\"og:site_name\" content=\"MATRIciel\" \/>\n<meta property=\"article:modified_time\" content=\"2021-01-20T12:00:32+00:00\" \/>\n<meta property=\"og:image\" content=\"https:\/\/www.matriciel.be\/wp-content\/uploads\/2017\/02\/notre-approche.jpg\" \/>\n\t<meta property=\"og:image:width\" content=\"1280\" \/>\n\t<meta property=\"og:image:height\" content=\"825\" \/>\n\t<meta property=\"og:image:type\" content=\"image\/jpeg\" \/>\n<meta name=\"twitter:card\" content=\"summary_large_image\" \/>\n<meta name=\"twitter:label1\" content=\"Geschatte leestijd\" \/>\n\t<meta name=\"twitter:data1\" content=\"3 minuten\" \/>\n<script type=\"application\/ld+json\" class=\"yoast-schema-graph\">{\"@context\":\"https:\\\/\\\/schema.org\",\"@graph\":[{\"@type\":\"WebPage\",\"@id\":\"https:\\\/\\\/www.matriciel.be\\\/projet\\\/renovation-du-siege-de-leuropean-foundation-house\\\/\",\"url\":\"https:\\\/\\\/www.matriciel.be\\\/projet\\\/renovation-du-siege-de-leuropean-foundation-house\\\/\",\"name\":\"R\u00e9novation lourde \u00e0 Bruxelles pour l'European Foundation House\",\"isPartOf\":{\"@id\":\"https:\\\/\\\/www.matriciel.be\\\/#website\"},\"primaryImageOfPage\":{\"@id\":\"https:\\\/\\\/www.matriciel.be\\\/projet\\\/renovation-du-siege-de-leuropean-foundation-house\\\/#primaryimage\"},\"image\":{\"@id\":\"https:\\\/\\\/www.matriciel.be\\\/projet\\\/renovation-du-siege-de-leuropean-foundation-house\\\/#primaryimage\"},\"thumbnailUrl\":\"https:\\\/\\\/www.matriciel.be\\\/wp-content\\\/uploads\\\/2017\\\/02\\\/notre-approche.jpg\",\"datePublished\":\"2013-10-01T14:51:04+00:00\",\"dateModified\":\"2021-01-20T12:00:32+00:00\",\"description\":\"Batex 2012, le b\u00e2timent de l'European Foundation House est un exemple de r\u00e9novation lourde performante \u00e9nerg\u00e9tiquement\",\"breadcrumb\":{\"@id\":\"https:\\\/\\\/www.matriciel.be\\\/projet\\\/renovation-du-siege-de-leuropean-foundation-house\\\/#breadcrumb\"},\"inLanguage\":\"nl-NL\",\"potentialAction\":[{\"@type\":\"ReadAction\",\"target\":[\"https:\\\/\\\/www.matriciel.be\\\/projet\\\/renovation-du-siege-de-leuropean-foundation-house\\\/\"]}]},{\"@type\":\"ImageObject\",\"inLanguage\":\"nl-NL\",\"@id\":\"https:\\\/\\\/www.matriciel.be\\\/projet\\\/renovation-du-siege-de-leuropean-foundation-house\\\/#primaryimage\",\"url\":\"https:\\\/\\\/www.matriciel.be\\\/wp-content\\\/uploads\\\/2017\\\/02\\\/notre-approche.jpg\",\"contentUrl\":\"https:\\\/\\\/www.matriciel.be\\\/wp-content\\\/uploads\\\/2017\\\/02\\\/notre-approche.jpg\",\"width\":1280,\"height\":825,\"caption\":\"R\u00e9novation lourde de l'European Foundation Haouse\"},{\"@type\":\"BreadcrumbList\",\"@id\":\"https:\\\/\\\/www.matriciel.be\\\/projet\\\/renovation-du-siege-de-leuropean-foundation-house\\\/#breadcrumb\",\"itemListElement\":[{\"@type\":\"ListItem\",\"position\":1,\"name\":\"Accueil\",\"item\":\"https:\\\/\\\/www.matriciel.be\\\/nl\\\/\"},{\"@type\":\"ListItem\",\"position\":2,\"name\":\"Portfolio\",\"item\":\"https:\\\/\\\/www.matriciel.be\\\/nl\\\/projet\\\/\"},{\"@type\":\"ListItem\",\"position\":3,\"name\":\"R\u00e9novation du si\u00e8ge de l&rsquo;European Foundation House\"}]},{\"@type\":\"WebSite\",\"@id\":\"https:\\\/\\\/www.matriciel.be\\\/#website\",\"url\":\"https:\\\/\\\/www.matriciel.be\\\/\",\"name\":\"MATRIciel\",\"description\":\"Bureau d&#039;\u00e9tude et de conseil en architecture durable\",\"potentialAction\":[{\"@type\":\"SearchAction\",\"target\":{\"@type\":\"EntryPoint\",\"urlTemplate\":\"https:\\\/\\\/www.matriciel.be\\\/?s={search_term_string}\"},\"query-input\":{\"@type\":\"PropertyValueSpecification\",\"valueRequired\":true,\"valueName\":\"search_term_string\"}}],\"inLanguage\":\"nl-NL\"}]}<\/script>\n<!-- \/ Yoast SEO plugin. -->","yoast_head_json":{"title":"R\u00e9novation lourde \u00e0 Bruxelles pour l'European Foundation House","description":"Batex 2012, le b\u00e2timent de l'European Foundation House est un exemple de r\u00e9novation lourde performante \u00e9nerg\u00e9tiquement","robots":{"index":"index","follow":"follow","max-snippet":"max-snippet:-1","max-image-preview":"max-image-preview:large","max-video-preview":"max-video-preview:-1"},"canonical":"https:\/\/www.matriciel.be\/projet\/renovation-du-siege-de-leuropean-foundation-house\/","og_locale":"nl_NL","og_type":"article","og_title":"R\u00e9novation lourde \u00e0 Bruxelles pour l'European Foundation House","og_description":"Batex 2012, le b\u00e2timent de l'European Foundation House est un exemple de r\u00e9novation lourde performante \u00e9nerg\u00e9tiquement","og_url":"https:\/\/www.matriciel.be\/projet\/renovation-du-siege-de-leuropean-foundation-house\/","og_site_name":"MATRIciel","article_modified_time":"2021-01-20T12:00:32+00:00","og_image":[{"width":1280,"height":825,"url":"https:\/\/www.matriciel.be\/wp-content\/uploads\/2017\/02\/notre-approche.jpg","type":"image\/jpeg"}],"twitter_card":"summary_large_image","twitter_misc":{"Geschatte leestijd":"3 minuten"},"schema":{"@context":"https:\/\/schema.org","@graph":[{"@type":"WebPage","@id":"https:\/\/www.matriciel.be\/projet\/renovation-du-siege-de-leuropean-foundation-house\/","url":"https:\/\/www.matriciel.be\/projet\/renovation-du-siege-de-leuropean-foundation-house\/","name":"R\u00e9novation lourde \u00e0 Bruxelles pour l'European Foundation House","isPartOf":{"@id":"https:\/\/www.matriciel.be\/#website"},"primaryImageOfPage":{"@id":"https:\/\/www.matriciel.be\/projet\/renovation-du-siege-de-leuropean-foundation-house\/#primaryimage"},"image":{"@id":"https:\/\/www.matriciel.be\/projet\/renovation-du-siege-de-leuropean-foundation-house\/#primaryimage"},"thumbnailUrl":"https:\/\/www.matriciel.be\/wp-content\/uploads\/2017\/02\/notre-approche.jpg","datePublished":"2013-10-01T14:51:04+00:00","dateModified":"2021-01-20T12:00:32+00:00","description":"Batex 2012, le b\u00e2timent de l'European Foundation House est un exemple de r\u00e9novation lourde performante \u00e9nerg\u00e9tiquement","breadcrumb":{"@id":"https:\/\/www.matriciel.be\/projet\/renovation-du-siege-de-leuropean-foundation-house\/#breadcrumb"},"inLanguage":"nl-NL","potentialAction":[{"@type":"ReadAction","target":["https:\/\/www.matriciel.be\/projet\/renovation-du-siege-de-leuropean-foundation-house\/"]}]},{"@type":"ImageObject","inLanguage":"nl-NL","@id":"https:\/\/www.matriciel.be\/projet\/renovation-du-siege-de-leuropean-foundation-house\/#primaryimage","url":"https:\/\/www.matriciel.be\/wp-content\/uploads\/2017\/02\/notre-approche.jpg","contentUrl":"https:\/\/www.matriciel.be\/wp-content\/uploads\/2017\/02\/notre-approche.jpg","width":1280,"height":825,"caption":"R\u00e9novation lourde de l'European Foundation Haouse"},{"@type":"BreadcrumbList","@id":"https:\/\/www.matriciel.be\/projet\/renovation-du-siege-de-leuropean-foundation-house\/#breadcrumb","itemListElement":[{"@type":"ListItem","position":1,"name":"Accueil","item":"https:\/\/www.matriciel.be\/nl\/"},{"@type":"ListItem","position":2,"name":"Portfolio","item":"https:\/\/www.matriciel.be\/nl\/projet\/"},{"@type":"ListItem","position":3,"name":"R\u00e9novation du si\u00e8ge de l&rsquo;European Foundation House"}]},{"@type":"WebSite","@id":"https:\/\/www.matriciel.be\/#website","url":"https:\/\/www.matriciel.be\/","name":"MATRIciel","description":"Bureau d&#039;\u00e9tude et de conseil en architecture durable","potentialAction":[{"@type":"SearchAction","target":{"@type":"EntryPoint","urlTemplate":"https:\/\/www.matriciel.be\/?s={search_term_string}"},"query-input":{"@type":"PropertyValueSpecification","valueRequired":true,"valueName":"search_term_string"}}],"inLanguage":"nl-NL"}]}},"jetpack_sharing_enabled":true,"_links":{"self":[{"href":"https:\/\/www.matriciel.be\/nl\/wp-json\/wp\/v2\/dt_portfolio\/1118","targetHints":{"allow":["GET"]}}],"collection":[{"href":"https:\/\/www.matriciel.be\/nl\/wp-json\/wp\/v2\/dt_portfolio"}],"about":[{"href":"https:\/\/www.matriciel.be\/nl\/wp-json\/wp\/v2\/types\/dt_portfolio"}],"author":[{"embeddable":true,"href":"https:\/\/www.matriciel.be\/nl\/wp-json\/wp\/v2\/users\/5"}],"replies":[{"embeddable":true,"href":"https:\/\/www.matriciel.be\/nl\/wp-json\/wp\/v2\/comments?post=1118"}],"version-history":[{"count":2,"href":"https:\/\/www.matriciel.be\/nl\/wp-json\/wp\/v2\/dt_portfolio\/1118\/revisions"}],"predecessor-version":[{"id":5350,"href":"https:\/\/www.matriciel.be\/nl\/wp-json\/wp\/v2\/dt_portfolio\/1118\/revisions\/5350"}],"wp:featuredmedia":[{"embeddable":true,"href":"https:\/\/www.matriciel.be\/nl\/wp-json\/wp\/v2\/media\/716"}],"wp:attachment":[{"href":"https:\/\/www.matriciel.be\/nl\/wp-json\/wp\/v2\/media?parent=1118"}],"wp:term":[{"taxonomy":"dt_portfolio_category","embeddable":true,"href":"https:\/\/www.matriciel.be\/nl\/wp-json\/wp\/v2\/dt_portfolio_category?post=1118"},{"taxonomy":"dt_portfolio_tags","embeddable":true,"href":"https:\/\/www.matriciel.be\/nl\/wp-json\/wp\/v2\/dt_portfolio_tags?post=1118"}],"curies":[{"name":"wp","href":"https:\/\/api.w.org\/{rel}","templated":true}]}}