{"id":1304,"date":"2013-02-14T16:34:18","date_gmt":"2013-02-14T15:34:18","guid":{"rendered":"https:\/\/agencepoush-newmatriciel.pf503.wpserveur.net\/?post_type=dt_portfolio&#038;p=1304"},"modified":"2020-10-28T08:12:02","modified_gmt":"2020-10-28T07:12:02","slug":"ensemble-de-crayer","status":"publish","type":"dt_portfolio","link":"https:\/\/www.matriciel.be\/nl\/projet\/ensemble-de-crayer\/","title":{"rendered":"Ensemble de logements passifs et basse \u00e9nergie \u00e0 Bruxelles"},"content":{"rendered":"<div class=\"wpb-content-wrapper\"><p>[vc_row margin_top=&#8221;-30px&#8221;][vc_column][vc_column_text css=&#8221;.vc_custom_1505398958277{margin-bottom: 20px !important;}&#8221; el_class=&#8221;custom-copyright&#8221;]<\/p>\n<p style=\"text-align: right;\">\u00a9 Yvan Glavie, Ma\u00eetre d&#8217;ouvrage : Herpain Urbis, Architecte\u00a0:\u00a0Archi 2000<\/p>\n<p>[\/vc_column_text][\/vc_column][vc_column width=&#8221;1\/3&#8243; el_class=&#8221;custom-bold-list&#8221;][vc_column_text]<\/p>\n<h2 style=\"font-size: 25px; line-height: 32px; text-transform: none;\">Informations g\u00e9n\u00e9rales du projet<\/h2>\n<p>[\/vc_column_text][vc_column_text]<b>Ma\u00eetre de l&#8217;Ouvrage <\/b>: Herpain Urbis<\/p>\n<p><b>Programme : <\/b>d\u00e9molition \/ construction d&#8217;un immeuble de logements<\/p>\n<p><b>Situation\u00a0<\/b>: Bruxelles<\/p>\n<p><b>Surface\u00a0<\/b>:\u00a02.500 m2 b\u00e2tis hors parking<\/p>\n<p><b>Architectes <\/b>: Archi 2000<\/p>\n<p><b>Dates <\/b>: R\u00e9ception en f\u00e9vrier 2013[\/vc_column_text][vc_column_text]<\/p>\n<h2 style=\"font-size: 25px; line-height: 32px; text-transform: none;\">Missions de MATRI<em>ciel<\/em><\/h2>\n<p>[\/vc_column_text][vc_column_text]<b><\/b>Guidance \u00e9nerg\u00e9tique et environnementale<\/p>\n<p><b><\/b>Mission de Conseiller PEB<\/p>\n<p><b><\/b>Assistance \u00e0 la demande certification passive<\/p>\n<p><b><\/b>Etudes des techniques sp\u00e9ciales[\/vc_column_text][\/vc_column][vc_column width=&#8221;2\/3&#8243;][vc_column_text]<\/p>\n<h2>Description du projet<\/h2>\n<p>[\/vc_column_text][vc_column_text]<\/p>\n<div class=\"page\" title=\"Page 1\">\n<div class=\"layoutArea\">\n<div class=\"column\">\n<p>Un immeuble existant \u00e0 rue a \u00e9t\u00e9 d\u00e9moli pour faire place \u00e0 un b\u00e2timent neuf abritant 16 logements. De par la compacit\u00e9 du b\u00e2timent et une orientation id\u00e9ale, 9 de ces logements sont <strong>PASSIFS<\/strong> gr\u00e2ce \u00e0 une isolation importante et une \u00e9tanch\u00e9it\u00e9 \u00e0 l\u2019air performante, ainsi qu\u2019un syst\u00e8me de ventilation double flux avec r\u00e9cup\u00e9ration de chaleur. Ces logements sont chauff\u00e9s par une chaudi\u00e8re centralis\u00e9e \u00e0 condensation.<\/p>\n<p>Les grands balcons de la fa\u00e7ade sud assurent une protection solaire efficace en \u00e9t\u00e9 et permettent de maintenir le confort thermique pendant cette p\u00e9riode.<\/p>\n<p>Au dernier \u00e9tage, des stores ext\u00e9rieurs \u00e0 lamelles assurent cette fonction.<\/p>\n<p>Deux b\u00e2timents en int\u00e9rieurs d\u2019\u00eelots sont <strong>conserv\u00e9s et r\u00e9nov\u00e9s<\/strong>. Ils abritent deux logements <strong>basse-\u00e9nergie<\/strong> ventil\u00e9s par un syst\u00e8me de ventilation individuel double flux avec r\u00e9cup\u00e9ration de chaleur, et chauff\u00e9s par radiateurs aliment\u00e9s par la chaudi\u00e8re centralis\u00e9e du b\u00e2timent \u00e0 rue.<\/p>\n<p>Des panneaux solaires thermiques assurent le pr\u00e9chauffage de l\u2019eau chaude sanitaire de l\u2019ensemble des logements (couverture de 40 % de la demande).<\/p>\n<\/div>\n<\/div>\n<\/div>\n<p>[\/vc_column_text][\/vc_column][\/vc_row]<\/p>\n<\/div>","protected":false},"excerpt":{"rendered":"<p><strong>Logements De Crayer<\/strong><br \/>\n<strong>MO <\/strong>Herpain Urbis<br \/>\n<strong>Ar <\/strong>Archi 2000<\/p>\n","protected":false},"author":5,"featured_media":1306,"comment_status":"closed","ping_status":"closed","template":"","dt_portfolio_category":[178],"dt_portfolio_tags":[],"class_list":["post-1304","dt_portfolio","type-dt_portfolio","status-publish","has-post-thumbnail","hentry","dt_portfolio_category-logement","dt_portfolio_category-178","description-off"],"yoast_head":"<!-- This site is optimized with the Yoast SEO plugin v27.5 - https:\/\/yoast.com\/product\/yoast-seo-wordpress\/ -->\n<title>Ensemble de logements passifs et basse \u00e9nergie \u00e0 Bruxelles<\/title>\n<meta name=\"description\" content=\"B\u00e2timent neuf abritant 16 logements, dont 9 sont PASSIFS gr\u00e2ce \u00e0 la compacit\u00e9 du b\u00e2timent et une orientation id\u00e9ale\" \/>\n<meta name=\"robots\" content=\"index, follow, max-snippet:-1, max-image-preview:large, max-video-preview:-1\" \/>\n<link rel=\"canonical\" href=\"https:\/\/www.matriciel.be\/projet\/ensemble-de-crayer\/\" \/>\n<meta property=\"og:locale\" content=\"nl_NL\" \/>\n<meta property=\"og:type\" content=\"article\" \/>\n<meta property=\"og:title\" content=\"Ensemble de logements passifs et basse \u00e9nergie \u00e0 Bruxelles\" \/>\n<meta property=\"og:description\" content=\"B\u00e2timent neuf abritant 16 logements, dont 9 sont PASSIFS gr\u00e2ce \u00e0 la compacit\u00e9 du b\u00e2timent et une orientation id\u00e9ale\" \/>\n<meta property=\"og:url\" content=\"https:\/\/www.matriciel.be\/projet\/ensemble-de-crayer\/\" \/>\n<meta property=\"og:site_name\" content=\"MATRIciel\" \/>\n<meta property=\"article:modified_time\" content=\"2020-10-28T07:12:02+00:00\" \/>\n<meta property=\"og:image\" content=\"https:\/\/www.matriciel.be\/wp-content\/uploads\/2017\/09\/de_crayer_001-1.jpg\" \/>\n\t<meta property=\"og:image:width\" content=\"480\" \/>\n\t<meta property=\"og:image:height\" content=\"469\" \/>\n\t<meta property=\"og:image:type\" content=\"image\/jpeg\" \/>\n<meta name=\"twitter:card\" content=\"summary_large_image\" \/>\n<meta name=\"twitter:label1\" content=\"Geschatte leestijd\" \/>\n\t<meta name=\"twitter:data1\" content=\"2 minuten\" \/>\n<script type=\"application\/ld+json\" class=\"yoast-schema-graph\">{\"@context\":\"https:\\\/\\\/schema.org\",\"@graph\":[{\"@type\":\"WebPage\",\"@id\":\"https:\\\/\\\/www.matriciel.be\\\/projet\\\/ensemble-de-crayer\\\/\",\"url\":\"https:\\\/\\\/www.matriciel.be\\\/projet\\\/ensemble-de-crayer\\\/\",\"name\":\"Ensemble de logements passifs et basse \u00e9nergie \u00e0 Bruxelles\",\"isPartOf\":{\"@id\":\"https:\\\/\\\/www.matriciel.be\\\/#website\"},\"primaryImageOfPage\":{\"@id\":\"https:\\\/\\\/www.matriciel.be\\\/projet\\\/ensemble-de-crayer\\\/#primaryimage\"},\"image\":{\"@id\":\"https:\\\/\\\/www.matriciel.be\\\/projet\\\/ensemble-de-crayer\\\/#primaryimage\"},\"thumbnailUrl\":\"https:\\\/\\\/www.matriciel.be\\\/wp-content\\\/uploads\\\/2017\\\/09\\\/de_crayer_001-1.jpg\",\"datePublished\":\"2013-02-14T15:34:18+00:00\",\"dateModified\":\"2020-10-28T07:12:02+00:00\",\"description\":\"B\u00e2timent neuf abritant 16 logements, dont 9 sont PASSIFS gr\u00e2ce \u00e0 la compacit\u00e9 du b\u00e2timent et une orientation id\u00e9ale\",\"breadcrumb\":{\"@id\":\"https:\\\/\\\/www.matriciel.be\\\/projet\\\/ensemble-de-crayer\\\/#breadcrumb\"},\"inLanguage\":\"nl-NL\",\"potentialAction\":[{\"@type\":\"ReadAction\",\"target\":[\"https:\\\/\\\/www.matriciel.be\\\/projet\\\/ensemble-de-crayer\\\/\"]}]},{\"@type\":\"ImageObject\",\"inLanguage\":\"nl-NL\",\"@id\":\"https:\\\/\\\/www.matriciel.be\\\/projet\\\/ensemble-de-crayer\\\/#primaryimage\",\"url\":\"https:\\\/\\\/www.matriciel.be\\\/wp-content\\\/uploads\\\/2017\\\/09\\\/de_crayer_001-1.jpg\",\"contentUrl\":\"https:\\\/\\\/www.matriciel.be\\\/wp-content\\\/uploads\\\/2017\\\/09\\\/de_crayer_001-1.jpg\",\"width\":480,\"height\":469,\"caption\":\"Fa\u00e7ade avant projet De Crayer \u00e0 Bruxelles\"},{\"@type\":\"BreadcrumbList\",\"@id\":\"https:\\\/\\\/www.matriciel.be\\\/projet\\\/ensemble-de-crayer\\\/#breadcrumb\",\"itemListElement\":[{\"@type\":\"ListItem\",\"position\":1,\"name\":\"Accueil\",\"item\":\"https:\\\/\\\/www.matriciel.be\\\/nl\\\/\"},{\"@type\":\"ListItem\",\"position\":2,\"name\":\"Portfolio\",\"item\":\"https:\\\/\\\/www.matriciel.be\\\/nl\\\/projet\\\/\"},{\"@type\":\"ListItem\",\"position\":3,\"name\":\"Ensemble de logements passifs et basse \u00e9nergie \u00e0 Bruxelles\"}]},{\"@type\":\"WebSite\",\"@id\":\"https:\\\/\\\/www.matriciel.be\\\/#website\",\"url\":\"https:\\\/\\\/www.matriciel.be\\\/\",\"name\":\"MATRIciel\",\"description\":\"Bureau d&#039;\u00e9tude et de conseil en architecture durable\",\"potentialAction\":[{\"@type\":\"SearchAction\",\"target\":{\"@type\":\"EntryPoint\",\"urlTemplate\":\"https:\\\/\\\/www.matriciel.be\\\/?s={search_term_string}\"},\"query-input\":{\"@type\":\"PropertyValueSpecification\",\"valueRequired\":true,\"valueName\":\"search_term_string\"}}],\"inLanguage\":\"nl-NL\"}]}<\/script>\n<!-- \/ Yoast SEO plugin. -->","yoast_head_json":{"title":"Ensemble de logements passifs et basse \u00e9nergie \u00e0 Bruxelles","description":"B\u00e2timent neuf abritant 16 logements, dont 9 sont PASSIFS gr\u00e2ce \u00e0 la compacit\u00e9 du b\u00e2timent et une orientation id\u00e9ale","robots":{"index":"index","follow":"follow","max-snippet":"max-snippet:-1","max-image-preview":"max-image-preview:large","max-video-preview":"max-video-preview:-1"},"canonical":"https:\/\/www.matriciel.be\/projet\/ensemble-de-crayer\/","og_locale":"nl_NL","og_type":"article","og_title":"Ensemble de logements passifs et basse \u00e9nergie \u00e0 Bruxelles","og_description":"B\u00e2timent neuf abritant 16 logements, dont 9 sont PASSIFS gr\u00e2ce \u00e0 la compacit\u00e9 du b\u00e2timent et une orientation id\u00e9ale","og_url":"https:\/\/www.matriciel.be\/projet\/ensemble-de-crayer\/","og_site_name":"MATRIciel","article_modified_time":"2020-10-28T07:12:02+00:00","og_image":[{"width":480,"height":469,"url":"https:\/\/www.matriciel.be\/wp-content\/uploads\/2017\/09\/de_crayer_001-1.jpg","type":"image\/jpeg"}],"twitter_card":"summary_large_image","twitter_misc":{"Geschatte leestijd":"2 minuten"},"schema":{"@context":"https:\/\/schema.org","@graph":[{"@type":"WebPage","@id":"https:\/\/www.matriciel.be\/projet\/ensemble-de-crayer\/","url":"https:\/\/www.matriciel.be\/projet\/ensemble-de-crayer\/","name":"Ensemble de logements passifs et basse \u00e9nergie \u00e0 Bruxelles","isPartOf":{"@id":"https:\/\/www.matriciel.be\/#website"},"primaryImageOfPage":{"@id":"https:\/\/www.matriciel.be\/projet\/ensemble-de-crayer\/#primaryimage"},"image":{"@id":"https:\/\/www.matriciel.be\/projet\/ensemble-de-crayer\/#primaryimage"},"thumbnailUrl":"https:\/\/www.matriciel.be\/wp-content\/uploads\/2017\/09\/de_crayer_001-1.jpg","datePublished":"2013-02-14T15:34:18+00:00","dateModified":"2020-10-28T07:12:02+00:00","description":"B\u00e2timent neuf abritant 16 logements, dont 9 sont PASSIFS gr\u00e2ce \u00e0 la compacit\u00e9 du b\u00e2timent et une orientation id\u00e9ale","breadcrumb":{"@id":"https:\/\/www.matriciel.be\/projet\/ensemble-de-crayer\/#breadcrumb"},"inLanguage":"nl-NL","potentialAction":[{"@type":"ReadAction","target":["https:\/\/www.matriciel.be\/projet\/ensemble-de-crayer\/"]}]},{"@type":"ImageObject","inLanguage":"nl-NL","@id":"https:\/\/www.matriciel.be\/projet\/ensemble-de-crayer\/#primaryimage","url":"https:\/\/www.matriciel.be\/wp-content\/uploads\/2017\/09\/de_crayer_001-1.jpg","contentUrl":"https:\/\/www.matriciel.be\/wp-content\/uploads\/2017\/09\/de_crayer_001-1.jpg","width":480,"height":469,"caption":"Fa\u00e7ade avant projet De Crayer \u00e0 Bruxelles"},{"@type":"BreadcrumbList","@id":"https:\/\/www.matriciel.be\/projet\/ensemble-de-crayer\/#breadcrumb","itemListElement":[{"@type":"ListItem","position":1,"name":"Accueil","item":"https:\/\/www.matriciel.be\/nl\/"},{"@type":"ListItem","position":2,"name":"Portfolio","item":"https:\/\/www.matriciel.be\/nl\/projet\/"},{"@type":"ListItem","position":3,"name":"Ensemble de logements passifs et basse \u00e9nergie \u00e0 Bruxelles"}]},{"@type":"WebSite","@id":"https:\/\/www.matriciel.be\/#website","url":"https:\/\/www.matriciel.be\/","name":"MATRIciel","description":"Bureau d&#039;\u00e9tude et de conseil en architecture durable","potentialAction":[{"@type":"SearchAction","target":{"@type":"EntryPoint","urlTemplate":"https:\/\/www.matriciel.be\/?s={search_term_string}"},"query-input":{"@type":"PropertyValueSpecification","valueRequired":true,"valueName":"search_term_string"}}],"inLanguage":"nl-NL"}]}},"jetpack_sharing_enabled":true,"_links":{"self":[{"href":"https:\/\/www.matriciel.be\/nl\/wp-json\/wp\/v2\/dt_portfolio\/1304","targetHints":{"allow":["GET"]}}],"collection":[{"href":"https:\/\/www.matriciel.be\/nl\/wp-json\/wp\/v2\/dt_portfolio"}],"about":[{"href":"https:\/\/www.matriciel.be\/nl\/wp-json\/wp\/v2\/types\/dt_portfolio"}],"author":[{"embeddable":true,"href":"https:\/\/www.matriciel.be\/nl\/wp-json\/wp\/v2\/users\/5"}],"replies":[{"embeddable":true,"href":"https:\/\/www.matriciel.be\/nl\/wp-json\/wp\/v2\/comments?post=1304"}],"version-history":[{"count":1,"href":"https:\/\/www.matriciel.be\/nl\/wp-json\/wp\/v2\/dt_portfolio\/1304\/revisions"}],"predecessor-version":[{"id":4332,"href":"https:\/\/www.matriciel.be\/nl\/wp-json\/wp\/v2\/dt_portfolio\/1304\/revisions\/4332"}],"wp:featuredmedia":[{"embeddable":true,"href":"https:\/\/www.matriciel.be\/nl\/wp-json\/wp\/v2\/media\/1306"}],"wp:attachment":[{"href":"https:\/\/www.matriciel.be\/nl\/wp-json\/wp\/v2\/media?parent=1304"}],"wp:term":[{"taxonomy":"dt_portfolio_category","embeddable":true,"href":"https:\/\/www.matriciel.be\/nl\/wp-json\/wp\/v2\/dt_portfolio_category?post=1304"},{"taxonomy":"dt_portfolio_tags","embeddable":true,"href":"https:\/\/www.matriciel.be\/nl\/wp-json\/wp\/v2\/dt_portfolio_tags?post=1304"}],"curies":[{"name":"wp","href":"https:\/\/api.w.org\/{rel}","templated":true}]}}