{"id":13076,"date":"2022-11-16T12:09:48","date_gmt":"2022-11-16T11:09:48","guid":{"rendered":"https:\/\/www.matriciel.be\/?post_type=dt_portfolio&#038;p=13076"},"modified":"2025-01-15T15:02:36","modified_gmt":"2025-01-15T14:02:36","slug":"facilitateurqd","status":"publish","type":"dt_portfolio","link":"https:\/\/www.matriciel.be\/nl\/projet\/facilitateurqd\/","title":{"rendered":"Facilitateur Quartiers Durables"},"content":{"rendered":"<div class=\"wpb-content-wrapper\"><p>[vc_row margin_top=&#8221;-30px&#8221;][vc_column][vc_column_text css=&#8221;.vc_custom_1666602936767{margin-bottom: 20px !important;}&#8221; el_class=&#8221;custom-copyright&#8221;]<\/p>\n<p style=\"text-align: right;\">\u00a9 MATRIciel &#8211; BUUR Part of Sweco, Adjudicateur : Bruxelles Environnement<\/p>\n<p>[\/vc_column_text][\/vc_column][vc_column width=&#8221;1\/3&#8243; el_class=&#8221;custom-bold-list&#8221;][vc_column_text]<\/p>\n<h2 style=\"font-size: 25px; line-height: 32px; text-transform: none;\">Informations g\u00e9n\u00e9rales du projet<\/h2>\n<p>[\/vc_column_text][vc_column_text css=&#8221;&#8221;]<b>Adjudicateur <\/b>: Bruxelles Environnement<\/p>\n<p><b>Mission : <\/b>Facilitateur Quartiers durables pour accompagner les concepteurs et d\u00e9veloppeurs de projets publics afin de r\u00e9aliser des projets urbains durables et de haute qualit\u00e9<\/p>\n<p><b>Situation\u00a0<\/b>: Bruxelles<\/p>\n<p><b>Dates <\/b>: Novembre 2017 &#8211; Novembre 2021[\/vc_column_text][vc_column_text]<\/p>\n<h2 style=\"font-size: 25px; line-height: 32px; text-transform: none;\">Missions de MATRI<em>ciel<\/em><\/h2>\n<p>[\/vc_column_text][vc_column_text css=&#8221;&#8221;]Cette mission \u00e9tant r\u00e9alis\u00e9e en association, MATRIciel a principalement particip\u00e9 :<br \/>\n<b><\/b>\u00e0 l\u2019accompagnement personnalis\u00e9 de projets de quartiers via<br \/>\n&#8211; l\u2019\u00e9laboration de clauses techniques pour des march\u00e9s de service ou de design and build particuliers<br \/>\n&#8211; la participation \u00e0 la comparaison de projets<br \/>\n&#8211; le suivi ponctuel de la performance environnementale d\u2019un projet de quartier durable<br \/>\n<b><\/b>&#8211; \u00e0 l\u2019\u00e9laboration de clauses techniques durables g\u00e9n\u00e9rales pour des Ma\u00eetres d\u2019Ouvrage publics[\/vc_column_text][\/vc_column][vc_column width=&#8221;2\/3&#8243;][vc_column_text]<\/p>\n<h2>Description du projet<\/h2>\n<p>[\/vc_column_text][vc_column_text css=&#8221;&#8221;]<\/p>\n<div class=\"page\" title=\"Page 1\">\n<div class=\"layoutArea\">\n<div class=\"column\">\n<p>La mission de facilitateur Quartiers Durables a pour objectif de soutenir les concepteurs et d\u00e9veloppeurs de projets publics afin de r\u00e9aliser des projets urbains durables et de haute qualit\u00e9 en mati\u00e8re de :<\/p>\n<ul>\n<li>mobilit\u00e9 durable;<\/li>\n<li>mixit\u00e9 sociale et de mixit\u00e9 de fonctions ;<\/li>\n<li>flexibilit\u00e9 pour permettre une \u00e9volution des usages dans le temps ;<\/li>\n<li>qualit\u00e9 urbanistique, architecturale et paysag\u00e8re<\/li>\n<li>performance environnementale des b\u00e2timents ;<\/li>\n<li>d\u00e9veloppement de la nature et gestion de l\u2019eau int\u00e9gr\u00e9e au sein de la trame du quartier ;<\/li>\n<li>d\u2019\u00e9conomie circulaire.<\/li>\n<\/ul>\n<p>Ce soutien est apport\u00e9 via divers outils mis en place dans le cadre de la mission :<\/p>\n<ul>\n<li>le d\u00e9veloppement et la diffusion de connaissances ;<\/li>\n<li>la mise en avant de cas exemplaires, l\u2019analyse de solutions sp\u00e9cifiques ;<\/li>\n<li>la mise en place d\u2019un accompagnement personnalis\u00e9 autour de projets de quartiers ;<\/li>\n<li>la r\u00e9alisation d\u2019outils d\u2019\u00e9valuation et de mesure qui permettent de disposer d\u2019une base de discussion autour des projets de quartiers<\/li>\n<\/ul>\n<h3 class=\"p3\">Th\u00e9matiques<\/h3>\n<h4>Vision, Gestion de projet &amp; Participation, Environnement humain, D\u00e9veloppement spatial et mobilit\u00e9<\/h4>\n<div class=\"page\" title=\"Page 2\">\n<div class=\"layoutArea\">\n<div class=\"column\">\n<p>[Trait\u00e9s principalement par BUUR Part of Sweco dans le cadre de cette mission]<\/p>\n<div class=\"page\" title=\"Page 2\">\n<div class=\"layoutArea\">\n<div class=\"column\">\n<div class=\"page\" title=\"Page 2\">\n<div class=\"layoutArea\">\n<div class=\"page\" title=\"Page 2\">\n<div class=\"layoutArea\">\n<div class=\"page\" title=\"Page 2\">\n<div class=\"layoutArea\">\n<div class=\"column\">\n<h4>Energie<\/h4>\n<p>Les diff\u00e9rents projets trait\u00e9s ont mis en \u00e9vidence diverses solutions \u00e9nerg\u00e9tiques plus ou moins efficaces avec leurs avantages et contraintes sp\u00e9cifiques (financi\u00e8res, en termes de gestion et maintenance, d\u2019encombrement, d\u2019impact acoustique, etc.).<\/p>\n<h4>Mati\u00e8re &amp; Ressources<\/h4>\n<p>Le travail sur diff\u00e9rents projets a \u00e9t\u00e9 l\u2019occasion d\u2019explorer diff\u00e9rentes fa\u00e7ons de favoriser l\u2019\u00e9conomie circulaire dans le d\u00e9veloppement de projets neufs et de r\u00e9novation ou d\u00e9molition\/reconstruction et notamment d\u2019exploiter l\u2019outil TOTEM.<\/p>\n<h4>Cycle de l\u2019eau<\/h4>\n<p>Les diff\u00e9rents projets trait\u00e9s ont mis en \u00e9vidence diverses solutions plus ou moins efficaces pour utiliser l\u2019eau potable de fa\u00e7on rationnelle, et pour g\u00e9rer les eaux de pluie, avec des impacts plus ou moins heureux sur la biodiversit\u00e9 et l\u2019esth\u00e9tique de l\u2019am\u00e9nagement des abords.<\/p>\n<h4>D\u00e9veloppement de la Nature<\/h4>\n<p>Le potentiel de d\u00e9veloppement de la biodiversit\u00e9 est pris en compte de fa\u00e7on quantitative (calcul de l\u2019\u00e9copotentiel) mais \u00e9galement de fa\u00e7on qualitative (qualit\u00e9 des am\u00e9nagements paysagers, des strates v\u00e9g\u00e9tales, des services \u00e9cosyst\u00e9miques, possibilit\u00e9 de gestion diff\u00e9renci\u00e9e, \u2026)<\/p>\n<p>L\u2019accent est \u00e9galement mis sur les \u00e9l\u00e9ments \u00e0 mettre en place pour assurer la p\u00e9rennit\u00e9 des espaces verts en demandant aux auteurs de projet d\u2019\u00e9laborer un plan de gestion ou d\u2019int\u00e9grer les occupants \u00e0 la conception des espaces verts.<\/p>\n<h4>Environnement physique<\/h4>\n<p>Les recommandations en termes d\u2019environnement physique sont tr\u00e8s diverses. Elles touchent la conception volum\u00e9trique (possibilit\u00e9 de renouvellement de l\u2019air des \u00eelots, de vue), les fa\u00e7ades (albedo, fa\u00e7ades v\u00e9g\u00e9talis\u00e9es pour r\u00e9duire l\u2019effet d\u2019\u00eelot de chaleur) mais aussi la conception des b\u00e2timents (\u00e9clairage naturel, vue, possibilit\u00e9 de ventilation naturelle pour assurer le confort d\u2019\u00e9t\u00e9).<\/p>\n<\/div>\n<\/div>\n<\/div>\n<\/div>\n<\/div>\n<\/div>\n<\/div>\n<\/div>\n<\/div>\n<\/div>\n<\/div>\n<\/div>\n<\/div>\n<\/div>\n<\/div>\n<\/div>\n<p>[\/vc_column_text][\/vc_column][\/vc_row]<\/p>\n<\/div>","protected":false},"excerpt":{"rendered":"<p><B>Facilitateur Quartier Durable<\/B><br \/>\n<B>MO <\/B>Bruxelles Environnement<\/p>\n","protected":false},"author":5,"featured_media":13821,"comment_status":"closed","ping_status":"closed","template":"","dt_portfolio_category":[38,39],"dt_portfolio_tags":[239,240,245,172],"class_list":["post-13076","dt_portfolio","type-dt_portfolio","status-publish","has-post-thumbnail","hentry","dt_portfolio_category-consultance-technique","dt_portfolio_category-consultance-phare","dt_portfolio_tags-biodiversite","dt_portfolio_tags-choix-des-materiaux","dt_portfolio_tags-eclairage-naturel","dt_portfolio_tags-gestion-de-leau","dt_portfolio_category-38","dt_portfolio_category-39","description-off"],"yoast_head":"<!-- This site is optimized with the Yoast SEO plugin v27.5 - https:\/\/yoast.com\/product\/yoast-seo-wordpress\/ -->\n<title>Facilitateur Quartiers Durables - MATRIciel<\/title>\n<meta name=\"description\" content=\"Facilitateur Quartiers Durables, Bxl, Elaboration de clauses techniques durables pour des MO publics ou priv\u00e9s\" \/>\n<meta name=\"robots\" content=\"index, follow, max-snippet:-1, max-image-preview:large, max-video-preview:-1\" \/>\n<link rel=\"canonical\" href=\"https:\/\/www.matriciel.be\/projet\/facilitateurqd\/\" \/>\n<meta property=\"og:locale\" content=\"nl_NL\" \/>\n<meta property=\"og:type\" content=\"article\" \/>\n<meta property=\"og:title\" content=\"Facilitateur Quartiers Durables - MATRIciel\" \/>\n<meta property=\"og:description\" content=\"Facilitateur Quartiers Durables, Bxl, Elaboration de clauses techniques durables pour des MO publics ou priv\u00e9s\" \/>\n<meta property=\"og:url\" content=\"https:\/\/www.matriciel.be\/projet\/facilitateurqd\/\" \/>\n<meta property=\"og:site_name\" content=\"MATRIciel\" \/>\n<meta property=\"article:modified_time\" content=\"2025-01-15T14:02:36+00:00\" \/>\n<meta property=\"og:image\" content=\"https:\/\/www.matriciel.be\/wp-content\/uploads\/2022\/11\/Schema-Facilitateur-QD.jpg\" \/>\n\t<meta property=\"og:image:width\" content=\"634\" \/>\n\t<meta property=\"og:image:height\" content=\"638\" \/>\n\t<meta property=\"og:image:type\" content=\"image\/jpeg\" \/>\n<meta name=\"twitter:card\" content=\"summary_large_image\" \/>\n<meta name=\"twitter:label1\" content=\"Geschatte leestijd\" \/>\n\t<meta name=\"twitter:data1\" content=\"4 minuten\" \/>\n<script type=\"application\/ld+json\" class=\"yoast-schema-graph\">{\"@context\":\"https:\\\/\\\/schema.org\",\"@graph\":[{\"@type\":\"WebPage\",\"@id\":\"https:\\\/\\\/www.matriciel.be\\\/projet\\\/facilitateurqd\\\/\",\"url\":\"https:\\\/\\\/www.matriciel.be\\\/projet\\\/facilitateurqd\\\/\",\"name\":\"Facilitateur Quartiers Durables - MATRIciel\",\"isPartOf\":{\"@id\":\"https:\\\/\\\/www.matriciel.be\\\/#website\"},\"primaryImageOfPage\":{\"@id\":\"https:\\\/\\\/www.matriciel.be\\\/projet\\\/facilitateurqd\\\/#primaryimage\"},\"image\":{\"@id\":\"https:\\\/\\\/www.matriciel.be\\\/projet\\\/facilitateurqd\\\/#primaryimage\"},\"thumbnailUrl\":\"https:\\\/\\\/www.matriciel.be\\\/wp-content\\\/uploads\\\/2022\\\/11\\\/Schema-Facilitateur-QD.jpg\",\"datePublished\":\"2022-11-16T11:09:48+00:00\",\"dateModified\":\"2025-01-15T14:02:36+00:00\",\"description\":\"Facilitateur Quartiers Durables, Bxl, Elaboration de clauses techniques durables pour des MO publics ou priv\u00e9s\",\"breadcrumb\":{\"@id\":\"https:\\\/\\\/www.matriciel.be\\\/projet\\\/facilitateurqd\\\/#breadcrumb\"},\"inLanguage\":\"nl-NL\",\"potentialAction\":[{\"@type\":\"ReadAction\",\"target\":[\"https:\\\/\\\/www.matriciel.be\\\/projet\\\/facilitateurqd\\\/\"]}]},{\"@type\":\"ImageObject\",\"inLanguage\":\"nl-NL\",\"@id\":\"https:\\\/\\\/www.matriciel.be\\\/projet\\\/facilitateurqd\\\/#primaryimage\",\"url\":\"https:\\\/\\\/www.matriciel.be\\\/wp-content\\\/uploads\\\/2022\\\/11\\\/Schema-Facilitateur-QD.jpg\",\"contentUrl\":\"https:\\\/\\\/www.matriciel.be\\\/wp-content\\\/uploads\\\/2022\\\/11\\\/Schema-Facilitateur-QD.jpg\",\"width\":634,\"height\":638,\"caption\":\"Sch\u00e9ma indiquant les r\u00e9sultats obtenus pour chaque crit\u00e8re de DD\"},{\"@type\":\"BreadcrumbList\",\"@id\":\"https:\\\/\\\/www.matriciel.be\\\/projet\\\/facilitateurqd\\\/#breadcrumb\",\"itemListElement\":[{\"@type\":\"ListItem\",\"position\":1,\"name\":\"Accueil\",\"item\":\"https:\\\/\\\/www.matriciel.be\\\/nl\\\/\"},{\"@type\":\"ListItem\",\"position\":2,\"name\":\"Portfolio\",\"item\":\"https:\\\/\\\/www.matriciel.be\\\/nl\\\/projet\\\/\"},{\"@type\":\"ListItem\",\"position\":3,\"name\":\"Facilitateur Quartiers Durables\"}]},{\"@type\":\"WebSite\",\"@id\":\"https:\\\/\\\/www.matriciel.be\\\/#website\",\"url\":\"https:\\\/\\\/www.matriciel.be\\\/\",\"name\":\"MATRIciel\",\"description\":\"Bureau d&#039;\u00e9tude et de conseil en architecture durable\",\"potentialAction\":[{\"@type\":\"SearchAction\",\"target\":{\"@type\":\"EntryPoint\",\"urlTemplate\":\"https:\\\/\\\/www.matriciel.be\\\/?s={search_term_string}\"},\"query-input\":{\"@type\":\"PropertyValueSpecification\",\"valueRequired\":true,\"valueName\":\"search_term_string\"}}],\"inLanguage\":\"nl-NL\"}]}<\/script>\n<!-- \/ Yoast SEO plugin. -->","yoast_head_json":{"title":"Facilitateur Quartiers Durables - MATRIciel","description":"Facilitateur Quartiers Durables, Bxl, Elaboration de clauses techniques durables pour des MO publics ou priv\u00e9s","robots":{"index":"index","follow":"follow","max-snippet":"max-snippet:-1","max-image-preview":"max-image-preview:large","max-video-preview":"max-video-preview:-1"},"canonical":"https:\/\/www.matriciel.be\/projet\/facilitateurqd\/","og_locale":"nl_NL","og_type":"article","og_title":"Facilitateur Quartiers Durables - MATRIciel","og_description":"Facilitateur Quartiers Durables, Bxl, Elaboration de clauses techniques durables pour des MO publics ou priv\u00e9s","og_url":"https:\/\/www.matriciel.be\/projet\/facilitateurqd\/","og_site_name":"MATRIciel","article_modified_time":"2025-01-15T14:02:36+00:00","og_image":[{"width":634,"height":638,"url":"https:\/\/www.matriciel.be\/wp-content\/uploads\/2022\/11\/Schema-Facilitateur-QD.jpg","type":"image\/jpeg"}],"twitter_card":"summary_large_image","twitter_misc":{"Geschatte leestijd":"4 minuten"},"schema":{"@context":"https:\/\/schema.org","@graph":[{"@type":"WebPage","@id":"https:\/\/www.matriciel.be\/projet\/facilitateurqd\/","url":"https:\/\/www.matriciel.be\/projet\/facilitateurqd\/","name":"Facilitateur Quartiers Durables - MATRIciel","isPartOf":{"@id":"https:\/\/www.matriciel.be\/#website"},"primaryImageOfPage":{"@id":"https:\/\/www.matriciel.be\/projet\/facilitateurqd\/#primaryimage"},"image":{"@id":"https:\/\/www.matriciel.be\/projet\/facilitateurqd\/#primaryimage"},"thumbnailUrl":"https:\/\/www.matriciel.be\/wp-content\/uploads\/2022\/11\/Schema-Facilitateur-QD.jpg","datePublished":"2022-11-16T11:09:48+00:00","dateModified":"2025-01-15T14:02:36+00:00","description":"Facilitateur Quartiers Durables, Bxl, Elaboration de clauses techniques durables pour des MO publics ou priv\u00e9s","breadcrumb":{"@id":"https:\/\/www.matriciel.be\/projet\/facilitateurqd\/#breadcrumb"},"inLanguage":"nl-NL","potentialAction":[{"@type":"ReadAction","target":["https:\/\/www.matriciel.be\/projet\/facilitateurqd\/"]}]},{"@type":"ImageObject","inLanguage":"nl-NL","@id":"https:\/\/www.matriciel.be\/projet\/facilitateurqd\/#primaryimage","url":"https:\/\/www.matriciel.be\/wp-content\/uploads\/2022\/11\/Schema-Facilitateur-QD.jpg","contentUrl":"https:\/\/www.matriciel.be\/wp-content\/uploads\/2022\/11\/Schema-Facilitateur-QD.jpg","width":634,"height":638,"caption":"Sch\u00e9ma indiquant les r\u00e9sultats obtenus pour chaque crit\u00e8re de DD"},{"@type":"BreadcrumbList","@id":"https:\/\/www.matriciel.be\/projet\/facilitateurqd\/#breadcrumb","itemListElement":[{"@type":"ListItem","position":1,"name":"Accueil","item":"https:\/\/www.matriciel.be\/nl\/"},{"@type":"ListItem","position":2,"name":"Portfolio","item":"https:\/\/www.matriciel.be\/nl\/projet\/"},{"@type":"ListItem","position":3,"name":"Facilitateur Quartiers Durables"}]},{"@type":"WebSite","@id":"https:\/\/www.matriciel.be\/#website","url":"https:\/\/www.matriciel.be\/","name":"MATRIciel","description":"Bureau d&#039;\u00e9tude et de conseil en architecture durable","potentialAction":[{"@type":"SearchAction","target":{"@type":"EntryPoint","urlTemplate":"https:\/\/www.matriciel.be\/?s={search_term_string}"},"query-input":{"@type":"PropertyValueSpecification","valueRequired":true,"valueName":"search_term_string"}}],"inLanguage":"nl-NL"}]}},"jetpack_sharing_enabled":true,"_links":{"self":[{"href":"https:\/\/www.matriciel.be\/nl\/wp-json\/wp\/v2\/dt_portfolio\/13076","targetHints":{"allow":["GET"]}}],"collection":[{"href":"https:\/\/www.matriciel.be\/nl\/wp-json\/wp\/v2\/dt_portfolio"}],"about":[{"href":"https:\/\/www.matriciel.be\/nl\/wp-json\/wp\/v2\/types\/dt_portfolio"}],"author":[{"embeddable":true,"href":"https:\/\/www.matriciel.be\/nl\/wp-json\/wp\/v2\/users\/5"}],"replies":[{"embeddable":true,"href":"https:\/\/www.matriciel.be\/nl\/wp-json\/wp\/v2\/comments?post=13076"}],"version-history":[{"count":12,"href":"https:\/\/www.matriciel.be\/nl\/wp-json\/wp\/v2\/dt_portfolio\/13076\/revisions"}],"predecessor-version":[{"id":20474,"href":"https:\/\/www.matriciel.be\/nl\/wp-json\/wp\/v2\/dt_portfolio\/13076\/revisions\/20474"}],"wp:featuredmedia":[{"embeddable":true,"href":"https:\/\/www.matriciel.be\/nl\/wp-json\/wp\/v2\/media\/13821"}],"wp:attachment":[{"href":"https:\/\/www.matriciel.be\/nl\/wp-json\/wp\/v2\/media?parent=13076"}],"wp:term":[{"taxonomy":"dt_portfolio_category","embeddable":true,"href":"https:\/\/www.matriciel.be\/nl\/wp-json\/wp\/v2\/dt_portfolio_category?post=13076"},{"taxonomy":"dt_portfolio_tags","embeddable":true,"href":"https:\/\/www.matriciel.be\/nl\/wp-json\/wp\/v2\/dt_portfolio_tags?post=13076"}],"curies":[{"name":"wp","href":"https:\/\/api.w.org\/{rel}","templated":true}]}}