{"id":1382,"date":"2013-10-01T15:28:20","date_gmt":"2013-10-01T13:28:20","guid":{"rendered":"https:\/\/agencepoush-newmatriciel.pf503.wpserveur.net\/?post_type=dt_portfolio&#038;p=1382"},"modified":"2025-01-15T14:09:08","modified_gmt":"2025-01-15T13:09:08","slug":"creche-nivelles","status":"publish","type":"dt_portfolio","link":"https:\/\/www.matriciel.be\/nl\/projet\/creche-nivelles\/","title":{"rendered":"Extension passive de la cr\u00e8che communale de Nivelles"},"content":{"rendered":"<div class=\"wpb-content-wrapper\"><p>[vc_row margin_top=&#8221;-30px&#8221;][vc_column][vc_column_text css=&#8221;.vc_custom_1506693490344{margin-bottom: 20px !important;}&#8221; el_class=&#8221;custom-copyright&#8221;]<\/p>\n<p style=\"text-align: right;\">\u00a9 Filip Dujardin, Ma\u00eetre d&#8217;ouvrage : Ville de Nivelles, Architecte\u00a0:\u00a0B2AI<\/p>\n<p>[\/vc_column_text][\/vc_column][vc_column width=&#8221;1\/3&#8243; el_class=&#8221;custom-bold-list&#8221;][vc_column_text]<\/p>\n<h2 style=\"font-size: 25px; line-height: 32px; text-transform: none;\">Informations g\u00e9n\u00e9rales du projet<\/h2>\n<p>[\/vc_column_text][vc_column_text]<b>Ma\u00eetre de l&#8217;Ouvrage <\/b>: Ville de Nivelles<\/p>\n<p><b>Programme :\u00a0<\/b>Extension Passive de la cr\u00e8che communale de Nivelles<\/p>\n<p><b>Situation\u00a0<\/b>: Nivelles<\/p>\n<p><b>Surface\u00a0<\/b>:\u00a0595 m\u00b2<\/p>\n<p><b>Architectes <\/b>: B2AI<\/p>\n<p><b>Dates <\/b>: R\u00e9ception en octobre 2013[\/vc_column_text][vc_column_text]<\/p>\n<h2 style=\"font-size: 25px; line-height: 32px; text-transform: none;\">Missions de MATRI<em>ciel<\/em><\/h2>\n<p>[\/vc_column_text][vc_column_text]<b><\/b>Simulations statiques pour d\u00e9terminer la composition de parois sur base du niveau d\u2019isolation \u00e0 atteindre pour r\u00e9pondre au crit\u00e8re passif<br \/>\n<b><\/b>\u00c9valuation de la rentabilit\u00e9 d\u2019une conception \u2018basse \u00e9nergie\u2019 et d\u2019une conception \u2018passive\u2019 pour ce projet<br \/>\n<b><\/b>Mod\u00e9lisation thermique dynamique du b\u00e2timent afin de d\u00e9terminer l\u2019\u00e9volution du confort int\u00e9rieur mesur\u00e9 pour diff\u00e9rentes p\u00e9riodes et configurations (canicule, grand froid)<br \/>\n<b><\/b>Comparaison de cinq syst\u00e8mes de production de chaleur au niveau de la consommation en \u00e9nergie primaire, de l\u2019int\u00e9r\u00eat environnemental (\u00e9mission de CO2) et financier. Etude des avantages et inconv\u00e9nients d\u2019un chauffage par le sol dans la partie destin\u00e9e aux enfants<br \/>\n<b><\/b>\u00c9laboration des d\u00e9tails techniques et du cahier des charges afin d&#8217;assurer une bonne \u00e9tanch\u00e9it\u00e9 \u00e0 l&#8217;air et \u00e9viter les probl\u00e8mes de condensation[\/vc_column_text][\/vc_column][vc_column width=&#8221;2\/3&#8243;][vc_column_text]<\/p>\n<h2>Description du projet<\/h2>\n<p>[\/vc_column_text][vc_column_text]<\/p>\n<div class=\"page\" title=\"Page 1\">\n<div class=\"layoutArea\">\n<div class=\"column\">\n<p>L\u2019administration communale de Nivelles, consciente de son r\u00f4le \u00e0 jouer dans le d\u00e9veloppement des constructions durables, a la volont\u00e9 de r\u00e9aliser un projet r\u00e9pondant \u00e0 une approche durable tant au niveau \u00e9nerg\u00e9tique qu\u2019au niveau du bien \u00eatre des occupants.<\/p>\n<p>L\u2019occupation \u2018intensive\u2019 des locaux (de +\/-7h \u00e0 +\/-19h30) ainsi que le tr\u00e8s jeune \u00e2ge des enfants \u00e9taient autant de raisons pour consid\u00e9rer une \u00e9tude int\u00e9grant pleinement le confort des occupants.<\/p>\n<p>L\u2019extension de la cr\u00e8che communale comprend une partie destin\u00e9e aux enfants et une partie administrative, adoss\u00e9e \u00e0 la construction existante.<\/p>\n<p>La motivation de la commune a permis de r\u00e9aliser un <strong>b\u00e2timent passif<\/strong> r\u00e9pondant aux crit\u00e8res d\u00e9finis par la plateforme maison passive pour les habitations unifamiliales (le passif tertiaire n\u2019\u00e9tant pas d\u00e9fini \u00e0 l\u2019\u00e9poque du d\u00e9p\u00f4t du permis d\u2019urbanisme). La consommation en \u00e9nergie de chauffage du futur b\u00e2timent ne d\u00e9passera donc pas 15 kWh\/m\u00b2.an et l\u2019\u00e9tanch\u00e9it\u00e9 \u00e0 l\u2019air sera telle que le n<sub>50<\/sub> soit inf\u00e9rieur \u00e0 0.6\/h. Des mesures particuli\u00e8res au niveau des protections solaires, des mat\u00e9riaux et des syst\u00e8mes de ventilation ont \u00e9t\u00e9 prises afin de garantir \u00e9galement des conditions d\u2019\u00e9panouissement et de s\u00e9curit\u00e9 optimales aux jeunes enfants.<\/p>\n<p>Plus pr\u00e9cis\u00e9ment, les strat\u00e9gies passives de chaud, de froid et d\u2019apport d\u2019\u00e9clairage naturel sont les suivantes\u00a0:<\/p>\n<ul>\n<li><strong>Orientation<\/strong>: les ouvertures ont \u00e9t\u00e9 principalement am\u00e9nag\u00e9es au sud afin de favoriser l\u2019apport de chaleur en hiver tout en minimisant les situations de surchauffe en \u00e9t\u00e9. Seuls les locaux de s\u00e9jour ont \u00e9t\u00e9 am\u00e9nag\u00e9s au sud, les dortoirs, l\u2019accueil et les sanitaires ont \u00e9t\u00e9 pr\u00e9vus au nord. Les locaux de repos ne sont ainsi pas sujets aux situations de surchauffes et d\u2019\u00e9blouissements. Les locaux administratifs, nettement moins occup\u00e9s que ceux r\u00e9serv\u00e9s aux enfants, sont orient\u00e9s \u00e0 l\u2019ouest.<\/li>\n<li><strong>Compacit\u00e9\u00a0:<\/strong> l\u2019objectif est une utilisation rationnelle du sol et une diminution de la consommation \u00e9nerg\u00e9tique. Le plan carr\u00e9 du b\u00e2timent destin\u00e9 aux enfants repr\u00e9sente un optimum au niveau de la compacit\u00e9.<\/li>\n<li><strong>Lumi\u00e8re naturelle\u00a0: <\/strong>l\u2019am\u00e9nagement des ouvertures a \u00e9t\u00e9 envisag\u00e9 de mani\u00e8re \u00e0 limiter l\u2019\u00e9blouissement. Des auvents ont ainsi \u00e9t\u00e9 plac\u00e9s au sud et une ouverture, situ\u00e9e en hauteur, a \u00e9t\u00e9 mise en place au nord. Ce type d\u2019\u00e9clairement n\u2019engendre pas d\u2019\u00e9blouissement et ne n\u00e9cessite donc pas de protections solaires, ce qui est particuli\u00e8rement bien indiqu\u00e9 pour des vitrages situ\u00e9s en hauteur.<\/li>\n<li><strong>Surchauffe :\u00a0<\/strong>le d\u00e9bord de toiture situ\u00e9 au sud, d\u2019une part, et le maintient de la v\u00e9g\u00e9tation \u00e0 feuillage caduque, d\u2019autre part, pr\u00e9sentent un compromis entre gain solaire en hiver et ombrage en \u00e9t\u00e9;\u00a0une ventilation naturelle de jour et de nuit<strong>: <\/strong>les ouvertures en toiture favorisent la ventilation naturelle par effet chemin\u00e9e;\u00a0la bonne inertie du sol, due \u00e0 la chape\u00a0: l\u2019inertie permet un d\u00e9phasage des flux de chaleur du jour vers la nuit et permet ainsi d\u2019\u00e9viter les situations d\u2019inconfort en p\u00e9riode estivale.<\/li>\n<li><strong>Regroupement<\/strong> des <strong>zones<\/strong> ne n\u00e9cessitant <strong>pas ou peu de chauffage <\/strong>pour garantir une gestion optimale des temp\u00e9ratures de consignes (18\u00b0C pour les dortoirs, 15\u00b0C pour le hall \u2018ext\u00e9rieur\u2019, 16\u00b0C pour le couloir).<\/li>\n<li><strong>Limitation des porte-\u00e0-faux\u00a0:<\/strong> les planchers situ\u00e9s au dessus de l\u2019ambiance ext\u00e9rieure n\u00e9cessitent une plus grande quantit\u00e9 d\u2019isolant que ceux situ\u00e9s au niveau du sol.<\/li>\n<li>Le grand nombre d\u2019enfants n\u00e9cessite un <strong>renouvellement d\u2019air<\/strong> important pour maintenir l\u2019ambiance int\u00e9rieure dans des conditions convenables. Les pertes thermiques par ventilation sont \u00e0 l\u2019origine d\u2019une part importante de la consommation en chauffage. La mise en place d\u2019un syst\u00e8me de ventilation \u00e9nerg\u00e9tiquement efficace tel que le <strong>syst\u00e8me double flux avec r\u00e9cup\u00e9ration de chaleur<\/strong> repr\u00e9sente, par cons\u00e9quent, une \u00e9conomie tr\u00e8s importante.<\/li>\n<\/ul>\n<\/div>\n<\/div>\n<\/div>\n<p>[\/vc_column_text][\/vc_column][\/vc_row]<\/p>\n<\/div>","protected":false},"excerpt":{"rendered":"<p><strong>Cr\u00e8che passive &#8211; Nivelles<\/strong><br \/>\n<strong>MO <\/strong>Villes de Nivelles<br \/>\n<strong>Ar <\/strong>B2AI<\/p>\n","protected":false},"author":5,"featured_media":1385,"comment_status":"closed","ping_status":"closed","template":"","dt_portfolio_category":[34],"dt_portfolio_tags":[],"class_list":["post-1382","dt_portfolio","type-dt_portfolio","status-publish","has-post-thumbnail","hentry","dt_portfolio_category-soins","dt_portfolio_category-34","description-off"],"yoast_head":"<!-- This site is optimized with the Yoast SEO plugin v27.5 - https:\/\/yoast.com\/product\/yoast-seo-wordpress\/ -->\n<title>Extension passive de la cr\u00e8che communale de Nivelles<\/title>\n<meta name=\"description\" content=\"Extension passive de la cr\u00e8che communale de Nivelles\" \/>\n<meta name=\"robots\" content=\"index, follow, max-snippet:-1, max-image-preview:large, max-video-preview:-1\" \/>\n<link rel=\"canonical\" href=\"https:\/\/www.matriciel.be\/projet\/creche-nivelles\/\" \/>\n<meta property=\"og:locale\" content=\"nl_NL\" \/>\n<meta property=\"og:type\" content=\"article\" \/>\n<meta property=\"og:title\" content=\"Extension passive de la cr\u00e8che communale de Nivelles\" \/>\n<meta property=\"og:description\" content=\"Extension passive de la cr\u00e8che communale de Nivelles\" \/>\n<meta property=\"og:url\" content=\"https:\/\/www.matriciel.be\/projet\/creche-nivelles\/\" \/>\n<meta property=\"og:site_name\" content=\"MATRIciel\" \/>\n<meta property=\"article:modified_time\" content=\"2025-01-15T13:09:08+00:00\" \/>\n<meta property=\"og:image\" content=\"https:\/\/www.matriciel.be\/wp-content\/uploads\/2017\/09\/015-Cr\u00bfche-Nivelle.jpg\" \/>\n\t<meta property=\"og:image:width\" content=\"1280\" \/>\n\t<meta property=\"og:image:height\" content=\"872\" \/>\n\t<meta property=\"og:image:type\" content=\"image\/jpeg\" \/>\n<meta name=\"twitter:card\" content=\"summary_large_image\" \/>\n<meta name=\"twitter:label1\" content=\"Geschatte leestijd\" \/>\n\t<meta name=\"twitter:data1\" content=\"5 minuten\" \/>\n<script type=\"application\/ld+json\" class=\"yoast-schema-graph\">{\"@context\":\"https:\\\/\\\/schema.org\",\"@graph\":[{\"@type\":\"WebPage\",\"@id\":\"https:\\\/\\\/www.matriciel.be\\\/projet\\\/creche-nivelles\\\/\",\"url\":\"https:\\\/\\\/www.matriciel.be\\\/projet\\\/creche-nivelles\\\/\",\"name\":\"Extension passive de la cr\u00e8che communale de Nivelles\",\"isPartOf\":{\"@id\":\"https:\\\/\\\/www.matriciel.be\\\/#website\"},\"primaryImageOfPage\":{\"@id\":\"https:\\\/\\\/www.matriciel.be\\\/projet\\\/creche-nivelles\\\/#primaryimage\"},\"image\":{\"@id\":\"https:\\\/\\\/www.matriciel.be\\\/projet\\\/creche-nivelles\\\/#primaryimage\"},\"thumbnailUrl\":\"https:\\\/\\\/www.matriciel.be\\\/wp-content\\\/uploads\\\/2017\\\/09\\\/015-Cr\u00bfche-Nivelle.jpg\",\"datePublished\":\"2013-10-01T13:28:20+00:00\",\"dateModified\":\"2025-01-15T13:09:08+00:00\",\"description\":\"Extension passive de la cr\u00e8che communale de Nivelles\",\"breadcrumb\":{\"@id\":\"https:\\\/\\\/www.matriciel.be\\\/projet\\\/creche-nivelles\\\/#breadcrumb\"},\"inLanguage\":\"nl-NL\",\"potentialAction\":[{\"@type\":\"ReadAction\",\"target\":[\"https:\\\/\\\/www.matriciel.be\\\/projet\\\/creche-nivelles\\\/\"]}]},{\"@type\":\"ImageObject\",\"inLanguage\":\"nl-NL\",\"@id\":\"https:\\\/\\\/www.matriciel.be\\\/projet\\\/creche-nivelles\\\/#primaryimage\",\"url\":\"https:\\\/\\\/www.matriciel.be\\\/wp-content\\\/uploads\\\/2017\\\/09\\\/015-Cr\u00bfche-Nivelle.jpg\",\"contentUrl\":\"https:\\\/\\\/www.matriciel.be\\\/wp-content\\\/uploads\\\/2017\\\/09\\\/015-Cr\u00bfche-Nivelle.jpg\",\"width\":1280,\"height\":872,\"caption\":\"Extension passive \u00e0 Nivelles\"},{\"@type\":\"BreadcrumbList\",\"@id\":\"https:\\\/\\\/www.matriciel.be\\\/projet\\\/creche-nivelles\\\/#breadcrumb\",\"itemListElement\":[{\"@type\":\"ListItem\",\"position\":1,\"name\":\"Accueil\",\"item\":\"https:\\\/\\\/www.matriciel.be\\\/nl\\\/\"},{\"@type\":\"ListItem\",\"position\":2,\"name\":\"Portfolio\",\"item\":\"https:\\\/\\\/www.matriciel.be\\\/nl\\\/projet\\\/\"},{\"@type\":\"ListItem\",\"position\":3,\"name\":\"Extension passive de la cr\u00e8che communale de Nivelles\"}]},{\"@type\":\"WebSite\",\"@id\":\"https:\\\/\\\/www.matriciel.be\\\/#website\",\"url\":\"https:\\\/\\\/www.matriciel.be\\\/\",\"name\":\"MATRIciel\",\"description\":\"Bureau d&#039;\u00e9tude et de conseil en architecture durable\",\"potentialAction\":[{\"@type\":\"SearchAction\",\"target\":{\"@type\":\"EntryPoint\",\"urlTemplate\":\"https:\\\/\\\/www.matriciel.be\\\/?s={search_term_string}\"},\"query-input\":{\"@type\":\"PropertyValueSpecification\",\"valueRequired\":true,\"valueName\":\"search_term_string\"}}],\"inLanguage\":\"nl-NL\"}]}<\/script>\n<!-- \/ Yoast SEO plugin. -->","yoast_head_json":{"title":"Extension passive de la cr\u00e8che communale de Nivelles","description":"Extension passive de la cr\u00e8che communale de Nivelles","robots":{"index":"index","follow":"follow","max-snippet":"max-snippet:-1","max-image-preview":"max-image-preview:large","max-video-preview":"max-video-preview:-1"},"canonical":"https:\/\/www.matriciel.be\/projet\/creche-nivelles\/","og_locale":"nl_NL","og_type":"article","og_title":"Extension passive de la cr\u00e8che communale de Nivelles","og_description":"Extension passive de la cr\u00e8che communale de Nivelles","og_url":"https:\/\/www.matriciel.be\/projet\/creche-nivelles\/","og_site_name":"MATRIciel","article_modified_time":"2025-01-15T13:09:08+00:00","og_image":[{"width":1280,"height":872,"url":"https:\/\/www.matriciel.be\/wp-content\/uploads\/2017\/09\/015-Cr\u00bfche-Nivelle.jpg","type":"image\/jpeg"}],"twitter_card":"summary_large_image","twitter_misc":{"Geschatte leestijd":"5 minuten"},"schema":{"@context":"https:\/\/schema.org","@graph":[{"@type":"WebPage","@id":"https:\/\/www.matriciel.be\/projet\/creche-nivelles\/","url":"https:\/\/www.matriciel.be\/projet\/creche-nivelles\/","name":"Extension passive de la cr\u00e8che communale de Nivelles","isPartOf":{"@id":"https:\/\/www.matriciel.be\/#website"},"primaryImageOfPage":{"@id":"https:\/\/www.matriciel.be\/projet\/creche-nivelles\/#primaryimage"},"image":{"@id":"https:\/\/www.matriciel.be\/projet\/creche-nivelles\/#primaryimage"},"thumbnailUrl":"https:\/\/www.matriciel.be\/wp-content\/uploads\/2017\/09\/015-Cr\u00bfche-Nivelle.jpg","datePublished":"2013-10-01T13:28:20+00:00","dateModified":"2025-01-15T13:09:08+00:00","description":"Extension passive de la cr\u00e8che communale de Nivelles","breadcrumb":{"@id":"https:\/\/www.matriciel.be\/projet\/creche-nivelles\/#breadcrumb"},"inLanguage":"nl-NL","potentialAction":[{"@type":"ReadAction","target":["https:\/\/www.matriciel.be\/projet\/creche-nivelles\/"]}]},{"@type":"ImageObject","inLanguage":"nl-NL","@id":"https:\/\/www.matriciel.be\/projet\/creche-nivelles\/#primaryimage","url":"https:\/\/www.matriciel.be\/wp-content\/uploads\/2017\/09\/015-Cr\u00bfche-Nivelle.jpg","contentUrl":"https:\/\/www.matriciel.be\/wp-content\/uploads\/2017\/09\/015-Cr\u00bfche-Nivelle.jpg","width":1280,"height":872,"caption":"Extension passive \u00e0 Nivelles"},{"@type":"BreadcrumbList","@id":"https:\/\/www.matriciel.be\/projet\/creche-nivelles\/#breadcrumb","itemListElement":[{"@type":"ListItem","position":1,"name":"Accueil","item":"https:\/\/www.matriciel.be\/nl\/"},{"@type":"ListItem","position":2,"name":"Portfolio","item":"https:\/\/www.matriciel.be\/nl\/projet\/"},{"@type":"ListItem","position":3,"name":"Extension passive de la cr\u00e8che communale de Nivelles"}]},{"@type":"WebSite","@id":"https:\/\/www.matriciel.be\/#website","url":"https:\/\/www.matriciel.be\/","name":"MATRIciel","description":"Bureau d&#039;\u00e9tude et de conseil en architecture durable","potentialAction":[{"@type":"SearchAction","target":{"@type":"EntryPoint","urlTemplate":"https:\/\/www.matriciel.be\/?s={search_term_string}"},"query-input":{"@type":"PropertyValueSpecification","valueRequired":true,"valueName":"search_term_string"}}],"inLanguage":"nl-NL"}]}},"jetpack_sharing_enabled":true,"_links":{"self":[{"href":"https:\/\/www.matriciel.be\/nl\/wp-json\/wp\/v2\/dt_portfolio\/1382","targetHints":{"allow":["GET"]}}],"collection":[{"href":"https:\/\/www.matriciel.be\/nl\/wp-json\/wp\/v2\/dt_portfolio"}],"about":[{"href":"https:\/\/www.matriciel.be\/nl\/wp-json\/wp\/v2\/types\/dt_portfolio"}],"author":[{"embeddable":true,"href":"https:\/\/www.matriciel.be\/nl\/wp-json\/wp\/v2\/users\/5"}],"replies":[{"embeddable":true,"href":"https:\/\/www.matriciel.be\/nl\/wp-json\/wp\/v2\/comments?post=1382"}],"version-history":[{"count":1,"href":"https:\/\/www.matriciel.be\/nl\/wp-json\/wp\/v2\/dt_portfolio\/1382\/revisions"}],"predecessor-version":[{"id":22361,"href":"https:\/\/www.matriciel.be\/nl\/wp-json\/wp\/v2\/dt_portfolio\/1382\/revisions\/22361"}],"wp:featuredmedia":[{"embeddable":true,"href":"https:\/\/www.matriciel.be\/nl\/wp-json\/wp\/v2\/media\/1385"}],"wp:attachment":[{"href":"https:\/\/www.matriciel.be\/nl\/wp-json\/wp\/v2\/media?parent=1382"}],"wp:term":[{"taxonomy":"dt_portfolio_category","embeddable":true,"href":"https:\/\/www.matriciel.be\/nl\/wp-json\/wp\/v2\/dt_portfolio_category?post=1382"},{"taxonomy":"dt_portfolio_tags","embeddable":true,"href":"https:\/\/www.matriciel.be\/nl\/wp-json\/wp\/v2\/dt_portfolio_tags?post=1382"}],"curies":[{"name":"wp","href":"https:\/\/api.w.org\/{rel}","templated":true}]}}