{"id":139,"date":"2016-03-01T14:02:39","date_gmt":"2016-03-01T13:02:39","guid":{"rendered":"https:\/\/agencepoush-newmatriciel.pf503.wpserveur.net\/?post_type=dt_portfolio&#038;p=139"},"modified":"2021-01-20T12:52:40","modified_gmt":"2021-01-20T11:52:40","slug":"immeuble-de-logements-collectifs-ducuroir","status":"publish","type":"dt_portfolio","link":"https:\/\/www.matriciel.be\/nl\/projet\/immeuble-de-logements-collectifs-ducuroir\/","title":{"rendered":"Immeuble de logements collectifs &#8220;Ducuroir&#8221;"},"content":{"rendered":"<div class=\"wpb-content-wrapper\"><p>[vc_row margin_top=&#8221;-30px&#8221;][vc_column][vc_column_text css=&#8221;.vc_custom_1490799053483{margin-bottom: 20px !important;}&#8221; el_class=&#8221;custom-copyright&#8221;]<\/p>\n<p style=\"text-align: right;\">\u00a9Archi 2000, CityDev &#8211; JCX Immo, Archi 2000, Ensemble de logements sur le site Ducuroir \u00e0 Forest, Logement<\/p>\n<p>[\/vc_column_text][\/vc_column][vc_column width=&#8221;1\/3&#8243; el_class=&#8221;custom-bold-list&#8221;][vc_column_text]<\/p>\n<h2 style=\"font-size: 25px; line-height: 32px; text-transform: none;\">Informations g\u00e9n\u00e9rales du projet<\/h2>\n<p>[\/vc_column_text][vc_column_text]<b>Ma\u00eetre de l&#8217;Ouvrage <\/b>: partenariat public (CityDev) &#8211; priv\u00e9 (JCX Immo)<\/p>\n<p><b>Programme et surface : <\/b>Immeuble de 63 logements collectifs \u00ab passifs \u00bb et \u00ab tr\u00e8s basse \u00e9nergie \u00bb sur 7.430 m<span class=\"s2\">2 <\/span><\/p>\n<p><b>Situation <\/b>: venue Van Volxem n\u00b0306-312 \u00e0 1190 Forest<\/p>\n<p><b>Architecte : <\/b>Archi 2000<\/p>\n<p><b>Dates <\/b>: d\u00e9but chantier en octobre 2013 et r\u00e9ception provisoire en mars 2016[\/vc_column_text][vc_column_text]<\/p>\n<h2 style=\"font-size: 25px; line-height: 32px; text-transform: none;\">Missions de MATRI<em>ciel<\/em><\/h2>\n<p>[\/vc_column_text][vc_column_text]<b><\/b>Assistance \u00e0 la conception architecturale, \u00e9nerg\u00e9tique et environnementale depuis la phase d\u2019esquisse jusqu\u2019\u00e0 la mise en service et la livraison aux acqu\u00e9reurs<\/p>\n<p><b><\/b>Etudes d\u2019optimisations \u00e9nerg\u00e9tiques et environnementales (d\u00e9veloppement durable) \u2013 eau \/ biodiversit\u00e9 \/ \u00e9nergies renouvelables \/ confort thermique (\u00e9t\u00e9\/hiver) \/ confort visuel<\/p>\n<p><b><\/b>Etudes des techniques sp\u00e9ciales (HVAC, \u00e9lectricit\u00e9, sanitaire), dossier d\u2019ex\u00e9cution, suivi de chantier, r\u00e9ception et mise en service<\/p>\n<p><b><\/b>Mission de conseiller PEB<\/p>\n<p><b><\/b>Guidance, \u00e9tudes et assistance \u00e0 la certification passive des appartements par la Plateforme Maison Passive (PMP)<\/p>\n<p><b><\/b>Guidance et accompagnement des acqu\u00e9reurs pour l\u2019exploitation technique des logements (\u00e9colage et assistance)[\/vc_column_text][\/vc_column][vc_column width=&#8221;2\/3&#8243;][vc_column_text]<\/p>\n<h2>Description du projet<\/h2>\n<p>[\/vc_column_text][vc_column_text]<\/p>\n<p class=\"p2\">Le projet se situe avenue Van Volxem \u00e0 Forest dans un \u00eelot qui \u00e9tait occup\u00e9 par les anciens entrep\u00f4ts \u00ab Ducuroir \u00bb ; le projet a consist\u00e9 \u00e0 d\u00e9molir les b\u00e2timents existants en vue d\u2019y construire un nouveau complexe proposant 63 logements, des locaux mis \u00e0 disposition de la communaut\u00e9, un parking souterrain, un ilot int\u00e9rieur con\u00e7u comme un espace agr\u00e9able, ludique et fonctionnel, un parking v\u00e9los et une zone importante de jardins et potagers.<\/p>\n<h3 class=\"p3\">Architecture :<\/h3>\n<p class=\"p2\">L\u2019orientation EST-OUEST des immeubles d\u00e9velopp\u00e9s sur un plan traversant fait b\u00e9n\u00e9ficier les logements d\u2019un bon ensoleillement et d\u2019une lumi\u00e8re naturelle tr\u00e8s pr\u00e9sente du matin au soir.<\/p>\n<h3 class=\"p3\">D\u00e9veloppement durable<\/h3>\n<h4 class=\"p2\">Energie<\/h4>\n<p class=\"p2\">33 logements \u00ab passifs \u00bb et 32 logements \u00ab tr\u00e8s basse \u00e9nergie \u00bb<\/p>\n<h4 class=\"p2\">Eau<\/h4>\n<p class=\"p2\">Une strat\u00e9gie globale de gestion de l\u2019eau de pluie sur la parcelle a \u00e9t\u00e9 mise en place : r\u00e9cup\u00e9ration de l\u2019eau de pluie et conception de de l\u2019ilot d\u2019int\u00e9rieur comme une toiture stockante permettant l\u2019\u00e9vapotranspiration et l\u2019absorption d\u2019eau par les plantes. De plus, une noue d\u2019infiltration a \u00e9t\u00e9 mise en place le long du talus du chemin de fer pour les eaux de ruissellement des jardins.<\/p>\n<h4 class=\"p2\">Biodiversit\u00e9<\/h4>\n<p class=\"p2\">Le projet a fortement am\u00e9lior\u00e9 la situation existante par la mise en oeuvre de plusieurs mesures : jardins communs et potagers, toitures vertes extensives, ilot int\u00e9rieur vert. Le coefficient du Biotope par Surface (CBS) est ainsi pass\u00e9 de 0 \u00e0 0,33.<\/p>\n<h3 class=\"p2\">Aspects techniques<\/h3>\n<h4 class=\"p2\">Ventilation<\/h4>\n<p class=\"p2\">Ventilation double-flux individuelles par logement<\/p>\n<h4 class=\"p2\">Production de chaleur<\/h4>\n<p class=\"p2\">La production de chaleur est centralis\u00e9e pour les 2 b\u00e2timents ; des capteurs solaires thermiques sont install\u00e9s, en compl\u00e9ment de la chaudi\u00e8re gaz \u00e0 condensation.<\/p>\n<h4 class=\"p2\">Distribution et \u00e9mission de chaleur<\/h4>\n<p class=\"p2\">Chaque logement poss\u00e8de son propre programmateur horaire, des organes de sectionnement et ses compteurs.<\/p>\n<p>[\/vc_column_text][\/vc_column][\/vc_row]<\/p>\n<\/div>","protected":false},"excerpt":{"rendered":"<p><strong>Logements Ducuroir<\/strong><br \/>\n<strong>MO <\/strong> Partenariat public (CityDev) \u2013 priv\u00e9 (JCX Immo)<br \/>\n<strong>Ar<\/strong> Archi 2000<\/p>\n","protected":false},"author":4,"featured_media":5343,"comment_status":"closed","ping_status":"closed","template":"","dt_portfolio_category":[178,21],"dt_portfolio_tags":[],"class_list":["post-139","dt_portfolio","type-dt_portfolio","status-publish","has-post-thumbnail","hentry","dt_portfolio_category-logement","dt_portfolio_category-logement-phare","dt_portfolio_category-178","dt_portfolio_category-21","description-off"],"yoast_head":"<!-- This site is optimized with the Yoast SEO plugin v27.5 - https:\/\/yoast.com\/product\/yoast-seo-wordpress\/ -->\n<title>Immeuble de logements collectifs &quot;Ducuroir&quot; - MATRIciel<\/title>\n<meta name=\"robots\" content=\"index, follow, max-snippet:-1, max-image-preview:large, max-video-preview:-1\" \/>\n<link rel=\"canonical\" href=\"https:\/\/www.matriciel.be\/projet\/immeuble-de-logements-collectifs-ducuroir\/\" \/>\n<meta property=\"og:locale\" content=\"nl_NL\" \/>\n<meta property=\"og:type\" content=\"article\" \/>\n<meta property=\"og:title\" content=\"Immeuble de logements collectifs &quot;Ducuroir&quot; - MATRIciel\" \/>\n<meta property=\"og:description\" content=\"Logements Ducuroir MO Partenariat public (CityDev) \u2013 priv\u00e9 (JCX Immo) Ar Archi 2000\" \/>\n<meta property=\"og:url\" content=\"https:\/\/www.matriciel.be\/projet\/immeuble-de-logements-collectifs-ducuroir\/\" \/>\n<meta property=\"og:site_name\" content=\"MATRIciel\" \/>\n<meta property=\"article:modified_time\" content=\"2021-01-20T11:52:40+00:00\" \/>\n<meta property=\"og:image\" content=\"https:\/\/www.matriciel.be\/wp-content\/uploads\/2016\/03\/150716_Ducuroir_0195.jpg\" \/>\n\t<meta property=\"og:image:width\" content=\"700\" \/>\n\t<meta property=\"og:image:height\" content=\"480\" \/>\n\t<meta property=\"og:image:type\" content=\"image\/jpeg\" \/>\n<meta name=\"twitter:card\" content=\"summary_large_image\" \/>\n<meta name=\"twitter:label1\" content=\"Geschatte leestijd\" \/>\n\t<meta name=\"twitter:data1\" content=\"3 minuten\" \/>\n<script type=\"application\/ld+json\" class=\"yoast-schema-graph\">{\"@context\":\"https:\\\/\\\/schema.org\",\"@graph\":[{\"@type\":\"WebPage\",\"@id\":\"https:\\\/\\\/www.matriciel.be\\\/projet\\\/immeuble-de-logements-collectifs-ducuroir\\\/\",\"url\":\"https:\\\/\\\/www.matriciel.be\\\/projet\\\/immeuble-de-logements-collectifs-ducuroir\\\/\",\"name\":\"Immeuble de logements collectifs \\\"Ducuroir\\\" - MATRIciel\",\"isPartOf\":{\"@id\":\"https:\\\/\\\/www.matriciel.be\\\/#website\"},\"primaryImageOfPage\":{\"@id\":\"https:\\\/\\\/www.matriciel.be\\\/projet\\\/immeuble-de-logements-collectifs-ducuroir\\\/#primaryimage\"},\"image\":{\"@id\":\"https:\\\/\\\/www.matriciel.be\\\/projet\\\/immeuble-de-logements-collectifs-ducuroir\\\/#primaryimage\"},\"thumbnailUrl\":\"https:\\\/\\\/www.matriciel.be\\\/wp-content\\\/uploads\\\/2016\\\/03\\\/150716_Ducuroir_0195.jpg\",\"datePublished\":\"2016-03-01T13:02:39+00:00\",\"dateModified\":\"2021-01-20T11:52:40+00:00\",\"breadcrumb\":{\"@id\":\"https:\\\/\\\/www.matriciel.be\\\/projet\\\/immeuble-de-logements-collectifs-ducuroir\\\/#breadcrumb\"},\"inLanguage\":\"nl-NL\",\"potentialAction\":[{\"@type\":\"ReadAction\",\"target\":[\"https:\\\/\\\/www.matriciel.be\\\/projet\\\/immeuble-de-logements-collectifs-ducuroir\\\/\"]}]},{\"@type\":\"ImageObject\",\"inLanguage\":\"nl-NL\",\"@id\":\"https:\\\/\\\/www.matriciel.be\\\/projet\\\/immeuble-de-logements-collectifs-ducuroir\\\/#primaryimage\",\"url\":\"https:\\\/\\\/www.matriciel.be\\\/wp-content\\\/uploads\\\/2016\\\/03\\\/150716_Ducuroir_0195.jpg\",\"contentUrl\":\"https:\\\/\\\/www.matriciel.be\\\/wp-content\\\/uploads\\\/2016\\\/03\\\/150716_Ducuroir_0195.jpg\",\"width\":700,\"height\":480},{\"@type\":\"BreadcrumbList\",\"@id\":\"https:\\\/\\\/www.matriciel.be\\\/projet\\\/immeuble-de-logements-collectifs-ducuroir\\\/#breadcrumb\",\"itemListElement\":[{\"@type\":\"ListItem\",\"position\":1,\"name\":\"Accueil\",\"item\":\"https:\\\/\\\/www.matriciel.be\\\/nl\\\/\"},{\"@type\":\"ListItem\",\"position\":2,\"name\":\"Portfolio\",\"item\":\"https:\\\/\\\/www.matriciel.be\\\/nl\\\/projet\\\/\"},{\"@type\":\"ListItem\",\"position\":3,\"name\":\"Immeuble de logements collectifs \u00ab\u00a0Ducuroir\u00a0\u00bb\"}]},{\"@type\":\"WebSite\",\"@id\":\"https:\\\/\\\/www.matriciel.be\\\/#website\",\"url\":\"https:\\\/\\\/www.matriciel.be\\\/\",\"name\":\"MATRIciel\",\"description\":\"Bureau d&#039;\u00e9tude et de conseil en architecture durable\",\"potentialAction\":[{\"@type\":\"SearchAction\",\"target\":{\"@type\":\"EntryPoint\",\"urlTemplate\":\"https:\\\/\\\/www.matriciel.be\\\/?s={search_term_string}\"},\"query-input\":{\"@type\":\"PropertyValueSpecification\",\"valueRequired\":true,\"valueName\":\"search_term_string\"}}],\"inLanguage\":\"nl-NL\"}]}<\/script>\n<!-- \/ Yoast SEO plugin. -->","yoast_head_json":{"title":"Immeuble de logements collectifs \"Ducuroir\" - MATRIciel","robots":{"index":"index","follow":"follow","max-snippet":"max-snippet:-1","max-image-preview":"max-image-preview:large","max-video-preview":"max-video-preview:-1"},"canonical":"https:\/\/www.matriciel.be\/projet\/immeuble-de-logements-collectifs-ducuroir\/","og_locale":"nl_NL","og_type":"article","og_title":"Immeuble de logements collectifs \"Ducuroir\" - MATRIciel","og_description":"Logements Ducuroir MO Partenariat public (CityDev) \u2013 priv\u00e9 (JCX Immo) Ar Archi 2000","og_url":"https:\/\/www.matriciel.be\/projet\/immeuble-de-logements-collectifs-ducuroir\/","og_site_name":"MATRIciel","article_modified_time":"2021-01-20T11:52:40+00:00","og_image":[{"width":700,"height":480,"url":"https:\/\/www.matriciel.be\/wp-content\/uploads\/2016\/03\/150716_Ducuroir_0195.jpg","type":"image\/jpeg"}],"twitter_card":"summary_large_image","twitter_misc":{"Geschatte leestijd":"3 minuten"},"schema":{"@context":"https:\/\/schema.org","@graph":[{"@type":"WebPage","@id":"https:\/\/www.matriciel.be\/projet\/immeuble-de-logements-collectifs-ducuroir\/","url":"https:\/\/www.matriciel.be\/projet\/immeuble-de-logements-collectifs-ducuroir\/","name":"Immeuble de logements collectifs \"Ducuroir\" - MATRIciel","isPartOf":{"@id":"https:\/\/www.matriciel.be\/#website"},"primaryImageOfPage":{"@id":"https:\/\/www.matriciel.be\/projet\/immeuble-de-logements-collectifs-ducuroir\/#primaryimage"},"image":{"@id":"https:\/\/www.matriciel.be\/projet\/immeuble-de-logements-collectifs-ducuroir\/#primaryimage"},"thumbnailUrl":"https:\/\/www.matriciel.be\/wp-content\/uploads\/2016\/03\/150716_Ducuroir_0195.jpg","datePublished":"2016-03-01T13:02:39+00:00","dateModified":"2021-01-20T11:52:40+00:00","breadcrumb":{"@id":"https:\/\/www.matriciel.be\/projet\/immeuble-de-logements-collectifs-ducuroir\/#breadcrumb"},"inLanguage":"nl-NL","potentialAction":[{"@type":"ReadAction","target":["https:\/\/www.matriciel.be\/projet\/immeuble-de-logements-collectifs-ducuroir\/"]}]},{"@type":"ImageObject","inLanguage":"nl-NL","@id":"https:\/\/www.matriciel.be\/projet\/immeuble-de-logements-collectifs-ducuroir\/#primaryimage","url":"https:\/\/www.matriciel.be\/wp-content\/uploads\/2016\/03\/150716_Ducuroir_0195.jpg","contentUrl":"https:\/\/www.matriciel.be\/wp-content\/uploads\/2016\/03\/150716_Ducuroir_0195.jpg","width":700,"height":480},{"@type":"BreadcrumbList","@id":"https:\/\/www.matriciel.be\/projet\/immeuble-de-logements-collectifs-ducuroir\/#breadcrumb","itemListElement":[{"@type":"ListItem","position":1,"name":"Accueil","item":"https:\/\/www.matriciel.be\/nl\/"},{"@type":"ListItem","position":2,"name":"Portfolio","item":"https:\/\/www.matriciel.be\/nl\/projet\/"},{"@type":"ListItem","position":3,"name":"Immeuble de logements collectifs \u00ab\u00a0Ducuroir\u00a0\u00bb"}]},{"@type":"WebSite","@id":"https:\/\/www.matriciel.be\/#website","url":"https:\/\/www.matriciel.be\/","name":"MATRIciel","description":"Bureau d&#039;\u00e9tude et de conseil en architecture durable","potentialAction":[{"@type":"SearchAction","target":{"@type":"EntryPoint","urlTemplate":"https:\/\/www.matriciel.be\/?s={search_term_string}"},"query-input":{"@type":"PropertyValueSpecification","valueRequired":true,"valueName":"search_term_string"}}],"inLanguage":"nl-NL"}]}},"jetpack_sharing_enabled":true,"_links":{"self":[{"href":"https:\/\/www.matriciel.be\/nl\/wp-json\/wp\/v2\/dt_portfolio\/139","targetHints":{"allow":["GET"]}}],"collection":[{"href":"https:\/\/www.matriciel.be\/nl\/wp-json\/wp\/v2\/dt_portfolio"}],"about":[{"href":"https:\/\/www.matriciel.be\/nl\/wp-json\/wp\/v2\/types\/dt_portfolio"}],"author":[{"embeddable":true,"href":"https:\/\/www.matriciel.be\/nl\/wp-json\/wp\/v2\/users\/4"}],"replies":[{"embeddable":true,"href":"https:\/\/www.matriciel.be\/nl\/wp-json\/wp\/v2\/comments?post=139"}],"version-history":[{"count":2,"href":"https:\/\/www.matriciel.be\/nl\/wp-json\/wp\/v2\/dt_portfolio\/139\/revisions"}],"predecessor-version":[{"id":5339,"href":"https:\/\/www.matriciel.be\/nl\/wp-json\/wp\/v2\/dt_portfolio\/139\/revisions\/5339"}],"wp:featuredmedia":[{"embeddable":true,"href":"https:\/\/www.matriciel.be\/nl\/wp-json\/wp\/v2\/media\/5343"}],"wp:attachment":[{"href":"https:\/\/www.matriciel.be\/nl\/wp-json\/wp\/v2\/media?parent=139"}],"wp:term":[{"taxonomy":"dt_portfolio_category","embeddable":true,"href":"https:\/\/www.matriciel.be\/nl\/wp-json\/wp\/v2\/dt_portfolio_category?post=139"},{"taxonomy":"dt_portfolio_tags","embeddable":true,"href":"https:\/\/www.matriciel.be\/nl\/wp-json\/wp\/v2\/dt_portfolio_tags?post=139"}],"curies":[{"name":"wp","href":"https:\/\/api.w.org\/{rel}","templated":true}]}}