{"id":1466,"date":"2017-10-15T11:51:58","date_gmt":"2017-10-15T09:51:58","guid":{"rendered":"https:\/\/agencepoush-newmatriciel.pf503.wpserveur.net\/?post_type=dt_portfolio&#038;p=1466"},"modified":"2025-01-15T14:44:01","modified_gmt":"2025-01-15T13:44:01","slug":"ommegang-usl","status":"publish","type":"dt_portfolio","link":"https:\/\/www.matriciel.be\/nl\/projet\/ommegang-usl\/","title":{"rendered":"B\u00e2timent &#8220;Ommegang&#8221; de l&#8217;Universit\u00e9 Saint-Louis"},"content":{"rendered":"<div class=\"wpb-content-wrapper\"><p>[vc_row margin_top=&#8221;-30px&#8221;][vc_column][vc_column_text css=&#8221;.vc_custom_1511263699271{margin-bottom: 20px !important;}&#8221; el_class=&#8221;custom-copyright&#8221;]<\/p>\n<p style=\"text-align: right;\">\u00a9 Archi2000, Ma\u00eetre d&#8217;ouvrage : Universit\u00e9 Saint-Louis, Architecte\u00a0:\u00a0Archi2000<\/p>\n<p>[\/vc_column_text][\/vc_column][vc_column width=&#8221;1\/3&#8243; el_class=&#8221;custom-bold-list&#8221;][vc_column_text]<\/p>\n<h2 style=\"font-size: 25px; line-height: 32px; text-transform: none;\">Informations g\u00e9n\u00e9rales du projet<\/h2>\n<p>[\/vc_column_text][vc_column_text]<b>Ma\u00eetre de l&#8217;Ouvrage : <\/b>Universit\u00e9 Saint-Louis<\/p>\n<p><b>Programme :\u00a0<\/b>Transformation partielle d\u2019un immeuble de bureaux appartenant anciennement \u00e0 la banque Belfius<\/p>\n<p><b>Situation\u00a0: <\/b>Angle des rues de l\u2019Ommegang et du Marais \u00e0 1000 Bruxelles<\/p>\n<p><b>Surface\u00a0: <\/b>19.231 m\u00b2 dont 18.634 m\u00b2 existants et 567 m\u00b2 rajout\u00e9s aux niveaux +5\/+6\/+7 pour les logements et 30 m\u00b2 au niveau +8 pour la nouvelle chaufferie<\/p>\n<p><b>Architectes : <\/b>Archi2000<\/p>\n<p><b>Dates : <\/b>R\u00e9ception provisoire en octobre 2017[\/vc_column_text][vc_column_text]<\/p>\n<h2 style=\"font-size: 25px; line-height: 32px; text-transform: none;\">Missions de MATRI<em>ciel<\/em><\/h2>\n<p>[\/vc_column_text][vc_column_text]<b><\/b>Etude de la faisabilit\u00e9 technique pour l\u2019am\u00e9nagement de l\u2019ancien b\u00e2timent<br \/>\n<b><\/b>Etude de la scission des installations de production d\u2019\u00e9nergie<br \/>\n<b><\/b>Analyse des besoins \u00e9nerg\u00e9tiques du b\u00e2timent en fonction de ses nouvelles affectations<br \/>\n<b><\/b>Optimalisation installations techniques existantes et des nouvelles installations<br \/>\n<b><\/b>Etude d\u2019\u00e9clairage naturel de l\u2019auditoire<br \/>\n<b><\/b>Etude de d\u00e9senfumage de l\u2019auditoire<br \/>\n<b><\/b>Etude des techniques sp\u00e9ciales<br \/>\n<b><\/b>Contr\u00f4le et suivi de chantier<br \/>\n<b><\/b>Mission de conseiller PEB[\/vc_column_text][\/vc_column][vc_column width=&#8221;2\/3&#8243;][vc_column_text]<\/p>\n<h2>Description du projet<\/h2>\n<p>[\/vc_column_text][vc_column_text]<\/p>\n<div class=\"page\" title=\"Page 1\">\n<div class=\"layoutArea\">\n<div class=\"column\">\n<p>Am\u00e9nagement dans le b\u00e2timent Ommegang :<\/p>\n<ul>\n<li>de fonctions diverses destin\u00e9es aux besoins acad\u00e9miques de l\u2019Universit\u00e9 Saint-Louis (niveaux -2 \u00e0 +4) :\u00a0un auditoire de 650 places en triplex, d\u2019une salle de cours de 165 places, d\u2019une salle polyvalente en duplex pour 1000 personnes, d\u2019un espace d\u2019articulation et de rencontre, d\u2019une biblioth\u00e8que en duplex, de bureaux<\/li>\n<li>de logements et espaces \u00e9tudiants (59 studios et 91 kots) prenant place sur 3 plateaux (+5\/+6+\/7) ainsi qu\u2019au niveau de l\u2019entr\u00e9e rue du Marais (rez-de-chauss\u00e9e et -1)<\/li>\n<\/ul>\n<p>Dans un premier temps, MATRI<em>ciel<\/em> a \u00e9tudi\u00e9 de la faisabilit\u00e9 technique pour l\u2019am\u00e9nagement de l\u2019auditoire \u00e0 la place de l\u2019atrium existant, de la salle polyvalente \u00e0 la place de l\u2019ancien centre informatique de la banque sous l\u2019atrium existant et de l\u2019am\u00e9nagement des logements \u00e0 la place des bureaux existants aux 3 derniers niveaux du b\u00e2timent.<\/p>\n<p>Cette mission a \u00e9t\u00e9 compl\u00e9t\u00e9e par l&#8217;\u00e9tude de la scission des installations de production d\u2019\u00e9nergie (alimentation en chaud, froid et \u00e9lectricit\u00e9) pour rendre le b\u00e2timent Ommegang totalement autonome du b\u00e2timent Pach\u00e9co, propri\u00e9t\u00e9 de Belfius, \u00e0 partir duquel il \u00e9tait aliment\u00e9.<\/p>\n<p>Ensuite, MATRi<em>ciel<\/em>\u00a0a r\u00e9alis\u00e9 l&#8217;analyse des besoins \u00e9nerg\u00e9tiques du b\u00e2timent en fonction de ses nouvelles affectations pour optimaliser les\u00a0installations techniques existantes (d\u00e9bits de ventilation, r\u00e9cup\u00e9ration de chaleur sur l\u2019extraction d\u2019air vici\u00e9, gestion de l\u2019\u00e9clairage,\u2026) et les nouvelles installations (chaudi\u00e8res gaz \u00e0 condensation, ventilation double flux avec r\u00e9cup\u00e9rateur de chaleur \u00e0 haut rendement, \u00e9clairage artificiel performant,\u2026) afin de r\u00e9duire la demande \u00e9nerg\u00e9tique.<\/p>\n<p>Enfin, MATRI<em>ciel<\/em> a apport\u00e9 son expertise en \u00e9clairage naturel afin de concevoir\u00a0la toiture de l\u2019auditoire pour amener de la lumi\u00e8re naturelle sans g\u00e9n\u00e9rer d\u2019\u00e9blouissement ni de surchauffe en \u00e9t\u00e9 : celle-ci est en forme de \u00ab\u00a0sheds\u00a0\u00bb orient\u00e9s au nord.<\/p>\n<\/div>\n<\/div>\n<\/div>\n<p>[\/vc_column_text][\/vc_column][\/vc_row]<\/p>\n<\/div>","protected":false},"excerpt":{"rendered":"<p><Strong>B\u00e2timent &#8220;Ommegang&#8221;<\/strong><br \/>\n<strong>MO <\/strong> Universit\u00e9 Saint-Louis<br \/>\n<strong>Ar <\/strong> Archi2000<\/p>\n","protected":false},"author":5,"featured_media":1581,"comment_status":"closed","ping_status":"closed","template":"","dt_portfolio_category":[40,178],"dt_portfolio_tags":[],"class_list":["post-1466","dt_portfolio","type-dt_portfolio","status-publish","has-post-thumbnail","hentry","dt_portfolio_category-ecolescrechescultureloisirs","dt_portfolio_category-logement","dt_portfolio_category-40","dt_portfolio_category-178","description-off"],"yoast_head":"<!-- This site is optimized with the Yoast SEO plugin v27.5 - https:\/\/yoast.com\/product\/yoast-seo-wordpress\/ -->\n<title>B\u00e2timent &quot;Ommegang&quot; am\u00e9nag\u00e9 pour l&#039;USL<\/title>\n<meta name=\"description\" content=\"R\u00e9am\u00e9nagement d\u2019un auditoire, d\u2019une salle polyvalente pour l\u2019Universit\u00e9 Saint-Louis ainsi que de kots et studios pour \u00e9tudiants pour QUARES\" \/>\n<meta name=\"robots\" content=\"index, follow, max-snippet:-1, max-image-preview:large, max-video-preview:-1\" \/>\n<link rel=\"canonical\" href=\"https:\/\/www.matriciel.be\/projet\/ommegang-usl\/\" \/>\n<meta property=\"og:locale\" content=\"nl_NL\" \/>\n<meta property=\"og:type\" content=\"article\" \/>\n<meta property=\"og:title\" content=\"B\u00e2timent &quot;Ommegang&quot; am\u00e9nag\u00e9 pour l&#039;USL\" \/>\n<meta property=\"og:description\" content=\"R\u00e9am\u00e9nagement d\u2019un auditoire, d\u2019une salle polyvalente pour l\u2019Universit\u00e9 Saint-Louis ainsi que de kots et studios pour \u00e9tudiants pour QUARES\" \/>\n<meta property=\"og:url\" content=\"https:\/\/www.matriciel.be\/projet\/ommegang-usl\/\" \/>\n<meta property=\"og:site_name\" content=\"MATRIciel\" \/>\n<meta property=\"article:modified_time\" content=\"2025-01-15T13:44:01+00:00\" \/>\n<meta property=\"og:image\" content=\"https:\/\/www.matriciel.be\/wp-content\/uploads\/2017\/10\/OMMEGANG-36.jpg\" \/>\n\t<meta property=\"og:image:width\" content=\"2400\" \/>\n\t<meta property=\"og:image:height\" content=\"1600\" \/>\n\t<meta property=\"og:image:type\" content=\"image\/jpeg\" \/>\n<meta name=\"twitter:card\" content=\"summary_large_image\" \/>\n<meta name=\"twitter:label1\" content=\"Geschatte leestijd\" \/>\n\t<meta name=\"twitter:data1\" content=\"3 minuten\" \/>\n<script type=\"application\/ld+json\" class=\"yoast-schema-graph\">{\"@context\":\"https:\\\/\\\/schema.org\",\"@graph\":[{\"@type\":\"WebPage\",\"@id\":\"https:\\\/\\\/www.matriciel.be\\\/projet\\\/ommegang-usl\\\/\",\"url\":\"https:\\\/\\\/www.matriciel.be\\\/projet\\\/ommegang-usl\\\/\",\"name\":\"B\u00e2timent \\\"Ommegang\\\" am\u00e9nag\u00e9 pour l'USL\",\"isPartOf\":{\"@id\":\"https:\\\/\\\/www.matriciel.be\\\/#website\"},\"primaryImageOfPage\":{\"@id\":\"https:\\\/\\\/www.matriciel.be\\\/projet\\\/ommegang-usl\\\/#primaryimage\"},\"image\":{\"@id\":\"https:\\\/\\\/www.matriciel.be\\\/projet\\\/ommegang-usl\\\/#primaryimage\"},\"thumbnailUrl\":\"https:\\\/\\\/www.matriciel.be\\\/wp-content\\\/uploads\\\/2017\\\/10\\\/OMMEGANG-36.jpg\",\"datePublished\":\"2017-10-15T09:51:58+00:00\",\"dateModified\":\"2025-01-15T13:44:01+00:00\",\"description\":\"R\u00e9am\u00e9nagement d\u2019un auditoire, d\u2019une salle polyvalente pour l\u2019Universit\u00e9 Saint-Louis ainsi que de kots et studios pour \u00e9tudiants pour QUARES\",\"breadcrumb\":{\"@id\":\"https:\\\/\\\/www.matriciel.be\\\/projet\\\/ommegang-usl\\\/#breadcrumb\"},\"inLanguage\":\"nl-NL\",\"potentialAction\":[{\"@type\":\"ReadAction\",\"target\":[\"https:\\\/\\\/www.matriciel.be\\\/projet\\\/ommegang-usl\\\/\"]}]},{\"@type\":\"ImageObject\",\"inLanguage\":\"nl-NL\",\"@id\":\"https:\\\/\\\/www.matriciel.be\\\/projet\\\/ommegang-usl\\\/#primaryimage\",\"url\":\"https:\\\/\\\/www.matriciel.be\\\/wp-content\\\/uploads\\\/2017\\\/10\\\/OMMEGANG-36.jpg\",\"contentUrl\":\"https:\\\/\\\/www.matriciel.be\\\/wp-content\\\/uploads\\\/2017\\\/10\\\/OMMEGANG-36.jpg\",\"width\":2400,\"height\":1600,\"caption\":\"Nouvel auditoire du b\u00e2timent Ommegang de l'Universit\u00e9 Saint-Louis\"},{\"@type\":\"BreadcrumbList\",\"@id\":\"https:\\\/\\\/www.matriciel.be\\\/projet\\\/ommegang-usl\\\/#breadcrumb\",\"itemListElement\":[{\"@type\":\"ListItem\",\"position\":1,\"name\":\"Accueil\",\"item\":\"https:\\\/\\\/www.matriciel.be\\\/nl\\\/\"},{\"@type\":\"ListItem\",\"position\":2,\"name\":\"Portfolio\",\"item\":\"https:\\\/\\\/www.matriciel.be\\\/nl\\\/projet\\\/\"},{\"@type\":\"ListItem\",\"position\":3,\"name\":\"B\u00e2timent \u00ab\u00a0Ommegang\u00a0\u00bb de l&rsquo;Universit\u00e9 Saint-Louis\"}]},{\"@type\":\"WebSite\",\"@id\":\"https:\\\/\\\/www.matriciel.be\\\/#website\",\"url\":\"https:\\\/\\\/www.matriciel.be\\\/\",\"name\":\"MATRIciel\",\"description\":\"Bureau d&#039;\u00e9tude et de conseil en architecture durable\",\"potentialAction\":[{\"@type\":\"SearchAction\",\"target\":{\"@type\":\"EntryPoint\",\"urlTemplate\":\"https:\\\/\\\/www.matriciel.be\\\/?s={search_term_string}\"},\"query-input\":{\"@type\":\"PropertyValueSpecification\",\"valueRequired\":true,\"valueName\":\"search_term_string\"}}],\"inLanguage\":\"nl-NL\"}]}<\/script>\n<!-- \/ Yoast SEO plugin. -->","yoast_head_json":{"title":"B\u00e2timent \"Ommegang\" am\u00e9nag\u00e9 pour l'USL","description":"R\u00e9am\u00e9nagement d\u2019un auditoire, d\u2019une salle polyvalente pour l\u2019Universit\u00e9 Saint-Louis ainsi que de kots et studios pour \u00e9tudiants pour QUARES","robots":{"index":"index","follow":"follow","max-snippet":"max-snippet:-1","max-image-preview":"max-image-preview:large","max-video-preview":"max-video-preview:-1"},"canonical":"https:\/\/www.matriciel.be\/projet\/ommegang-usl\/","og_locale":"nl_NL","og_type":"article","og_title":"B\u00e2timent \"Ommegang\" am\u00e9nag\u00e9 pour l'USL","og_description":"R\u00e9am\u00e9nagement d\u2019un auditoire, d\u2019une salle polyvalente pour l\u2019Universit\u00e9 Saint-Louis ainsi que de kots et studios pour \u00e9tudiants pour QUARES","og_url":"https:\/\/www.matriciel.be\/projet\/ommegang-usl\/","og_site_name":"MATRIciel","article_modified_time":"2025-01-15T13:44:01+00:00","og_image":[{"width":2400,"height":1600,"url":"https:\/\/www.matriciel.be\/wp-content\/uploads\/2017\/10\/OMMEGANG-36.jpg","type":"image\/jpeg"}],"twitter_card":"summary_large_image","twitter_misc":{"Geschatte leestijd":"3 minuten"},"schema":{"@context":"https:\/\/schema.org","@graph":[{"@type":"WebPage","@id":"https:\/\/www.matriciel.be\/projet\/ommegang-usl\/","url":"https:\/\/www.matriciel.be\/projet\/ommegang-usl\/","name":"B\u00e2timent \"Ommegang\" am\u00e9nag\u00e9 pour l'USL","isPartOf":{"@id":"https:\/\/www.matriciel.be\/#website"},"primaryImageOfPage":{"@id":"https:\/\/www.matriciel.be\/projet\/ommegang-usl\/#primaryimage"},"image":{"@id":"https:\/\/www.matriciel.be\/projet\/ommegang-usl\/#primaryimage"},"thumbnailUrl":"https:\/\/www.matriciel.be\/wp-content\/uploads\/2017\/10\/OMMEGANG-36.jpg","datePublished":"2017-10-15T09:51:58+00:00","dateModified":"2025-01-15T13:44:01+00:00","description":"R\u00e9am\u00e9nagement d\u2019un auditoire, d\u2019une salle polyvalente pour l\u2019Universit\u00e9 Saint-Louis ainsi que de kots et studios pour \u00e9tudiants pour QUARES","breadcrumb":{"@id":"https:\/\/www.matriciel.be\/projet\/ommegang-usl\/#breadcrumb"},"inLanguage":"nl-NL","potentialAction":[{"@type":"ReadAction","target":["https:\/\/www.matriciel.be\/projet\/ommegang-usl\/"]}]},{"@type":"ImageObject","inLanguage":"nl-NL","@id":"https:\/\/www.matriciel.be\/projet\/ommegang-usl\/#primaryimage","url":"https:\/\/www.matriciel.be\/wp-content\/uploads\/2017\/10\/OMMEGANG-36.jpg","contentUrl":"https:\/\/www.matriciel.be\/wp-content\/uploads\/2017\/10\/OMMEGANG-36.jpg","width":2400,"height":1600,"caption":"Nouvel auditoire du b\u00e2timent Ommegang de l'Universit\u00e9 Saint-Louis"},{"@type":"BreadcrumbList","@id":"https:\/\/www.matriciel.be\/projet\/ommegang-usl\/#breadcrumb","itemListElement":[{"@type":"ListItem","position":1,"name":"Accueil","item":"https:\/\/www.matriciel.be\/nl\/"},{"@type":"ListItem","position":2,"name":"Portfolio","item":"https:\/\/www.matriciel.be\/nl\/projet\/"},{"@type":"ListItem","position":3,"name":"B\u00e2timent \u00ab\u00a0Ommegang\u00a0\u00bb de l&rsquo;Universit\u00e9 Saint-Louis"}]},{"@type":"WebSite","@id":"https:\/\/www.matriciel.be\/#website","url":"https:\/\/www.matriciel.be\/","name":"MATRIciel","description":"Bureau d&#039;\u00e9tude et de conseil en architecture durable","potentialAction":[{"@type":"SearchAction","target":{"@type":"EntryPoint","urlTemplate":"https:\/\/www.matriciel.be\/?s={search_term_string}"},"query-input":{"@type":"PropertyValueSpecification","valueRequired":true,"valueName":"search_term_string"}}],"inLanguage":"nl-NL"}]}},"jetpack_sharing_enabled":true,"_links":{"self":[{"href":"https:\/\/www.matriciel.be\/nl\/wp-json\/wp\/v2\/dt_portfolio\/1466","targetHints":{"allow":["GET"]}}],"collection":[{"href":"https:\/\/www.matriciel.be\/nl\/wp-json\/wp\/v2\/dt_portfolio"}],"about":[{"href":"https:\/\/www.matriciel.be\/nl\/wp-json\/wp\/v2\/types\/dt_portfolio"}],"author":[{"embeddable":true,"href":"https:\/\/www.matriciel.be\/nl\/wp-json\/wp\/v2\/users\/5"}],"replies":[{"embeddable":true,"href":"https:\/\/www.matriciel.be\/nl\/wp-json\/wp\/v2\/comments?post=1466"}],"version-history":[{"count":1,"href":"https:\/\/www.matriciel.be\/nl\/wp-json\/wp\/v2\/dt_portfolio\/1466\/revisions"}],"predecessor-version":[{"id":22365,"href":"https:\/\/www.matriciel.be\/nl\/wp-json\/wp\/v2\/dt_portfolio\/1466\/revisions\/22365"}],"wp:featuredmedia":[{"embeddable":true,"href":"https:\/\/www.matriciel.be\/nl\/wp-json\/wp\/v2\/media\/1581"}],"wp:attachment":[{"href":"https:\/\/www.matriciel.be\/nl\/wp-json\/wp\/v2\/media?parent=1466"}],"wp:term":[{"taxonomy":"dt_portfolio_category","embeddable":true,"href":"https:\/\/www.matriciel.be\/nl\/wp-json\/wp\/v2\/dt_portfolio_category?post=1466"},{"taxonomy":"dt_portfolio_tags","embeddable":true,"href":"https:\/\/www.matriciel.be\/nl\/wp-json\/wp\/v2\/dt_portfolio_tags?post=1466"}],"curies":[{"name":"wp","href":"https:\/\/api.w.org\/{rel}","templated":true}]}}