{"id":1513,"date":"2012-06-01T16:21:24","date_gmt":"2012-06-01T14:21:24","guid":{"rendered":"https:\/\/agencepoush-newmatriciel.pf503.wpserveur.net\/?post_type=dt_portfolio&#038;p=1513"},"modified":"2020-10-28T08:24:30","modified_gmt":"2020-10-28T07:24:30","slug":"imprimerie-pr-print","status":"publish","type":"dt_portfolio","link":"https:\/\/www.matriciel.be\/nl\/projet\/imprimerie-pr-print\/","title":{"rendered":"Imprimerie PR-Print"},"content":{"rendered":"<div class=\"wpb-content-wrapper\"><p>[vc_row margin_top=&#8221;-30px&#8221;][vc_column][vc_column_text css=&#8221;.vc_custom_1513006479574{margin-bottom: 20px !important;}&#8221; el_class=&#8221;custom-copyright&#8221;]<\/p>\n<p style=\"text-align: right;\">\u00a9 Pierre-Laurent Rigaux, Ma\u00eetre d&#8217;ouvrage : PR-Print, Architecte\u00a0:\u00a0Pierre-Laurent Rigaux<\/p>\n<p>[\/vc_column_text][\/vc_column][vc_column width=&#8221;1\/3&#8243; el_class=&#8221;custom-bold-list&#8221;][vc_column_text]<\/p>\n<h2 style=\"font-size: 25px; line-height: 32px; text-transform: none;\">Informations g\u00e9n\u00e9rales du projet<\/h2>\n<p>[\/vc_column_text][vc_column_text]<b>Ma\u00eetre de l&#8217;Ouvrage <\/b>: PR-Print<\/p>\n<p><b>Programme : <\/b>Bureaux et ateliers de production d&#8217;une imprimerie<\/p>\n<p><b>Situation\u00a0<\/b>: Avenue Thomas Edison 92 \u00e0 1400 Nivelles<\/p>\n<p><b>Surface\u00a0<\/b>: 2.000 m\u00b2<\/p>\n<p><b>Architectes <\/b>: Pierre-Laurent Rigaux<\/p>\n<p><b>Dates <\/b>: Mise en service en 2012[\/vc_column_text][vc_column_text]<\/p>\n<h2 style=\"font-size: 25px; line-height: 32px; text-transform: none;\">Missions de MATRI<em>ciel<\/em><\/h2>\n<p>[\/vc_column_text][vc_column_text]<b><\/b>Etude \u00e9nerg\u00e9tique du b\u00e2timent<br \/>\n<b><\/b>Etude des syst\u00e8mes \u00e9nerg\u00e9tiques<br \/>\n<b><\/b>Optimisation de l&#8217;\u00e9clairage naturel et artificiel<br \/>\n<b><\/b>Etude du confort thermique d&#8217;\u00e9t\u00e9<br \/>\n<b><\/b>Etude des techniques sp\u00e9ciales et suivi du chantier<br \/>\n<b><\/b>Mission de Responsable PEB<br \/>\n[\/vc_column_text][\/vc_column][vc_column width=&#8221;2\/3&#8243;][vc_column_text]<\/p>\n<h2>Description du projet<\/h2>\n<p>[\/vc_column_text][vc_column_text]<\/p>\n<div class=\"page\" title=\"Page 1\">\n<div class=\"layoutArea\">\n<div class=\"column\">\n<p>Le d\u00e9fi du projet a \u00e9t\u00e9 de d\u00e9velopper un espace durable pour l\u2019entreprise ;\u00a0en r\u00e9pondant au mieux aux besoins actuels ;\u00a0en anticipant les besoins futurs et en offrant un maximum de flexibilit\u00e9 ;\u00a0en s\u2019inscrivant avec justesse sur le site et son environnement ;\u00a0en apportant le confort de vie n\u00e9cessaire aux utilisateurs du lieu ;\u00a0en offrant une visibilit\u00e9 p\u00e9renne pour l\u2019entreprise ;\u00a0en rationalisant les d\u00e9penses de fonctionnement.<\/p>\n<p><strong>Performance \u00e9nerg\u00e9tique<\/strong><\/p>\n<p>Le niveau d&#8217;isolation de l&#8217;enveloppe du b\u00e2timent est plus important que celui impos\u00e9 par la r\u00e9glementation et la ventilation m\u00e9canique double flux int\u00e8gre une r\u00e9cup\u00e9ration de chaleur sur l&#8217;air extrait afin de diminuer les besoins de chaud et de valoriser les gains internes tr\u00e8s importants dans l&#8217;atelier d&#8217;impression. L&#8217;air neuf de cet atelier est d&#8217;ailleurs pr\u00e9chauff\u00e9 en hiver par l&#8217;air extrait des hottes des machines d&#8217;impression. Le b\u00e2timent est chauff\u00e9 par deux chaudi\u00e8res gaz \u00e0 condensation en cascade.<\/p>\n<p>Le confort d&#8217;\u00e9t\u00e9 est assur\u00e9 de mani\u00e8re semi-passive, sans syst\u00e8me de refroidissement, par un free-ccoling nocturne m\u00e9canique associ\u00e9 \u00e0 des vitrages s\u00e9lectifs (pour la r\u00e9duction des apports solaires), une masse thermique importante (pour d\u00e9phaser et \u00e9cr\u00eater les pics de temp\u00e9rature), un free-cooling diurne par ouverture manuelle des fen\u00eatres par les occupants, un \u00e9clairage artificiel \u00e9nerg\u00e9tiquement performant et des hottes d&#8217;extraction de chaleur sur les machines d&#8217;impression (pour la r\u00e9duction des apports internes).<\/p>\n<p><strong>Choix des mat\u00e9riaux<\/strong><\/p>\n<p>La construction privil\u00e9gie la pr\u00e9fabrication en usine et est bas\u00e9e sur un syst\u00e8me structurel de poutres et colonnes en b\u00e9ton compl\u00e9t\u00e9 par une enveloppe en panneaux sandwich b\u00e9ton\/isolant\/b\u00e9ton. Ce choix constructif diminue les d\u00e9chets de chantier ainsi que la dur\u00e9e de celui-ci, offre une masse thermique importante et r\u00e9duit consid\u00e9rablement les finitions de parois int\u00e9rieures, qui ont volontairement \u00e9t\u00e9 laiss\u00e9es \u00e0 l&#8217;\u00e9tat brut.<\/p>\n<p><strong>Gestion de l\u2019eau<\/strong><\/p>\n<p>La consommation en eau potable du b\u00e2timent est limit\u00e9e par la r\u00e9cup\u00e9ration des eaux de pluie et leur r\u00e9utilisation pour l&#8217;entretien du b\u00e2timent et des abords ainsi que pour l&#8217;alimentation des chasses des WC.<\/p>\n<\/div>\n<\/div>\n<\/div>\n<p>[\/vc_column_text][\/vc_column][\/vc_row]<\/p>\n<\/div>","protected":false},"excerpt":{"rendered":"<p><strong>Imrimerie PR-Print<\/strong><br \/>\n<strong>MO <\/strong>PR-Print<br \/>\n<strong>Ar <\/strong>Pierre-Laurent Rigaux<\/p>\n","protected":false},"author":5,"featured_media":1514,"comment_status":"closed","ping_status":"closed","template":"","dt_portfolio_category":[32],"dt_portfolio_tags":[],"class_list":["post-1513","dt_portfolio","type-dt_portfolio","status-publish","has-post-thumbnail","hentry","dt_portfolio_category-commerce-et-usage-mixte","dt_portfolio_category-32","description-off"],"yoast_head":"<!-- This site is optimized with the Yoast SEO plugin v27.5 - https:\/\/yoast.com\/product\/yoast-seo-wordpress\/ -->\n<title>Imprimerie Pr-Print \u00e0 Nivelles<\/title>\n<meta name=\"description\" content=\"Imprimerie Pr-Print \u00e0 Nivelles\" \/>\n<meta name=\"robots\" content=\"index, follow, max-snippet:-1, max-image-preview:large, max-video-preview:-1\" \/>\n<link rel=\"canonical\" href=\"https:\/\/www.matriciel.be\/en\/projet\/imprimerie-pr-print\/\" \/>\n<meta property=\"og:locale\" content=\"nl_NL\" \/>\n<meta property=\"og:type\" content=\"article\" \/>\n<meta property=\"og:title\" content=\"Imprimerie Pr-Print \u00e0 Nivelles\" \/>\n<meta property=\"og:description\" content=\"Imprimerie Pr-Print \u00e0 Nivelles\" \/>\n<meta property=\"og:url\" content=\"https:\/\/www.matriciel.be\/en\/projet\/imprimerie-pr-print\/\" \/>\n<meta property=\"og:site_name\" content=\"MATRIciel\" \/>\n<meta property=\"article:modified_time\" content=\"2020-10-28T07:24:30+00:00\" \/>\n<meta property=\"og:image\" content=\"https:\/\/www.matriciel.be\/wp-content\/uploads\/2017\/12\/PR-PRINT-09.jpg\" \/>\n\t<meta property=\"og:image:width\" content=\"1280\" \/>\n\t<meta property=\"og:image:height\" content=\"850\" \/>\n\t<meta property=\"og:image:type\" content=\"image\/jpeg\" \/>\n<meta name=\"twitter:card\" content=\"summary_large_image\" \/>\n<meta name=\"twitter:label1\" content=\"Geschatte leestijd\" \/>\n\t<meta name=\"twitter:data1\" content=\"3 minuten\" \/>\n<script type=\"application\/ld+json\" class=\"yoast-schema-graph\">{\"@context\":\"https:\\\/\\\/schema.org\",\"@graph\":[{\"@type\":\"WebPage\",\"@id\":\"https:\\\/\\\/www.matriciel.be\\\/en\\\/projet\\\/imprimerie-pr-print\\\/\",\"url\":\"https:\\\/\\\/www.matriciel.be\\\/en\\\/projet\\\/imprimerie-pr-print\\\/\",\"name\":\"Imprimerie Pr-Print \u00e0 Nivelles\",\"isPartOf\":{\"@id\":\"https:\\\/\\\/www.matriciel.be\\\/#website\"},\"primaryImageOfPage\":{\"@id\":\"https:\\\/\\\/www.matriciel.be\\\/en\\\/projet\\\/imprimerie-pr-print\\\/#primaryimage\"},\"image\":{\"@id\":\"https:\\\/\\\/www.matriciel.be\\\/en\\\/projet\\\/imprimerie-pr-print\\\/#primaryimage\"},\"thumbnailUrl\":\"https:\\\/\\\/www.matriciel.be\\\/wp-content\\\/uploads\\\/2017\\\/12\\\/PR-PRINT-09.jpg\",\"datePublished\":\"2012-06-01T14:21:24+00:00\",\"dateModified\":\"2020-10-28T07:24:30+00:00\",\"description\":\"Imprimerie Pr-Print \u00e0 Nivelles\",\"breadcrumb\":{\"@id\":\"https:\\\/\\\/www.matriciel.be\\\/en\\\/projet\\\/imprimerie-pr-print\\\/#breadcrumb\"},\"inLanguage\":\"nl-NL\",\"potentialAction\":[{\"@type\":\"ReadAction\",\"target\":[\"https:\\\/\\\/www.matriciel.be\\\/en\\\/projet\\\/imprimerie-pr-print\\\/\"]}]},{\"@type\":\"ImageObject\",\"inLanguage\":\"nl-NL\",\"@id\":\"https:\\\/\\\/www.matriciel.be\\\/en\\\/projet\\\/imprimerie-pr-print\\\/#primaryimage\",\"url\":\"https:\\\/\\\/www.matriciel.be\\\/wp-content\\\/uploads\\\/2017\\\/12\\\/PR-PRINT-09.jpg\",\"contentUrl\":\"https:\\\/\\\/www.matriciel.be\\\/wp-content\\\/uploads\\\/2017\\\/12\\\/PR-PRINT-09.jpg\",\"width\":1280,\"height\":850,\"caption\":\"Imprimerie PR-Print \u00e0 Nivelles\"},{\"@type\":\"BreadcrumbList\",\"@id\":\"https:\\\/\\\/www.matriciel.be\\\/en\\\/projet\\\/imprimerie-pr-print\\\/#breadcrumb\",\"itemListElement\":[{\"@type\":\"ListItem\",\"position\":1,\"name\":\"Accueil\",\"item\":\"https:\\\/\\\/www.matriciel.be\\\/nl\\\/\"},{\"@type\":\"ListItem\",\"position\":2,\"name\":\"Portfolio\",\"item\":\"https:\\\/\\\/www.matriciel.be\\\/nl\\\/projet\\\/\"},{\"@type\":\"ListItem\",\"position\":3,\"name\":\"Imprimerie PR-Print\"}]},{\"@type\":\"WebSite\",\"@id\":\"https:\\\/\\\/www.matriciel.be\\\/#website\",\"url\":\"https:\\\/\\\/www.matriciel.be\\\/\",\"name\":\"MATRIciel\",\"description\":\"Bureau d&#039;\u00e9tude et de conseil en architecture durable\",\"potentialAction\":[{\"@type\":\"SearchAction\",\"target\":{\"@type\":\"EntryPoint\",\"urlTemplate\":\"https:\\\/\\\/www.matriciel.be\\\/?s={search_term_string}\"},\"query-input\":{\"@type\":\"PropertyValueSpecification\",\"valueRequired\":true,\"valueName\":\"search_term_string\"}}],\"inLanguage\":\"nl-NL\"}]}<\/script>\n<!-- \/ Yoast SEO plugin. -->","yoast_head_json":{"title":"Imprimerie Pr-Print \u00e0 Nivelles","description":"Imprimerie Pr-Print \u00e0 Nivelles","robots":{"index":"index","follow":"follow","max-snippet":"max-snippet:-1","max-image-preview":"max-image-preview:large","max-video-preview":"max-video-preview:-1"},"canonical":"https:\/\/www.matriciel.be\/en\/projet\/imprimerie-pr-print\/","og_locale":"nl_NL","og_type":"article","og_title":"Imprimerie Pr-Print \u00e0 Nivelles","og_description":"Imprimerie Pr-Print \u00e0 Nivelles","og_url":"https:\/\/www.matriciel.be\/en\/projet\/imprimerie-pr-print\/","og_site_name":"MATRIciel","article_modified_time":"2020-10-28T07:24:30+00:00","og_image":[{"width":1280,"height":850,"url":"https:\/\/www.matriciel.be\/wp-content\/uploads\/2017\/12\/PR-PRINT-09.jpg","type":"image\/jpeg"}],"twitter_card":"summary_large_image","twitter_misc":{"Geschatte leestijd":"3 minuten"},"schema":{"@context":"https:\/\/schema.org","@graph":[{"@type":"WebPage","@id":"https:\/\/www.matriciel.be\/en\/projet\/imprimerie-pr-print\/","url":"https:\/\/www.matriciel.be\/en\/projet\/imprimerie-pr-print\/","name":"Imprimerie Pr-Print \u00e0 Nivelles","isPartOf":{"@id":"https:\/\/www.matriciel.be\/#website"},"primaryImageOfPage":{"@id":"https:\/\/www.matriciel.be\/en\/projet\/imprimerie-pr-print\/#primaryimage"},"image":{"@id":"https:\/\/www.matriciel.be\/en\/projet\/imprimerie-pr-print\/#primaryimage"},"thumbnailUrl":"https:\/\/www.matriciel.be\/wp-content\/uploads\/2017\/12\/PR-PRINT-09.jpg","datePublished":"2012-06-01T14:21:24+00:00","dateModified":"2020-10-28T07:24:30+00:00","description":"Imprimerie Pr-Print \u00e0 Nivelles","breadcrumb":{"@id":"https:\/\/www.matriciel.be\/en\/projet\/imprimerie-pr-print\/#breadcrumb"},"inLanguage":"nl-NL","potentialAction":[{"@type":"ReadAction","target":["https:\/\/www.matriciel.be\/en\/projet\/imprimerie-pr-print\/"]}]},{"@type":"ImageObject","inLanguage":"nl-NL","@id":"https:\/\/www.matriciel.be\/en\/projet\/imprimerie-pr-print\/#primaryimage","url":"https:\/\/www.matriciel.be\/wp-content\/uploads\/2017\/12\/PR-PRINT-09.jpg","contentUrl":"https:\/\/www.matriciel.be\/wp-content\/uploads\/2017\/12\/PR-PRINT-09.jpg","width":1280,"height":850,"caption":"Imprimerie PR-Print \u00e0 Nivelles"},{"@type":"BreadcrumbList","@id":"https:\/\/www.matriciel.be\/en\/projet\/imprimerie-pr-print\/#breadcrumb","itemListElement":[{"@type":"ListItem","position":1,"name":"Accueil","item":"https:\/\/www.matriciel.be\/nl\/"},{"@type":"ListItem","position":2,"name":"Portfolio","item":"https:\/\/www.matriciel.be\/nl\/projet\/"},{"@type":"ListItem","position":3,"name":"Imprimerie PR-Print"}]},{"@type":"WebSite","@id":"https:\/\/www.matriciel.be\/#website","url":"https:\/\/www.matriciel.be\/","name":"MATRIciel","description":"Bureau d&#039;\u00e9tude et de conseil en architecture durable","potentialAction":[{"@type":"SearchAction","target":{"@type":"EntryPoint","urlTemplate":"https:\/\/www.matriciel.be\/?s={search_term_string}"},"query-input":{"@type":"PropertyValueSpecification","valueRequired":true,"valueName":"search_term_string"}}],"inLanguage":"nl-NL"}]}},"jetpack_sharing_enabled":true,"_links":{"self":[{"href":"https:\/\/www.matriciel.be\/nl\/wp-json\/wp\/v2\/dt_portfolio\/1513","targetHints":{"allow":["GET"]}}],"collection":[{"href":"https:\/\/www.matriciel.be\/nl\/wp-json\/wp\/v2\/dt_portfolio"}],"about":[{"href":"https:\/\/www.matriciel.be\/nl\/wp-json\/wp\/v2\/types\/dt_portfolio"}],"author":[{"embeddable":true,"href":"https:\/\/www.matriciel.be\/nl\/wp-json\/wp\/v2\/users\/5"}],"replies":[{"embeddable":true,"href":"https:\/\/www.matriciel.be\/nl\/wp-json\/wp\/v2\/comments?post=1513"}],"version-history":[{"count":1,"href":"https:\/\/www.matriciel.be\/nl\/wp-json\/wp\/v2\/dt_portfolio\/1513\/revisions"}],"predecessor-version":[{"id":4526,"href":"https:\/\/www.matriciel.be\/nl\/wp-json\/wp\/v2\/dt_portfolio\/1513\/revisions\/4526"}],"wp:featuredmedia":[{"embeddable":true,"href":"https:\/\/www.matriciel.be\/nl\/wp-json\/wp\/v2\/media\/1514"}],"wp:attachment":[{"href":"https:\/\/www.matriciel.be\/nl\/wp-json\/wp\/v2\/media?parent=1513"}],"wp:term":[{"taxonomy":"dt_portfolio_category","embeddable":true,"href":"https:\/\/www.matriciel.be\/nl\/wp-json\/wp\/v2\/dt_portfolio_category?post=1513"},{"taxonomy":"dt_portfolio_tags","embeddable":true,"href":"https:\/\/www.matriciel.be\/nl\/wp-json\/wp\/v2\/dt_portfolio_tags?post=1513"}],"curies":[{"name":"wp","href":"https:\/\/api.w.org\/{rel}","templated":true}]}}