{"id":1544,"date":"2013-02-01T16:47:15","date_gmt":"2013-02-01T15:47:15","guid":{"rendered":"https:\/\/agencepoush-newmatriciel.pf503.wpserveur.net\/?post_type=dt_portfolio&#038;p=1544"},"modified":"2018-04-23T13:47:49","modified_gmt":"2018-04-23T11:47:49","slug":"holcim","status":"publish","type":"dt_portfolio","link":"https:\/\/www.matriciel.be\/nl\/projet\/holcim\/","title":{"rendered":"Si\u00e8ge administratif de la soci\u00e9t\u00e9 Holcim \u00e0 Nivelles"},"content":{"rendered":"<div class=\"wpb-content-wrapper\"><p>[vc_row margin_top=&#8221;-30px&#8221;][vc_column][vc_column_text css=&#8221;.vc_custom_1513612971198{margin-bottom: 20px !important;}&#8221; el_class=&#8221;custom-copyright&#8221;]<\/p>\n<p style=\"text-align: right;\">\u00a9 Filip Dujardin, Ma\u00eetre d&#8217;ouvrage : Thomas &amp; Piron, Architecte\u00a0:\u00a0A2M<\/p>\n<p>[\/vc_column_text][\/vc_column][vc_column width=&#8221;1\/3&#8243; el_class=&#8221;custom-bold-list&#8221;][vc_column_text]<\/p>\n<h2 style=\"font-size: 25px; line-height: 32px; text-transform: none;\">Informations g\u00e9n\u00e9rales du projet<\/h2>\n<p>[\/vc_column_text][vc_column_text]<b>Ma\u00eetre de l&#8217;Ouvrage <\/b>: Thoams &amp; Piron<\/p>\n<p><b>Programme <\/b>: Bureaux destin\u00e9s \u00e0 accueillir notamment le si\u00e8ge administratif de la soci\u00e9t\u00e9 Holcim<\/p>\n<p><b>Situation\u00a0<\/b>: Nivelles<\/p>\n<p><b>Surface\u00a0<\/b>:\u00a04.200 m\u00b2<\/p>\n<p><b>Architectes <\/b>: A2M<\/p>\n<p><b>Dates <\/b>: Mise en service en f\u00e9vrier 2013[\/vc_column_text][vc_column_text]<\/p>\n<h2 style=\"font-size: 25px; line-height: 32px; text-transform: none;\">Missions de MATRI<em>ciel<\/em><\/h2>\n<p>[\/vc_column_text][vc_column_text]<b><\/b>Participation \u00e0 la d\u00e9finition du concept \u00e9nerg\u00e9tique<br \/>\n<b><\/b>Etude et guidance en \u00e9clairage artificiel<br \/>\n<b><\/b>Etude des techniques sp\u00e9ciales<br \/>\n<b><\/b>Mission de responsable PEB<br \/>\n<b><\/b>Certification environnementale BREEAM et accompagnement au d\u00e9veloppement du projet pour atteindre le niveau de performance environnementale \u2018Very Good\u2019[\/vc_column_text][\/vc_column][vc_column width=&#8221;2\/3&#8243;][vc_column_text]<\/p>\n<h2>Description du projet<\/h2>\n<p>[\/vc_column_text][vc_column_text]<\/p>\n<div class=\"page\" title=\"Page 1\"><\/div>\n<p>Le b\u00e2timent de 4 \u00e9tages d\u2019environ 1.000 m\u00b2 pr\u00e9sente deux grandes fa\u00e7ades orient\u00e9es au sud et au nord afin de profiter d\u2019apports solaires gratuits et de g\u00e9rer efficacement les risques de surchauffe et d\u2019\u00e9blouissement.<\/p>\n<p>Un atrium vitr\u00e9 central apporte de la lumi\u00e8re naturelle au c\u0153ur du b\u00e2timent et les baies ont \u00e9t\u00e9 optimis\u00e9es pour concilier \u00e9clairage naturel et efficacit\u00e9 thermique de l\u2019enveloppe.<\/p>\n<p>Le b\u00e2timent est constitu\u00e9 d\u2019une structure massive en ma\u00e7onnerie habill\u00e9e d\u2019un enduit sur isolant pour les grandes fa\u00e7ades et d\u2019un parement en briques pour les pignons est et ouest. Avec 18 cm d\u2019EPS en fa\u00e7ade, 15 cm de PUR projet\u00e9 en dalle de sol et 15 cm de PIR en toiture, le niveau d\u2019isolation atteint est de K17.<\/p>\n<p>Les fen\u00eatres de la fa\u00e7ade sud sont \u00e9quip\u00e9es de double vitrage tandis que du triple vitrage est install\u00e9 en fa\u00e7ade nord.<\/p>\n<p>Une attention particuli\u00e8re a \u00e9t\u00e9 apport\u00e9e \u00e0 l\u2019\u00e9tanch\u00e9it\u00e9 \u00e0 l\u2019air de l\u2019enveloppe et \u00e0 la r\u00e9alisation des d\u00e9tails constructifs afin d\u2019\u00e9viter les ponts thermiques.<\/p>\n<p>Enfin, les \u00e9quipements suivants sont mis en place pour assurer le confort dans le b\u00e2timent :<\/p>\n<ul>\n<li>Eclairage artificiel tr\u00e8s performant : choix judicieux du type d\u2019appareil basse consommation, optimisation de la position des appareils (puissance install\u00e9e \u2264 7,5W\/m\u00b2), diff\u00e9renciation des zones de commande de l\u2019\u00e9clairage, gestion efficace gr\u00e2ce \u00e0 un allumage manuel avec d\u00e9tection d\u2019absence et dimming de l\u2019\u00e9clairage artificiel en fonction de l\u2019\u00e9clairage naturel disponible<\/li>\n<li>Radiateurs aliment\u00e9s par une chaudi\u00e8re gaz \u00e0 condensation \u00e0 haut rendement (+ de 108%) pour le chauffage. Les radiateurs ont \u00e9t\u00e9 pr\u00e9f\u00e9r\u00e9s au chauffage sur la ventilation pour des raisons de r\u00e9gulation afin que chaque occupant puisse adapter la temp\u00e9rature de son bureau et permettre une meilleure relance de chauffage apr\u00e8s une p\u00e9riode d\u2019inoccupation<\/li>\n<li>Syst\u00e8me de ventilation double flux \u00e0 r\u00e9cup\u00e9ration de chaleur \u00e0 roue (rendement sup\u00e9rieur \u00e0 75%.). Le zonage (4 par plateau) permet d\u2019adapter les d\u00e9bits aux besoins<\/li>\n<li>Le syst\u00e8me de ventilation est dimensionn\u00e9 de mani\u00e8re \u00e0 permettre une ventilation intensive en p\u00e9riode estivale. Ce nightcooling, combin\u00e9 aux protections solaires ext\u00e9rieures pr\u00e9vues en fa\u00e7ade sud (lamelles orientables) permet d\u2019assurer le confort thermique dans des conditions estivales \u2018normale\u2019. En p\u00e9riode de canicule, un groupe de froid permet, d\u2019apporter sur l\u2019air de ventilation, les frigories compl\u00e9mentaires n\u00e9cessaires pour assurer le confort thermique. La salle de r\u00e9union profite d\u2019un syst\u00e8me de refroidissement central VAV mono gaine<\/li>\n<\/ul>\n<p>[\/vc_column_text][\/vc_column][\/vc_row]<\/p>\n<\/div>","protected":false},"excerpt":{"rendered":"<p><strong>Si\u00e8ge administratif de Holcim<\/strong><br \/>\n<strong>MO <\/strong>Thomas &#038; Piron<br \/>\n<strong>Ar <\/strong>A2M<\/p>\n","protected":false},"author":5,"featured_media":1546,"comment_status":"closed","ping_status":"closed","template":"","dt_portfolio_category":[10],"dt_portfolio_tags":[],"class_list":["post-1544","dt_portfolio","type-dt_portfolio","status-publish","has-post-thumbnail","hentry","dt_portfolio_category-bureau","dt_portfolio_category-10","description-off"],"yoast_head":"<!-- This site is optimized with the Yoast SEO plugin v27.5 - https:\/\/yoast.com\/product\/yoast-seo-wordpress\/ -->\n<title>Si\u00e8ge administratif de Holcim \u00e0 Nivelles<\/title>\n<meta name=\"description\" content=\"MATRIciel particip\u00e9 au projet de construction de bureaux pour Holcim \u00e0 Nivelles\" \/>\n<meta name=\"robots\" content=\"index, follow, max-snippet:-1, max-image-preview:large, max-video-preview:-1\" \/>\n<link rel=\"canonical\" href=\"https:\/\/www.matriciel.be\/projet\/holcim\/\" \/>\n<meta property=\"og:locale\" content=\"nl_NL\" \/>\n<meta property=\"og:type\" content=\"article\" \/>\n<meta property=\"og:title\" content=\"Si\u00e8ge administratif de Holcim \u00e0 Nivelles\" \/>\n<meta property=\"og:description\" content=\"MATRIciel particip\u00e9 au projet de construction de bureaux pour Holcim \u00e0 Nivelles\" \/>\n<meta property=\"og:url\" content=\"https:\/\/www.matriciel.be\/projet\/holcim\/\" \/>\n<meta property=\"og:site_name\" content=\"MATRIciel\" \/>\n<meta property=\"article:modified_time\" content=\"2018-04-23T11:47:49+00:00\" \/>\n<meta property=\"og:image\" content=\"https:\/\/www.matriciel.be\/wp-content\/uploads\/2013\/02\/004-Holcim-2.jpg\" \/>\n\t<meta property=\"og:image:width\" content=\"1280\" \/>\n\t<meta property=\"og:image:height\" content=\"872\" \/>\n\t<meta property=\"og:image:type\" content=\"image\/jpeg\" \/>\n<meta name=\"twitter:card\" content=\"summary_large_image\" \/>\n<meta name=\"twitter:label1\" content=\"Geschatte leestijd\" \/>\n\t<meta name=\"twitter:data1\" content=\"3 minuten\" \/>\n<script type=\"application\/ld+json\" class=\"yoast-schema-graph\">{\"@context\":\"https:\\\/\\\/schema.org\",\"@graph\":[{\"@type\":\"WebPage\",\"@id\":\"https:\\\/\\\/www.matriciel.be\\\/projet\\\/holcim\\\/\",\"url\":\"https:\\\/\\\/www.matriciel.be\\\/projet\\\/holcim\\\/\",\"name\":\"Si\u00e8ge administratif de Holcim \u00e0 Nivelles\",\"isPartOf\":{\"@id\":\"https:\\\/\\\/www.matriciel.be\\\/#website\"},\"primaryImageOfPage\":{\"@id\":\"https:\\\/\\\/www.matriciel.be\\\/projet\\\/holcim\\\/#primaryimage\"},\"image\":{\"@id\":\"https:\\\/\\\/www.matriciel.be\\\/projet\\\/holcim\\\/#primaryimage\"},\"thumbnailUrl\":\"https:\\\/\\\/www.matriciel.be\\\/wp-content\\\/uploads\\\/2013\\\/02\\\/004-Holcim-2.jpg\",\"datePublished\":\"2013-02-01T15:47:15+00:00\",\"dateModified\":\"2018-04-23T11:47:49+00:00\",\"description\":\"MATRIciel particip\u00e9 au projet de construction de bureaux pour Holcim \u00e0 Nivelles\",\"breadcrumb\":{\"@id\":\"https:\\\/\\\/www.matriciel.be\\\/projet\\\/holcim\\\/#breadcrumb\"},\"inLanguage\":\"nl-NL\",\"potentialAction\":[{\"@type\":\"ReadAction\",\"target\":[\"https:\\\/\\\/www.matriciel.be\\\/projet\\\/holcim\\\/\"]}]},{\"@type\":\"ImageObject\",\"inLanguage\":\"nl-NL\",\"@id\":\"https:\\\/\\\/www.matriciel.be\\\/projet\\\/holcim\\\/#primaryimage\",\"url\":\"https:\\\/\\\/www.matriciel.be\\\/wp-content\\\/uploads\\\/2013\\\/02\\\/004-Holcim-2.jpg\",\"contentUrl\":\"https:\\\/\\\/www.matriciel.be\\\/wp-content\\\/uploads\\\/2013\\\/02\\\/004-Holcim-2.jpg\",\"width\":1280,\"height\":872,\"caption\":\"Certification BREEAM pour le si\u00e8ge social de Holcim\"},{\"@type\":\"BreadcrumbList\",\"@id\":\"https:\\\/\\\/www.matriciel.be\\\/projet\\\/holcim\\\/#breadcrumb\",\"itemListElement\":[{\"@type\":\"ListItem\",\"position\":1,\"name\":\"Accueil\",\"item\":\"https:\\\/\\\/www.matriciel.be\\\/nl\\\/\"},{\"@type\":\"ListItem\",\"position\":2,\"name\":\"Portfolio\",\"item\":\"https:\\\/\\\/www.matriciel.be\\\/nl\\\/projet\\\/\"},{\"@type\":\"ListItem\",\"position\":3,\"name\":\"Si\u00e8ge administratif de la soci\u00e9t\u00e9 Holcim \u00e0 Nivelles\"}]},{\"@type\":\"WebSite\",\"@id\":\"https:\\\/\\\/www.matriciel.be\\\/#website\",\"url\":\"https:\\\/\\\/www.matriciel.be\\\/\",\"name\":\"MATRIciel\",\"description\":\"Bureau d&#039;\u00e9tude et de conseil en architecture durable\",\"potentialAction\":[{\"@type\":\"SearchAction\",\"target\":{\"@type\":\"EntryPoint\",\"urlTemplate\":\"https:\\\/\\\/www.matriciel.be\\\/?s={search_term_string}\"},\"query-input\":{\"@type\":\"PropertyValueSpecification\",\"valueRequired\":true,\"valueName\":\"search_term_string\"}}],\"inLanguage\":\"nl-NL\"}]}<\/script>\n<!-- \/ Yoast SEO plugin. -->","yoast_head_json":{"title":"Si\u00e8ge administratif de Holcim \u00e0 Nivelles","description":"MATRIciel particip\u00e9 au projet de construction de bureaux pour Holcim \u00e0 Nivelles","robots":{"index":"index","follow":"follow","max-snippet":"max-snippet:-1","max-image-preview":"max-image-preview:large","max-video-preview":"max-video-preview:-1"},"canonical":"https:\/\/www.matriciel.be\/projet\/holcim\/","og_locale":"nl_NL","og_type":"article","og_title":"Si\u00e8ge administratif de Holcim \u00e0 Nivelles","og_description":"MATRIciel particip\u00e9 au projet de construction de bureaux pour Holcim \u00e0 Nivelles","og_url":"https:\/\/www.matriciel.be\/projet\/holcim\/","og_site_name":"MATRIciel","article_modified_time":"2018-04-23T11:47:49+00:00","og_image":[{"width":1280,"height":872,"url":"https:\/\/www.matriciel.be\/wp-content\/uploads\/2013\/02\/004-Holcim-2.jpg","type":"image\/jpeg"}],"twitter_card":"summary_large_image","twitter_misc":{"Geschatte leestijd":"3 minuten"},"schema":{"@context":"https:\/\/schema.org","@graph":[{"@type":"WebPage","@id":"https:\/\/www.matriciel.be\/projet\/holcim\/","url":"https:\/\/www.matriciel.be\/projet\/holcim\/","name":"Si\u00e8ge administratif de Holcim \u00e0 Nivelles","isPartOf":{"@id":"https:\/\/www.matriciel.be\/#website"},"primaryImageOfPage":{"@id":"https:\/\/www.matriciel.be\/projet\/holcim\/#primaryimage"},"image":{"@id":"https:\/\/www.matriciel.be\/projet\/holcim\/#primaryimage"},"thumbnailUrl":"https:\/\/www.matriciel.be\/wp-content\/uploads\/2013\/02\/004-Holcim-2.jpg","datePublished":"2013-02-01T15:47:15+00:00","dateModified":"2018-04-23T11:47:49+00:00","description":"MATRIciel particip\u00e9 au projet de construction de bureaux pour Holcim \u00e0 Nivelles","breadcrumb":{"@id":"https:\/\/www.matriciel.be\/projet\/holcim\/#breadcrumb"},"inLanguage":"nl-NL","potentialAction":[{"@type":"ReadAction","target":["https:\/\/www.matriciel.be\/projet\/holcim\/"]}]},{"@type":"ImageObject","inLanguage":"nl-NL","@id":"https:\/\/www.matriciel.be\/projet\/holcim\/#primaryimage","url":"https:\/\/www.matriciel.be\/wp-content\/uploads\/2013\/02\/004-Holcim-2.jpg","contentUrl":"https:\/\/www.matriciel.be\/wp-content\/uploads\/2013\/02\/004-Holcim-2.jpg","width":1280,"height":872,"caption":"Certification BREEAM pour le si\u00e8ge social de Holcim"},{"@type":"BreadcrumbList","@id":"https:\/\/www.matriciel.be\/projet\/holcim\/#breadcrumb","itemListElement":[{"@type":"ListItem","position":1,"name":"Accueil","item":"https:\/\/www.matriciel.be\/nl\/"},{"@type":"ListItem","position":2,"name":"Portfolio","item":"https:\/\/www.matriciel.be\/nl\/projet\/"},{"@type":"ListItem","position":3,"name":"Si\u00e8ge administratif de la soci\u00e9t\u00e9 Holcim \u00e0 Nivelles"}]},{"@type":"WebSite","@id":"https:\/\/www.matriciel.be\/#website","url":"https:\/\/www.matriciel.be\/","name":"MATRIciel","description":"Bureau d&#039;\u00e9tude et de conseil en architecture durable","potentialAction":[{"@type":"SearchAction","target":{"@type":"EntryPoint","urlTemplate":"https:\/\/www.matriciel.be\/?s={search_term_string}"},"query-input":{"@type":"PropertyValueSpecification","valueRequired":true,"valueName":"search_term_string"}}],"inLanguage":"nl-NL"}]}},"jetpack_sharing_enabled":true,"_links":{"self":[{"href":"https:\/\/www.matriciel.be\/nl\/wp-json\/wp\/v2\/dt_portfolio\/1544","targetHints":{"allow":["GET"]}}],"collection":[{"href":"https:\/\/www.matriciel.be\/nl\/wp-json\/wp\/v2\/dt_portfolio"}],"about":[{"href":"https:\/\/www.matriciel.be\/nl\/wp-json\/wp\/v2\/types\/dt_portfolio"}],"author":[{"embeddable":true,"href":"https:\/\/www.matriciel.be\/nl\/wp-json\/wp\/v2\/users\/5"}],"replies":[{"embeddable":true,"href":"https:\/\/www.matriciel.be\/nl\/wp-json\/wp\/v2\/comments?post=1544"}],"version-history":[{"count":0,"href":"https:\/\/www.matriciel.be\/nl\/wp-json\/wp\/v2\/dt_portfolio\/1544\/revisions"}],"wp:featuredmedia":[{"embeddable":true,"href":"https:\/\/www.matriciel.be\/nl\/wp-json\/wp\/v2\/media\/1546"}],"wp:attachment":[{"href":"https:\/\/www.matriciel.be\/nl\/wp-json\/wp\/v2\/media?parent=1544"}],"wp:term":[{"taxonomy":"dt_portfolio_category","embeddable":true,"href":"https:\/\/www.matriciel.be\/nl\/wp-json\/wp\/v2\/dt_portfolio_category?post=1544"},{"taxonomy":"dt_portfolio_tags","embeddable":true,"href":"https:\/\/www.matriciel.be\/nl\/wp-json\/wp\/v2\/dt_portfolio_tags?post=1544"}],"curies":[{"name":"wp","href":"https:\/\/api.w.org\/{rel}","templated":true}]}}