{"id":25246,"date":"2026-04-16T14:47:36","date_gmt":"2026-04-16T12:47:36","guid":{"rendered":"https:\/\/www.matriciel.be\/?post_type=dt_portfolio&#038;p=25246"},"modified":"2026-04-16T15:12:42","modified_gmt":"2026-04-16T13:12:42","slug":"eco-quartier-coronmeuse","status":"publish","type":"dt_portfolio","link":"https:\/\/www.matriciel.be\/nl\/projet\/eco-quartier-coronmeuse\/","title":{"rendered":"Eco-quartier Coronmeuse"},"content":{"rendered":"<div class=\"wpb-content-wrapper\"><p>[vc_row margin_top=&#8221;-30px&#8221;][vc_column][vc_column_text css=&#8221;.vc_custom_1776341377326{margin-bottom: 20px !important;}&#8221; el_class=&#8221;custom-copyright&#8221;]<\/p>\n<p style=\"text-align: right;\">\u00a9 Rives Ardentes, Ma\u00eetre d&#8217;ouvrage : Consortium Neolegia, Architecte : ALTIPLAN<br \/>\nArchitects, ARTAU Architectures,<br \/>\nl\u2019atelier du SART TILMAN et SYNTAXE<\/p>\n<p>[\/vc_column_text][\/vc_column][vc_column width=&#8221;1\/3&#8243; el_class=&#8221;custom-bold-list&#8221;][vc_column_text]<\/p>\n<h2 style=\"font-size: 25px; line-height: 32px; text-transform: none;\">Informations g\u00e9n\u00e9rales du projet<\/h2>\n<p>[\/vc_column_text][vc_column_text css=&#8221;&#8221;]<b>Ma\u00eetre de l&#8217;Ouvrage <\/b>: Consortium NEOLEGIA (Jan De Nul Group, CIT Blaton et WILLEMEN GROEP)<\/p>\n<p><b>Programme <\/b>: D\u00e9molition\/construction\/r\u00e9novation de \u00b1 1325 logements, un h\u00f4tel, une r\u00e9sidence-services, une maison de repos et de soins, une cr\u00e8che, une maison de quartier, un gymnase et deux \u00e9tablissements scolaires.<\/p>\n<p><b>Situation\u00a0<\/b>: Presqu&#8217;ile de Coromeuse-Li\u00e8ge<\/p>\n<p><b>Surface\u00a0<\/b>: site de 25 ha<\/p>\n<p><b>Architectes <\/b>: ALTIPLAN Architects, ARTAU Architectures,l\u2019atelier du SART TILMAN et SYNTAXE<\/p>\n<p><b>Dates <\/b>: Phase 1 : D\u00e9but du chantier en 2020 et premi\u00e8res occupations en 2023[\/vc_column_text][vc_column_text]<\/p>\n<h2 style=\"font-size: 25px; line-height: 32px; text-transform: none;\">Missions de MATRI<em>ciel<\/em><\/h2>\n<p>[\/vc_column_text][vc_column_text css=&#8221;&#8221;]<b><\/b>Etudes et conseils en d\u00e9veloppement durable pour la conception d&#8217;un \u00e9co-quartier<br \/>\n<b><\/b>Etude des techniques sp\u00e9ciales<br \/>\n<b><\/b>Etude de faisabilit\u00e9 des \u00e9nergies renouvelable et du r\u00e9seau dechaleur urbain<br \/>\n<b><\/b>Conception bas carbone<br \/>\n<b><\/b>Analyses LCA et choix de mat\u00e9riaux<br \/>\n<b><\/b>R\u00e9daction et suivi d&#8217;un plan de gestion de chantier durable<br \/>\n<b><\/b>Mission de Responsable PEB[\/vc_column_text][\/vc_column][vc_column width=&#8221;2\/3&#8243;][vc_column_text]<\/p>\n<h2>Description du projet<\/h2>\n<p>[\/vc_column_text][vc_column_text css=&#8221;&#8221;]<strong>NeoLegia a sign\u00e9 un contrat avec la Ville de Li\u00e8ge pour l&#8217;am\u00e9nagement d&#8217;un \u00e9co-quartier de 25 hectares sur le site de Coronmeuse \u00e0 Li\u00e8ge.<\/strong><\/p>\n<p><strong>Le projet est essentiellement r\u00e9sidentiel y compris un grand nombre d\u2019\u00e9quipements publics et tertiaires afin de favoriser l\u2019animation et la vie en commun dans le quartier. Le Grand Palais et le b\u00e2timent de l\u2019Equerre, qui font partie de la m\u00e9moire collective des riverains, sont r\u00e9nov\u00e9s et r\u00e9am\u00e9nag\u00e9s.<\/strong><\/p>\n<p>Le site est majoritairement pi\u00e9tonnier et deux nouvelles passerelles pi\u00e9tonnes relieront Coronmeuse au quartier Saint-L\u00e9onard. Les am\u00e9nagements paysagers sont pr\u00e9vus sur l\u2019ensemble du site, le long des berges de la Meuse et de la darse, sur les places, entre les b\u00e2timents et dans les cours int\u00e9rieures.<\/p>\n<h4>Les ambitions durables du projet sont :<\/h4>\n<ul>\n<li>Une mixit\u00e9 de programme et une mixit\u00e9 sociale dans le quartier<\/li>\n<li>Des espaces ext\u00e9rieurs collectifs et publics nombreux et diversifi\u00e9s, ainsi que la r\u00e9novation du parc Astrid<\/li>\n<li>Une mobilit\u00e9 douce et une offre de transport en commun : bus et tram<\/li>\n<li>De nombreux espaces verts et bleus am\u00e9nag\u00e9s de mani\u00e8re \u00e0 constituer des couloirs \u00e9cologiques pour le d\u00e9veloppement de la faune et de la flore locales<\/li>\n<li>Des performances \u00e9nerg\u00e9tiques des b\u00e2timents sup\u00e9rieures \u00e0 celles impos\u00e9es par la r\u00e9glementation<\/li>\n<li>La gestion environnementale de l\u2019eau de pluie<\/li>\n<li>L\u2019adaptabilit\u00e9 et la r\u00e9versibilit\u00e9 dans l\u2019usage des espaces construits<\/li>\n<li>L\u2019utilisation de mat\u00e9riaux respectueux de l\u2019environnement et de la sant\u00e9 des occupants<\/li>\n<li>La mise en place d\u2019un chantier vert<\/li>\n<\/ul>\n<h4>Les interventions de MATRIciel by Oteis dans le projet couvrent :<\/h4>\n<ul>\n<li>Dans le cadre de l\u2019avant-projet :\n<ul>\n<li style=\"list-style-type: none;\">\n<ul>\n<li>D\u00e9finition des objectifs de performance \u00e9nerg\u00e9tique<\/li>\n<li>\u00c9tude de l\u2019ensoleillement des espaces ext\u00e9rieurs et \u00e9tude qualitative du confort ext\u00e9rieur<\/li>\n<li>D\u00e9finition des principes de base pour favoriser la biodiversit\u00e9<\/li>\n<li>\u00c9tudes des possibilit\u00e9s d\u2019\u00e9conomie en eau potable<\/li>\n<li>Esquisse des principes d\u2019un charte \u00ab chantier vert \u00bb<\/li>\n<\/ul>\n<\/li>\n<\/ul>\n<\/li>\n<li>Dans le cadre du d\u00e9veloppement du projet :\n<ul>\n<li style=\"list-style-type: none;\">\n<ul>\n<li>\u00c9tudes d\u2019optimisation \u00e9nerg\u00e9tiques des enveloppes et des techniques de production (dont l&#8217;\u00e9tude du bilan de chaleur du r\u00e9seau de chaleur)<\/li>\n<li>Optimisation du confort visuel et thermique par simulation dynamiques<\/li>\n<li>Participation \u00e0 la mise en route des installations et suivi des performances<\/li>\n<li>\u00c9tudes des techniques sp\u00e9ciales<\/li>\n<li>Mission de Responsable PEB<\/li>\n<li>Mise en place de la charte \u00ab chantier vert \u00bb<\/li>\n<li>Participation au choix des mat\u00e9riaux<\/li>\n<\/ul>\n<\/li>\n<\/ul>\n<\/li>\n<\/ul>\n<p>[\/vc_column_text][\/vc_column][\/vc_row]<\/p>\n<\/div>","protected":false},"excerpt":{"rendered":"<p><B>Ecoquartier Coronmeuse <\/B><br \/>\n<B>MO <\/B>Consortium NEOLEGIA<br \/>\n<B>Ar <\/B>ALTIPLAN Architects, ARTAU Architectures, l\u2019atelier du SART TILMAN et SYNTAXE<\/p>\n","protected":false},"author":5,"featured_media":25251,"comment_status":"closed","ping_status":"closed","template":"","dt_portfolio_category":[178],"dt_portfolio_tags":[244,240,306,307,246,173],"class_list":["post-25246","dt_portfolio","type-dt_portfolio","status-publish","has-post-thumbnail","hentry","dt_portfolio_category-logement","dt_portfolio_tags-chantier-vert","dt_portfolio_tags-choix-des-materiaux","dt_portfolio_tags-conception-bas-carbone","dt_portfolio_tags-reseau-de-chaleur-urbain","dt_portfolio_tags-responsable-peb","dt_portfolio_tags-techniques-speciales","dt_portfolio_category-178","description-off"],"yoast_head":"<!-- This site is optimized with the Yoast SEO plugin v27.5 - https:\/\/yoast.com\/product\/yoast-seo-wordpress\/ -->\n<title>Eco-quartier Coronmeuse - MATRIciel<\/title>\n<meta name=\"description\" content=\"MATRIciel by Oteis est bureau d&#039;\u00e9tudes dans le cadre du projet d&#039;\u00e9coquartier Coronmeuse \u00e0 Li\u00e8ge. Techniques sp\u00e9ciales, Resp. PEB et BREEAM\" \/>\n<meta name=\"robots\" content=\"index, follow, max-snippet:-1, max-image-preview:large, max-video-preview:-1\" \/>\n<link rel=\"canonical\" href=\"https:\/\/www.matriciel.be\/projet\/eco-quartier-coronmeuse\/\" \/>\n<meta property=\"og:locale\" content=\"nl_NL\" \/>\n<meta property=\"og:type\" content=\"article\" \/>\n<meta property=\"og:title\" content=\"Eco-quartier Coronmeuse - MATRIciel\" \/>\n<meta property=\"og:description\" content=\"MATRIciel by Oteis est bureau d&#039;\u00e9tudes dans le cadre du projet d&#039;\u00e9coquartier Coronmeuse \u00e0 Li\u00e8ge. Techniques sp\u00e9ciales, Resp. PEB et BREEAM\" \/>\n<meta property=\"og:url\" content=\"https:\/\/www.matriciel.be\/projet\/eco-quartier-coronmeuse\/\" \/>\n<meta property=\"og:site_name\" content=\"MATRIciel\" \/>\n<meta property=\"article:modified_time\" content=\"2026-04-16T13:12:42+00:00\" \/>\n<meta property=\"og:image\" content=\"https:\/\/www.matriciel.be\/wp-content\/uploads\/2026\/04\/Vue-eco-quartier-2026-04-16-121502.png\" \/>\n\t<meta property=\"og:image:width\" content=\"1200\" \/>\n\t<meta property=\"og:image:height\" content=\"526\" \/>\n\t<meta property=\"og:image:type\" content=\"image\/png\" \/>\n<meta name=\"twitter:card\" content=\"summary_large_image\" \/>\n<meta name=\"twitter:label1\" content=\"Geschatte leestijd\" \/>\n\t<meta name=\"twitter:data1\" content=\"3 minuten\" \/>\n<script type=\"application\/ld+json\" class=\"yoast-schema-graph\">{\"@context\":\"https:\\\/\\\/schema.org\",\"@graph\":[{\"@type\":\"WebPage\",\"@id\":\"https:\\\/\\\/www.matriciel.be\\\/projet\\\/eco-quartier-coronmeuse\\\/\",\"url\":\"https:\\\/\\\/www.matriciel.be\\\/projet\\\/eco-quartier-coronmeuse\\\/\",\"name\":\"Eco-quartier Coronmeuse - MATRIciel\",\"isPartOf\":{\"@id\":\"https:\\\/\\\/www.matriciel.be\\\/#website\"},\"primaryImageOfPage\":{\"@id\":\"https:\\\/\\\/www.matriciel.be\\\/projet\\\/eco-quartier-coronmeuse\\\/#primaryimage\"},\"image\":{\"@id\":\"https:\\\/\\\/www.matriciel.be\\\/projet\\\/eco-quartier-coronmeuse\\\/#primaryimage\"},\"thumbnailUrl\":\"https:\\\/\\\/www.matriciel.be\\\/wp-content\\\/uploads\\\/2026\\\/04\\\/Vue-eco-quartier-2026-04-16-121502.png\",\"datePublished\":\"2026-04-16T12:47:36+00:00\",\"dateModified\":\"2026-04-16T13:12:42+00:00\",\"description\":\"MATRIciel by Oteis est bureau d'\u00e9tudes dans le cadre du projet d'\u00e9coquartier Coronmeuse \u00e0 Li\u00e8ge. Techniques sp\u00e9ciales, Resp. PEB et BREEAM\",\"breadcrumb\":{\"@id\":\"https:\\\/\\\/www.matriciel.be\\\/projet\\\/eco-quartier-coronmeuse\\\/#breadcrumb\"},\"inLanguage\":\"nl-NL\",\"potentialAction\":[{\"@type\":\"ReadAction\",\"target\":[\"https:\\\/\\\/www.matriciel.be\\\/projet\\\/eco-quartier-coronmeuse\\\/\"]}]},{\"@type\":\"ImageObject\",\"inLanguage\":\"nl-NL\",\"@id\":\"https:\\\/\\\/www.matriciel.be\\\/projet\\\/eco-quartier-coronmeuse\\\/#primaryimage\",\"url\":\"https:\\\/\\\/www.matriciel.be\\\/wp-content\\\/uploads\\\/2026\\\/04\\\/Vue-eco-quartier-2026-04-16-121502.png\",\"contentUrl\":\"https:\\\/\\\/www.matriciel.be\\\/wp-content\\\/uploads\\\/2026\\\/04\\\/Vue-eco-quartier-2026-04-16-121502.png\",\"width\":1200,\"height\":526,\"caption\":\"Site Coronmeuse - projet Neolegia - Vue de haut\"},{\"@type\":\"BreadcrumbList\",\"@id\":\"https:\\\/\\\/www.matriciel.be\\\/projet\\\/eco-quartier-coronmeuse\\\/#breadcrumb\",\"itemListElement\":[{\"@type\":\"ListItem\",\"position\":1,\"name\":\"Accueil\",\"item\":\"https:\\\/\\\/www.matriciel.be\\\/nl\\\/\"},{\"@type\":\"ListItem\",\"position\":2,\"name\":\"Portfolio\",\"item\":\"https:\\\/\\\/www.matriciel.be\\\/nl\\\/projet\\\/\"},{\"@type\":\"ListItem\",\"position\":3,\"name\":\"Eco-quartier Coronmeuse\"}]},{\"@type\":\"WebSite\",\"@id\":\"https:\\\/\\\/www.matriciel.be\\\/#website\",\"url\":\"https:\\\/\\\/www.matriciel.be\\\/\",\"name\":\"MATRIciel\",\"description\":\"Bureau d&#039;\u00e9tude et de conseil en architecture durable\",\"potentialAction\":[{\"@type\":\"SearchAction\",\"target\":{\"@type\":\"EntryPoint\",\"urlTemplate\":\"https:\\\/\\\/www.matriciel.be\\\/?s={search_term_string}\"},\"query-input\":{\"@type\":\"PropertyValueSpecification\",\"valueRequired\":true,\"valueName\":\"search_term_string\"}}],\"inLanguage\":\"nl-NL\"}]}<\/script>\n<!-- \/ Yoast SEO plugin. -->","yoast_head_json":{"title":"Eco-quartier Coronmeuse - MATRIciel","description":"MATRIciel by Oteis est bureau d'\u00e9tudes dans le cadre du projet d'\u00e9coquartier Coronmeuse \u00e0 Li\u00e8ge. Techniques sp\u00e9ciales, Resp. PEB et BREEAM","robots":{"index":"index","follow":"follow","max-snippet":"max-snippet:-1","max-image-preview":"max-image-preview:large","max-video-preview":"max-video-preview:-1"},"canonical":"https:\/\/www.matriciel.be\/projet\/eco-quartier-coronmeuse\/","og_locale":"nl_NL","og_type":"article","og_title":"Eco-quartier Coronmeuse - MATRIciel","og_description":"MATRIciel by Oteis est bureau d'\u00e9tudes dans le cadre du projet d'\u00e9coquartier Coronmeuse \u00e0 Li\u00e8ge. Techniques sp\u00e9ciales, Resp. PEB et BREEAM","og_url":"https:\/\/www.matriciel.be\/projet\/eco-quartier-coronmeuse\/","og_site_name":"MATRIciel","article_modified_time":"2026-04-16T13:12:42+00:00","og_image":[{"width":1200,"height":526,"url":"https:\/\/www.matriciel.be\/wp-content\/uploads\/2026\/04\/Vue-eco-quartier-2026-04-16-121502.png","type":"image\/png"}],"twitter_card":"summary_large_image","twitter_misc":{"Geschatte leestijd":"3 minuten"},"schema":{"@context":"https:\/\/schema.org","@graph":[{"@type":"WebPage","@id":"https:\/\/www.matriciel.be\/projet\/eco-quartier-coronmeuse\/","url":"https:\/\/www.matriciel.be\/projet\/eco-quartier-coronmeuse\/","name":"Eco-quartier Coronmeuse - MATRIciel","isPartOf":{"@id":"https:\/\/www.matriciel.be\/#website"},"primaryImageOfPage":{"@id":"https:\/\/www.matriciel.be\/projet\/eco-quartier-coronmeuse\/#primaryimage"},"image":{"@id":"https:\/\/www.matriciel.be\/projet\/eco-quartier-coronmeuse\/#primaryimage"},"thumbnailUrl":"https:\/\/www.matriciel.be\/wp-content\/uploads\/2026\/04\/Vue-eco-quartier-2026-04-16-121502.png","datePublished":"2026-04-16T12:47:36+00:00","dateModified":"2026-04-16T13:12:42+00:00","description":"MATRIciel by Oteis est bureau d'\u00e9tudes dans le cadre du projet d'\u00e9coquartier Coronmeuse \u00e0 Li\u00e8ge. Techniques sp\u00e9ciales, Resp. PEB et BREEAM","breadcrumb":{"@id":"https:\/\/www.matriciel.be\/projet\/eco-quartier-coronmeuse\/#breadcrumb"},"inLanguage":"nl-NL","potentialAction":[{"@type":"ReadAction","target":["https:\/\/www.matriciel.be\/projet\/eco-quartier-coronmeuse\/"]}]},{"@type":"ImageObject","inLanguage":"nl-NL","@id":"https:\/\/www.matriciel.be\/projet\/eco-quartier-coronmeuse\/#primaryimage","url":"https:\/\/www.matriciel.be\/wp-content\/uploads\/2026\/04\/Vue-eco-quartier-2026-04-16-121502.png","contentUrl":"https:\/\/www.matriciel.be\/wp-content\/uploads\/2026\/04\/Vue-eco-quartier-2026-04-16-121502.png","width":1200,"height":526,"caption":"Site Coronmeuse - projet Neolegia - Vue de haut"},{"@type":"BreadcrumbList","@id":"https:\/\/www.matriciel.be\/projet\/eco-quartier-coronmeuse\/#breadcrumb","itemListElement":[{"@type":"ListItem","position":1,"name":"Accueil","item":"https:\/\/www.matriciel.be\/nl\/"},{"@type":"ListItem","position":2,"name":"Portfolio","item":"https:\/\/www.matriciel.be\/nl\/projet\/"},{"@type":"ListItem","position":3,"name":"Eco-quartier Coronmeuse"}]},{"@type":"WebSite","@id":"https:\/\/www.matriciel.be\/#website","url":"https:\/\/www.matriciel.be\/","name":"MATRIciel","description":"Bureau d&#039;\u00e9tude et de conseil en architecture durable","potentialAction":[{"@type":"SearchAction","target":{"@type":"EntryPoint","urlTemplate":"https:\/\/www.matriciel.be\/?s={search_term_string}"},"query-input":{"@type":"PropertyValueSpecification","valueRequired":true,"valueName":"search_term_string"}}],"inLanguage":"nl-NL"}]}},"jetpack_sharing_enabled":true,"_links":{"self":[{"href":"https:\/\/www.matriciel.be\/nl\/wp-json\/wp\/v2\/dt_portfolio\/25246","targetHints":{"allow":["GET"]}}],"collection":[{"href":"https:\/\/www.matriciel.be\/nl\/wp-json\/wp\/v2\/dt_portfolio"}],"about":[{"href":"https:\/\/www.matriciel.be\/nl\/wp-json\/wp\/v2\/types\/dt_portfolio"}],"author":[{"embeddable":true,"href":"https:\/\/www.matriciel.be\/nl\/wp-json\/wp\/v2\/users\/5"}],"replies":[{"embeddable":true,"href":"https:\/\/www.matriciel.be\/nl\/wp-json\/wp\/v2\/comments?post=25246"}],"version-history":[{"count":5,"href":"https:\/\/www.matriciel.be\/nl\/wp-json\/wp\/v2\/dt_portfolio\/25246\/revisions"}],"predecessor-version":[{"id":25265,"href":"https:\/\/www.matriciel.be\/nl\/wp-json\/wp\/v2\/dt_portfolio\/25246\/revisions\/25265"}],"wp:featuredmedia":[{"embeddable":true,"href":"https:\/\/www.matriciel.be\/nl\/wp-json\/wp\/v2\/media\/25251"}],"wp:attachment":[{"href":"https:\/\/www.matriciel.be\/nl\/wp-json\/wp\/v2\/media?parent=25246"}],"wp:term":[{"taxonomy":"dt_portfolio_category","embeddable":true,"href":"https:\/\/www.matriciel.be\/nl\/wp-json\/wp\/v2\/dt_portfolio_category?post=25246"},{"taxonomy":"dt_portfolio_tags","embeddable":true,"href":"https:\/\/www.matriciel.be\/nl\/wp-json\/wp\/v2\/dt_portfolio_tags?post=25246"}],"curies":[{"name":"wp","href":"https:\/\/api.w.org\/{rel}","templated":true}]}}