{"id":3368,"date":"2018-11-27T17:45:33","date_gmt":"2018-11-27T16:45:33","guid":{"rendered":"https:\/\/agencepoush-newmatriciel.pf503.wpserveur.net\/?post_type=dt_portfolio&#038;p=3368"},"modified":"2025-01-15T14:30:14","modified_gmt":"2025-01-15T13:30:14","slug":"ores","status":"publish","type":"dt_portfolio","link":"https:\/\/www.matriciel.be\/nl\/projet\/ores\/","title":{"rendered":"Nouveau si\u00e8ge social d&#8217;ORES \u00e0 Gosselies"},"content":{"rendered":"<div class=\"wpb-content-wrapper\"><p>[vc_row margin_top=&#8221;-30px&#8221;][vc_column][vc_column_text css=&#8221;.vc_custom_1626085984874{margin-bottom: 20px !important;}&#8221; el_class=&#8221;custom-copyright&#8221;]<\/p>\n<p style=\"text-align: right;\">\u00a9 Steven Massart, Ma\u00eetre d&#8217;ouvrage : ORES, Architecte : archipelago<\/p>\n<p>[\/vc_column_text][\/vc_column][vc_column width=&#8221;1\/3&#8243; el_class=&#8221;custom-bold-list&#8221;][vc_column_text]<\/p>\n<h2 style=\"font-size: 25px; line-height: 32px; text-transform: none;\">Informations g\u00e9n\u00e9rales du projet<\/h2>\n<p>[\/vc_column_text][vc_column_text]<b>Ma\u00eetre de l&#8217;Ouvrage <\/b>:ORES<\/p>\n<p><b>Programme <\/b>: Construction du nouveau si\u00e8ge social d\u2019ORES<\/p>\n<p><b>Situation\u00a0<\/b>: Gosselies<\/p>\n<p><b>Surface\u00a0<\/b>: 14.860\u00a0 m<sup>2<\/sup><\/p>\n<p><b>Architectes <\/b>: archipelago<\/p>\n<p><b>Dates <\/b>: d\u00e9but des \u00e9tudes en janvier 2014 \u2013\u00a0d\u00e9marrage du chantier en\u00a0octobre 2016[\/vc_column_text][vc_column_text]<\/p>\n<h2 style=\"font-size: 25px; line-height: 32px; text-transform: none;\">Missions de MATRI<em>ciel<\/em><\/h2>\n<p>[\/vc_column_text][vc_column_text]<b><\/b>Etudes d\u2019\u00e9clairage naturel selon les dessins de fa\u00e7ades<br \/>\n<b><\/b>Conception et \u00e9tude de l\u2019\u00e9clairage artificiel : choix, positionnement et gestion des luminaires pour concilier le confort visuel, la r\u00e9duction des apports thermiques et des consommations d\u2019\u00e9nergie<br \/>\n<b><\/b>\u00c9tude \u00e9nerg\u00e9tique et de confort des diff\u00e9rentes solutions architecturales et techniques pour atteindre l\u2019objectif z\u00e9ro \u00e9nergie<br \/>\n<b><\/b>Mise en place et suivi du concept technique qui doit permettre d\u2019atteindre l\u2019objectif d\u2019un b\u00e2timent z\u00e9ro \u00e9nergie<br \/>\n<b><\/b>Etude de la gestion de l\u2019eau de pluie lors de pluies d\u2019orage<br \/>\n<b><\/b>Choix des mat\u00e9riaux principaux dans un objectif de r\u00e9duire l\u2019impact environnemental du b\u00e2timent<br \/>\n<b><\/b>Approche environnementale globale en vue d\u2019une labellisation environnementale BREEAM (gestion des d\u00e9chets, chantier vert, biodiversit\u00e9, \u2026)[\/vc_column_text][\/vc_column][vc_column width=&#8221;2\/3&#8243;][vc_column_text]<\/p>\n<h2>Description du projet<\/h2>\n<p>[\/vc_column_text][vc_column_text]<\/p>\n<div class=\"page\" title=\"Page 1\">\n<div class=\"layoutArea\">\n<div class=\"column\">\n<p>Le projet consiste en la construction d\u2019un nouveau si\u00e8ge social d\u2019ORES regroupant 700 collaborateurs sur le site de l\u2019A\u00e9rop\u00f4le \u00e0 Gosselies.<\/p>\n<p>D\u00e8s l\u2019origine du projet, l\u2019ambition est d\u2019\u00e9laborer un concept qui int\u00e8gre architecture, techniques et d\u00e9veloppement durable, \u00e0 travers une r\u00e9flexion commune men\u00e9e par l\u2019ensemble des partenaires et qui porte les valeurs d\u2019ORES.<\/p>\n<p>Les diff\u00e9rents aspects pris en consid\u00e9ration dans le projet sont\u00a0:<\/p>\n<ul>\n<li>La priorit\u00e9 donn\u00e9e \u00e0 la lumi\u00e8re naturelle, tout en contr\u00f4lant les risques d\u2019\u00e9blouissement<\/li>\n<li>Le choix de la g\u00e9othermie comme source d\u2019\u00e9nergie, compl\u00e9t\u00e9e par 1.100 m<sup>2<\/sup>\u00a0de capteurs photovolta\u00efques,<\/li>\n<li>Le confort hygrothermique r\u00e9alis\u00e9 par un rayonnement des plafonds et des protections solaires ext\u00e9rieures dynamiques g\u00e9r\u00e9es automatiquement,<\/li>\n<li>La limitation de la consommation d\u2019eau potable<\/li>\n<li>La gestion des eaux pluviales afin de respecter a maximum le cycle naturel de l\u2019eau<\/li>\n<\/ul>\n<\/div>\n<\/div>\n<\/div>\n<p>[\/vc_column_text][\/vc_column][\/vc_row]<\/p>\n<\/div>","protected":false},"excerpt":{"rendered":"<p><b>Si\u00e8ge social ORES \u00e0 Gosselies<\/b><br \/>\n<b>MO <\/b>ORES<br \/>\n<b>Ar <\/b>archipelago | baev<\/p>\n","protected":false},"author":5,"featured_media":7073,"comment_status":"closed","ping_status":"closed","template":"","dt_portfolio_category":[10,17],"dt_portfolio_tags":[],"class_list":["post-3368","dt_portfolio","type-dt_portfolio","status-publish","has-post-thumbnail","hentry","dt_portfolio_category-bureau","dt_portfolio_category-bureau-phare","dt_portfolio_category-10","dt_portfolio_category-17","description-off"],"yoast_head":"<!-- This site is optimized with the Yoast SEO plugin v27.5 - https:\/\/yoast.com\/product\/yoast-seo-wordpress\/ -->\n<title>Si\u00e8ge social d&#039;ORES \u00e0 Gosselies, en cours de certification BREEAM<\/title>\n<meta name=\"description\" content=\"MATRIciel, bureau d&#039;\u00e9tude TS, PEB et d\u00e9veloppement durable partenaire d&#039;archipelago pour le projet du si\u00e8ge social d&#039;ORES \u00e0 Gosselies\" \/>\n<meta name=\"robots\" content=\"index, follow, max-snippet:-1, max-image-preview:large, max-video-preview:-1\" \/>\n<link rel=\"canonical\" href=\"https:\/\/www.matriciel.be\/projet\/ores\/\" \/>\n<meta property=\"og:locale\" content=\"nl_NL\" \/>\n<meta property=\"og:type\" content=\"article\" \/>\n<meta property=\"og:title\" content=\"Si\u00e8ge social d&#039;ORES \u00e0 Gosselies\" \/>\n<meta property=\"og:description\" content=\"MATRIciel, bureau d&#039;\u00e9tude TS, PEB et d\u00e9veloppement durable partenaire d&#039;archipelago | baev pour le projet du si\u00e8ge social d&#039;ORES \u00e0 Gosselies\" \/>\n<meta property=\"og:url\" content=\"https:\/\/www.matriciel.be\/projet\/ores\/\" \/>\n<meta property=\"og:site_name\" content=\"MATRIciel\" \/>\n<meta property=\"article:modified_time\" content=\"2025-01-15T13:30:14+00:00\" \/>\n<meta property=\"og:image\" content=\"https:\/\/www.matriciel.be\/wp-content\/uploads\/2018\/11\/202011_Archipelago_OresGosselies_022.jpg\" \/>\n\t<meta property=\"og:image:width\" content=\"1200\" \/>\n\t<meta property=\"og:image:height\" content=\"800\" \/>\n\t<meta property=\"og:image:type\" content=\"image\/jpeg\" \/>\n<meta name=\"twitter:card\" content=\"summary_large_image\" \/>\n<meta name=\"twitter:label1\" content=\"Geschatte leestijd\" \/>\n\t<meta name=\"twitter:data1\" content=\"2 minuten\" \/>\n<script type=\"application\/ld+json\" class=\"yoast-schema-graph\">{\"@context\":\"https:\\\/\\\/schema.org\",\"@graph\":[{\"@type\":\"WebPage\",\"@id\":\"https:\\\/\\\/www.matriciel.be\\\/projet\\\/ores\\\/\",\"url\":\"https:\\\/\\\/www.matriciel.be\\\/projet\\\/ores\\\/\",\"name\":\"Si\u00e8ge social d'ORES \u00e0 Gosselies, en cours de certification BREEAM\",\"isPartOf\":{\"@id\":\"https:\\\/\\\/www.matriciel.be\\\/#website\"},\"primaryImageOfPage\":{\"@id\":\"https:\\\/\\\/www.matriciel.be\\\/projet\\\/ores\\\/#primaryimage\"},\"image\":{\"@id\":\"https:\\\/\\\/www.matriciel.be\\\/projet\\\/ores\\\/#primaryimage\"},\"thumbnailUrl\":\"https:\\\/\\\/www.matriciel.be\\\/wp-content\\\/uploads\\\/2018\\\/11\\\/202011_Archipelago_OresGosselies_022.jpg\",\"datePublished\":\"2018-11-27T16:45:33+00:00\",\"dateModified\":\"2025-01-15T13:30:14+00:00\",\"description\":\"MATRIciel, bureau d'\u00e9tude TS, PEB et d\u00e9veloppement durable partenaire d'archipelago pour le projet du si\u00e8ge social d'ORES \u00e0 Gosselies\",\"breadcrumb\":{\"@id\":\"https:\\\/\\\/www.matriciel.be\\\/projet\\\/ores\\\/#breadcrumb\"},\"inLanguage\":\"nl-NL\",\"potentialAction\":[{\"@type\":\"ReadAction\",\"target\":[\"https:\\\/\\\/www.matriciel.be\\\/projet\\\/ores\\\/\"]}]},{\"@type\":\"ImageObject\",\"inLanguage\":\"nl-NL\",\"@id\":\"https:\\\/\\\/www.matriciel.be\\\/projet\\\/ores\\\/#primaryimage\",\"url\":\"https:\\\/\\\/www.matriciel.be\\\/wp-content\\\/uploads\\\/2018\\\/11\\\/202011_Archipelago_OresGosselies_022.jpg\",\"contentUrl\":\"https:\\\/\\\/www.matriciel.be\\\/wp-content\\\/uploads\\\/2018\\\/11\\\/202011_Archipelago_OresGosselies_022.jpg\",\"width\":1200,\"height\":800,\"caption\":\"Certification BREEAM pour le nouveau si\u00e8ge d'ORES\"},{\"@type\":\"BreadcrumbList\",\"@id\":\"https:\\\/\\\/www.matriciel.be\\\/projet\\\/ores\\\/#breadcrumb\",\"itemListElement\":[{\"@type\":\"ListItem\",\"position\":1,\"name\":\"Accueil\",\"item\":\"https:\\\/\\\/www.matriciel.be\\\/nl\\\/\"},{\"@type\":\"ListItem\",\"position\":2,\"name\":\"Portfolio\",\"item\":\"https:\\\/\\\/www.matriciel.be\\\/nl\\\/projet\\\/\"},{\"@type\":\"ListItem\",\"position\":3,\"name\":\"Nouveau si\u00e8ge social d&rsquo;ORES \u00e0 Gosselies\"}]},{\"@type\":\"WebSite\",\"@id\":\"https:\\\/\\\/www.matriciel.be\\\/#website\",\"url\":\"https:\\\/\\\/www.matriciel.be\\\/\",\"name\":\"MATRIciel\",\"description\":\"Bureau d&#039;\u00e9tude et de conseil en architecture durable\",\"potentialAction\":[{\"@type\":\"SearchAction\",\"target\":{\"@type\":\"EntryPoint\",\"urlTemplate\":\"https:\\\/\\\/www.matriciel.be\\\/?s={search_term_string}\"},\"query-input\":{\"@type\":\"PropertyValueSpecification\",\"valueRequired\":true,\"valueName\":\"search_term_string\"}}],\"inLanguage\":\"nl-NL\"}]}<\/script>\n<!-- \/ Yoast SEO plugin. -->","yoast_head_json":{"title":"Si\u00e8ge social d'ORES \u00e0 Gosselies, en cours de certification BREEAM","description":"MATRIciel, bureau d'\u00e9tude TS, PEB et d\u00e9veloppement durable partenaire d'archipelago pour le projet du si\u00e8ge social d'ORES \u00e0 Gosselies","robots":{"index":"index","follow":"follow","max-snippet":"max-snippet:-1","max-image-preview":"max-image-preview:large","max-video-preview":"max-video-preview:-1"},"canonical":"https:\/\/www.matriciel.be\/projet\/ores\/","og_locale":"nl_NL","og_type":"article","og_title":"Si\u00e8ge social d'ORES \u00e0 Gosselies","og_description":"MATRIciel, bureau d'\u00e9tude TS, PEB et d\u00e9veloppement durable partenaire d'archipelago | baev pour le projet du si\u00e8ge social d'ORES \u00e0 Gosselies","og_url":"https:\/\/www.matriciel.be\/projet\/ores\/","og_site_name":"MATRIciel","article_modified_time":"2025-01-15T13:30:14+00:00","og_image":[{"width":1200,"height":800,"url":"https:\/\/www.matriciel.be\/wp-content\/uploads\/2018\/11\/202011_Archipelago_OresGosselies_022.jpg","type":"image\/jpeg"}],"twitter_card":"summary_large_image","twitter_misc":{"Geschatte leestijd":"2 minuten"},"schema":{"@context":"https:\/\/schema.org","@graph":[{"@type":"WebPage","@id":"https:\/\/www.matriciel.be\/projet\/ores\/","url":"https:\/\/www.matriciel.be\/projet\/ores\/","name":"Si\u00e8ge social d'ORES \u00e0 Gosselies, en cours de certification BREEAM","isPartOf":{"@id":"https:\/\/www.matriciel.be\/#website"},"primaryImageOfPage":{"@id":"https:\/\/www.matriciel.be\/projet\/ores\/#primaryimage"},"image":{"@id":"https:\/\/www.matriciel.be\/projet\/ores\/#primaryimage"},"thumbnailUrl":"https:\/\/www.matriciel.be\/wp-content\/uploads\/2018\/11\/202011_Archipelago_OresGosselies_022.jpg","datePublished":"2018-11-27T16:45:33+00:00","dateModified":"2025-01-15T13:30:14+00:00","description":"MATRIciel, bureau d'\u00e9tude TS, PEB et d\u00e9veloppement durable partenaire d'archipelago pour le projet du si\u00e8ge social d'ORES \u00e0 Gosselies","breadcrumb":{"@id":"https:\/\/www.matriciel.be\/projet\/ores\/#breadcrumb"},"inLanguage":"nl-NL","potentialAction":[{"@type":"ReadAction","target":["https:\/\/www.matriciel.be\/projet\/ores\/"]}]},{"@type":"ImageObject","inLanguage":"nl-NL","@id":"https:\/\/www.matriciel.be\/projet\/ores\/#primaryimage","url":"https:\/\/www.matriciel.be\/wp-content\/uploads\/2018\/11\/202011_Archipelago_OresGosselies_022.jpg","contentUrl":"https:\/\/www.matriciel.be\/wp-content\/uploads\/2018\/11\/202011_Archipelago_OresGosselies_022.jpg","width":1200,"height":800,"caption":"Certification BREEAM pour le nouveau si\u00e8ge d'ORES"},{"@type":"BreadcrumbList","@id":"https:\/\/www.matriciel.be\/projet\/ores\/#breadcrumb","itemListElement":[{"@type":"ListItem","position":1,"name":"Accueil","item":"https:\/\/www.matriciel.be\/nl\/"},{"@type":"ListItem","position":2,"name":"Portfolio","item":"https:\/\/www.matriciel.be\/nl\/projet\/"},{"@type":"ListItem","position":3,"name":"Nouveau si\u00e8ge social d&rsquo;ORES \u00e0 Gosselies"}]},{"@type":"WebSite","@id":"https:\/\/www.matriciel.be\/#website","url":"https:\/\/www.matriciel.be\/","name":"MATRIciel","description":"Bureau d&#039;\u00e9tude et de conseil en architecture durable","potentialAction":[{"@type":"SearchAction","target":{"@type":"EntryPoint","urlTemplate":"https:\/\/www.matriciel.be\/?s={search_term_string}"},"query-input":{"@type":"PropertyValueSpecification","valueRequired":true,"valueName":"search_term_string"}}],"inLanguage":"nl-NL"}]}},"jetpack_sharing_enabled":true,"_links":{"self":[{"href":"https:\/\/www.matriciel.be\/nl\/wp-json\/wp\/v2\/dt_portfolio\/3368","targetHints":{"allow":["GET"]}}],"collection":[{"href":"https:\/\/www.matriciel.be\/nl\/wp-json\/wp\/v2\/dt_portfolio"}],"about":[{"href":"https:\/\/www.matriciel.be\/nl\/wp-json\/wp\/v2\/types\/dt_portfolio"}],"author":[{"embeddable":true,"href":"https:\/\/www.matriciel.be\/nl\/wp-json\/wp\/v2\/users\/5"}],"replies":[{"embeddable":true,"href":"https:\/\/www.matriciel.be\/nl\/wp-json\/wp\/v2\/comments?post=3368"}],"version-history":[{"count":2,"href":"https:\/\/www.matriciel.be\/nl\/wp-json\/wp\/v2\/dt_portfolio\/3368\/revisions"}],"predecessor-version":[{"id":7083,"href":"https:\/\/www.matriciel.be\/nl\/wp-json\/wp\/v2\/dt_portfolio\/3368\/revisions\/7083"}],"wp:featuredmedia":[{"embeddable":true,"href":"https:\/\/www.matriciel.be\/nl\/wp-json\/wp\/v2\/media\/7073"}],"wp:attachment":[{"href":"https:\/\/www.matriciel.be\/nl\/wp-json\/wp\/v2\/media?parent=3368"}],"wp:term":[{"taxonomy":"dt_portfolio_category","embeddable":true,"href":"https:\/\/www.matriciel.be\/nl\/wp-json\/wp\/v2\/dt_portfolio_category?post=3368"},{"taxonomy":"dt_portfolio_tags","embeddable":true,"href":"https:\/\/www.matriciel.be\/nl\/wp-json\/wp\/v2\/dt_portfolio_tags?post=3368"}],"curies":[{"name":"wp","href":"https:\/\/api.w.org\/{rel}","templated":true}]}}