{"id":3382,"date":"2019-10-08T11:29:08","date_gmt":"2019-10-08T09:29:08","guid":{"rendered":"https:\/\/agencepoush-newmatriciel.pf503.wpserveur.net\/?post_type=dt_portfolio&#038;p=3382"},"modified":"2025-01-15T14:58:36","modified_gmt":"2025-01-15T13:58:36","slug":"axsnamur","status":"publish","type":"dt_portfolio","link":"https:\/\/www.matriciel.be\/nl\/projet\/axsnamur\/","title":{"rendered":"AXS \u00e0 Namur : bureaux, h\u00f4tel et r\u00e9sidence pour \u00e9tudiants"},"content":{"rendered":"<div class=\"wpb-content-wrapper\"><p>[vc_row margin_top=&#8221;-30px&#8221;][vc_column][vc_column_text css=&#8221;.vc_custom_1570526728290{margin-bottom: 20px !important;}&#8221; el_class=&#8221;custom-copyright&#8221;]<\/p>\n<p style=\"text-align: right;\">\u00a9 Baltisse, Ma\u00eetre d&#8217;ouvrage : Baltisse, Architecte : Montois &amp; Partners<\/p>\n<p>[\/vc_column_text][\/vc_column][vc_column width=&#8221;1\/3&#8243; el_class=&#8221;custom-bold-list&#8221;][vc_column_text]<\/p>\n<h2 style=\"font-size: 25px; line-height: 32px; text-transform: none;\">Informations g\u00e9n\u00e9rales du projet<\/h2>\n<p>[\/vc_column_text][vc_column_text]<b>Ma\u00eetre de l&#8217;Ouvrage <\/b>: AXS Namur 1, 2, 2, 4 srl, filiales de Baltisse Real Estate NV<\/p>\n<p><b>Programme <\/b>: Un h\u00f4tel de 105 chambres, 5 b\u00e2timents de bureaux, un immeuble de 216 logements \u00e9tudiants et un parking de 388 places<\/p>\n<p><b>Situation\u00a0<\/b>: Namur<\/p>\n<p><b>Surface\u00a0<\/b>: 38.246 m<sup>2<\/sup>\u00a0hors sol ainsi qu\u2019un parking de 388 places en sous-sol<\/p>\n<p><b>Architectes <\/b>: Montois &amp; Partners architects<\/p>\n<p><b>Dates <\/b>: PU d\u00e9livr\u00e9 en octobre 2019 \u2013 Kots r\u00e9ceptionn\u00e9s en octobre 2022 \u2013 H\u00f4tel r\u00e9ceptionn\u00e9 en mars 2023 \u2013 Bureaux en cours de r\u00e9ception[\/vc_column_text][vc_column_text]<\/p>\n<h2 style=\"font-size: 25px; line-height: 32px; text-transform: none;\">Missions de MATRI<em>ciel<\/em><\/h2>\n<p>[\/vc_column_text][vc_column_text]<b><\/b>Etude des techniques sp\u00e9ciales<br \/>\n<b><\/b>Etude de faisabilit\u00e9 des \u00e9nergies renouvelable<br \/>\n<b><\/b>Conception bas carbone<br \/>\n<b><\/b>Mission de Responsable PEB<br \/>\n<b><\/b>Pour les bureaux uniquement :<\/p>\n<ul>\n<li>Accompagnement et certification BREEAM<\/li>\n<li>Conception adaptative et circulaire<\/li>\n<li>Analyses LCA\/LCC et choix des mat\u00e9riaux<\/li>\n<li>Etude combin\u00e9e du confort thermique (par simulation thermodynamique) et du confort visuel<\/li>\n<li>Commissionnement de l&#8217;enveloppe et des installations<\/li>\n<li>R\u00e9daction d&#8217;un plan de qualit\u00e9 d\u2019air int\u00e9rieur<\/li>\n<li>Etude de la gestion des eaux sur le site<\/li>\n<\/ul>\n<p>[\/vc_column_text][\/vc_column][vc_column width=&#8221;2\/3&#8243;][vc_column_text]<\/p>\n<h2>Description du projet<\/h2>\n<p>[\/vc_column_text][vc_column_text]<\/p>\n<div class=\"page\" title=\"Page 1\">\n<div class=\"layoutArea\">\n<div class=\"column\">\n<p>La soci\u00e9t\u00e9 Baltisse est \u00e0 l&#8217;origine du vaste projet immobilier mixte \u00e0 Namur, en relation \u00e9troite avec la gare, entre les voies ferr\u00e9es et le boulevard Melot.<\/p>\n<p>Le projet est situ\u00e9 \u00e0 proximit\u00e9 de la gare de Namur et se compose de 7 b\u00e2timents. Il comprend un h\u00f4tel de 105 chambres, 5 immeubles de bureaux totalisant 28.000 m\u00b2 et un immeuble de 216 logements \u00e9tudiants. Le niveau souterrain compte 388 places de parking r\u00e9parties sur deux niveaux.<\/p>\n<h3>Qualit\u00e9 environnementale du projet<\/h3>\n<ul>\n<li>b\u00e2timents con\u00e7us pour favoriser la flexibilit\u00e9 de leur usage \u00e0 moyen et long terme et respecter les principes d\u2019une \u00e9conomie circulaire,<\/li>\n<li>Pr\u00e9sence de nombreux emplacements pour v\u00e9los et bornes de recharges \u00e9lectriques,<\/li>\n<li>R\u00e9alisation d\u2019espaces verts propices au d\u00e9veloppement de la biodiversit\u00e9,<\/li>\n<li>Isolation importante et \u00e9quipements techniques performants,<\/li>\n<li>Panneaux solaires photovolta\u00efques,<\/li>\n<li>Equipements auxiliaires permettant de suivre les principales consommations d\u2019\u00e9nergie<\/li>\n<\/ul>\n<h3>Performance \u00e9nerg\u00e9tique<\/h3>\n<ul>\n<li>Les b\u00e2timents de bureaux atteignent le Q-ZEN (Quasi-Z\u00e9ro ENergie),<\/li>\n<li>Les autres b\u00e2timents respectent la r\u00e9glementation PEB en vigueur (\u00e0 partir du 1er janvier 2019).<\/li>\n<\/ul>\n<h3>Certification<\/h3>\n<ul>\n<li>L\u2019objectif est d\u2019atteindre une certification BREEAM &#8220;Very Good&#8221; pour les immeubles de bureaux.<\/li>\n<\/ul>\n<h3>Confort<\/h3>\n<p>Les b\u00e2timents ont \u00e9t\u00e9 con\u00e7us afin d\u2019obtenir un grand confort visuel avec un maximum d\u2019\u00e9clairage naturel, un grand confort thermique avec la pr\u00e9sence de protections solaires et un grand confort respiratoire avec le choix de mat\u00e9riaux avec des COV limit\u00e9s.<\/p>\n<h3>Gestion de l&#8217;eau<\/h3>\n<p>Un bassin d\u2019orage de 300 m\u00b2, des appareils sanitaires \u00e0 faible consommation, la r\u00e9cup\u00e9ration d\u2019eau de pluie, une d\u00e9tection de fuite dans les immeubles de bureaux : quelques mesures mises en place pour ce projet.<\/p>\n<h3>Biodiversit\u00e9<\/h3>\n<p>Le projet permet d\u2019\u00e9liminer les esp\u00e8ces invasives, de v\u00e9g\u00e9taliser les abords et une partie des toitures. De plus, l\u2019\u00e9clairage ext\u00e9rieur est con\u00e7u pour \u00e9viter la pollution lumineuse n\u00e9faste au d\u00e9veloppement de la faune,<\/p>\n<\/div>\n<\/div>\n<\/div>\n<p>[\/vc_column_text][\/vc_column][\/vc_row]<\/p>\n<\/div>","protected":false},"excerpt":{"rendered":"<p><b>AXS Namur<\/b><br \/>\n<b>MO <\/b>Baltisse<br \/>\n<b>Ar <\/b>Montois &#038; Partners<\/p>\n","protected":false},"author":5,"featured_media":3030,"comment_status":"closed","ping_status":"closed","template":"","dt_portfolio_category":[289,178,10],"dt_portfolio_tags":[],"class_list":["post-3382","dt_portfolio","type-dt_portfolio","status-publish","has-post-thumbnail","hentry","dt_portfolio_category-certification","dt_portfolio_category-logement","dt_portfolio_category-bureau","dt_portfolio_category-289","dt_portfolio_category-178","dt_portfolio_category-10","description-off"],"yoast_head":"<!-- This site is optimized with the Yoast SEO plugin v27.5 - https:\/\/yoast.com\/product\/yoast-seo-wordpress\/ -->\n<title>AXS Namur : un projet mixte, par MATRIciel et Baltisse<\/title>\n<meta name=\"description\" content=\"AXS Namur, \u00e0 cot\u00e9 de la gare, un projet de grande qualit\u00e9 environnementale, dont MATRIciel assure les \u00e9tudes des TS et la certification BREEAM\" \/>\n<meta name=\"robots\" content=\"index, follow, max-snippet:-1, max-image-preview:large, max-video-preview:-1\" \/>\n<link rel=\"canonical\" href=\"https:\/\/www.matriciel.be\/projet\/axsnamur\/\" \/>\n<meta property=\"og:locale\" content=\"nl_NL\" \/>\n<meta property=\"og:type\" content=\"article\" \/>\n<meta property=\"og:title\" content=\"AXS Namur : un projet mixte, par MATRIciel et Baltisse\" \/>\n<meta property=\"og:description\" content=\"AXS Namur, \u00e0 proximit\u00e9 de la gare, un projet de grande qualit\u00e9 environnementale, dont MATRIciel assure les \u00e9tudes des techniques sp\u00e9ciales\" \/>\n<meta property=\"og:url\" content=\"https:\/\/www.matriciel.be\/projet\/axsnamur\/\" \/>\n<meta property=\"og:site_name\" content=\"MATRIciel\" \/>\n<meta property=\"article:modified_time\" content=\"2025-01-15T13:58:36+00:00\" \/>\n<meta property=\"og:image\" content=\"https:\/\/www.matriciel.be\/wp-content\/uploads\/2019\/06\/Image-Avant-Projet-20190625.jpg\" \/>\n\t<meta property=\"og:image:width\" content=\"1420\" \/>\n\t<meta property=\"og:image:height\" content=\"835\" \/>\n\t<meta property=\"og:image:type\" content=\"image\/jpeg\" \/>\n<meta name=\"twitter:card\" content=\"summary_large_image\" \/>\n<meta name=\"twitter:label1\" content=\"Geschatte leestijd\" \/>\n\t<meta name=\"twitter:data1\" content=\"3 minuten\" \/>\n<script type=\"application\/ld+json\" class=\"yoast-schema-graph\">{\"@context\":\"https:\\\/\\\/schema.org\",\"@graph\":[{\"@type\":\"WebPage\",\"@id\":\"https:\\\/\\\/www.matriciel.be\\\/projet\\\/axsnamur\\\/\",\"url\":\"https:\\\/\\\/www.matriciel.be\\\/projet\\\/axsnamur\\\/\",\"name\":\"AXS Namur : un projet mixte, par MATRIciel et Baltisse\",\"isPartOf\":{\"@id\":\"https:\\\/\\\/www.matriciel.be\\\/#website\"},\"primaryImageOfPage\":{\"@id\":\"https:\\\/\\\/www.matriciel.be\\\/projet\\\/axsnamur\\\/#primaryimage\"},\"image\":{\"@id\":\"https:\\\/\\\/www.matriciel.be\\\/projet\\\/axsnamur\\\/#primaryimage\"},\"thumbnailUrl\":\"https:\\\/\\\/www.matriciel.be\\\/wp-content\\\/uploads\\\/2019\\\/06\\\/Image-Avant-Projet-20190625.jpg\",\"datePublished\":\"2019-10-08T09:29:08+00:00\",\"dateModified\":\"2025-01-15T13:58:36+00:00\",\"description\":\"AXS Namur, \u00e0 cot\u00e9 de la gare, un projet de grande qualit\u00e9 environnementale, dont MATRIciel assure les \u00e9tudes des TS et la certification BREEAM\",\"breadcrumb\":{\"@id\":\"https:\\\/\\\/www.matriciel.be\\\/projet\\\/axsnamur\\\/#breadcrumb\"},\"inLanguage\":\"nl-NL\",\"potentialAction\":[{\"@type\":\"ReadAction\",\"target\":[\"https:\\\/\\\/www.matriciel.be\\\/projet\\\/axsnamur\\\/\"]}]},{\"@type\":\"ImageObject\",\"inLanguage\":\"nl-NL\",\"@id\":\"https:\\\/\\\/www.matriciel.be\\\/projet\\\/axsnamur\\\/#primaryimage\",\"url\":\"https:\\\/\\\/www.matriciel.be\\\/wp-content\\\/uploads\\\/2019\\\/06\\\/Image-Avant-Projet-20190625.jpg\",\"contentUrl\":\"https:\\\/\\\/www.matriciel.be\\\/wp-content\\\/uploads\\\/2019\\\/06\\\/Image-Avant-Projet-20190625.jpg\",\"width\":1420,\"height\":835,\"caption\":\"D\u00e9veloppement AXS \u00e0 Namur - Baltisse, Montois Partners et MATRIciel\"},{\"@type\":\"BreadcrumbList\",\"@id\":\"https:\\\/\\\/www.matriciel.be\\\/projet\\\/axsnamur\\\/#breadcrumb\",\"itemListElement\":[{\"@type\":\"ListItem\",\"position\":1,\"name\":\"Accueil\",\"item\":\"https:\\\/\\\/www.matriciel.be\\\/nl\\\/\"},{\"@type\":\"ListItem\",\"position\":2,\"name\":\"Portfolio\",\"item\":\"https:\\\/\\\/www.matriciel.be\\\/nl\\\/projet\\\/\"},{\"@type\":\"ListItem\",\"position\":3,\"name\":\"AXS \u00e0 Namur : bureaux, h\u00f4tel et r\u00e9sidence pour \u00e9tudiants\"}]},{\"@type\":\"WebSite\",\"@id\":\"https:\\\/\\\/www.matriciel.be\\\/#website\",\"url\":\"https:\\\/\\\/www.matriciel.be\\\/\",\"name\":\"MATRIciel\",\"description\":\"Bureau d&#039;\u00e9tude et de conseil en architecture durable\",\"potentialAction\":[{\"@type\":\"SearchAction\",\"target\":{\"@type\":\"EntryPoint\",\"urlTemplate\":\"https:\\\/\\\/www.matriciel.be\\\/?s={search_term_string}\"},\"query-input\":{\"@type\":\"PropertyValueSpecification\",\"valueRequired\":true,\"valueName\":\"search_term_string\"}}],\"inLanguage\":\"nl-NL\"}]}<\/script>\n<!-- \/ Yoast SEO plugin. -->","yoast_head_json":{"title":"AXS Namur : un projet mixte, par MATRIciel et Baltisse","description":"AXS Namur, \u00e0 cot\u00e9 de la gare, un projet de grande qualit\u00e9 environnementale, dont MATRIciel assure les \u00e9tudes des TS et la certification BREEAM","robots":{"index":"index","follow":"follow","max-snippet":"max-snippet:-1","max-image-preview":"max-image-preview:large","max-video-preview":"max-video-preview:-1"},"canonical":"https:\/\/www.matriciel.be\/projet\/axsnamur\/","og_locale":"nl_NL","og_type":"article","og_title":"AXS Namur : un projet mixte, par MATRIciel et Baltisse","og_description":"AXS Namur, \u00e0 proximit\u00e9 de la gare, un projet de grande qualit\u00e9 environnementale, dont MATRIciel assure les \u00e9tudes des techniques sp\u00e9ciales","og_url":"https:\/\/www.matriciel.be\/projet\/axsnamur\/","og_site_name":"MATRIciel","article_modified_time":"2025-01-15T13:58:36+00:00","og_image":[{"width":1420,"height":835,"url":"https:\/\/www.matriciel.be\/wp-content\/uploads\/2019\/06\/Image-Avant-Projet-20190625.jpg","type":"image\/jpeg"}],"twitter_card":"summary_large_image","twitter_misc":{"Geschatte leestijd":"3 minuten"},"schema":{"@context":"https:\/\/schema.org","@graph":[{"@type":"WebPage","@id":"https:\/\/www.matriciel.be\/projet\/axsnamur\/","url":"https:\/\/www.matriciel.be\/projet\/axsnamur\/","name":"AXS Namur : un projet mixte, par MATRIciel et Baltisse","isPartOf":{"@id":"https:\/\/www.matriciel.be\/#website"},"primaryImageOfPage":{"@id":"https:\/\/www.matriciel.be\/projet\/axsnamur\/#primaryimage"},"image":{"@id":"https:\/\/www.matriciel.be\/projet\/axsnamur\/#primaryimage"},"thumbnailUrl":"https:\/\/www.matriciel.be\/wp-content\/uploads\/2019\/06\/Image-Avant-Projet-20190625.jpg","datePublished":"2019-10-08T09:29:08+00:00","dateModified":"2025-01-15T13:58:36+00:00","description":"AXS Namur, \u00e0 cot\u00e9 de la gare, un projet de grande qualit\u00e9 environnementale, dont MATRIciel assure les \u00e9tudes des TS et la certification BREEAM","breadcrumb":{"@id":"https:\/\/www.matriciel.be\/projet\/axsnamur\/#breadcrumb"},"inLanguage":"nl-NL","potentialAction":[{"@type":"ReadAction","target":["https:\/\/www.matriciel.be\/projet\/axsnamur\/"]}]},{"@type":"ImageObject","inLanguage":"nl-NL","@id":"https:\/\/www.matriciel.be\/projet\/axsnamur\/#primaryimage","url":"https:\/\/www.matriciel.be\/wp-content\/uploads\/2019\/06\/Image-Avant-Projet-20190625.jpg","contentUrl":"https:\/\/www.matriciel.be\/wp-content\/uploads\/2019\/06\/Image-Avant-Projet-20190625.jpg","width":1420,"height":835,"caption":"D\u00e9veloppement AXS \u00e0 Namur - Baltisse, Montois Partners et MATRIciel"},{"@type":"BreadcrumbList","@id":"https:\/\/www.matriciel.be\/projet\/axsnamur\/#breadcrumb","itemListElement":[{"@type":"ListItem","position":1,"name":"Accueil","item":"https:\/\/www.matriciel.be\/nl\/"},{"@type":"ListItem","position":2,"name":"Portfolio","item":"https:\/\/www.matriciel.be\/nl\/projet\/"},{"@type":"ListItem","position":3,"name":"AXS \u00e0 Namur : bureaux, h\u00f4tel et r\u00e9sidence pour \u00e9tudiants"}]},{"@type":"WebSite","@id":"https:\/\/www.matriciel.be\/#website","url":"https:\/\/www.matriciel.be\/","name":"MATRIciel","description":"Bureau d&#039;\u00e9tude et de conseil en architecture durable","potentialAction":[{"@type":"SearchAction","target":{"@type":"EntryPoint","urlTemplate":"https:\/\/www.matriciel.be\/?s={search_term_string}"},"query-input":{"@type":"PropertyValueSpecification","valueRequired":true,"valueName":"search_term_string"}}],"inLanguage":"nl-NL"}]}},"jetpack_sharing_enabled":true,"_links":{"self":[{"href":"https:\/\/www.matriciel.be\/nl\/wp-json\/wp\/v2\/dt_portfolio\/3382","targetHints":{"allow":["GET"]}}],"collection":[{"href":"https:\/\/www.matriciel.be\/nl\/wp-json\/wp\/v2\/dt_portfolio"}],"about":[{"href":"https:\/\/www.matriciel.be\/nl\/wp-json\/wp\/v2\/types\/dt_portfolio"}],"author":[{"embeddable":true,"href":"https:\/\/www.matriciel.be\/nl\/wp-json\/wp\/v2\/users\/5"}],"replies":[{"embeddable":true,"href":"https:\/\/www.matriciel.be\/nl\/wp-json\/wp\/v2\/comments?post=3382"}],"version-history":[{"count":3,"href":"https:\/\/www.matriciel.be\/nl\/wp-json\/wp\/v2\/dt_portfolio\/3382\/revisions"}],"predecessor-version":[{"id":18033,"href":"https:\/\/www.matriciel.be\/nl\/wp-json\/wp\/v2\/dt_portfolio\/3382\/revisions\/18033"}],"wp:featuredmedia":[{"embeddable":true,"href":"https:\/\/www.matriciel.be\/nl\/wp-json\/wp\/v2\/media\/3030"}],"wp:attachment":[{"href":"https:\/\/www.matriciel.be\/nl\/wp-json\/wp\/v2\/media?parent=3382"}],"wp:term":[{"taxonomy":"dt_portfolio_category","embeddable":true,"href":"https:\/\/www.matriciel.be\/nl\/wp-json\/wp\/v2\/dt_portfolio_category?post=3382"},{"taxonomy":"dt_portfolio_tags","embeddable":true,"href":"https:\/\/www.matriciel.be\/nl\/wp-json\/wp\/v2\/dt_portfolio_tags?post=3382"}],"curies":[{"name":"wp","href":"https:\/\/api.w.org\/{rel}","templated":true}]}}