{"id":3405,"date":"2023-05-31T14:11:07","date_gmt":"2023-05-31T12:11:07","guid":{"rendered":"https:\/\/agencepoush-newmatriciel.pf503.wpserveur.net\/?post_type=dt_portfolio&#038;p=3405"},"modified":"2025-01-15T14:48:31","modified_gmt":"2025-01-15T13:48:31","slug":"terre-neuve","status":"publish","type":"dt_portfolio","link":"https:\/\/www.matriciel.be\/nl\/projet\/terre-neuve\/","title":{"rendered":"Salle de sport &#8220;Terre Neuve&#8221;"},"content":{"rendered":"<div class=\"wpb-content-wrapper\"><p>[vc_row margin_top=&#8221;-30px&#8221;][vc_column][vc_column_text css=&#8221;.vc_custom_1570536662639{margin-bottom: 20px !important;}&#8221; el_class=&#8221;custom-copyright&#8221;]<\/p>\n<p style=\"text-align: right;\">\u00a9 MDW Architecture, Ma\u00eetre d&#8217;ouvrage : Ville de Bruxelles, Architecte : MDW Architecture<\/p>\n<p>[\/vc_column_text][\/vc_column][vc_column width=&#8221;1\/3&#8243; el_class=&#8221;custom-bold-list&#8221;][vc_column_text]<\/p>\n<h2 style=\"font-size: 25px; line-height: 32px; text-transform: none;\">Informations g\u00e9n\u00e9rales du projet<\/h2>\n<p>[\/vc_column_text][vc_column_text]<b>Ma\u00eetre de l&#8217;Ouvrage <\/b>: Ville de Bruxelles<\/p>\n<p><b>Programme <\/b>: Construction d\u2019une salle de sport en int\u00e9rieur d\u2019\u00eelot<\/p>\n<p><b>Situation\u00a0<\/b>: Angle Rue Terre Neuve et Rue Roger Van Der Weyden \u00e0 Bruxelles<\/p>\n<p><b>Surface\u00a0<\/b>: 2.584\u00a0m<sup>2<\/sup><\/p>\n<p><b>Architectes <\/b>: MDW Architecture<\/p>\n<p><b>Dates <\/b>: Laur\u00e9at concours en septembre 2016 \u2013 Octroi du PU en ao\u00fbt 2018 &#8211; R\u00e9ception provisoire en juin 2023[\/vc_column_text][vc_column_text]<\/p>\n<h2 style=\"font-size: 25px; line-height: 32px; text-transform: none;\">Missions de MATRI<em>ciel<\/em><\/h2>\n<p>[\/vc_column_text][vc_column_text]<b><\/b>\u00c9tudes d\u2019\u00e9clairage artificiel<br \/>\n<b><\/b>\u00c9tude \u00e9nerg\u00e9tique et de confort<br \/>\n<b><\/b>Mise en place et suivi du concept technique<br \/>\n<b><\/b>\u00c9tude de la gestion de l\u2019eau<br \/>\n<b><\/b>\u00c9tude compl\u00e8te des techniques sp\u00e9ciales<br \/>\n<b><\/b>Mission de Conseiller PEB[\/vc_column_text][\/vc_column][vc_column width=&#8221;2\/3&#8243;][vc_column_text]<\/p>\n<h2>Description du projet<\/h2>\n<p>[\/vc_column_text][vc_column_text]<\/p>\n<div class=\"page\" title=\"Page 1\">\n<div class=\"layoutArea\">\n<div class=\"column\">\n<h3>Construction d\u2019une nouvelle salle de sport Terre-Neuve prenant place au niveau de la jonction Nord-Midi.<\/h3>\n<h4>Energie<\/h4>\n<p>En plus de pr\u00e9senter un niveau d&#8217;isolation thermique \u00e9lev\u00e9, le projet poss\u00e8de \u00e9galement deux fa\u00e7ades principales majoritairement vitr\u00e9es et orient\u00e9es au sud-est et sud-ouest pour profiter du rayonnement solaire en hiver et en mi-saison.<\/p>\n<p>Des mesures sont mises en place pour assurer le confort d\u2019\u00e9t\u00e9 : vitrage s\u00e9lectif, protections solaires, inertie thermique, free cooling m\u00e9canique et possibilit\u00e9 de rafra\u00eechissement par ventilation intensive naturelle.<\/p>\n<p>Pour r\u00e9duire les consommations en \u00e9nergie primaire, une attention particuli\u00e8re est apport\u00e9e \u00e0 la lumi\u00e8re naturelle (locaux principaux largement vitr\u00e9s), \u00e0 l\u2019\u00e9clairage artificiel basse puissance, et \u00e0 la gestion des d\u00e9bits de ventilation (par sonde CO2 ou d\u00e9tection de pr\u00e9sence).<\/p>\n<p>Enfin, une membrane solaire photovolta\u00efque est install\u00e9e sur la toiture.<\/p>\n<h4>Cycle de l\u2019eau<\/h4>\n<p>Les appareils sanitaires sont s\u00e9lectionn\u00e9s pour limiter les consommations d&#8217;eau. En outre, le projet met en \u0153uvre les principes de stockage, r\u00e9utilisation et infiltration in-situ des eaux pluviales. Ainsi, dans l\u2019am\u00e9nagement du parvis d\u2019acc\u00e8s, l\u2019infiltration de l\u2019eau de pluie est favoris\u00e9e par juxtaposition de surfaces de pleine terre et de dalles perm\u00e9ables. Les eaux de ruissellement non infiltr\u00e9es directement sont r\u00e9colt\u00e9es et temporis\u00e9es dans une citerne de r\u00e9tention qui se d\u00e9verse \u00e0 d\u00e9bit r\u00e9gul\u00e9 dans le r\u00e9seau d\u2019\u00e9gouttage.<\/p>\n<h4>Mati\u00e8re et ressources<\/h4>\n<p>La priorit\u00e9 est donn\u00e9e \u00e0 la p\u00e9rennit\u00e9 des \u00e9l\u00e9ments mis en \u0153uvre par le choix de mat\u00e9riaux \u00e0 tr\u00e8s longue dur\u00e9e de vie (pr\u00e9-dalles et hourdis en b\u00e9ton arm\u00e9), recyclables (structure en acier du volume principal transparent, blocs silico-calcaires des vestiaires et sanitaires) ou recycl\u00e9s (isolant en cellulose du mur mitoyen).<\/p>\n<\/div>\n<\/div>\n<\/div>\n<p>[\/vc_column_text][\/vc_column][\/vc_row]<\/p>\n<\/div>","protected":false},"excerpt":{"rendered":"<p><b>Salle de sport &#8220;Terre Neuve&#8221;<\/b><br \/>\n<b>MO <\/b>Ville de Bruxelles<br \/>\n<b>Ar <\/b>MDW Architecture<\/p>\n","protected":false},"author":5,"featured_media":2747,"comment_status":"closed","ping_status":"closed","template":"","dt_portfolio_category":[287,290],"dt_portfolio_tags":[],"class_list":["post-3405","dt_portfolio","type-dt_portfolio","status-publish","has-post-thumbnail","hentry","dt_portfolio_category-culture-sport-et-loisirs","dt_portfolio_category-culture-sport-et-loisirs-phare","dt_portfolio_category-287","dt_portfolio_category-290","description-off"],"yoast_head":"<!-- This site is optimized with the Yoast SEO plugin v27.5 - https:\/\/yoast.com\/product\/yoast-seo-wordpress\/ -->\n<title>Salle de sport Terre-Neuve : MDW Architecture et MATRIciel<\/title>\n<meta name=\"description\" content=\"Terre-Neuve : salle de sport prenant place au niveau de la jonction Nord-Midi - Conception \u00e9nerg\u00e9tique et \u00e9tudes TS par MATRIciel\" \/>\n<meta name=\"robots\" content=\"index, follow, max-snippet:-1, max-image-preview:large, max-video-preview:-1\" \/>\n<link rel=\"canonical\" href=\"https:\/\/www.matriciel.be\/projet\/terre-neuve\/\" \/>\n<meta property=\"og:locale\" content=\"nl_NL\" \/>\n<meta property=\"og:type\" content=\"article\" \/>\n<meta property=\"og:title\" content=\"Une salle de sport en \u00eelot int\u00e9rieur : projet par MDW Architecture et MATRIciel\" \/>\n<meta property=\"og:description\" content=\"Terre-Neuve : Une salle de sport en \u00eelot int\u00e9rieur : projet par MDW Architecture et MATRIciel\" \/>\n<meta property=\"og:url\" content=\"https:\/\/www.matriciel.be\/projet\/terre-neuve\/\" \/>\n<meta property=\"og:site_name\" content=\"MATRIciel\" \/>\n<meta property=\"article:modified_time\" content=\"2025-01-15T13:48:31+00:00\" \/>\n<meta property=\"og:image\" content=\"https:\/\/www.matriciel.be\/wp-content\/uploads\/2019\/02\/1519827667-155-vue-exterieure.jpg\" \/>\n\t<meta property=\"og:image:width\" content=\"800\" \/>\n\t<meta property=\"og:image:height\" content=\"583\" \/>\n\t<meta property=\"og:image:type\" content=\"image\/jpeg\" \/>\n<meta name=\"twitter:card\" content=\"summary_large_image\" \/>\n<meta name=\"twitter:label1\" content=\"Geschatte leestijd\" \/>\n\t<meta name=\"twitter:data1\" content=\"3 minuten\" \/>\n<script type=\"application\/ld+json\" class=\"yoast-schema-graph\">{\"@context\":\"https:\\\/\\\/schema.org\",\"@graph\":[{\"@type\":\"WebPage\",\"@id\":\"https:\\\/\\\/www.matriciel.be\\\/projet\\\/terre-neuve\\\/\",\"url\":\"https:\\\/\\\/www.matriciel.be\\\/projet\\\/terre-neuve\\\/\",\"name\":\"Salle de sport Terre-Neuve : MDW Architecture et MATRIciel\",\"isPartOf\":{\"@id\":\"https:\\\/\\\/www.matriciel.be\\\/#website\"},\"primaryImageOfPage\":{\"@id\":\"https:\\\/\\\/www.matriciel.be\\\/projet\\\/terre-neuve\\\/#primaryimage\"},\"image\":{\"@id\":\"https:\\\/\\\/www.matriciel.be\\\/projet\\\/terre-neuve\\\/#primaryimage\"},\"thumbnailUrl\":\"https:\\\/\\\/www.matriciel.be\\\/wp-content\\\/uploads\\\/2019\\\/02\\\/1519827667-155-vue-exterieure.jpg\",\"datePublished\":\"2023-05-31T12:11:07+00:00\",\"dateModified\":\"2025-01-15T13:48:31+00:00\",\"description\":\"Terre-Neuve : salle de sport prenant place au niveau de la jonction Nord-Midi - Conception \u00e9nerg\u00e9tique et \u00e9tudes TS par MATRIciel\",\"breadcrumb\":{\"@id\":\"https:\\\/\\\/www.matriciel.be\\\/projet\\\/terre-neuve\\\/#breadcrumb\"},\"inLanguage\":\"nl-NL\",\"potentialAction\":[{\"@type\":\"ReadAction\",\"target\":[\"https:\\\/\\\/www.matriciel.be\\\/projet\\\/terre-neuve\\\/\"]}]},{\"@type\":\"ImageObject\",\"inLanguage\":\"nl-NL\",\"@id\":\"https:\\\/\\\/www.matriciel.be\\\/projet\\\/terre-neuve\\\/#primaryimage\",\"url\":\"https:\\\/\\\/www.matriciel.be\\\/wp-content\\\/uploads\\\/2019\\\/02\\\/1519827667-155-vue-exterieure.jpg\",\"contentUrl\":\"https:\\\/\\\/www.matriciel.be\\\/wp-content\\\/uploads\\\/2019\\\/02\\\/1519827667-155-vue-exterieure.jpg\",\"width\":800,\"height\":583,\"caption\":\"Le chantier Terre-Neuve d\u00e9marre\"},{\"@type\":\"BreadcrumbList\",\"@id\":\"https:\\\/\\\/www.matriciel.be\\\/projet\\\/terre-neuve\\\/#breadcrumb\",\"itemListElement\":[{\"@type\":\"ListItem\",\"position\":1,\"name\":\"Accueil\",\"item\":\"https:\\\/\\\/www.matriciel.be\\\/nl\\\/\"},{\"@type\":\"ListItem\",\"position\":2,\"name\":\"Portfolio\",\"item\":\"https:\\\/\\\/www.matriciel.be\\\/nl\\\/projet\\\/\"},{\"@type\":\"ListItem\",\"position\":3,\"name\":\"Salle de sport \u00ab\u00a0Terre Neuve\u00a0\u00bb\"}]},{\"@type\":\"WebSite\",\"@id\":\"https:\\\/\\\/www.matriciel.be\\\/#website\",\"url\":\"https:\\\/\\\/www.matriciel.be\\\/\",\"name\":\"MATRIciel\",\"description\":\"Bureau d&#039;\u00e9tude et de conseil en architecture durable\",\"potentialAction\":[{\"@type\":\"SearchAction\",\"target\":{\"@type\":\"EntryPoint\",\"urlTemplate\":\"https:\\\/\\\/www.matriciel.be\\\/?s={search_term_string}\"},\"query-input\":{\"@type\":\"PropertyValueSpecification\",\"valueRequired\":true,\"valueName\":\"search_term_string\"}}],\"inLanguage\":\"nl-NL\"}]}<\/script>\n<!-- \/ Yoast SEO plugin. -->","yoast_head_json":{"title":"Salle de sport Terre-Neuve : MDW Architecture et MATRIciel","description":"Terre-Neuve : salle de sport prenant place au niveau de la jonction Nord-Midi - Conception \u00e9nerg\u00e9tique et \u00e9tudes TS par MATRIciel","robots":{"index":"index","follow":"follow","max-snippet":"max-snippet:-1","max-image-preview":"max-image-preview:large","max-video-preview":"max-video-preview:-1"},"canonical":"https:\/\/www.matriciel.be\/projet\/terre-neuve\/","og_locale":"nl_NL","og_type":"article","og_title":"Une salle de sport en \u00eelot int\u00e9rieur : projet par MDW Architecture et MATRIciel","og_description":"Terre-Neuve : Une salle de sport en \u00eelot int\u00e9rieur : projet par MDW Architecture et MATRIciel","og_url":"https:\/\/www.matriciel.be\/projet\/terre-neuve\/","og_site_name":"MATRIciel","article_modified_time":"2025-01-15T13:48:31+00:00","og_image":[{"width":800,"height":583,"url":"https:\/\/www.matriciel.be\/wp-content\/uploads\/2019\/02\/1519827667-155-vue-exterieure.jpg","type":"image\/jpeg"}],"twitter_card":"summary_large_image","twitter_misc":{"Geschatte leestijd":"3 minuten"},"schema":{"@context":"https:\/\/schema.org","@graph":[{"@type":"WebPage","@id":"https:\/\/www.matriciel.be\/projet\/terre-neuve\/","url":"https:\/\/www.matriciel.be\/projet\/terre-neuve\/","name":"Salle de sport Terre-Neuve : MDW Architecture et MATRIciel","isPartOf":{"@id":"https:\/\/www.matriciel.be\/#website"},"primaryImageOfPage":{"@id":"https:\/\/www.matriciel.be\/projet\/terre-neuve\/#primaryimage"},"image":{"@id":"https:\/\/www.matriciel.be\/projet\/terre-neuve\/#primaryimage"},"thumbnailUrl":"https:\/\/www.matriciel.be\/wp-content\/uploads\/2019\/02\/1519827667-155-vue-exterieure.jpg","datePublished":"2023-05-31T12:11:07+00:00","dateModified":"2025-01-15T13:48:31+00:00","description":"Terre-Neuve : salle de sport prenant place au niveau de la jonction Nord-Midi - Conception \u00e9nerg\u00e9tique et \u00e9tudes TS par MATRIciel","breadcrumb":{"@id":"https:\/\/www.matriciel.be\/projet\/terre-neuve\/#breadcrumb"},"inLanguage":"nl-NL","potentialAction":[{"@type":"ReadAction","target":["https:\/\/www.matriciel.be\/projet\/terre-neuve\/"]}]},{"@type":"ImageObject","inLanguage":"nl-NL","@id":"https:\/\/www.matriciel.be\/projet\/terre-neuve\/#primaryimage","url":"https:\/\/www.matriciel.be\/wp-content\/uploads\/2019\/02\/1519827667-155-vue-exterieure.jpg","contentUrl":"https:\/\/www.matriciel.be\/wp-content\/uploads\/2019\/02\/1519827667-155-vue-exterieure.jpg","width":800,"height":583,"caption":"Le chantier Terre-Neuve d\u00e9marre"},{"@type":"BreadcrumbList","@id":"https:\/\/www.matriciel.be\/projet\/terre-neuve\/#breadcrumb","itemListElement":[{"@type":"ListItem","position":1,"name":"Accueil","item":"https:\/\/www.matriciel.be\/nl\/"},{"@type":"ListItem","position":2,"name":"Portfolio","item":"https:\/\/www.matriciel.be\/nl\/projet\/"},{"@type":"ListItem","position":3,"name":"Salle de sport \u00ab\u00a0Terre Neuve\u00a0\u00bb"}]},{"@type":"WebSite","@id":"https:\/\/www.matriciel.be\/#website","url":"https:\/\/www.matriciel.be\/","name":"MATRIciel","description":"Bureau d&#039;\u00e9tude et de conseil en architecture durable","potentialAction":[{"@type":"SearchAction","target":{"@type":"EntryPoint","urlTemplate":"https:\/\/www.matriciel.be\/?s={search_term_string}"},"query-input":{"@type":"PropertyValueSpecification","valueRequired":true,"valueName":"search_term_string"}}],"inLanguage":"nl-NL"}]}},"jetpack_sharing_enabled":true,"_links":{"self":[{"href":"https:\/\/www.matriciel.be\/nl\/wp-json\/wp\/v2\/dt_portfolio\/3405","targetHints":{"allow":["GET"]}}],"collection":[{"href":"https:\/\/www.matriciel.be\/nl\/wp-json\/wp\/v2\/dt_portfolio"}],"about":[{"href":"https:\/\/www.matriciel.be\/nl\/wp-json\/wp\/v2\/types\/dt_portfolio"}],"author":[{"embeddable":true,"href":"https:\/\/www.matriciel.be\/nl\/wp-json\/wp\/v2\/users\/5"}],"replies":[{"embeddable":true,"href":"https:\/\/www.matriciel.be\/nl\/wp-json\/wp\/v2\/comments?post=3405"}],"version-history":[{"count":4,"href":"https:\/\/www.matriciel.be\/nl\/wp-json\/wp\/v2\/dt_portfolio\/3405\/revisions"}],"predecessor-version":[{"id":17442,"href":"https:\/\/www.matriciel.be\/nl\/wp-json\/wp\/v2\/dt_portfolio\/3405\/revisions\/17442"}],"wp:featuredmedia":[{"embeddable":true,"href":"https:\/\/www.matriciel.be\/nl\/wp-json\/wp\/v2\/media\/2747"}],"wp:attachment":[{"href":"https:\/\/www.matriciel.be\/nl\/wp-json\/wp\/v2\/media?parent=3405"}],"wp:term":[{"taxonomy":"dt_portfolio_category","embeddable":true,"href":"https:\/\/www.matriciel.be\/nl\/wp-json\/wp\/v2\/dt_portfolio_category?post=3405"},{"taxonomy":"dt_portfolio_tags","embeddable":true,"href":"https:\/\/www.matriciel.be\/nl\/wp-json\/wp\/v2\/dt_portfolio_tags?post=3405"}],"curies":[{"name":"wp","href":"https:\/\/api.w.org\/{rel}","templated":true}]}}