{"id":3434,"date":"2019-10-07T17:47:19","date_gmt":"2019-10-07T15:47:19","guid":{"rendered":"https:\/\/agencepoush-newmatriciel.pf503.wpserveur.net\/?post_type=dt_portfolio&#038;p=3434"},"modified":"2025-01-15T15:07:21","modified_gmt":"2025-01-15T14:07:21","slug":"voiriesforest","status":"publish","type":"dt_portfolio","link":"https:\/\/www.matriciel.be\/nl\/projet\/voiriesforest\/","title":{"rendered":"R\u00e9am\u00e9nagement de voiries et de l&#8217;espace public \u00e0 Forest"},"content":{"rendered":"<div class=\"wpb-content-wrapper\"><p>[vc_row margin_top=&#8221;-30px&#8221;][vc_column][vc_column_text css=&#8221;.vc_custom_1570548810154{margin-bottom: 20px !important;}&#8221; el_class=&#8221;custom-copyright&#8221;]<\/p>\n<p style=\"text-align: right;\">\u00a9 MATRIciel, Ma\u00eetre d&#8217;ouvrage : Commune de Forest, Urbaniste : Agora-Urba<\/p>\n<p>[\/vc_column_text][\/vc_column][vc_column width=&#8221;1\/3&#8243; el_class=&#8221;custom-bold-list&#8221;][vc_column_text]<\/p>\n<h2 style=\"font-size: 25px; line-height: 32px; text-transform: none;\">Informations g\u00e9n\u00e9rales du projet<\/h2>\n<p>[\/vc_column_text][vc_column_text]<b>Ma\u00eetre de l&#8217;Ouvrage <\/b>: Commune de Forest<\/p>\n<p><b>Programme <\/b>: r\u00e9am\u00e9nagement des voiries Kersbeek, Bempt et Verrerie<\/p>\n<p><b>Situation\u00a0<\/b>: Forest<\/p>\n<p><b>Surface\u00a0<\/b>: +\/- 12.000 m\u00b2 incluant voiries, trottoirs, zones de stationnement, square et zones paysag\u00e8res<\/p>\n<p><b>Urbaniste <\/b>: Agora-Urba<\/p>\n<p><b>Dates <\/b>: D\u00e9marrage du chantier en octobre 2019[\/vc_column_text][vc_column_text]<\/p>\n<h2 style=\"font-size: 25px; line-height: 32px; text-transform: none;\">Missions de MATRI<em>ciel<\/em><\/h2>\n<p>[\/vc_column_text][vc_column_text]<b><\/b>Analyses et \u00e9tudes hydrologiques et g\u00e9ologiques en vue de d\u00e9terminer la\/les strat\u00e9gies de gestion des eaux de pluie<br \/>\n<b><\/b>Mod\u00e9lisation du comportement des eaux de surface et dimensionnement des syst\u00e8mes de r\u00e9tention, stockage et infiltration (jardins de pluie \/ bassins de r\u00e9tention paysagers \/ noues de stockage\u2026etc.)<br \/>\n<b><\/b>Analyse et \u00e9tude de la biodiversit\u00e9 pour son maintien et d\u00e9ploiement au sein du projet en lien avec le contexte et les sp\u00e9cificit\u00e9s locales<br \/>\n<b><\/b>Guidance et accompagnement de l\u2019administration communale pour le choix de la strat\u00e9gie applicable en lien avec les crit\u00e8res techniques et \u00e9conomiques<br \/>\n<b><\/b>Assistance \u00e0 la conception urbanistique et paysag\u00e8re[\/vc_column_text][\/vc_column][vc_column width=&#8221;2\/3&#8243;][vc_column_text]<\/p>\n<h2>Description du projet<\/h2>\n<p>[\/vc_column_text][vc_column_text]<strong>Hydrologie &amp; Paysage<\/strong><\/p>\n<p>L&#8217;ambition de ce projet est d\u2019apporter les solutions techniques et paysag\u00e8res pour assurer la gestion alternative des eaux de ruissellement, leur d\u00e9pollution et contribuer \u00e0 solutionner les probl\u00e8mes d\u2019inondations et de requalifier l&#8217;espace public.<\/p>\n<p>La gestion de l&#8217;eau est pens\u00e9e en conjonction avec d&#8217;autres probl\u00e9matiques telles que la biodiversit\u00e9, la mobilit\u00e9, les micro-climats urbains&#8230;<\/p>\n<p>Les rues \u00e0 r\u00e9am\u00e9nager se situent sur un versant au sud de la commune de Forest. Ce versant recoupe des formations g\u00e9ologiques tr\u00e8s contrast\u00e9es. Les sp\u00e9cificit\u00e9s de ce sous-sol ont conduit au d\u00e9veloppement de sources et d&#8217;\u00e9tangs. Les rues concern\u00e9es par le r\u00e9am\u00e9nagement recoupent en plusieurs endroits le trac\u00e9 d&#8217;un ancien cours d&#8217;eau qui transportait les eaux des \u00e9tangs et des sources vers un ancien cours d\u2019eau actuellement canalis\u00e9 par le r\u00e9seau d\u2019\u00e9gouttage.<\/p>\n<p>Ce cours d&#8217;eau avait une fonction importante de transport des eaux des \u00e9tangs mais aussi de l&#8217;eau qui ruisselait sur le versant, depuis l&#8217;amont vers la vall\u00e9e. Selon les \u00e9poques, cette eau servait l&#8217;industrie, abreuvait l&#8217;Abbaye de Forest et, bien s\u00fbr, soutenait la faune et la flore locale. D\u00fb \u00e0 l&#8217;urbanisation, la double fonction &#8211; transport \u00e0 l&#8217;air libre et utilit\u00e9 locale &#8211; a aujourd&#8217;hui disparue. Le cours d\u2019eau a \u00e9t\u00e9 transform\u00e9 en \u00e9gout et la connexion entre le versant et la vall\u00e9e est coup\u00e9e tant en surface que dans le sous-sol.<\/p>\n<p>En amont, les eaux des \u00e9tangs urbains et celles de ruissellement sont envoy\u00e9es vers le r\u00e9seau d&#8217;\u00e9gouts unitaires. Les \u00e9gouts, de par leur mauvais \u00e9tat, drainent l&#8217;eau souterraine en de nombreux endroits. Engorg\u00e9s de ces eaux souterraines et de ruissellement, ils inondent en aval caves, rues, etc &#8230;, et se d\u00e9versent en partie dans la Senne sans traitement.<\/p>\n<p>Aujourd&#8217;hui, les eaux de ruissellement et souterraines ne sont plus \u2018utiles\u2019 ; \u00e0 l\u2019inverse, elles sont devenues probl\u00e9matiques. Le territoire de Forest a, depuis toujours, d\u00fb composer avec la pr\u00e9sence de l&#8217;eau. Les inondations r\u00e9currentes auxquelles les Forestois doivent faire face sont caus\u00e9es par la conjonction entre une topographie marqu\u00e9e, une urbanisation croissante et la pr\u00e9sence d&#8217;infrastructures sp\u00e9cifiques telles que l&#8217;usine Audi et la station d&#8217;\u00e9puration.<\/p>\n<p>D\u00fb \u00e0 cette sp\u00e9cificit\u00e9, Forest est devenu une des communes les plus r\u00e9guli\u00e8rement touch\u00e9es par les inondations. En r\u00e9action \u00e0 cette situation, l&#8217;administration communale a souhait\u00e9 d\u00e9velopper des outils et trouver des solutions en vue de r\u00e9duire les inondations mais aussi de d\u00e9velopper une gestion plus int\u00e9gr\u00e9e de l&#8217;eau en ville.<\/p>\n<p><strong>Les Objectifs &amp; propositions<\/strong><\/p>\n<p>Ce projet vise \u00e0 d\u00e9simperm\u00e9abiliser l\u2019espace publique, \u00e0 favoriser le drainage des eaux de ruissellement, \u00e0 cr\u00e9er un r\u00e9seau s\u00e9paratif pour \u00e9viter la surcharge du r\u00e9seau d\u2019\u00e9gouttage, \u00e0 cr\u00e9er des continuit\u00e9s v\u00e9g\u00e9tales sur le site mais \u00e9galement avec les espaces verts environnants, \u00e0 r\u00e9duire la pollution des eaux de pluie et au final, \u00e0 cr\u00e9er un espace public convivial, int\u00e9grant le cycle de l\u2019eau et la nature pour le bien-\u00eatre des citoyens.<\/p>\n<p>Les probl\u00e8mes d\u2019inondation par ruissellement ont \u00e9t\u00e9 r\u00e9solus par la mise en service d\u2019un bassin d\u2019orage situ\u00e9 en amont de la zone d\u2019intervention (hors mission).<\/p>\n<p>Il subsiste toutefois des probl\u00e8mes d\u2019inondation en aval (parc du Bempt). Il s\u2019agit d\u2019inondations par remont\u00e9e de la nappe phr\u00e9atique. Cette zone du versant de Forest, de par la composition de son sous-sol, de sa pente, de ses sources, de ses cours d\u2019eau et \u00e9tangs pass\u00e9s a depuis toujours eu un r\u00f4le de r\u00e9colte, de r\u00e9tention et d\u2019\u00e9vacuation vers le Bempt du ruissellement de surface, de subsurface et souterrain. Il<br \/>\nne s\u2019agit pas d\u2019une zone d\u2019infiltration profonde comme on peut les retrouver sur les plateaux limoneux ou sableux. Le projet de r\u00e9am\u00e9nagement a pour but de r\u00e9tablir dans une certaine mesure le fonctionnement<br \/>\nhydrologique naturel de cette zone en r\u00e9coltant le ruissellement de surface et en l\u2019\u00e9vacuant plus en aval.<\/p>\n<p>Les objectifs majeurs sont la d\u00e9connexion de l\u2019\u00e9gout de la majorit\u00e9 des eaux de pluie, leur remise \u00e0 ciel ouvert en vue de recr\u00e9er un maillage bleu et un maillage vert afin de restituer l\u2019eau \u00e0 l\u2019environnement, d\u2019\u00e9viter sa pollution dans les \u00e9gouts et son traitement en station d\u2019\u00e9puration tout en r\u00e9duisant la fr\u00e9quence de fonctionnement des d\u00e9versoirs d\u2019orage et le d\u00e9bit de pointe dans les \u00e9gouts en aval.<\/p>\n<p>Le projet de r\u00e9am\u00e9nagement permet de cr\u00e9er des connexions \u00e9cologiques plus fortes entre les parcs communaux, d\u2019une part en augmentant la proportion de surfaces v\u00e9g\u00e9talis\u00e9es dans l\u2019espace public et d\u2019autre part en diversifiant les milieux et essences v\u00e9g\u00e9tales. Il a \u00e9galement pour objectif d\u2019am\u00e9liorer la qualit\u00e9 des promenades entre les parcs et de cr\u00e9er un lien avec la Promenade Verte. Il s\u2019int\u00e8gre ainsi dans le projet de la Commune de cr\u00e9er des espaces publics qui donnent de la place \u00e0 la nature en ville et permettent la sensibilisation et l\u2019\u00e9ducation \u00e0 l\u2019environnement. Comme par exemple l\u2019initiation \u00e0 l\u2019apiculture en ville et l\u2019inscription de certains parc au R\u00e9seau Nature (Natagora).<\/p>\n<p>Les arbres d\u2019alignements sont s\u00e9lectionn\u00e9s pour leurs caract\u00e9ristiques paysag\u00e8res et leur propension \u00e0 d\u00e9velopper la biodiversit\u00e9 sur le site ; se diff\u00e9renciant de la sorte des projets classiques dans lesquels on<br \/>\nretrouve majoritairement des essences et vari\u00e9t\u00e9s horticoles et\/ou exotiques. Pour atteindre cet objectif, des esp\u00e8ces indig\u00e8nes sont propos\u00e9es pour r\u00e9pondre aux besoins de la faune autochtone.<\/p>\n<p>Elles permettent notamment de fournir de la nourriture aux insectes qui jouent un r\u00f4le majeur dans l\u2019\u00e9quilibre des \u00e9cosyst\u00e8mes car ils sont \u00e0 la base du r\u00e9gime alimentaire de nombreux oiseaux, chauves-souris, petits mammif\u00e8res, batraciens et reptiles. Les fruits sont quant \u00e0 eux consomm\u00e9s par les oiseaux et petits mammif\u00e8res. Les alignements sont \u00e9galement constitu\u00e9s d\u2019esp\u00e8ces vari\u00e9es pour limiter la propagation<br \/>\nd\u2019\u00e9ventuelles maladies.<\/p>\n<p>Dans notre projet d\u2019am\u00e9nagement, nous traiterons la gestion de l\u2019eau \u00e0 l\u2019\u00e9chelle du site en tirant parti du relief, en \u00e9tudiant le potentiel d\u2019infiltration et en contribuant au maillage vert et bleu. Nous int\u00e9grons par ailleurs une r\u00e9flexion plus large sur les th\u00e9matiques suivantes :<\/p>\n<p><strong>Mobilit\u00e9 :<\/strong><br \/>\nR\u00e9flexions et \u00e9tudes sur le potentiel de r\u00e9gulation de la densit\u00e9 de circulation, la s\u00e9curisation des espaces de circulation (zones carrossables, zones pi\u00e9tonnes, zones cyclo), l\u2019int\u00e9gration de la mobilit\u00e9 douce.<\/p>\n<p><strong>Espaces publics &amp; confort urbain :<\/strong><br \/>\nR\u00e9flexions et \u00e9tudes sur la qualit\u00e9 et la fonctionnalit\u00e9 des espaces notamment au travers du confort d\u2019utilisation (\u00e9clairage ; accessibilit\u00e9 PMR ; s\u00e9curisation ; mobilier urbain\u2026) et du ressenti sensoriel (confort thermique \u00ab \u00eelots de chaleur \u00bb ; confort acoustique ; confort olfactif\u2026)<\/p>\n<p><strong>Biodiversit\u00e9, \u00e9cologie &amp; paysage :<\/strong><br \/>\n\u00c9tude et d\u00e9veloppement du maillage vert (en parall\u00e8le au maillage bleu) incluant une r\u00e9flexion forte sur la continuit\u00e9 du paysage et la cr\u00e9ation de couloirs \u00e9cologiques.<\/p>\n<p><strong>Impacts environnementaux :<\/strong><br \/>\nR\u00e9flexions et propositions bas\u00e9es sur le principe d\u2019analyse d\u2019impact environnemental des techniques de mises en oeuvre et des mat\u00e9riaux de construction en consid\u00e9rant notamment l\u2019origine g\u00e9ographique,<br \/>\nles modes de production, la dur\u00e9e de vie des composants, leur maintenance\/entretien et en s\u2019appuyant sur le principe d\u2019ACV (Analyse de Cycle de Vie ou \u2018Life Cycle Assessment\u2019 &#8211; LCA)<\/p>\n<p><strong>Strat\u00e9gie \u2018long life &amp; cost\u2019 :<\/strong><br \/>\nR\u00e9flexions et propositions en termes de gestion et de maintenance des am\u00e9nagements (\u2018construits\u2019 et \u2018plant\u00e9s\u2019) en vue d\u2019en r\u00e9duire les co\u00fbts (fr\u00e9quence d\u2019intervention ; type d\u2019intervention ; personnes en charge d\u2019intervention) tout en s\u2019assurant du maintien qualitatif et fonctionnel dans la dur\u00e9e. Cette r\u00e9flexion s\u2019appuie sur les principes d\u2019une analyse \u2018Life Cycle Cost\u2019 (Analyse du cycle de vie en termes de co\u00fbt d\u2019exploitation et de gestion). Les propositions des principes d\u2019am\u00e9nagement tiennent notamment compte du param\u00e8tre \u00e9conomique li\u00e9 \u00e0 la maintenance et des possibilit\u00e9s de gestion diff\u00e9renci\u00e9e (ex : entretien par les services communaux sur base d\u2019un \u2018guide de maintenance\u2019 ; valorisation de la biomasse ; participation citoyenne par \u2018appropriation et partage\u2019 des espaces plant\u00e9s ; etc.)[\/vc_column_text][\/vc_column][\/vc_row]<\/p>\n<\/div>","protected":false},"excerpt":{"rendered":"<p><B>R\u00e9am\u00e9nagement de voiries et de l&#8217;espace public \u00e0 Forest<\/b><br \/>\n<b>MO <\/b>Commune de Forest<br \/>\n<b>Urbaniste <\/b>AGORA-URBA<\/p>\n","protected":false},"author":5,"featured_media":3437,"comment_status":"closed","ping_status":"closed","template":"","dt_portfolio_category":[288,292],"dt_portfolio_tags":[],"class_list":["post-3434","dt_portfolio","type-dt_portfolio","status-publish","has-post-thumbnail","hentry","dt_portfolio_category-eau-biodiversite","dt_portfolio_category-eau-biodiversite-phare","dt_portfolio_category-288","dt_portfolio_category-292","description-off"],"yoast_head":"<!-- This site is optimized with the Yoast SEO plugin v27.5 - https:\/\/yoast.com\/product\/yoast-seo-wordpress\/ -->\n<title>MATRIciel avec AGORA-URBA pour le r\u00e9am\u00e9nagement de voiries \u00e0 Forest<\/title>\n<meta name=\"description\" content=\"Gestion des eaux et maintien de la biodiversit\u00e9 : missions de MATRIciel dans le projet de r\u00e9am\u00e9nagement de l&#039;espace public \u00e0 Forest\" \/>\n<meta name=\"robots\" content=\"index, follow, max-snippet:-1, max-image-preview:large, max-video-preview:-1\" \/>\n<link rel=\"canonical\" href=\"https:\/\/www.matriciel.be\/nl\/projet\/voiriesforest\/\" \/>\n<meta property=\"og:locale\" content=\"nl_NL\" \/>\n<meta property=\"og:type\" content=\"article\" \/>\n<meta property=\"og:title\" content=\"MATRIciel avec AGORA-URBA pour le r\u00e9am\u00e9nagement de voiries \u00e0 Forest\" \/>\n<meta property=\"og:description\" content=\"Gestion des eaux et maintien de la biodiversit\u00e9 : missions de MATRIciel dans le projet de r\u00e9am\u00e9nagement de l&#039;espace public \u00e0 Forest\" \/>\n<meta property=\"og:url\" content=\"https:\/\/www.matriciel.be\/nl\/projet\/voiriesforest\/\" \/>\n<meta property=\"og:site_name\" content=\"MATRIciel\" \/>\n<meta property=\"article:modified_time\" content=\"2025-01-15T14:07:21+00:00\" \/>\n<meta property=\"og:image\" content=\"https:\/\/www.matriciel.be\/wp-content\/uploads\/2019\/10\/Diapositive1.jpg\" \/>\n\t<meta property=\"og:image:width\" content=\"1271\" \/>\n\t<meta property=\"og:image:height\" content=\"537\" \/>\n\t<meta property=\"og:image:type\" content=\"image\/jpeg\" \/>\n<meta name=\"twitter:card\" content=\"summary_large_image\" \/>\n<meta name=\"twitter:label1\" content=\"Geschatte leestijd\" \/>\n\t<meta name=\"twitter:data1\" content=\"8 minuten\" \/>\n<script type=\"application\/ld+json\" class=\"yoast-schema-graph\">{\"@context\":\"https:\\\/\\\/schema.org\",\"@graph\":[{\"@type\":\"WebPage\",\"@id\":\"https:\\\/\\\/www.matriciel.be\\\/nl\\\/projet\\\/voiriesforest\\\/\",\"url\":\"https:\\\/\\\/www.matriciel.be\\\/nl\\\/projet\\\/voiriesforest\\\/\",\"name\":\"MATRIciel avec AGORA-URBA pour le r\u00e9am\u00e9nagement de voiries \u00e0 Forest\",\"isPartOf\":{\"@id\":\"https:\\\/\\\/www.matriciel.be\\\/#website\"},\"primaryImageOfPage\":{\"@id\":\"https:\\\/\\\/www.matriciel.be\\\/nl\\\/projet\\\/voiriesforest\\\/#primaryimage\"},\"image\":{\"@id\":\"https:\\\/\\\/www.matriciel.be\\\/nl\\\/projet\\\/voiriesforest\\\/#primaryimage\"},\"thumbnailUrl\":\"https:\\\/\\\/www.matriciel.be\\\/wp-content\\\/uploads\\\/2019\\\/10\\\/Diapositive1.jpg\",\"datePublished\":\"2019-10-07T15:47:19+00:00\",\"dateModified\":\"2025-01-15T14:07:21+00:00\",\"description\":\"Gestion des eaux et maintien de la biodiversit\u00e9 : missions de MATRIciel dans le projet de r\u00e9am\u00e9nagement de l'espace public \u00e0 Forest\",\"breadcrumb\":{\"@id\":\"https:\\\/\\\/www.matriciel.be\\\/nl\\\/projet\\\/voiriesforest\\\/#breadcrumb\"},\"inLanguage\":\"nl-NL\",\"potentialAction\":[{\"@type\":\"ReadAction\",\"target\":[\"https:\\\/\\\/www.matriciel.be\\\/nl\\\/projet\\\/voiriesforest\\\/\"]}]},{\"@type\":\"ImageObject\",\"inLanguage\":\"nl-NL\",\"@id\":\"https:\\\/\\\/www.matriciel.be\\\/nl\\\/projet\\\/voiriesforest\\\/#primaryimage\",\"url\":\"https:\\\/\\\/www.matriciel.be\\\/wp-content\\\/uploads\\\/2019\\\/10\\\/Diapositive1.jpg\",\"contentUrl\":\"https:\\\/\\\/www.matriciel.be\\\/wp-content\\\/uploads\\\/2019\\\/10\\\/Diapositive1.jpg\",\"width\":1271,\"height\":537,\"caption\":\"Eviter les inondations et favoriser la biodiversit\u00e9 et le maillage vert \u00e0 Forest, avec MATRIciel\"},{\"@type\":\"BreadcrumbList\",\"@id\":\"https:\\\/\\\/www.matriciel.be\\\/nl\\\/projet\\\/voiriesforest\\\/#breadcrumb\",\"itemListElement\":[{\"@type\":\"ListItem\",\"position\":1,\"name\":\"Accueil\",\"item\":\"https:\\\/\\\/www.matriciel.be\\\/nl\\\/\"},{\"@type\":\"ListItem\",\"position\":2,\"name\":\"Portfolio\",\"item\":\"https:\\\/\\\/www.matriciel.be\\\/nl\\\/projet\\\/\"},{\"@type\":\"ListItem\",\"position\":3,\"name\":\"R\u00e9am\u00e9nagement de voiries et de l&#8217;espace public \u00e0 Forest\"}]},{\"@type\":\"WebSite\",\"@id\":\"https:\\\/\\\/www.matriciel.be\\\/#website\",\"url\":\"https:\\\/\\\/www.matriciel.be\\\/\",\"name\":\"MATRIciel\",\"description\":\"Bureau d&#039;\u00e9tude et de conseil en architecture durable\",\"potentialAction\":[{\"@type\":\"SearchAction\",\"target\":{\"@type\":\"EntryPoint\",\"urlTemplate\":\"https:\\\/\\\/www.matriciel.be\\\/?s={search_term_string}\"},\"query-input\":{\"@type\":\"PropertyValueSpecification\",\"valueRequired\":true,\"valueName\":\"search_term_string\"}}],\"inLanguage\":\"nl-NL\"}]}<\/script>\n<!-- \/ Yoast SEO plugin. -->","yoast_head_json":{"title":"MATRIciel avec AGORA-URBA pour le r\u00e9am\u00e9nagement de voiries \u00e0 Forest","description":"Gestion des eaux et maintien de la biodiversit\u00e9 : missions de MATRIciel dans le projet de r\u00e9am\u00e9nagement de l'espace public \u00e0 Forest","robots":{"index":"index","follow":"follow","max-snippet":"max-snippet:-1","max-image-preview":"max-image-preview:large","max-video-preview":"max-video-preview:-1"},"canonical":"https:\/\/www.matriciel.be\/nl\/projet\/voiriesforest\/","og_locale":"nl_NL","og_type":"article","og_title":"MATRIciel avec AGORA-URBA pour le r\u00e9am\u00e9nagement de voiries \u00e0 Forest","og_description":"Gestion des eaux et maintien de la biodiversit\u00e9 : missions de MATRIciel dans le projet de r\u00e9am\u00e9nagement de l'espace public \u00e0 Forest","og_url":"https:\/\/www.matriciel.be\/nl\/projet\/voiriesforest\/","og_site_name":"MATRIciel","article_modified_time":"2025-01-15T14:07:21+00:00","og_image":[{"width":1271,"height":537,"url":"https:\/\/www.matriciel.be\/wp-content\/uploads\/2019\/10\/Diapositive1.jpg","type":"image\/jpeg"}],"twitter_card":"summary_large_image","twitter_misc":{"Geschatte leestijd":"8 minuten"},"schema":{"@context":"https:\/\/schema.org","@graph":[{"@type":"WebPage","@id":"https:\/\/www.matriciel.be\/nl\/projet\/voiriesforest\/","url":"https:\/\/www.matriciel.be\/nl\/projet\/voiriesforest\/","name":"MATRIciel avec AGORA-URBA pour le r\u00e9am\u00e9nagement de voiries \u00e0 Forest","isPartOf":{"@id":"https:\/\/www.matriciel.be\/#website"},"primaryImageOfPage":{"@id":"https:\/\/www.matriciel.be\/nl\/projet\/voiriesforest\/#primaryimage"},"image":{"@id":"https:\/\/www.matriciel.be\/nl\/projet\/voiriesforest\/#primaryimage"},"thumbnailUrl":"https:\/\/www.matriciel.be\/wp-content\/uploads\/2019\/10\/Diapositive1.jpg","datePublished":"2019-10-07T15:47:19+00:00","dateModified":"2025-01-15T14:07:21+00:00","description":"Gestion des eaux et maintien de la biodiversit\u00e9 : missions de MATRIciel dans le projet de r\u00e9am\u00e9nagement de l'espace public \u00e0 Forest","breadcrumb":{"@id":"https:\/\/www.matriciel.be\/nl\/projet\/voiriesforest\/#breadcrumb"},"inLanguage":"nl-NL","potentialAction":[{"@type":"ReadAction","target":["https:\/\/www.matriciel.be\/nl\/projet\/voiriesforest\/"]}]},{"@type":"ImageObject","inLanguage":"nl-NL","@id":"https:\/\/www.matriciel.be\/nl\/projet\/voiriesforest\/#primaryimage","url":"https:\/\/www.matriciel.be\/wp-content\/uploads\/2019\/10\/Diapositive1.jpg","contentUrl":"https:\/\/www.matriciel.be\/wp-content\/uploads\/2019\/10\/Diapositive1.jpg","width":1271,"height":537,"caption":"Eviter les inondations et favoriser la biodiversit\u00e9 et le maillage vert \u00e0 Forest, avec MATRIciel"},{"@type":"BreadcrumbList","@id":"https:\/\/www.matriciel.be\/nl\/projet\/voiriesforest\/#breadcrumb","itemListElement":[{"@type":"ListItem","position":1,"name":"Accueil","item":"https:\/\/www.matriciel.be\/nl\/"},{"@type":"ListItem","position":2,"name":"Portfolio","item":"https:\/\/www.matriciel.be\/nl\/projet\/"},{"@type":"ListItem","position":3,"name":"R\u00e9am\u00e9nagement de voiries et de l&#8217;espace public \u00e0 Forest"}]},{"@type":"WebSite","@id":"https:\/\/www.matriciel.be\/#website","url":"https:\/\/www.matriciel.be\/","name":"MATRIciel","description":"Bureau d&#039;\u00e9tude et de conseil en architecture durable","potentialAction":[{"@type":"SearchAction","target":{"@type":"EntryPoint","urlTemplate":"https:\/\/www.matriciel.be\/?s={search_term_string}"},"query-input":{"@type":"PropertyValueSpecification","valueRequired":true,"valueName":"search_term_string"}}],"inLanguage":"nl-NL"}]}},"jetpack_sharing_enabled":true,"_links":{"self":[{"href":"https:\/\/www.matriciel.be\/nl\/wp-json\/wp\/v2\/dt_portfolio\/3434","targetHints":{"allow":["GET"]}}],"collection":[{"href":"https:\/\/www.matriciel.be\/nl\/wp-json\/wp\/v2\/dt_portfolio"}],"about":[{"href":"https:\/\/www.matriciel.be\/nl\/wp-json\/wp\/v2\/types\/dt_portfolio"}],"author":[{"embeddable":true,"href":"https:\/\/www.matriciel.be\/nl\/wp-json\/wp\/v2\/users\/5"}],"replies":[{"embeddable":true,"href":"https:\/\/www.matriciel.be\/nl\/wp-json\/wp\/v2\/comments?post=3434"}],"version-history":[{"count":1,"href":"https:\/\/www.matriciel.be\/nl\/wp-json\/wp\/v2\/dt_portfolio\/3434\/revisions"}],"predecessor-version":[{"id":4268,"href":"https:\/\/www.matriciel.be\/nl\/wp-json\/wp\/v2\/dt_portfolio\/3434\/revisions\/4268"}],"wp:featuredmedia":[{"embeddable":true,"href":"https:\/\/www.matriciel.be\/nl\/wp-json\/wp\/v2\/media\/3437"}],"wp:attachment":[{"href":"https:\/\/www.matriciel.be\/nl\/wp-json\/wp\/v2\/media?parent=3434"}],"wp:term":[{"taxonomy":"dt_portfolio_category","embeddable":true,"href":"https:\/\/www.matriciel.be\/nl\/wp-json\/wp\/v2\/dt_portfolio_category?post=3434"},{"taxonomy":"dt_portfolio_tags","embeddable":true,"href":"https:\/\/www.matriciel.be\/nl\/wp-json\/wp\/v2\/dt_portfolio_tags?post=3434"}],"curies":[{"name":"wp","href":"https:\/\/api.w.org\/{rel}","templated":true}]}}