{"id":3665,"date":"2020-01-07T12:00:33","date_gmt":"2020-01-07T11:00:33","guid":{"rendered":"https:\/\/agencepoush-newmatriciel.pf503.wpserveur.net\/?post_type=dt_portfolio&#038;p=3665"},"modified":"2025-01-15T15:01:51","modified_gmt":"2025-01-15T14:01:51","slug":"hallesuclouvain","status":"publish","type":"dt_portfolio","link":"https:\/\/www.matriciel.be\/nl\/projet\/hallesuclouvain\/","title":{"rendered":"Halles universitaires \u00e0 Louvain-la-Neuve"},"content":{"rendered":"<div class=\"wpb-content-wrapper\"><p>[vc_row margin_top=&#8221;-30px&#8221;][vc_column][vc_column_text css=&#8221;.vc_custom_1578393831916{margin-bottom: 20px !important;}&#8221; el_class=&#8221;custom-copyright&#8221;]<\/p>\n<p style=\"text-align: right;\">\u00a9 UCLouvain, Ma\u00eetre d&#8217;ouvrage : UCLouvain, Architecte : UCLouvain<\/p>\n<p>[\/vc_column_text][\/vc_column][vc_column width=&#8221;1\/3&#8243; el_class=&#8221;custom-bold-list&#8221;][vc_column_text]<\/p>\n<h2 style=\"font-size: 25px; line-height: 32px; text-transform: none;\">Informations g\u00e9n\u00e9rales du projet<\/h2>\n<p>[\/vc_column_text][vc_column_text]<b>Ma\u00eetre de l&#8217;Ouvrage <\/b>: UCLouvain<\/p>\n<p><b>Programme <\/b>: bureaux, salles de r\u00e9unions et grands espaces polyvalents<\/p>\n<p><b>Situation\u00a0<\/b>: Louvain-la-Neuve<\/p>\n<p><b>Architectes <\/b>: UCLouvain<\/p>\n<p><b>Dates <\/b>: d\u00e9but du chantier en 2020[\/vc_column_text][vc_column_text]<\/p>\n<h2 style=\"font-size: 25px; line-height: 32px; text-transform: none;\">Missions de MATRI<em>ciel<\/em><\/h2>\n<p>[\/vc_column_text][vc_column_text]<b><\/b>Etude d\u00e9taill\u00e9e de la r\u00e9novation des installations \u00e9lectriques (courant fort et courant faible), y compris le relev\u00e9 de celles-ci ;<br \/>\n<b><\/b>Etude d\u00e9taill\u00e9e de l\u2019ajout d\u2019installations de conditionnement d\u2019air et de leur r\u00e9gulation ;<br \/>\n<b><\/b>Etude d\u00e9taill\u00e9e du remplacement du collecteur et du syst\u00e8me de chauffage et de sa r\u00e9gulation ;<br \/>\n<b><\/b>Dossier d\u2019ex\u00e9cution, suivi de chantier, r\u00e9ceptions, commissionning et suivi d\u2019exploitation[\/vc_column_text][\/vc_column][vc_column width=&#8221;2\/3&#8243;][vc_column_text]<\/p>\n<h2>Description du projet<\/h2>\n<p>[\/vc_column_text][vc_column_text]L\u2019objectif du projet est la r\u00e9novation du b\u00e2timent embl\u00e9matique des Halles universitaires \u00e0 Louvain-La-Neuve de l\u2019architecte Y. Lep\u00e8re.<\/p>\n<p>Le b\u00e2timent n\u2019a jamais \u00e9t\u00e9 r\u00e9nov\u00e9 depuis sa construction en 1976. Le projet vise principalement \u00e0 am\u00e9liorer le confort des occupants et \u00e0 diminuer par 3 les consommations \u00e9nerg\u00e9tiques de celui-ci, tout en respectant un optimum \u00e9conomique des interventions.<\/p>\n<p>Toutes les interventions sont \u00e9tudi\u00e9es dans un esprit de mise en valeur du b\u00e2timent qui pr\u00e9sente une architecture remarquable \u00e0 caract\u00e8re patrimonial.<\/p>\n<p><strong>Crit\u00e8res de d\u00e9veloppement durable<\/strong><\/p>\n<p><strong>Confort des occupants<\/strong><\/p>\n<p>En mati\u00e8re de climat int\u00e9rieur, MATRI<em>ciel<\/em> propose d&#8217;assurer le confort thermique et le confort respiratoire des occupants au moyen d&#8217;une solution technique se distinguant des solutions standard par son aspect &#8220;low-tech&#8221; et par la mise \u00e0 profit de l&#8217;inertie thermique importante du b\u00e2timent (construction en b\u00e9ton) :<\/p>\n<ul>\n<li>Zonage par aile et par \u00e9tage afin d&#8217;adapter les d\u00e9bits aux besoins ; le suppl\u00e9ment de ventilation \u00e9ventuel est apport\u00e9 par l\u2019ouverture manuelle des fen\u00eatres<\/li>\n<li>Implantation de la technique du free-cooling, utilisant l\u2019\u00e9nergie gratuite de l\u2019air ext\u00e9rieur, en p\u00e9riode estivale avec des r\u00e9gulateurs (boites de r\u00e9gulation du d\u00e9bit) modulant le d\u00e9bit de chaque zone en fonction de sa temp\u00e9rature ; en cas de conditions extr\u00eames, des groupes de froid sont actionn\u00e9s.<\/li>\n<\/ul>\n<p>Cette solution technique offre les avantages suivants :<\/p>\n<ul>\n<li>Une \u00e9conomie d&#8217;investissement<\/li>\n<li>Une r\u00e9duction des consommations \u00e9nerg\u00e9tiques d\u2019exploitation<\/li>\n<li>La possibilit\u00e9 pour l\u2019occupant d\u2019ouvrir sa fen\u00eatre.<\/li>\n<\/ul>\n<p><strong>Impact environnemental<\/strong><\/p>\n<p>Le projet inclut diff\u00e9rents \u00e9l\u00e9ments ayant un impact sur la r\u00e9duction des \u00e9missions de CO2 :<\/p>\n<ul>\n<li>Prise en compte de d\u00e9bits \u00ab raisonnables \u00bb dans les calculs de ventilation ;<\/li>\n<li>R\u00e9cup\u00e9ration de chaleur et d\u2019humidit\u00e9 \u00e0 haut rendement sur l&#8217;air extrait ;<\/li>\n<li>Rafra\u00eechissement par ventilation intensive n&#8217;engendrant pas de surconsommation \u00e9nerg\u00e9tique ;<\/li>\n<li>Choix de centrales de ventilation ne d\u00e9passant pas une puissance nominale de 0,7 W\/(m\u00b3\/h) \u00e0 leur d\u00e9bit maximal.<\/li>\n<\/ul>\n<p><strong>Int\u00e9gration architecturale<\/strong><\/p>\n<p>L&#8217;utilisation du seul r\u00e9seau a\u00e9raulique pour assurer \u00e0 la fois la ventilation hygi\u00e9nique et le rafra\u00eechissement du b\u00e2timent permet de limiter l&#8217;impact visuel des syst\u00e8mes techniques sur l&#8217;architecture embl\u00e9matique du b\u00e2timent ; ce r\u00e9seau circulera principalement horizontalement au plafond des couloirs et verticalement dans des tr\u00e9mies existantes.[\/vc_column_text][\/vc_column][\/vc_row]<\/p>\n<\/div>","protected":false},"excerpt":{"rendered":"<p><b>Halles universitaires<\/b><br \/>\n<b>MO <\/b> UCLouvain<br \/>\n<b>Ar <\/b>UCLouvain<\/p>\n","protected":false},"author":5,"featured_media":3666,"comment_status":"closed","ping_status":"closed","template":"","dt_portfolio_category":[40,10],"dt_portfolio_tags":[],"class_list":["post-3665","dt_portfolio","type-dt_portfolio","status-publish","has-post-thumbnail","hentry","dt_portfolio_category-ecolescrechescultureloisirs","dt_portfolio_category-bureau","dt_portfolio_category-40","dt_portfolio_category-10","description-off"],"yoast_head":"<!-- This site is optimized with the Yoast SEO plugin v27.5 - https:\/\/yoast.com\/product\/yoast-seo-wordpress\/ -->\n<title>Halles universitaires \u00e0 Louvain-la-Neuve - MATRIciel<\/title>\n<meta name=\"robots\" content=\"index, follow, max-snippet:-1, max-image-preview:large, max-video-preview:-1\" \/>\n<link rel=\"canonical\" href=\"https:\/\/www.matriciel.be\/projet\/hallesuclouvain\/\" \/>\n<meta property=\"og:locale\" content=\"nl_NL\" \/>\n<meta property=\"og:type\" content=\"article\" \/>\n<meta property=\"og:title\" content=\"Halles universitaires \u00e0 Louvain-la-Neuve - MATRIciel\" \/>\n<meta property=\"og:description\" content=\"Halles universitaires MO UCLouvain Ar UCLouvain\" \/>\n<meta property=\"og:url\" content=\"https:\/\/www.matriciel.be\/projet\/hallesuclouvain\/\" \/>\n<meta property=\"og:site_name\" content=\"MATRIciel\" \/>\n<meta property=\"article:modified_time\" content=\"2025-01-15T14:01:51+00:00\" \/>\n<meta property=\"og:image\" content=\"https:\/\/www.matriciel.be\/wp-content\/uploads\/2020\/01\/800px-Belgique_-_Brabant_wallon_-_Halles_universitaires_de_Louvain-la-Neuve_-_12.jpg\" \/>\n\t<meta property=\"og:image:width\" content=\"800\" \/>\n\t<meta property=\"og:image:height\" content=\"1200\" \/>\n\t<meta property=\"og:image:type\" content=\"image\/jpeg\" \/>\n<meta name=\"twitter:card\" content=\"summary_large_image\" \/>\n<meta name=\"twitter:label1\" content=\"Geschatte leestijd\" \/>\n\t<meta name=\"twitter:data1\" content=\"3 minuten\" \/>\n<script type=\"application\/ld+json\" class=\"yoast-schema-graph\">{\"@context\":\"https:\\\/\\\/schema.org\",\"@graph\":[{\"@type\":\"WebPage\",\"@id\":\"https:\\\/\\\/www.matriciel.be\\\/projet\\\/hallesuclouvain\\\/\",\"url\":\"https:\\\/\\\/www.matriciel.be\\\/projet\\\/hallesuclouvain\\\/\",\"name\":\"Halles universitaires \u00e0 Louvain-la-Neuve - MATRIciel\",\"isPartOf\":{\"@id\":\"https:\\\/\\\/www.matriciel.be\\\/#website\"},\"primaryImageOfPage\":{\"@id\":\"https:\\\/\\\/www.matriciel.be\\\/projet\\\/hallesuclouvain\\\/#primaryimage\"},\"image\":{\"@id\":\"https:\\\/\\\/www.matriciel.be\\\/projet\\\/hallesuclouvain\\\/#primaryimage\"},\"thumbnailUrl\":\"https:\\\/\\\/www.matriciel.be\\\/wp-content\\\/uploads\\\/2020\\\/01\\\/800px-Belgique_-_Brabant_wallon_-_Halles_universitaires_de_Louvain-la-Neuve_-_12.jpg\",\"datePublished\":\"2020-01-07T11:00:33+00:00\",\"dateModified\":\"2025-01-15T14:01:51+00:00\",\"breadcrumb\":{\"@id\":\"https:\\\/\\\/www.matriciel.be\\\/projet\\\/hallesuclouvain\\\/#breadcrumb\"},\"inLanguage\":\"nl-NL\",\"potentialAction\":[{\"@type\":\"ReadAction\",\"target\":[\"https:\\\/\\\/www.matriciel.be\\\/projet\\\/hallesuclouvain\\\/\"]}]},{\"@type\":\"ImageObject\",\"inLanguage\":\"nl-NL\",\"@id\":\"https:\\\/\\\/www.matriciel.be\\\/projet\\\/hallesuclouvain\\\/#primaryimage\",\"url\":\"https:\\\/\\\/www.matriciel.be\\\/wp-content\\\/uploads\\\/2020\\\/01\\\/800px-Belgique_-_Brabant_wallon_-_Halles_universitaires_de_Louvain-la-Neuve_-_12.jpg\",\"contentUrl\":\"https:\\\/\\\/www.matriciel.be\\\/wp-content\\\/uploads\\\/2020\\\/01\\\/800px-Belgique_-_Brabant_wallon_-_Halles_universitaires_de_Louvain-la-Neuve_-_12.jpg\",\"width\":800,\"height\":1200,\"caption\":\"MATRIciel et le chantier de r\u00e9novation des Halles universitaires de LLN\"},{\"@type\":\"BreadcrumbList\",\"@id\":\"https:\\\/\\\/www.matriciel.be\\\/projet\\\/hallesuclouvain\\\/#breadcrumb\",\"itemListElement\":[{\"@type\":\"ListItem\",\"position\":1,\"name\":\"Accueil\",\"item\":\"https:\\\/\\\/www.matriciel.be\\\/nl\\\/\"},{\"@type\":\"ListItem\",\"position\":2,\"name\":\"Portfolio\",\"item\":\"https:\\\/\\\/www.matriciel.be\\\/nl\\\/projet\\\/\"},{\"@type\":\"ListItem\",\"position\":3,\"name\":\"Halles universitaires \u00e0 Louvain-la-Neuve\"}]},{\"@type\":\"WebSite\",\"@id\":\"https:\\\/\\\/www.matriciel.be\\\/#website\",\"url\":\"https:\\\/\\\/www.matriciel.be\\\/\",\"name\":\"MATRIciel\",\"description\":\"Bureau d&#039;\u00e9tude et de conseil en architecture durable\",\"potentialAction\":[{\"@type\":\"SearchAction\",\"target\":{\"@type\":\"EntryPoint\",\"urlTemplate\":\"https:\\\/\\\/www.matriciel.be\\\/?s={search_term_string}\"},\"query-input\":{\"@type\":\"PropertyValueSpecification\",\"valueRequired\":true,\"valueName\":\"search_term_string\"}}],\"inLanguage\":\"nl-NL\"}]}<\/script>\n<!-- \/ Yoast SEO plugin. -->","yoast_head_json":{"title":"Halles universitaires \u00e0 Louvain-la-Neuve - MATRIciel","robots":{"index":"index","follow":"follow","max-snippet":"max-snippet:-1","max-image-preview":"max-image-preview:large","max-video-preview":"max-video-preview:-1"},"canonical":"https:\/\/www.matriciel.be\/projet\/hallesuclouvain\/","og_locale":"nl_NL","og_type":"article","og_title":"Halles universitaires \u00e0 Louvain-la-Neuve - MATRIciel","og_description":"Halles universitaires MO UCLouvain Ar UCLouvain","og_url":"https:\/\/www.matriciel.be\/projet\/hallesuclouvain\/","og_site_name":"MATRIciel","article_modified_time":"2025-01-15T14:01:51+00:00","og_image":[{"width":800,"height":1200,"url":"https:\/\/www.matriciel.be\/wp-content\/uploads\/2020\/01\/800px-Belgique_-_Brabant_wallon_-_Halles_universitaires_de_Louvain-la-Neuve_-_12.jpg","type":"image\/jpeg"}],"twitter_card":"summary_large_image","twitter_misc":{"Geschatte leestijd":"3 minuten"},"schema":{"@context":"https:\/\/schema.org","@graph":[{"@type":"WebPage","@id":"https:\/\/www.matriciel.be\/projet\/hallesuclouvain\/","url":"https:\/\/www.matriciel.be\/projet\/hallesuclouvain\/","name":"Halles universitaires \u00e0 Louvain-la-Neuve - MATRIciel","isPartOf":{"@id":"https:\/\/www.matriciel.be\/#website"},"primaryImageOfPage":{"@id":"https:\/\/www.matriciel.be\/projet\/hallesuclouvain\/#primaryimage"},"image":{"@id":"https:\/\/www.matriciel.be\/projet\/hallesuclouvain\/#primaryimage"},"thumbnailUrl":"https:\/\/www.matriciel.be\/wp-content\/uploads\/2020\/01\/800px-Belgique_-_Brabant_wallon_-_Halles_universitaires_de_Louvain-la-Neuve_-_12.jpg","datePublished":"2020-01-07T11:00:33+00:00","dateModified":"2025-01-15T14:01:51+00:00","breadcrumb":{"@id":"https:\/\/www.matriciel.be\/projet\/hallesuclouvain\/#breadcrumb"},"inLanguage":"nl-NL","potentialAction":[{"@type":"ReadAction","target":["https:\/\/www.matriciel.be\/projet\/hallesuclouvain\/"]}]},{"@type":"ImageObject","inLanguage":"nl-NL","@id":"https:\/\/www.matriciel.be\/projet\/hallesuclouvain\/#primaryimage","url":"https:\/\/www.matriciel.be\/wp-content\/uploads\/2020\/01\/800px-Belgique_-_Brabant_wallon_-_Halles_universitaires_de_Louvain-la-Neuve_-_12.jpg","contentUrl":"https:\/\/www.matriciel.be\/wp-content\/uploads\/2020\/01\/800px-Belgique_-_Brabant_wallon_-_Halles_universitaires_de_Louvain-la-Neuve_-_12.jpg","width":800,"height":1200,"caption":"MATRIciel et le chantier de r\u00e9novation des Halles universitaires de LLN"},{"@type":"BreadcrumbList","@id":"https:\/\/www.matriciel.be\/projet\/hallesuclouvain\/#breadcrumb","itemListElement":[{"@type":"ListItem","position":1,"name":"Accueil","item":"https:\/\/www.matriciel.be\/nl\/"},{"@type":"ListItem","position":2,"name":"Portfolio","item":"https:\/\/www.matriciel.be\/nl\/projet\/"},{"@type":"ListItem","position":3,"name":"Halles universitaires \u00e0 Louvain-la-Neuve"}]},{"@type":"WebSite","@id":"https:\/\/www.matriciel.be\/#website","url":"https:\/\/www.matriciel.be\/","name":"MATRIciel","description":"Bureau d&#039;\u00e9tude et de conseil en architecture durable","potentialAction":[{"@type":"SearchAction","target":{"@type":"EntryPoint","urlTemplate":"https:\/\/www.matriciel.be\/?s={search_term_string}"},"query-input":{"@type":"PropertyValueSpecification","valueRequired":true,"valueName":"search_term_string"}}],"inLanguage":"nl-NL"}]}},"jetpack_sharing_enabled":true,"_links":{"self":[{"href":"https:\/\/www.matriciel.be\/nl\/wp-json\/wp\/v2\/dt_portfolio\/3665","targetHints":{"allow":["GET"]}}],"collection":[{"href":"https:\/\/www.matriciel.be\/nl\/wp-json\/wp\/v2\/dt_portfolio"}],"about":[{"href":"https:\/\/www.matriciel.be\/nl\/wp-json\/wp\/v2\/types\/dt_portfolio"}],"author":[{"embeddable":true,"href":"https:\/\/www.matriciel.be\/nl\/wp-json\/wp\/v2\/users\/5"}],"replies":[{"embeddable":true,"href":"https:\/\/www.matriciel.be\/nl\/wp-json\/wp\/v2\/comments?post=3665"}],"version-history":[{"count":3,"href":"https:\/\/www.matriciel.be\/nl\/wp-json\/wp\/v2\/dt_portfolio\/3665\/revisions"}],"predecessor-version":[{"id":12684,"href":"https:\/\/www.matriciel.be\/nl\/wp-json\/wp\/v2\/dt_portfolio\/3665\/revisions\/12684"}],"wp:featuredmedia":[{"embeddable":true,"href":"https:\/\/www.matriciel.be\/nl\/wp-json\/wp\/v2\/media\/3666"}],"wp:attachment":[{"href":"https:\/\/www.matriciel.be\/nl\/wp-json\/wp\/v2\/media?parent=3665"}],"wp:term":[{"taxonomy":"dt_portfolio_category","embeddable":true,"href":"https:\/\/www.matriciel.be\/nl\/wp-json\/wp\/v2\/dt_portfolio_category?post=3665"},{"taxonomy":"dt_portfolio_tags","embeddable":true,"href":"https:\/\/www.matriciel.be\/nl\/wp-json\/wp\/v2\/dt_portfolio_tags?post=3665"}],"curies":[{"name":"wp","href":"https:\/\/api.w.org\/{rel}","templated":true}]}}