{"id":4423,"date":"2017-01-04T17:21:46","date_gmt":"2017-01-04T16:21:46","guid":{"rendered":"https:\/\/agencepoush-newmatriciel.pf503.wpserveur.net\/projets\/"},"modified":"2025-01-16T14:20:34","modified_gmt":"2025-01-16T13:20:34","slug":"projecten","status":"publish","type":"page","link":"https:\/\/www.matriciel.be\/nl\/projecten\/","title":{"rendered":"Projecten"},"content":{"rendered":"<div class=\"wpb-content-wrapper\"><p>[vc_row type=&#8221;vc_default&#8221; full_width=&#8221;stretch_row_content&#8221; margin_top=&#8221;-45&#8243;][vc_column css=&#8221;.vc_custom_1603873581559{padding-top: 0px !important;}&#8221;][vc_column_text el_class=&#8221;custom-copyright&#8221;]<\/p>\n<p style=\"text-align: right;\">\u00a9archipelago| Opdrachtgever: Centre Hospitalier R\u00e9gional Centre Sud de VIVALIA | Architect: archipelago<\/p>\n<p>[\/vc_column_text][\/vc_column][\/vc_row][vc_row type=&#8221;vc_default&#8221; full_width=&#8221;stretch_row_content&#8221;][vc_column]<style type=\"text\/css\" data-type=\"the7_shortcodes-inline-css\">.portfolio-shortcode.portfolio-masonry-shortcode-id-e7fc6fbc4f23b28bb6051893e0507fd4.dividers-on.classic-layout-list article {\n  padding-top: 0;\n}\n.portfolio-shortcode.portfolio-masonry-shortcode-id-e7fc6fbc4f23b28bb6051893e0507fd4.dividers-on.classic-layout-list article:first-of-type {\n  margin-top: 0;\n  padding-top: 0;\n}\n.portfolio-shortcode.portfolio-masonry-shortcode-id-e7fc6fbc4f23b28bb6051893e0507fd4.classic-layout-list.mode-list .post-entry-content {\n  width: calc(100% - );\n}\n.portfolio-shortcode.portfolio-masonry-shortcode-id-e7fc6fbc4f23b28bb6051893e0507fd4.classic-layout-list.mode-list .no-img .post-entry-content {\n  width: 100%;\n}\n.portfolio-shortcode.portfolio-masonry-shortcode-id-e7fc6fbc4f23b28bb6051893e0507fd4 .filter-bg-decoration .filter-categories a.act {\n  color: #fff;\n}\n.portfolio-shortcode.portfolio-masonry-shortcode-id-e7fc6fbc4f23b28bb6051893e0507fd4:not(.mode-masonry) article:first-of-type,\n.portfolio-shortcode.portfolio-masonry-shortcode-id-e7fc6fbc4f23b28bb6051893e0507fd4:not(.mode-masonry) article.visible.first {\n  margin-top: 0;\n}\n.portfolio-shortcode.portfolio-masonry-shortcode-id-e7fc6fbc4f23b28bb6051893e0507fd4.dividers-on:not(.mode-masonry) article {\n  margin-top: 0;\n}\n.portfolio-shortcode.portfolio-masonry-shortcode-id-e7fc6fbc4f23b28bb6051893e0507fd4.dividers-on:not(.mode-masonry) article:first-of-type,\n.portfolio-shortcode.portfolio-masonry-shortcode-id-e7fc6fbc4f23b28bb6051893e0507fd4.dividers-on:not(.mode-masonry) article.visible.first {\n  margin-top: 0;\n  padding-top: 0;\n}\n.portfolio-shortcode.portfolio-masonry-shortcode-id-e7fc6fbc4f23b28bb6051893e0507fd4.hover-scale article:after {\n  background: -webkit-linear-gradient();\n  background: linear-gradient();\n}\n.portfolio-shortcode.portfolio-masonry-shortcode-id-e7fc6fbc4f23b28bb6051893e0507fd4.gradient-overlay-layout-list article {\n  border-radius: 0px;\n}\n.portfolio-shortcode.portfolio-masonry-shortcode-id-e7fc6fbc4f23b28bb6051893e0507fd4 .post-thumbnail-wrap {\n  padding: 0px 0px 0px 0px;\n  border-radius: 0px;\n}\n.portfolio-shortcode.portfolio-masonry-shortcode-id-e7fc6fbc4f23b28bb6051893e0507fd4 .post-thumbnail-wrap *,\n.portfolio-shortcode.portfolio-masonry-shortcode-id-e7fc6fbc4f23b28bb6051893e0507fd4 .post-thumbnail-rollover:after {\n  border-radius: 0px;\n}\n.portfolio-shortcode.portfolio-masonry-shortcode-id-e7fc6fbc4f23b28bb6051893e0507fd4.enable-bg-rollover .post-thumbnail-rollover:after {\n  background: -webkit-linear-gradient();\n  background: linear-gradient();\n}\n.bottom-overlap-layout-list.portfolio-shortcode.portfolio-masonry-shortcode-id-e7fc6fbc4f23b28bb6051893e0507fd4 .project-links-container {\n  height: calc(100% - 100px);\n}\n.portfolio-shortcode.portfolio-masonry-shortcode-id-e7fc6fbc4f23b28bb6051893e0507fd4 .project-links-container a {\n  width: 44px;\n  height: 44px;\n  line-height: 44px;\n  border-radius: 100px;\n  margin: 10px 5px 10px;\n}\n.content-rollover-layout-list:not(.content-align-center).portfolio-shortcode.portfolio-masonry-shortcode-id-e7fc6fbc4f23b28bb6051893e0507fd4 .project-links-container a,\n.gradient-overlay-layout-list:not(.content-align-center).portfolio-shortcode.portfolio-masonry-shortcode-id-e7fc6fbc4f23b28bb6051893e0507fd4 .project-links-container a {\n  margin: 10px 10px 10px 0;\n}\n.dt-icon-border-on.portfolio-shortcode.portfolio-masonry-shortcode-id-e7fc6fbc4f23b28bb6051893e0507fd4 .project-links-container a:before {\n  border-width: 0px;\n  border-style: solid;\n}\n.dt-icon-hover-border-on.portfolio-shortcode.portfolio-masonry-shortcode-id-e7fc6fbc4f23b28bb6051893e0507fd4 .project-links-container a:after {\n  border-width: 0px;\n  border-style: solid;\n}\n.dt-icon-bg-on.portfolio-shortcode.portfolio-masonry-shortcode-id-e7fc6fbc4f23b28bb6051893e0507fd4 .project-links-container a:before {\n  background: rgba(255,255,255,0.3);\n  -webkit-box-shadow: none;\n  box-shadow: none;\n}\n.dt-icon-hover-bg-on.portfolio-shortcode.portfolio-masonry-shortcode-id-e7fc6fbc4f23b28bb6051893e0507fd4 .project-links-container a:after {\n  background: rgba(255,255,255,0.5);\n  -webkit-box-shadow: none;\n  box-shadow: none;\n}\n.portfolio-shortcode.portfolio-masonry-shortcode-id-e7fc6fbc4f23b28bb6051893e0507fd4 .project-links-container a > span,\n.portfolio-shortcode.portfolio-masonry-shortcode-id-e7fc6fbc4f23b28bb6051893e0507fd4 .project-links-container a > span:before {\n  font-size: 16px;\n  line-height: 44px;\n}\n.portfolio-shortcode.portfolio-masonry-shortcode-id-e7fc6fbc4f23b28bb6051893e0507fd4 .project-links-container a:not(:hover) > span {\n  color: #ffffff;\n}\n.dt-icon-hover-off.portfolio-shortcode.portfolio-masonry-shortcode-id-e7fc6fbc4f23b28bb6051893e0507fd4 .project-links-container a > span,\n.dt-icon-hover-off.portfolio-shortcode.portfolio-masonry-shortcode-id-e7fc6fbc4f23b28bb6051893e0507fd4 .project-links-container a:hover > span {\n  color: #ffffff;\n}\n.dt-icon-hover-on.portfolio-shortcode.portfolio-masonry-shortcode-id-e7fc6fbc4f23b28bb6051893e0507fd4 .project-links-container a:hover > span {\n  color: #ffffff;\n}\n.portfolio-shortcode.portfolio-masonry-shortcode-id-e7fc6fbc4f23b28bb6051893e0507fd4 .entry-title,\n.portfolio-shortcode.portfolio-masonry-shortcode-id-e7fc6fbc4f23b28bb6051893e0507fd4.owl-carousel .entry-title {\n  margin-bottom: 30px;\n  font-size: 20px;\n  line-height: 27px;\n}\n.portfolio-shortcode.portfolio-masonry-shortcode-id-e7fc6fbc4f23b28bb6051893e0507fd4 .entry-meta {\n  margin-bottom: 15px;\n}\n.portfolio-shortcode.portfolio-masonry-shortcode-id-e7fc6fbc4f23b28bb6051893e0507fd4 .portfolio-categories {\n  margin-bottom: 15px;\n}\n.portfolio-shortcode.portfolio-masonry-shortcode-id-e7fc6fbc4f23b28bb6051893e0507fd4 .entry-excerpt {\n  margin-bottom: 5px;\n  font-size: 14px;\n  line-height: 20px;\n}\n.portfolio-shortcode.portfolio-masonry-shortcode-id-e7fc6fbc4f23b28bb6051893e0507fd4:not(.centered-layout-list) .post-entry-content {\n  padding: 25px 20px 30px 20px;\n}\n.portfolio-shortcode.portfolio-masonry-shortcode-id-e7fc6fbc4f23b28bb6051893e0507fd4:not(.centered-layout-list):not(\n      .content-bg-on\n    ):not(.mode-list)\n    .no-img\n    .post-entry-content {\n  padding: 0;\n}\n.portfolio-shortcode.portfolio-masonry-shortcode-id-e7fc6fbc4f23b28bb6051893e0507fd4.gradient-overlay-layout-list .post-entry-content {\n  border-radius: 0px;\n}\n@media screen and (max-width: ) {\n  .portfolio-shortcode.portfolio-masonry-shortcode-id-e7fc6fbc4f23b28bb6051893e0507fd4 article {\n    -webkit-flex-flow: column nowrap;\n    -moz-flex-flow: column nowrap;\n    -ms-flex-flow: column nowrap;\n    flex-flow: column nowrap;\n    margin-top: 20px;\n  }\n  .portfolio-shortcode.portfolio-masonry-shortcode-id-e7fc6fbc4f23b28bb6051893e0507fd4.dividers-on article {\n    border: none;\n  }\n  .portfolio-shortcode.portfolio-masonry-shortcode-id-e7fc6fbc4f23b28bb6051893e0507fd4.content-bg-on.centered-layout-list article {\n    padding: 0;\n  }\n  #page .portfolio-shortcode.portfolio-masonry-shortcode-id-e7fc6fbc4f23b28bb6051893e0507fd4 .post-thumbnail-wrap,\n  #page .portfolio-shortcode.portfolio-masonry-shortcode-id-e7fc6fbc4f23b28bb6051893e0507fd4 .post-entry-content {\n    width: 100%;\n    margin: 0;\n    top: 0;\n  }\n  #page .portfolio-shortcode.portfolio-masonry-shortcode-id-e7fc6fbc4f23b28bb6051893e0507fd4 .post-thumbnail-wrap {\n    padding: 0;\n  }\n  #page .portfolio-shortcode.portfolio-masonry-shortcode-id-e7fc6fbc4f23b28bb6051893e0507fd4 .post-entry-content:after {\n    display: none;\n  }\n  #page .portfolio-shortcode.portfolio-masonry-shortcode-id-e7fc6fbc4f23b28bb6051893e0507fd4 .project-even .post-thumbnail-wrap,\n  #page .portfolio-shortcode.portfolio-masonry-shortcode-id-e7fc6fbc4f23b28bb6051893e0507fd4.centered-layout-list .post-thumbnail-wrap {\n    -webkit-order: 0;\n    -moz-order: 0;\n    -ms-flex-order: 0;\n    order: 0;\n  }\n  #page .portfolio-shortcode.portfolio-masonry-shortcode-id-e7fc6fbc4f23b28bb6051893e0507fd4.centered-layout-list .post-entry-title-content {\n    -webkit-order: 1;\n    -moz-order: 1;\n    -ms-flex-order: 1;\n    order: 1;\n    width: 100%;\n    padding: 20px 20px 0;\n  }\n  #page .portfolio-shortcode.portfolio-masonry-shortcode-id-e7fc6fbc4f23b28bb6051893e0507fd4.centered-layout-list .post-entry-content {\n    -webkit-order: 2;\n    -moz-order: 2;\n    -ms-flex-order: 2;\n    order: 2;\n    padding-top: 0;\n  }\n  #page .portfolio-shortcode.portfolio-masonry-shortcode-id-e7fc6fbc4f23b28bb6051893e0507fd4 .post-entry-content {\n    padding: 20px;\n  }\n  #page .portfolio-shortcode.portfolio-masonry-shortcode-id-e7fc6fbc4f23b28bb6051893e0507fd4 .entry-title {\n    margin: 3px 0 5px;\n    font-size: 20px;\n    line-height: 26px;\n  }\n  #page .portfolio-shortcode.portfolio-masonry-shortcode-id-e7fc6fbc4f23b28bb6051893e0507fd4 .entry-meta {\n    margin: 5px 0 5px;\n  }\n  #page .portfolio-shortcode.portfolio-masonry-shortcode-id-e7fc6fbc4f23b28bb6051893e0507fd4 .entry-excerpt {\n    margin: 15px 0 0;\n  }\n  #page .portfolio-shortcode.portfolio-masonry-shortcode-id-e7fc6fbc4f23b28bb6051893e0507fd4 .post-details {\n    margin: 5px 0 10px;\n  }\n  #page .portfolio-shortcode.portfolio-masonry-shortcode-id-e7fc6fbc4f23b28bb6051893e0507fd4 .post-details.details-type-link {\n    margin-bottom: 2px;\n  }\n}\n.portfolio-shortcode.portfolio-masonry-shortcode-id-e7fc6fbc4f23b28bb6051893e0507fd4:not(.resize-by-browser-width) .dt-css-grid {\n  grid-row-gap: 30px;\n  grid-column-gap: 30px;\n  grid-template-columns: repeat(auto-fill,minmax(,1fr));\n}\n.portfolio-shortcode.portfolio-masonry-shortcode-id-e7fc6fbc4f23b28bb6051893e0507fd4:not(.resize-by-browser-width) .dt-css-grid .double-width {\n  grid-column: span 2;\n}\n.cssgridlegacy.no-cssgrid .portfolio-shortcode.portfolio-masonry-shortcode-id-e7fc6fbc4f23b28bb6051893e0507fd4:not(.resize-by-browser-width) .dt-css-grid,\n.no-cssgridlegacy.no-cssgrid .portfolio-shortcode.portfolio-masonry-shortcode-id-e7fc6fbc4f23b28bb6051893e0507fd4:not(.resize-by-browser-width) .dt-css-grid {\n  display: flex;\n  flex-flow: row wrap;\n  margin: -15px;\n}\n.cssgridlegacy.no-cssgrid .portfolio-shortcode.portfolio-masonry-shortcode-id-e7fc6fbc4f23b28bb6051893e0507fd4:not(.resize-by-browser-width) .dt-css-grid .wf-cell,\n.no-cssgridlegacy.no-cssgrid .portfolio-shortcode.portfolio-masonry-shortcode-id-e7fc6fbc4f23b28bb6051893e0507fd4:not(.resize-by-browser-width) .dt-css-grid .wf-cell {\n  flex: 1 0 ;\n  max-width: 100%;\n  padding: 15px;\n  box-sizing: border-box;\n}\n.portfolio-shortcode.portfolio-masonry-shortcode-id-e7fc6fbc4f23b28bb6051893e0507fd4.resize-by-browser-width .dt-css-grid {\n  grid-template-columns: repeat(3,1fr);\n  grid-template-rows: auto;\n  grid-column-gap: 30px;\n  grid-row-gap: 30px;\n}\n.portfolio-shortcode.portfolio-masonry-shortcode-id-e7fc6fbc4f23b28bb6051893e0507fd4.resize-by-browser-width .dt-css-grid .double-width {\n  grid-column: span 2;\n}\n.cssgridlegacy.no-cssgrid .portfolio-shortcode.portfolio-masonry-shortcode-id-e7fc6fbc4f23b28bb6051893e0507fd4.resize-by-browser-width .dt-css-grid {\n  margin: -15px;\n}\n.cssgridlegacy.no-cssgrid .portfolio-shortcode.portfolio-masonry-shortcode-id-e7fc6fbc4f23b28bb6051893e0507fd4.resize-by-browser-width .dt-css-grid .wf-cell {\n  width: 33.333333333333%;\n  padding: 15px;\n}\n.cssgridlegacy.no-cssgrid .portfolio-shortcode.portfolio-masonry-shortcode-id-e7fc6fbc4f23b28bb6051893e0507fd4.resize-by-browser-width .dt-css-grid .wf-cell.double-width {\n  width: calc(33.333333333333%) * 2;\n}\n.portfolio-shortcode.portfolio-masonry-shortcode-id-e7fc6fbc4f23b28bb6051893e0507fd4.resize-by-browser-width:not(.centered-layout-list):not(.content-bg-on) .dt-css-grid {\n  grid-row-gap: 0px;\n}\n@media screen and (max-width: 1199px) {\n  .portfolio-shortcode.portfolio-masonry-shortcode-id-e7fc6fbc4f23b28bb6051893e0507fd4.resize-by-browser-width .dt-css-grid {\n    grid-template-columns: repeat(3,1fr);\n  }\n  .cssgridlegacy.no-cssgrid .portfolio-shortcode.portfolio-masonry-shortcode-id-e7fc6fbc4f23b28bb6051893e0507fd4.resize-by-browser-width .dt-css-grid .wf-cell,\n  .no-cssgridlegacy.no-cssgrid .portfolio-shortcode.portfolio-masonry-shortcode-id-e7fc6fbc4f23b28bb6051893e0507fd4.resize-by-browser-width .dt-css-grid .wf-cell {\n    width: 33.333333333333%;\n  }\n  .cssgridlegacy.no-cssgrid .portfolio-shortcode.portfolio-masonry-shortcode-id-e7fc6fbc4f23b28bb6051893e0507fd4.resize-by-browser-width .dt-css-grid .wf-cell.double-width,\n  .no-cssgridlegacy.no-cssgrid .portfolio-shortcode.portfolio-masonry-shortcode-id-e7fc6fbc4f23b28bb6051893e0507fd4.resize-by-browser-width .dt-css-grid .wf-cell.double-width {\n    width: calc(33.333333333333%)*2;\n  }\n}\n@media screen and (max-width: 991px) {\n  .portfolio-shortcode.portfolio-masonry-shortcode-id-e7fc6fbc4f23b28bb6051893e0507fd4.resize-by-browser-width .dt-css-grid {\n    grid-template-columns: repeat(2,1fr);\n  }\n  .cssgridlegacy.no-cssgrid .portfolio-shortcode.portfolio-masonry-shortcode-id-e7fc6fbc4f23b28bb6051893e0507fd4.resize-by-browser-width .dt-css-grid .wf-cell,\n  .no-cssgridlegacy.no-cssgrid .portfolio-shortcode.portfolio-masonry-shortcode-id-e7fc6fbc4f23b28bb6051893e0507fd4.resize-by-browser-width .dt-css-grid .wf-cell {\n    width: 50%;\n  }\n  .cssgridlegacy.no-cssgrid .portfolio-shortcode.portfolio-masonry-shortcode-id-e7fc6fbc4f23b28bb6051893e0507fd4.resize-by-browser-width .dt-css-grid .wf-cell.double-width,\n  .no-cssgridlegacy.no-cssgrid .portfolio-shortcode.portfolio-masonry-shortcode-id-e7fc6fbc4f23b28bb6051893e0507fd4.resize-by-browser-width .dt-css-grid .wf-cell.double-width {\n    width: calc(50%)*2;\n  }\n}\n@media screen and (max-width: 767px) {\n  .portfolio-shortcode.portfolio-masonry-shortcode-id-e7fc6fbc4f23b28bb6051893e0507fd4.resize-by-browser-width .dt-css-grid {\n    grid-template-columns: repeat(1,1fr);\n  }\n  .portfolio-shortcode.portfolio-masonry-shortcode-id-e7fc6fbc4f23b28bb6051893e0507fd4.resize-by-browser-width .dt-css-grid .double-width {\n    grid-column: span 1;\n  }\n  .cssgridlegacy.no-cssgrid .portfolio-shortcode.portfolio-masonry-shortcode-id-e7fc6fbc4f23b28bb6051893e0507fd4.resize-by-browser-width .dt-css-grid .wf-cell,\n  .no-cssgridlegacy.no-cssgrid .portfolio-shortcode.portfolio-masonry-shortcode-id-e7fc6fbc4f23b28bb6051893e0507fd4.resize-by-browser-width .dt-css-grid .wf-cell {\n    width: 100%;\n  }\n  .cssgridlegacy.no-cssgrid .portfolio-shortcode.portfolio-masonry-shortcode-id-e7fc6fbc4f23b28bb6051893e0507fd4.resize-by-browser-width .dt-css-grid .wf-cell.double-width,\n  .no-cssgridlegacy.no-cssgrid .portfolio-shortcode.portfolio-masonry-shortcode-id-e7fc6fbc4f23b28bb6051893e0507fd4.resize-by-browser-width .dt-css-grid .wf-cell.double-width {\n    width: calc(100%)*2;\n  }\n}\n<\/style><div class=\"portfolio-shortcode portfolio-masonry-shortcode-id-e7fc6fbc4f23b28bb6051893e0507fd4 mode-grid classic-layout-list content-align-center dt-icon-bg-on dt-icon-border-on dt-icon-hover-on dt-icon-hover-border-on dt-icon-hover-bg-on meta-info-off dt-css-grid-wrap enable-bg-rollover resize-by-browser-width  loading-effect-none description-under-image \" data-padding=\"15px\" data-cur-page=\"1\" data-post-limit=\"-1\" data-pagination-mode=\"pages\" data-desktop-columns-num=\"3\" data-v-tablet-columns-num=\"2\" data-h-tablet-columns-num=\"3\" data-phone-columns-num=\"1\" data-width=\"0px\" data-columns=\"0\"><div class=\"dt-css-grid\" ><div class=\"visible wf-cell category-178\" data-post-id=\"25246\" data-date=\"2026-04-16T14:47:36+02:00\" data-name=\"Eco-quartier Coronmeuse\"><article class=\"post visible post-25246 dt_portfolio type-dt_portfolio status-publish has-post-thumbnail hentry dt_portfolio_category-logement dt_portfolio_tags-chantier-vert dt_portfolio_tags-choix-des-materiaux dt_portfolio_tags-conception-bas-carbone dt_portfolio_tags-reseau-de-chaleur-urbain dt_portfolio_tags-responsable-peb dt_portfolio_tags-techniques-speciales dt_portfolio_category-178\" data-name=\"Eco-quartier Coronmeuse\" data-date=\"2026-04-16T14:47:36+02:00\">\n\n<div class=\"post-thumbnail-wrap rollover-active \">\n\t<div class=\"post-thumbnail\">\n\n\t\t<a href=\"https:\/\/www.matriciel.be\/nl\/projet\/eco-quartier-coronmeuse\/\" class=\"post-thumbnail-rollover layzr-bg\" target=\"\"  aria-label=\"Post image\"><img fetchpriority=\"high\" decoding=\"async\" class=\"iso-lazy-load preload-me iso-lazy-load aspect\" src=\"data:image\/svg+xml,%3Csvg%20xmlns%3D&#39;http%3A%2F%2Fwww.w3.org%2F2000%2Fsvg&#39;%20viewBox%3D&#39;0%200%20701%20526&#39;%2F%3E\" data-src=\"https:\/\/www.matriciel.be\/wp-content\/uploads\/2026\/04\/Vue-eco-quartier-2026-04-16-121502-701x526.png\" data-srcset=\"https:\/\/www.matriciel.be\/wp-content\/uploads\/2026\/04\/Vue-eco-quartier-2026-04-16-121502-701x526.png 701w\" loading=\"eager\" style=\"--ratio: 701 \/ 526\" sizes=\"(max-width: 701px) 100vw, 701px\" alt=\"Site Coronmeuse - projet Neolegia - Vue de haut\" title=\"\u00a9 Rives Ardentes &#8211; Vue \u00e9co-quartier\" width=\"701\" height=\"526\"  \/><\/a><div class=\"project-links-container\"><a href=\"https:\/\/www.matriciel.be\/nl\/projet\/eco-quartier-coronmeuse\/\" target=\"\" class=\"project-details\" aria-label=\"Details link\"><span class=\"icon-portfolio-p205\"><\/span><\/a><\/div>\n\t<\/div>\n<\/div>\n\n\n<div class=\"post-entry-content\">\n\n\t<h3 class=\"entry-title\">\n\t\t<a href=\"https:\/\/www.matriciel.be\/nl\/projet\/eco-quartier-coronmeuse\/\" target=\"\" title=\"Eco-quartier Coronmeuse\" rel=\"bookmark\">Eco-quartier Coronmeuse<\/a>\n\t<\/h3>\n\n\t\n\t<div class=\"entry-excerpt\"><p><B>Ecoquartier Coronmeuse <\/B><br \/>\n<B>MO <\/B>Consortium NEOLEGIA<br \/>\n<B>Ar <\/B>ALTIPLAN Architects, ARTAU Architectures, l\u2019atelier du SART TILMAN et SYNTAXE<\/p>\n<\/div>\n\t\n<\/div><\/article><\/div><div class=\"visible wf-cell category-178\" data-post-id=\"25214\" data-date=\"2026-04-09T15:37:01+02:00\" data-name=\"R\u00e9novation de  logements sociaux\"><article class=\"post visible post-25214 dt_portfolio type-dt_portfolio status-publish has-post-thumbnail hentry dt_portfolio_category-logement dt_portfolio_tags-conception-bas-carbone dt_portfolio_tags-confort dt_portfolio_tags-gestion-de-leau dt_portfolio_tags-techniques-speciales dt_portfolio_category-178\" data-name=\"R\u00e9novation de  logements sociaux\" data-date=\"2026-04-09T15:37:01+02:00\">\n\n<div class=\"post-thumbnail-wrap rollover-active \">\n\t<div class=\"post-thumbnail\">\n\n\t\t<a href=\"https:\/\/www.matriciel.be\/nl\/projet\/relais-xl\/\" class=\"post-thumbnail-rollover layzr-bg\" target=\"\"  aria-label=\"Post image\"><img decoding=\"async\" class=\"iso-lazy-load preload-me iso-lazy-load aspect\" src=\"data:image\/svg+xml,%3Csvg%20xmlns%3D&#39;http%3A%2F%2Fwww.w3.org%2F2000%2Fsvg&#39;%20viewBox%3D&#39;0%200%20768%20576&#39;%2F%3E\" data-src=\"https:\/\/www.matriciel.be\/wp-content\/uploads\/2026\/04\/2025_mdw_relais_01lt-1552x-768x576.jpg\" data-srcset=\"https:\/\/www.matriciel.be\/wp-content\/uploads\/2026\/04\/2025_mdw_relais_01lt-1552x-768x576.jpg 768w, https:\/\/www.matriciel.be\/wp-content\/uploads\/2026\/04\/2025_mdw_relais_01lt-1552x-1152x864.jpg 1152w\" loading=\"eager\" style=\"--ratio: 768 \/ 576\" sizes=\"(max-width: 768px) 100vw, 768px\" alt=\"R\u00e9novation profonde d&#039;un ensemble de logements sociaux \u00e0 Ixelles\" title=\"\u00a9 Severin Malaud\" width=\"768\" height=\"576\"  \/><\/a><div class=\"project-links-container\"><a href=\"https:\/\/www.matriciel.be\/nl\/projet\/relais-xl\/\" target=\"\" class=\"project-details\" aria-label=\"Details link\"><span class=\"icon-portfolio-p205\"><\/span><\/a><\/div>\n\t<\/div>\n<\/div>\n\n\n<div class=\"post-entry-content\">\n\n\t<h3 class=\"entry-title\">\n\t\t<a href=\"https:\/\/www.matriciel.be\/nl\/projet\/relais-xl\/\" target=\"\" title=\"R\u00e9novation de  logements sociaux\" rel=\"bookmark\">R\u00e9novation de  logements sociaux<\/a>\n\t<\/h3>\n\n\t\n\t<div class=\"entry-excerpt\"><p><b>R\u00e9novation logements sociaux<\/B><br \/>\n<b>MO <\/B>Beliris<br \/>\n<b>Ar <\/B>MDW Architecture<\/p>\n<\/div>\n\t\n<\/div><\/article><\/div><div class=\"visible wf-cell category-290\" data-post-id=\"25155\" data-date=\"2026-03-23T15:58:42+01:00\" data-name=\"Centre de mise en condition physique\"><article class=\"post visible post-25155 dt_portfolio type-dt_portfolio status-publish has-post-thumbnail hentry dt_portfolio_category-culture-sport-et-loisirs-phare dt_portfolio_tags-gestion-de-leau dt_portfolio_tags-responsable-peb dt_portfolio_tags-techniques-speciales dt_portfolio_tags-ventilation-naturelle dt_portfolio_category-290\" data-name=\"Centre de mise en condition physique\" data-date=\"2026-03-23T15:58:42+01:00\">\n\n<div class=\"post-thumbnail-wrap rollover-active \">\n\t<div class=\"post-thumbnail\">\n\n\t\t<a href=\"https:\/\/www.matriciel.be\/nl\/projet\/mcp\/\" class=\"post-thumbnail-rollover layzr-bg\" target=\"\"  aria-label=\"Post image\"><img decoding=\"async\" class=\"iso-lazy-load preload-me iso-lazy-load aspect\" src=\"data:image\/svg+xml,%3Csvg%20xmlns%3D&#39;http%3A%2F%2Fwww.w3.org%2F2000%2Fsvg&#39;%20viewBox%3D&#39;0%200%20768%20576&#39;%2F%3E\" data-src=\"https:\/\/www.matriciel.be\/wp-content\/uploads\/2026\/03\/MCP-2025-10_b66-blanc_gravier_-ULiege-copyright-A.Lacroix-768x576.jpg\" data-srcset=\"https:\/\/www.matriciel.be\/wp-content\/uploads\/2026\/03\/MCP-2025-10_b66-blanc_gravier_-ULiege-copyright-A.Lacroix-768x576.jpg 768w, https:\/\/www.matriciel.be\/wp-content\/uploads\/2026\/03\/MCP-2025-10_b66-blanc_gravier_-ULiege-copyright-A.Lacroix-900x675.jpg 900w\" loading=\"eager\" style=\"--ratio: 768 \/ 576\" sizes=\"(max-width: 768px) 100vw, 768px\" alt=\"\u00a9 ULi\u00e8ge | A.Lacroix Centre de mise en condition physique sur le site du Blanc-Gravier \u00e0 Li\u00e8ge\" title=\"\u00a9 ULi\u00e8ge | A.Lacroix\" width=\"768\" height=\"576\"  \/><\/a><div class=\"project-links-container\"><a href=\"https:\/\/www.matriciel.be\/nl\/projet\/mcp\/\" target=\"\" class=\"project-details\" aria-label=\"Details link\"><span class=\"icon-portfolio-p205\"><\/span><\/a><\/div>\n\t<\/div>\n<\/div>\n\n\n<div class=\"post-entry-content\">\n\n\t<h3 class=\"entry-title\">\n\t\t<a href=\"https:\/\/www.matriciel.be\/nl\/projet\/mcp\/\" target=\"\" title=\"Centre de mise en condition physique\" rel=\"bookmark\">Centre de mise en condition physique<\/a>\n\t<\/h3>\n\n\t\n\t<div class=\"entry-excerpt\"><p><B> Blanc Gravier &#8211; MCP<\/B><br \/>\n<B> MO <\/B>Ecetia<br \/>\n<B> AR <\/B>Baumans-Deffet<\/p>\n<\/div>\n\t\n<\/div><\/article><\/div><div class=\"visible wf-cell category-288\" data-post-id=\"25138\" data-date=\"2026-03-19T17:03:22+01:00\" data-name=\"Potentiel de d\u00e9connexion de la Cit\u00e9 Mod\u00e8le \u00e0 Laeken\"><article class=\"post visible post-25138 dt_portfolio type-dt_portfolio status-publish has-post-thumbnail hentry dt_portfolio_category-eau-biodiversite dt_portfolio_tags-gestion-de-leau dt_portfolio_category-288\" data-name=\"Potentiel de d\u00e9connexion de la Cit\u00e9 Mod\u00e8le \u00e0 Laeken\" data-date=\"2026-03-19T17:03:22+01:00\">\n\n<div class=\"post-thumbnail-wrap rollover-active \">\n\t<div class=\"post-thumbnail\">\n\n\t\t<a href=\"https:\/\/www.matriciel.be\/nl\/projet\/gep-cite-modele-laeken\/\" class=\"post-thumbnail-rollover layzr-bg\" target=\"\"  aria-label=\"Post image\"><img decoding=\"async\" class=\"iso-lazy-load preload-me iso-lazy-load aspect\" src=\"data:image\/svg+xml,%3Csvg%20xmlns%3D&#39;http%3A%2F%2Fwww.w3.org%2F2000%2Fsvg&#39;%20viewBox%3D&#39;0%200%20768%20576&#39;%2F%3E\" data-src=\"https:\/\/www.matriciel.be\/wp-content\/uploads\/2026\/03\/2019-cite-modele_laken-c-philippe-van-gelooven_002-768x576.jpg\" data-srcset=\"https:\/\/www.matriciel.be\/wp-content\/uploads\/2026\/03\/2019-cite-modele_laken-c-philippe-van-gelooven_002-768x576.jpg 768w, https:\/\/www.matriciel.be\/wp-content\/uploads\/2026\/03\/2019-cite-modele_laken-c-philippe-van-gelooven_002-1152x864.jpg 1152w\" loading=\"eager\" style=\"--ratio: 768 \/ 576\" sizes=\"(max-width: 768px) 100vw, 768px\" alt=\"Vue de la Cit\u00e9 Mod\u00e8le \u00e0 Laeken\" title=\"\u00a9 B2AI\" width=\"768\" height=\"576\"  \/><\/a><div class=\"project-links-container\"><a href=\"https:\/\/www.matriciel.be\/nl\/projet\/gep-cite-modele-laeken\/\" target=\"\" class=\"project-details\" aria-label=\"Details link\"><span class=\"icon-portfolio-p205\"><\/span><\/a><\/div>\n\t<\/div>\n<\/div>\n\n\n<div class=\"post-entry-content\">\n\n\t<h3 class=\"entry-title\">\n\t\t<a href=\"https:\/\/www.matriciel.be\/nl\/projet\/gep-cite-modele-laeken\/\" target=\"\" title=\"Potentiel de d\u00e9connexion de la Cit\u00e9 Mod\u00e8le \u00e0 Laeken\" rel=\"bookmark\">Potentiel de d\u00e9connexion de la Cit\u00e9 Mod\u00e8le \u00e0 Laeken<\/a>\n\t<\/h3>\n\n\t\n\t<div class=\"entry-excerpt\"><p><B>Cit\u00e9 Mod\u00e8le Laeken<\/B><br \/>\n<B>MO <\/B>Le Foyer Laekenois<\/p>\n<\/div>\n\t\n<\/div><\/article><\/div><div class=\"visible wf-cell category-289 category-10\" data-post-id=\"21163\" data-date=\"2024-07-16T16:59:17+02:00\" data-name=\"Immeuble de bureaux Aria Building Rue Ravenstein 36 \u2013 Bruxelles\"><article class=\"post visible post-21163 dt_portfolio type-dt_portfolio status-publish has-post-thumbnail hentry dt_portfolio_category-certification dt_portfolio_category-bureau dt_portfolio_tags-breeam-excellent dt_portfolio_tags-totem dt_portfolio_category-289 dt_portfolio_category-10\" data-name=\"Immeuble de bureaux Aria Building Rue Ravenstein 36 \u2013 Bruxelles\" data-date=\"2024-07-16T16:59:17+02:00\">\n\n<div class=\"post-thumbnail-wrap rollover-active \">\n\t<div class=\"post-thumbnail\">\n\n\t\t<a href=\"https:\/\/www.matriciel.be\/nl\/projet\/ravenstein36\/\" class=\"post-thumbnail-rollover layzr-bg\" target=\"\"  aria-label=\"Post image\"><img decoding=\"async\" class=\"iso-lazy-load preload-me iso-lazy-load aspect\" src=\"data:image\/svg+xml,%3Csvg%20xmlns%3D&#39;http%3A%2F%2Fwww.w3.org%2F2000%2Fsvg&#39;%20viewBox%3D&#39;0%200%20333%20249&#39;%2F%3E\" data-src=\"https:\/\/www.matriciel.be\/wp-content\/uploads\/2024\/07\/BPC-yg-4767-013-333x500-1-333x249.jpg\" data-srcset=\"https:\/\/www.matriciel.be\/wp-content\/uploads\/2024\/07\/BPC-yg-4767-013-333x500-1-333x249.jpg 333w\" loading=\"eager\" style=\"--ratio: 333 \/ 249\" sizes=\"(max-width: 333px) 100vw, 333px\" alt=\"Immeuble Ravenstein 36 - BREEAM Excellent\" title=\"\u00a9 BPC\" width=\"333\" height=\"249\"  \/><\/a><div class=\"project-links-container\"><a href=\"https:\/\/www.matriciel.be\/nl\/projet\/ravenstein36\/\" target=\"\" class=\"project-details\" aria-label=\"Details link\"><span class=\"icon-portfolio-p205\"><\/span><\/a><\/div>\n\t<\/div>\n<\/div>\n\n\n<div class=\"post-entry-content\">\n\n\t<h3 class=\"entry-title\">\n\t\t<a href=\"https:\/\/www.matriciel.be\/nl\/projet\/ravenstein36\/\" target=\"\" title=\"Immeuble de bureaux Aria Building Rue Ravenstein 36 \u2013 Bruxelles\" rel=\"bookmark\">Immeuble de bureaux Aria Building Rue Ravenstein 36 \u2013 Bruxelles<\/a>\n\t<\/h3>\n\n\t\n\t<div class=\"entry-excerpt\"><p><B>Ravenstein 36<\/B><br \/>\n<B> MO <\/B>Generali Real Estate<br \/>\n<B>Ar <\/B>Montois Architects<\/p>\n<\/div>\n\t\n<\/div><\/article><\/div><div class=\"visible wf-cell category-289 category-291 category-10\" data-post-id=\"21141\" data-date=\"2024-07-16T16:19:13+02:00\" data-name=\"Immeuble de bureaux Rue Montoyer 10 - Bruxelles\"><article class=\"post visible post-21141 dt_portfolio type-dt_portfolio status-publish has-post-thumbnail hentry dt_portfolio_category-certification dt_portfolio_category-certification-phare dt_portfolio_category-bureau dt_portfolio_tags-breeam-outstanding dt_portfolio_tags-certification-co2-neutral-silver-building dt_portfolio_tags-certiification-well-platinium dt_portfolio_tags-nearly-zero-energy-building dt_portfolio_category-289 dt_portfolio_category-291 dt_portfolio_category-10\" data-name=\"Immeuble de bureaux Rue Montoyer 10 &#8211; Bruxelles\" data-date=\"2024-07-16T16:19:13+02:00\">\n\n<div class=\"post-thumbnail-wrap rollover-active \">\n\t<div class=\"post-thumbnail\">\n\n\t\t<a href=\"https:\/\/www.matriciel.be\/nl\/projet\/montoyer10\/\" class=\"post-thumbnail-rollover layzr-bg\" target=\"\"  aria-label=\"Post image\"><img decoding=\"async\" class=\"iso-lazy-load preload-me iso-lazy-load aspect\" src=\"data:image\/svg+xml,%3Csvg%20xmlns%3D&#39;http%3A%2F%2Fwww.w3.org%2F2000%2Fsvg&#39;%20viewBox%3D&#39;0%200%20768%20576&#39;%2F%3E\" data-src=\"https:\/\/www.matriciel.be\/wp-content\/uploads\/2024\/07\/LDW-Montoyer-1080-768x576.jpg\" data-srcset=\"https:\/\/www.matriciel.be\/wp-content\/uploads\/2024\/07\/LDW-Montoyer-1080-768x576.jpg 768w, https:\/\/www.matriciel.be\/wp-content\/uploads\/2024\/07\/LDW-Montoyer-1080-1152x864.jpg 1152w\" loading=\"eager\" style=\"--ratio: 768 \/ 576\" sizes=\"(max-width: 768px) 100vw, 768px\" alt=\"Immeuble de bureaux - Montoyer 10 - BREEAM Outstanding - WELL Platinium - CO2 Neutral Silver Building\" title=\"\u00a9 Louis De Waele\" width=\"768\" height=\"576\"  \/><\/a><div class=\"project-links-container\"><a href=\"https:\/\/www.matriciel.be\/nl\/projet\/montoyer10\/\" target=\"\" class=\"project-details\" aria-label=\"Details link\"><span class=\"icon-portfolio-p205\"><\/span><\/a><\/div>\n\t<\/div>\n<\/div>\n\n\n<div class=\"post-entry-content\">\n\n\t<h3 class=\"entry-title\">\n\t\t<a href=\"https:\/\/www.matriciel.be\/nl\/projet\/montoyer10\/\" target=\"\" title=\"Immeuble de bureaux Rue Montoyer 10 &#8211; Bruxelles\" rel=\"bookmark\">Immeuble de bureaux Rue Montoyer 10 &#8211; Bruxelles<\/a>\n\t<\/h3>\n\n\t\n\t<div class=\"entry-excerpt\"><p><B>Montoyer 10<\/B><br \/>\n<B>MO <\/B>Cofinimmo Offices<br \/>\n<B>Ar <\/B>LD2 architecture<\/p>\n<\/div>\n\t\n<\/div><\/article><\/div><div class=\"visible wf-cell category-38\" data-post-id=\"21133\" data-date=\"2024-07-16T12:19:30+02:00\" data-name=\"Accompagnement \u00e0 la strat\u00e9gie de r\u00e9novation \u00e9nerg\u00e9tique du b\u00e2ti de la Ville de Bruxelles\"><article class=\"post visible post-21133 dt_portfolio type-dt_portfolio status-publish has-post-thumbnail hentry dt_portfolio_category-consultance-technique dt_portfolio_tags-strategie-zero-carbone dt_portfolio_category-38\" data-name=\"Accompagnement \u00e0 la strat\u00e9gie de r\u00e9novation \u00e9nerg\u00e9tique du b\u00e2ti de la Ville de Bruxelles\" data-date=\"2024-07-16T12:19:30+02:00\">\n\n<div class=\"post-thumbnail-wrap rollover-active \">\n\t<div class=\"post-thumbnail\">\n\n\t\t<a href=\"https:\/\/www.matriciel.be\/nl\/projet\/strategie0co2villebxl\/\" class=\"post-thumbnail-rollover layzr-bg\" target=\"\"  aria-label=\"Post image\"><img decoding=\"async\" class=\"iso-lazy-load preload-me iso-lazy-load aspect\" src=\"data:image\/svg+xml,%3Csvg%20xmlns%3D&#39;http%3A%2F%2Fwww.w3.org%2F2000%2Fsvg&#39;%20viewBox%3D&#39;0%200%20768%20576&#39;%2F%3E\" data-src=\"https:\/\/www.matriciel.be\/wp-content\/uploads\/2024\/07\/BXL_logo_horiz_FILET_FR_NL_300-768x576.jpg\" data-srcset=\"https:\/\/www.matriciel.be\/wp-content\/uploads\/2024\/07\/BXL_logo_horiz_FILET_FR_NL_300-768x576.jpg 768w, https:\/\/www.matriciel.be\/wp-content\/uploads\/2024\/07\/BXL_logo_horiz_FILET_FR_NL_300-805x604.jpg 805w\" loading=\"eager\" style=\"--ratio: 768 \/ 576\" sizes=\"(max-width: 768px) 100vw, 768px\" alt=\"Logo Ville de Bruxelles\" title=\"Logo Ville de Bruxelles\" width=\"768\" height=\"576\"  \/><\/a><div class=\"project-links-container\"><a href=\"https:\/\/www.matriciel.be\/nl\/projet\/strategie0co2villebxl\/\" target=\"\" class=\"project-details\" aria-label=\"Details link\"><span class=\"icon-portfolio-p205\"><\/span><\/a><\/div>\n\t<\/div>\n<\/div>\n\n\n<div class=\"post-entry-content\">\n\n\t<h3 class=\"entry-title\">\n\t\t<a href=\"https:\/\/www.matriciel.be\/nl\/projet\/strategie0co2villebxl\/\" target=\"\" title=\"Accompagnement \u00e0 la strat\u00e9gie de r\u00e9novation \u00e9nerg\u00e9tique du b\u00e2ti de la Ville de Bruxelles\" rel=\"bookmark\">Accompagnement \u00e0 la strat\u00e9gie de r\u00e9novation \u00e9nerg\u00e9tique du b\u00e2ti de la Ville de Bruxelles<\/a>\n\t<\/h3>\n\n\t\n\t<div class=\"entry-excerpt\"><p><B>Strat\u00e9gie de r\u00e9novation \u00e9nerg\u00e9tique<\/B><br \/>\n<B>MO <\/B>Ville de Bruxelles<\/p>\n<\/div>\n\t\n<\/div><\/article><\/div><div class=\"visible wf-cell category-38\" data-post-id=\"20873\" data-date=\"2024-06-11T17:27:22+02:00\" data-name=\"Consultance environnementale pour les cliniques universitaires de l&#039;UCLouvain - Site de Woluwe\"><article class=\"post visible post-20873 dt_portfolio type-dt_portfolio status-publish has-post-thumbnail hentry dt_portfolio_category-consultance-technique dt_portfolio_tags-breeam-excellent dt_portfolio_category-38\" data-name=\"Consultance environnementale pour les cliniques universitaires de l&#8217;UCLouvain &#8211; Site de Woluwe\" data-date=\"2024-06-11T17:27:22+02:00\">\n\n<div class=\"post-thumbnail-wrap rollover-active \">\n\t<div class=\"post-thumbnail\">\n\n\t\t<a href=\"https:\/\/www.matriciel.be\/nl\/projet\/hospitacite\/\" class=\"post-thumbnail-rollover layzr-bg\" target=\"\"  aria-label=\"Post image\"><img decoding=\"async\" class=\"iso-lazy-load preload-me iso-lazy-load aspect\" src=\"data:image\/svg+xml,%3Csvg%20xmlns%3D&#39;http%3A%2F%2Fwww.w3.org%2F2000%2Fsvg&#39;%20viewBox%3D&#39;0%200%20768%20576&#39;%2F%3E\" data-src=\"https:\/\/www.matriciel.be\/wp-content\/uploads\/2024\/06\/thematique-environnementale-e1718119319997-768x576.png\" data-srcset=\"https:\/\/www.matriciel.be\/wp-content\/uploads\/2024\/06\/thematique-environnementale-e1718119319997-768x576.png 768w, https:\/\/www.matriciel.be\/wp-content\/uploads\/2024\/06\/thematique-environnementale-e1718119319997-1002x751.png 1002w\" loading=\"eager\" style=\"--ratio: 768 \/ 576\" sizes=\"(max-width: 768px) 100vw, 768px\" alt=\"Synth\u00e8se th\u00e9matique environnementale\" title=\"\u00a9 MATRIciel\" width=\"768\" height=\"576\"  \/><\/a><div class=\"project-links-container\"><a href=\"https:\/\/www.matriciel.be\/nl\/projet\/hospitacite\/\" target=\"\" class=\"project-details\" aria-label=\"Details link\"><span class=\"icon-portfolio-p205\"><\/span><\/a><\/div>\n\t<\/div>\n<\/div>\n\n\n<div class=\"post-entry-content\">\n\n\t<h3 class=\"entry-title\">\n\t\t<a href=\"https:\/\/www.matriciel.be\/nl\/projet\/hospitacite\/\" target=\"\" title=\"Consultance environnementale pour les cliniques universitaires de l&#8217;UCLouvain &#8211; Site de Woluwe\" rel=\"bookmark\">Consultance environnementale pour les cliniques universitaires de l&#8217;UCLouvain &#8211; Site de Woluwe<\/a>\n\t<\/h3>\n\n\t\n\t<div class=\"entry-excerpt\"><p><B>Hospitacit\u00e9<\/B><br \/>\n<B>MO <\/B>Cliniques universitaires Saint-Luc<br \/>\n<B>Ar <\/B>VK &#038; R\u00e9mon \u2013 MODULO &#038; Gortemaker Algra Feenstra<\/p>\n<\/div>\n\t\n<\/div><\/article><\/div><div class=\"visible wf-cell category-10\" data-post-id=\"19041\" data-date=\"2023-12-04T17:16:07+01:00\" data-name=\"Cit\u00e9 administrative de la Ville de HUY\"><article class=\"post visible post-19041 dt_portfolio type-dt_portfolio status-publish has-post-thumbnail hentry dt_portfolio_category-bureau dt_portfolio_tags-biodiversite dt_portfolio_tags-gestion-de-leau dt_portfolio_tags-responsable-peb dt_portfolio_tags-techniques-speciales dt_portfolio_category-10\" data-name=\"Cit\u00e9 administrative de la Ville de HUY\" data-date=\"2023-12-04T17:16:07+01:00\">\n\n<div class=\"post-thumbnail-wrap rollover-active \">\n\t<div class=\"post-thumbnail\">\n\n\t\t<a href=\"https:\/\/www.matriciel.be\/nl\/projet\/cite-adm-huy\/\" class=\"post-thumbnail-rollover layzr-bg\" target=\"\"  aria-label=\"Post image\"><img decoding=\"async\" class=\"iso-lazy-load preload-me iso-lazy-load aspect\" src=\"data:image\/svg+xml,%3Csvg%20xmlns%3D&#39;http%3A%2F%2Fwww.w3.org%2F2000%2Fsvg&#39;%20viewBox%3D&#39;0%200%20768%20576&#39;%2F%3E\" data-src=\"https:\/\/www.matriciel.be\/wp-content\/uploads\/2023\/11\/Vue-Avenue-des-fossees-995x746-1-768x576.png\" data-srcset=\"https:\/\/www.matriciel.be\/wp-content\/uploads\/2023\/11\/Vue-Avenue-des-fossees-995x746-1-768x576.png 768w, https:\/\/www.matriciel.be\/wp-content\/uploads\/2023\/11\/Vue-Avenue-des-fossees-995x746-1.png 994w\" loading=\"eager\" style=\"--ratio: 768 \/ 576\" sizes=\"(max-width: 768px) 100vw, 768px\" alt=\"Nouvelle Cit\u00e9 administrative de Huy\" title=\"\u00a9 archipelago\" width=\"768\" height=\"576\"  \/><\/a><div class=\"project-links-container\"><a href=\"https:\/\/www.matriciel.be\/nl\/projet\/cite-adm-huy\/\" target=\"\" class=\"project-details\" aria-label=\"Details link\"><span class=\"icon-portfolio-p205\"><\/span><\/a><\/div>\n\t<\/div>\n<\/div>\n\n\n<div class=\"post-entry-content\">\n\n\t<h3 class=\"entry-title\">\n\t\t<a href=\"https:\/\/www.matriciel.be\/nl\/projet\/cite-adm-huy\/\" target=\"\" title=\"Cit\u00e9 administrative de la Ville de HUY\" rel=\"bookmark\">Cit\u00e9 administrative de la Ville de HUY<\/a>\n\t<\/h3>\n\n\t\n\t<div class=\"entry-excerpt\"><p><B> Cit\u00e9 administrative Huy<\/B><br \/>\n<B> MO : <\/B>ECETIA INTERCOMMUNALE s.c.r.l<br \/>\n<B> Ar : <\/B>archipelago &#038; Blaffart-Ciplet<\/p>\n<\/div>\n\t\n<\/div><\/article><\/div><\/div><!-- iso-container|iso-grid --><div class=\"paginator\" role=\"navigation\"><span class=\"nav-prev disabled\">\u2192<\/span><a href=\"https:\/\/www.matriciel.be\/nl\/wp-json\/wp\/v2\/pages\/4423\/\" class=\"page-numbers act\" data-page-num=\"1\">1<\/a><a href=\"https:\/\/www.matriciel.be\/nl\/wp-json\/wp\/v2\/pages\/4423\/page\/2\/\" class=\"page-numbers \" data-page-num=\"2\">2<\/a><a href=\"https:\/\/www.matriciel.be\/nl\/wp-json\/wp\/v2\/pages\/4423\/page\/3\/\" class=\"page-numbers \" data-page-num=\"3\">3<\/a><a href=\"https:\/\/www.matriciel.be\/nl\/wp-json\/wp\/v2\/pages\/4423\/page\/4\/\" class=\"page-numbers \" data-page-num=\"4\">4<\/a><a href=\"https:\/\/www.matriciel.be\/nl\/wp-json\/wp\/v2\/pages\/4423\/page\/5\/\" class=\"page-numbers \" data-page-num=\"5\">5<\/a><a href=\"javascript:void(0);\" class=\"dots\">&#8230;<\/a><div style=\"display: none;\"><a href=\"https:\/\/www.matriciel.be\/nl\/wp-json\/wp\/v2\/pages\/4423\/page\/6\/\" class=\"page-numbers \" data-page-num=\"6\">6<\/a><a href=\"https:\/\/www.matriciel.be\/nl\/wp-json\/wp\/v2\/pages\/4423\/page\/7\/\" class=\"page-numbers \" data-page-num=\"7\">7<\/a><\/div><a href=\"https:\/\/www.matriciel.be\/nl\/wp-json\/wp\/v2\/pages\/4423\/page\/8\/\" class=\"page-numbers \" data-page-num=\"8\">8<\/a><a href=\"https:\/\/www.matriciel.be\/nl\/wp-json\/wp\/v2\/pages\/4423\/page\/2\/\" class=\"page-numbers nav-next filter-item\" data-page-num=\"2\" >\u2192<\/a><\/div><\/div>[\/vc_column][\/vc_row]<\/p>\n<\/div>","protected":false},"excerpt":{"rendered":"<p>[vc_row type=&#8221;vc_default&#8221; full_width=&#8221;stretch_row_content&#8221; margin_top=&#8221;-45&#8243;][vc_column css=&#8221;.vc_custom_1603873581559{padding-top: 0px !important;}&#8221;][vc_column_text el_class=&#8221;custom-copyright&#8221;] \u00a9archipelago| Opdrachtgever: Centre Hospitalier R\u00e9gional Centre Sud de VIVALIA | Architect: archipelago [\/vc_column_text][\/vc_column][\/vc_row][vc_row type=&#8221;vc_default&#8221; full_width=&#8221;stretch_row_content&#8221;][vc_column][\/vc_column][\/vc_row]<\/p>\n","protected":false},"author":4,"featured_media":0,"parent":0,"menu_order":2,"comment_status":"closed","ping_status":"closed","template":"","meta":{"footnotes":""},"class_list":["post-4423","page","type-page","status-publish","hentry","description-off"],"yoast_head":"<!-- This site is optimized with the Yoast SEO plugin v27.5 - https:\/\/yoast.com\/product\/yoast-seo-wordpress\/ -->\n<title>MATRIciel - Projecten<\/title>\n<meta name=\"description\" content=\"Hier zijn onze referenties op het gebied van huisvesting, kantoor, zorg, handel en gemengd gebruik, onderwijs, technisch advies\" \/>\n<meta name=\"robots\" content=\"index, follow, max-snippet:-1, max-image-preview:large, max-video-preview:-1\" \/>\n<link rel=\"canonical\" href=\"https:\/\/www.matriciel.be\/nl\/projecten\/\" \/>\n<meta property=\"og:locale\" content=\"nl_NL\" \/>\n<meta property=\"og:type\" content=\"article\" \/>\n<meta property=\"og:title\" content=\"Les r\u00e9f\u00e9rences de MATRIciel\" \/>\n<meta property=\"og:description\" content=\"Nos r\u00e9f\u00e9rences en am\u00e9nagement urbain et industriel, bureaux, commerces, industrie, \u00e9coles, logement et soins de sant\u00e9, etc.\" \/>\n<meta property=\"og:url\" content=\"https:\/\/www.matriciel.be\/nl\/projecten\/\" \/>\n<meta property=\"og:site_name\" content=\"MATRIciel\" \/>\n<meta property=\"article:modified_time\" content=\"2025-01-16T13:20:34+00:00\" \/>\n<meta name=\"twitter:card\" content=\"summary_large_image\" \/>\n<meta name=\"twitter:label1\" content=\"Geschatte leestijd\" \/>\n\t<meta name=\"twitter:data1\" content=\"1 minuut\" \/>\n<script type=\"application\/ld+json\" class=\"yoast-schema-graph\">{\"@context\":\"https:\\\/\\\/schema.org\",\"@graph\":[{\"@type\":\"WebPage\",\"@id\":\"https:\\\/\\\/www.matriciel.be\\\/nl\\\/projecten\\\/\",\"url\":\"https:\\\/\\\/www.matriciel.be\\\/nl\\\/projecten\\\/\",\"name\":\"MATRIciel - Projecten\",\"isPartOf\":{\"@id\":\"https:\\\/\\\/www.matriciel.be\\\/#website\"},\"datePublished\":\"2017-01-04T16:21:46+00:00\",\"dateModified\":\"2025-01-16T13:20:34+00:00\",\"description\":\"Hier zijn onze referenties op het gebied van huisvesting, kantoor, zorg, handel en gemengd gebruik, onderwijs, technisch advies\",\"breadcrumb\":{\"@id\":\"https:\\\/\\\/www.matriciel.be\\\/nl\\\/projecten\\\/#breadcrumb\"},\"inLanguage\":\"nl-NL\",\"potentialAction\":[{\"@type\":\"ReadAction\",\"target\":[\"https:\\\/\\\/www.matriciel.be\\\/nl\\\/projecten\\\/\"]}]},{\"@type\":\"BreadcrumbList\",\"@id\":\"https:\\\/\\\/www.matriciel.be\\\/nl\\\/projecten\\\/#breadcrumb\",\"itemListElement\":[{\"@type\":\"ListItem\",\"position\":1,\"name\":\"Accueil\",\"item\":\"https:\\\/\\\/www.matriciel.be\\\/nl\\\/\"},{\"@type\":\"ListItem\",\"position\":2,\"name\":\"Projecten\"}]},{\"@type\":\"WebSite\",\"@id\":\"https:\\\/\\\/www.matriciel.be\\\/#website\",\"url\":\"https:\\\/\\\/www.matriciel.be\\\/\",\"name\":\"MATRIciel\",\"description\":\"Bureau d&#039;\u00e9tude et de conseil en architecture durable\",\"potentialAction\":[{\"@type\":\"SearchAction\",\"target\":{\"@type\":\"EntryPoint\",\"urlTemplate\":\"https:\\\/\\\/www.matriciel.be\\\/?s={search_term_string}\"},\"query-input\":{\"@type\":\"PropertyValueSpecification\",\"valueRequired\":true,\"valueName\":\"search_term_string\"}}],\"inLanguage\":\"nl-NL\"}]}<\/script>\n<!-- \/ Yoast SEO plugin. -->","yoast_head_json":{"title":"MATRIciel - Projecten","description":"Hier zijn onze referenties op het gebied van huisvesting, kantoor, zorg, handel en gemengd gebruik, onderwijs, technisch advies","robots":{"index":"index","follow":"follow","max-snippet":"max-snippet:-1","max-image-preview":"max-image-preview:large","max-video-preview":"max-video-preview:-1"},"canonical":"https:\/\/www.matriciel.be\/nl\/projecten\/","og_locale":"nl_NL","og_type":"article","og_title":"Les r\u00e9f\u00e9rences de MATRIciel","og_description":"Nos r\u00e9f\u00e9rences en am\u00e9nagement urbain et industriel, bureaux, commerces, industrie, \u00e9coles, logement et soins de sant\u00e9, etc.","og_url":"https:\/\/www.matriciel.be\/nl\/projecten\/","og_site_name":"MATRIciel","article_modified_time":"2025-01-16T13:20:34+00:00","twitter_card":"summary_large_image","twitter_misc":{"Geschatte leestijd":"1 minuut"},"schema":{"@context":"https:\/\/schema.org","@graph":[{"@type":"WebPage","@id":"https:\/\/www.matriciel.be\/nl\/projecten\/","url":"https:\/\/www.matriciel.be\/nl\/projecten\/","name":"MATRIciel - Projecten","isPartOf":{"@id":"https:\/\/www.matriciel.be\/#website"},"datePublished":"2017-01-04T16:21:46+00:00","dateModified":"2025-01-16T13:20:34+00:00","description":"Hier zijn onze referenties op het gebied van huisvesting, kantoor, zorg, handel en gemengd gebruik, onderwijs, technisch advies","breadcrumb":{"@id":"https:\/\/www.matriciel.be\/nl\/projecten\/#breadcrumb"},"inLanguage":"nl-NL","potentialAction":[{"@type":"ReadAction","target":["https:\/\/www.matriciel.be\/nl\/projecten\/"]}]},{"@type":"BreadcrumbList","@id":"https:\/\/www.matriciel.be\/nl\/projecten\/#breadcrumb","itemListElement":[{"@type":"ListItem","position":1,"name":"Accueil","item":"https:\/\/www.matriciel.be\/nl\/"},{"@type":"ListItem","position":2,"name":"Projecten"}]},{"@type":"WebSite","@id":"https:\/\/www.matriciel.be\/#website","url":"https:\/\/www.matriciel.be\/","name":"MATRIciel","description":"Bureau d&#039;\u00e9tude et de conseil en architecture durable","potentialAction":[{"@type":"SearchAction","target":{"@type":"EntryPoint","urlTemplate":"https:\/\/www.matriciel.be\/?s={search_term_string}"},"query-input":{"@type":"PropertyValueSpecification","valueRequired":true,"valueName":"search_term_string"}}],"inLanguage":"nl-NL"}]}},"jetpack_shortlink":"https:\/\/wp.me\/P8HVJL-19l","jetpack_sharing_enabled":true,"_links":{"self":[{"href":"https:\/\/www.matriciel.be\/nl\/wp-json\/wp\/v2\/pages\/4423","targetHints":{"allow":["GET"]}}],"collection":[{"href":"https:\/\/www.matriciel.be\/nl\/wp-json\/wp\/v2\/pages"}],"about":[{"href":"https:\/\/www.matriciel.be\/nl\/wp-json\/wp\/v2\/types\/page"}],"author":[{"embeddable":true,"href":"https:\/\/www.matriciel.be\/nl\/wp-json\/wp\/v2\/users\/4"}],"replies":[{"embeddable":true,"href":"https:\/\/www.matriciel.be\/nl\/wp-json\/wp\/v2\/comments?post=4423"}],"version-history":[{"count":6,"href":"https:\/\/www.matriciel.be\/nl\/wp-json\/wp\/v2\/pages\/4423\/revisions"}],"predecessor-version":[{"id":22385,"href":"https:\/\/www.matriciel.be\/nl\/wp-json\/wp\/v2\/pages\/4423\/revisions\/22385"}],"wp:attachment":[{"href":"https:\/\/www.matriciel.be\/nl\/wp-json\/wp\/v2\/media?parent=4423"}],"curies":[{"name":"wp","href":"https:\/\/api.w.org\/{rel}","templated":true}]}}